{"id":15016,"date":"2023-11-18T06:02:44","date_gmt":"2023-11-18T05:02:44","guid":{"rendered":"https:\/\/www.kanzlei-steinwachs.de\/kusurlar-ve-kira-indirimi\/"},"modified":"2023-12-05T05:54:22","modified_gmt":"2023-12-05T04:54:22","slug":"kusurlar-ve-kira-indirimi","status":"publish","type":"page","link":"https:\/\/www.kanzlei-steinwachs.de\/tr\/kusurlar-ve-kira-indirimi\/","title":{"rendered":"Kusurlar ve kira indirimi"},"content":{"rendered":"<div class=\"wpb-content-wrapper\"><p>[vc_row content_width=&#8221;grid&#8221; content_aligment=&#8221;center&#8221; triangle_shape=&#8221;no&#8221; css=&#8221;.vc_custom_1696926719838{padding-bottom: 10px !important;background-position: center !important;background-repeat: no-repeat !important;background-size: cover !important;}&#8221;][vc_column]<div class=\"mkd-separator-holder clearfix  mkd-separator-center mkd-separator-with-icon mkd-animate\" style=\"margin-top: 20px; margin-bottom: 30px\">\n\t<div class=\"mkd-separator\" style=\"border-color: #c18f59;border-style: solid;width: 97.5px\"><\/div>\n\t\t<div class=\"mkd-separator-icon\">\n\t\t\t                    \t\t\t\t\t\t<\/div>\n\t<div class=\"mkd-separator\" style=\"border-color: #c18f59;border-style: solid;width: 97.5px\"><\/div>\n<\/div>\n[\/vc_column][\/vc_row][vc_row triangle_shape=&#8221;no&#8221;][vc_column][vc_column_text css=&#8221;.vc_custom_1700283878119{margin-bottom: 0px !important;padding-top: 20px !important;padding-bottom: 1px !important;}&#8221;]Alman Medeni Kanunu&#8217;nun (BGB) 535. Maddesine g\u00f6re, ev sahibi, kiralanan m\u00fclk\u00fc s\u00f6zle\u015fmede kararla\u015ft\u0131r\u0131lan ko\u015fullar alt\u0131nda b\u0131rakmak ve muhafaza etmekle y\u00fck\u00fcml\u00fcd\u00fcr. Bu y\u00fck\u00fcml\u00fcl\u00fc\u011f\u00fcn\u00fc yerine getirmedi\u011fi takdirde kirac\u0131 kanun kapsam\u0131nda \u00e7e\u015fitli haklara sahip olacakt\u0131r. Prensip olarak, kusurlar\u0131n giderilmesi ve dolay\u0131s\u0131yla kiral\u0131k m\u00fclk\u00fcn onar\u0131lmas\u0131 i\u00e7in ev sahibine dava a\u00e7mak m\u00fcmk\u00fcnd\u00fcr. Ancak (ek olarak) kiray\u0131 uygun miktarda azaltabilir (kira indirimi, \u00a7 536 BGB) ve\/veya kira talebine kar\u015f\u0131 al\u0131koyma hakk\u0131n\u0131 kullanabilir.[\/vc_column_text][vc_column_text css=&#8221;.vc_custom_1700283884206{padding-top: 10px !important;}&#8221;]Kiran\u0131n gerek\u00e7esiz olarak azalt\u0131lmas\u0131 durumunda ev sahibi s\u00f6zle\u015fmeyi feshetme tehdidinde bulunabilece\u011finden, yetkisiz kira indirimleri kesinlikle \u00f6nerilmez. Kusurlar\u0131 ev sahibine bildirin ve ev sahibinin yan\u0131t vermemesi durumunda kiralama konusunda deneyimli bir avukatla ileti\u015fime ge\u00e7in.[\/vc_column_text][\/vc_column][\/vc_row][vc_row triangle_shape=&#8221;no&#8221; css=&#8221;.vc_custom_1695985900053{padding-top: 30px !important;}&#8221;][vc_column][vc_row_inner css=&#8221;.vc_custom_1697455935676{padding-bottom: 10px !important;}&#8221;][vc_column_inner width=&#8221;1\/2&#8243;]\n<h2 class=\"mkd-custom-font-holder\" style=\"font-size: 20px;line-height: 30px;font-weight: 700\" data-font-size= 20 data-line-height= 30>\n\tDie Mietminderung, die bei Auftreten von M\u00e4ngel der Mietsache gesetzlich ensteht und entgegen weit verbreiteter Meinung nicht erst durch das Geltendmachen des Mieters, hat folgende Voraussetzungen:<\/h2>[vc_empty_space]<div class=\"mkd-unordered-list \" ><ul>\n<li>\u00d6nemli kusurlar\u0131n varl\u0131\u011f\u0131<\/li>\n<li>kirac\u0131n\u0131n kusurundan kaynaklanmad\u0131 ve<\/li>\n<li>kirac\u0131 s\u00f6zle\u015fmeyi imzalarken bilmiyordu veya bilmesi gerekiyordu (indirim hakk\u0131 sakl\u0131 kalmaks\u0131z\u0131n)<\/li>\n<\/ul>\n<\/div>[\/vc_column_inner][vc_column_inner width=&#8221;1\/2&#8243;][vc_single_image image=&#8221;1425&#8243; img_size=&#8221;full&#8221;][\/vc_column_inner][\/vc_row_inner][\/vc_column][\/vc_row][vc_row triangle_shape=&#8221;no&#8221; css=&#8221;.vc_custom_1697455870159{padding-bottom: 50px !important;}&#8221;][vc_column]\n<h2 class=\"mkd-custom-font-holder\" style=\"font-size: 20px;line-height: 20px;font-weight: 700\" data-font-size= 20 data-line-height= 20>\n\tAbschluss<\/h2>[vc_column_text css=&#8221;.vc_custom_1700284001949{padding-top: 10px !important;}&#8221;]Ge\u00e7mi\u015fin aksine, ba\u015flang\u0131\u00e7ta ko\u015fulsuz bir kira \u00f6demesi art\u0131k genel olarak zarars\u0131zd\u0131r ve kira indiriminin s\u00f6zle\u015fmeye dayal\u0131 olarak hari\u00e7 tutulmas\u0131 etkisizdir.[\/vc_column_text][vc_column_text css=&#8221;.vc_custom_1700283990261{padding-top: 10px !important;}&#8221;]Kira indiriminin miktar\u0131, kiral\u0131k m\u00fclk\u00fcn kullan\u0131m bozuklu\u011funun yo\u011funlu\u011funa ba\u011fl\u0131d\u0131r. \u0130ndirim br\u00fct kira \u00fczerinden hesaplan\u0131r. Bireysel davalardaki indirim miktar\u0131na ili\u015fkin olarak, indirim y\u00fczdesine ili\u015fkin g\u00f6stergeler sunan \u00e7ok say\u0131da mahkeme karar\u0131 bulunmaktad\u0131r. Ancak kararlar\u0131n sonu\u00e7lar\u0131 eyaletten eyalete ve \u015fehirden \u015fehre \u00f6nemli \u00f6l\u00e7\u00fcde farkl\u0131l\u0131k g\u00f6sterdi\u011finden, burada k\u0131lavuz de\u011ferler kas\u0131tl\u0131 olarak g\u00f6z ard\u0131 edilmi\u015ftir. \u0130nternette dola\u015fan listelere dayanarak kendi karar\u0131n\u0131z\u0131 vermenizi \u015fiddetle tavsiye etmiyoruz. L\u00fctfen bu konuyu da avukat\u0131n\u0131za dan\u0131\u015f\u0131n\u0131z.[\/vc_column_text][vc_column_text css=&#8221;.vc_custom_1700283978302{padding-top: 10px !important;}&#8221;]Avukat Kirac\u0131l\u0131k Hukuku Hamburg Berlin sayfas\u0131n\u0131n i\u00e7eri\u011finden sorumludur Kusurlar ve kira indirimi: Avukat Stephan Steinwachs (Avukat Hamburg Berlin)<br \/>\n[\/vc_column_text][\/vc_column][\/vc_row]<\/p>\n<\/div>","protected":false},"excerpt":{"rendered":"<p>[vc_row content_width=&#8221;grid&#8221; content_aligment=&#8221;center&#8221; triangle_shape=&#8221;no&#8221; css=&#8221;.vc_custom_1696926719838{padding-bottom: 10px !important;background-position: center !important;background-repeat: no-repeat !important;background-size: cover !important;}&#8221;][vc_column][\/vc_column][\/vc_row][vc_row triangle_shape=&#8221;no&#8221;][vc_column][vc_column_text css=&#8221;.vc_custom_1700283878119{margin-bottom: 0px !important;padding-top: 20px !important;padding-bottom: 1px !important;}&#8221;]Alman Medeni Kanunu&#8217;nun (BGB) 535. Maddesine g\u00f6re, ev sahibi, kiralanan m\u00fclk\u00fc s\u00f6zle\u015fmede kararla\u015ft\u0131r\u0131lan ko\u015fullar alt\u0131nda b\u0131rakmak ve muhafaza etmekle y\u00fck\u00fcml\u00fcd\u00fcr. Bu y\u00fck\u00fcml\u00fcl\u00fc\u011f\u00fcn\u00fc yerine getirmedi\u011fi takdirde kirac\u0131 kanun kapsam\u0131nda \u00e7e\u015fitli haklara sahip olacakt\u0131r. Prensip olarak, kusurlar\u0131n giderilmesi ve dolay\u0131s\u0131yla kiral\u0131k m\u00fclk\u00fcn onar\u0131lmas\u0131 i\u00e7in ev sahibine dava a\u00e7mak m\u00fcmk\u00fcnd\u00fcr. Ancak (ek olarak) kiray\u0131 uygun miktarda azaltabilir (kira indirimi, \u00a7 536 BGB) ve\/veya kira talebine kar\u015f\u0131 al\u0131koyma hakk\u0131n\u0131 kullanabilir.[\/vc_column_text][vc_column_text css=&#8221;.vc_custom_1700283884206{padding-top: 10px !important;}&#8221;]Kiran\u0131n gerek\u00e7esiz olarak azalt\u0131lmas\u0131 durumunda ev sahibi s\u00f6zle\u015fmeyi feshetme tehdidinde bulunabilece\u011finden, yetkisiz&#8230;<\/p>\n","protected":false},"author":1,"featured_media":0,"parent":0,"menu_order":0,"comment_status":"closed","ping_status":"closed","template":"","meta":{"footnotes":""},"class_list":["post-15016","page","type-page","status-publish","hentry"],"yoast_head":"<!-- This site is optimized with the Yoast SEO Premium plugin v27.2 (Yoast SEO v27.5) - https:\/\/yoast.com\/product\/yoast-seo-premium-wordpress\/ -->\n<title>Rechtsanwaltskanzlei in Hamburg Berlin Bremen Hannover L\u00fcbeck<\/title>\n<meta name=\"description\" content=\"Rechtsanwaltskanzlei f\u00fcr Arbeitsrecht, Arzthaftung, Mietrecht, Gewerbemietrecht ,Gastronomierecht, Immobilienrecht, Schadensersatz Yachtrecht\" \/>\n<meta name=\"robots\" content=\"index, follow, max-snippet:-1, max-image-preview:large, max-video-preview:-1\" \/>\n<link rel=\"canonical\" href=\"https:\/\/www.kanzlei-steinwachs.de\/tr\/kusurlar-ve-kira-indirimi\/\" \/>\n<meta property=\"og:locale\" content=\"tr_TR\" \/>\n<meta property=\"og:type\" content=\"article\" \/>\n<meta property=\"og:title\" content=\"Rechtsanwaltskanzlei in Hamburg Berlin Bremen Hannover L\u00fcbeck\" \/>\n<meta property=\"og:description\" content=\"Rechtsanwaltskanzlei f\u00fcr Arbeitsrecht, Arzthaftung, Mietrecht, Gewerbemietrecht ,Gastronomierecht, Immobilienrecht, Schadensersatz Yachtrecht\" \/>\n<meta property=\"og:url\" content=\"https:\/\/www.kanzlei-steinwachs.de\/tr\/kusurlar-ve-kira-indirimi\/\" \/>\n<meta property=\"og:site_name\" content=\"Rechtsanwaltskanzlei Anwalt Hamburg Berlin Bremen Hannover L\u00fcbeck\" \/>\n<meta property=\"article:publisher\" content=\"https:\/\/www.facebook.com\/STEINWACHSRechtsanwaltskanzlei\/\" \/>\n<meta property=\"article:modified_time\" content=\"2023-12-05T04:54:22+00:00\" \/>\n<meta name=\"twitter:card\" content=\"summary_large_image\" \/>\n<meta name=\"twitter:site\" content=\"@rasteinwachs\" \/>\n<meta name=\"twitter:label1\" content=\"Tahmini okuma s\u00fcresi\" \/>\n\t<meta name=\"twitter:data1\" content=\"3 dakika\" \/>\n<script type=\"application\/ld+json\" class=\"yoast-schema-graph\">{\"@context\":\"https:\\\/\\\/schema.org\",\"@graph\":[{\"@type\":\"WebPage\",\"@id\":\"https:\\\/\\\/www.kanzlei-steinwachs.de\\\/tr\\\/kusurlar-ve-kira-indirimi\\\/\",\"url\":\"https:\\\/\\\/www.kanzlei-steinwachs.de\\\/tr\\\/kusurlar-ve-kira-indirimi\\\/\",\"name\":\"Rechtsanwaltskanzlei in Hamburg Berlin Bremen Hannover L\u00fcbeck\",\"isPartOf\":{\"@id\":\"https:\\\/\\\/www.kanzlei-steinwachs.de\\\/tr\\\/#website\"},\"datePublished\":\"2023-11-18T05:02:44+00:00\",\"dateModified\":\"2023-12-05T04:54:22+00:00\",\"description\":\"Rechtsanwaltskanzlei f\u00fcr Arbeitsrecht, Arzthaftung, Mietrecht, Gewerbemietrecht ,Gastronomierecht, Immobilienrecht, Schadensersatz Yachtrecht\",\"inLanguage\":\"tr\",\"potentialAction\":[{\"@type\":\"ReadAction\",\"target\":[\"https:\\\/\\\/www.kanzlei-steinwachs.de\\\/tr\\\/kusurlar-ve-kira-indirimi\\\/\"]}]},{\"@type\":\"WebSite\",\"@id\":\"https:\\\/\\\/www.kanzlei-steinwachs.de\\\/tr\\\/#website\",\"url\":\"https:\\\/\\\/www.kanzlei-steinwachs.de\\\/tr\\\/\",\"name\":\"Rechtsanwaltskanzlei Anwalt Hamburg Berlin Bremen Hannover L\u00fcbeck\",\"description\":\"Wir leisten mehr als Recht bietet\",\"publisher\":{\"@id\":\"https:\\\/\\\/www.kanzlei-steinwachs.de\\\/tr\\\/#organization\"},\"potentialAction\":[{\"@type\":\"SearchAction\",\"target\":{\"@type\":\"EntryPoint\",\"urlTemplate\":\"https:\\\/\\\/www.kanzlei-steinwachs.de\\\/tr\\\/?s={search_term_string}\"},\"query-input\":{\"@type\":\"PropertyValueSpecification\",\"valueRequired\":true,\"valueName\":\"search_term_string\"}}],\"inLanguage\":\"tr\"},{\"@type\":[\"Organization\",\"Place\"],\"@id\":\"https:\\\/\\\/www.kanzlei-steinwachs.de\\\/tr\\\/#organization\",\"name\":\"Rechtsanwaltskanzlei Anwalt Hamburg Berlin Bremen Hannover L\u00fcbeck\",\"url\":\"https:\\\/\\\/www.kanzlei-steinwachs.de\\\/\",\"logo\":{\"@type\":\"ImageObject\",\"inLanguage\":\"tr\",\"@id\":\"https:\\\/\\\/www.kanzlei-steinwachs.de\\\/tr\\\/#\\\/schema\\\/logo\\\/image\\\/\",\"url\":\"https:\\\/\\\/i0.wp.com\\\/www.kanzlei-steinwachs.de\\\/wp-content\\\/uploads\\\/2023\\\/12\\\/logo.webp?fit=174%2C76&quality=80&ssl=1\",\"contentUrl\":\"https:\\\/\\\/i0.wp.com\\\/www.kanzlei-steinwachs.de\\\/wp-content\\\/uploads\\\/2023\\\/12\\\/logo.webp?fit=174%2C76&quality=80&ssl=1\",\"width\":174,\"height\":76,\"caption\":\"Rechtsanwaltskanzlei Anwalt Hamburg Berlin Bremen Hannover L\u00fcbeck\"},\"image\":{\"@id\":\"https:\\\/\\\/www.kanzlei-steinwachs.de\\\/tr\\\/#\\\/schema\\\/logo\\\/image\\\/\"},\"sameAs\":[\"https:\\\/\\\/www.facebook.com\\\/STEINWACHSRechtsanwaltskanzlei\\\/\",\"https:\\\/\\\/x.com\\\/rasteinwachs\",\"https:\\\/\\\/www.instagram.com\\\/steinwachs_rechtsanwaelte\\\/\",\"https:\\\/\\\/www.linkedin.com\\\/in\\\/stephan-steinwachs-7a270197\\\/\",\"https:\\\/\\\/www.youtube.com\\\/channel\\\/UCffmodDlQx81remXm395RWA\"],\"telephone\":[]}]}<\/script>\n<!-- \/ Yoast SEO Premium plugin. -->","yoast_head_json":{"title":"Rechtsanwaltskanzlei in Hamburg Berlin Bremen Hannover L\u00fcbeck","description":"Rechtsanwaltskanzlei f\u00fcr Arbeitsrecht, Arzthaftung, Mietrecht, Gewerbemietrecht ,Gastronomierecht, Immobilienrecht, Schadensersatz Yachtrecht","robots":{"index":"index","follow":"follow","max-snippet":"max-snippet:-1","max-image-preview":"max-image-preview:large","max-video-preview":"max-video-preview:-1"},"canonical":"https:\/\/www.kanzlei-steinwachs.de\/tr\/kusurlar-ve-kira-indirimi\/","og_locale":"tr_TR","og_type":"article","og_title":"Rechtsanwaltskanzlei in Hamburg Berlin Bremen Hannover L\u00fcbeck","og_description":"Rechtsanwaltskanzlei f\u00fcr Arbeitsrecht, Arzthaftung, Mietrecht, Gewerbemietrecht ,Gastronomierecht, Immobilienrecht, Schadensersatz Yachtrecht","og_url":"https:\/\/www.kanzlei-steinwachs.de\/tr\/kusurlar-ve-kira-indirimi\/","og_site_name":"Rechtsanwaltskanzlei Anwalt Hamburg Berlin Bremen Hannover L\u00fcbeck","article_publisher":"https:\/\/www.facebook.com\/STEINWACHSRechtsanwaltskanzlei\/","article_modified_time":"2023-12-05T04:54:22+00:00","twitter_card":"summary_large_image","twitter_site":"@rasteinwachs","twitter_misc":{"Tahmini okuma s\u00fcresi":"3 dakika"},"schema":{"@context":"https:\/\/schema.org","@graph":[{"@type":"WebPage","@id":"https:\/\/www.kanzlei-steinwachs.de\/tr\/kusurlar-ve-kira-indirimi\/","url":"https:\/\/www.kanzlei-steinwachs.de\/tr\/kusurlar-ve-kira-indirimi\/","name":"Rechtsanwaltskanzlei in Hamburg Berlin Bremen Hannover L\u00fcbeck","isPartOf":{"@id":"https:\/\/www.kanzlei-steinwachs.de\/tr\/#website"},"datePublished":"2023-11-18T05:02:44+00:00","dateModified":"2023-12-05T04:54:22+00:00","description":"Rechtsanwaltskanzlei f\u00fcr Arbeitsrecht, Arzthaftung, Mietrecht, Gewerbemietrecht ,Gastronomierecht, Immobilienrecht, Schadensersatz Yachtrecht","inLanguage":"tr","potentialAction":[{"@type":"ReadAction","target":["https:\/\/www.kanzlei-steinwachs.de\/tr\/kusurlar-ve-kira-indirimi\/"]}]},{"@type":"WebSite","@id":"https:\/\/www.kanzlei-steinwachs.de\/tr\/#website","url":"https:\/\/www.kanzlei-steinwachs.de\/tr\/","name":"Rechtsanwaltskanzlei Anwalt Hamburg Berlin Bremen Hannover L\u00fcbeck","description":"Wir leisten mehr als Recht bietet","publisher":{"@id":"https:\/\/www.kanzlei-steinwachs.de\/tr\/#organization"},"potentialAction":[{"@type":"SearchAction","target":{"@type":"EntryPoint","urlTemplate":"https:\/\/www.kanzlei-steinwachs.de\/tr\/?s={search_term_string}"},"query-input":{"@type":"PropertyValueSpecification","valueRequired":true,"valueName":"search_term_string"}}],"inLanguage":"tr"},{"@type":["Organization","Place"],"@id":"https:\/\/www.kanzlei-steinwachs.de\/tr\/#organization","name":"Rechtsanwaltskanzlei Anwalt Hamburg Berlin Bremen Hannover L\u00fcbeck","url":"https:\/\/www.kanzlei-steinwachs.de\/","logo":{"@type":"ImageObject","inLanguage":"tr","@id":"https:\/\/www.kanzlei-steinwachs.de\/tr\/#\/schema\/logo\/image\/","url":"https:\/\/i0.wp.com\/www.kanzlei-steinwachs.de\/wp-content\/uploads\/2023\/12\/logo.webp?fit=174%2C76&quality=80&ssl=1","contentUrl":"https:\/\/i0.wp.com\/www.kanzlei-steinwachs.de\/wp-content\/uploads\/2023\/12\/logo.webp?fit=174%2C76&quality=80&ssl=1","width":174,"height":76,"caption":"Rechtsanwaltskanzlei Anwalt Hamburg Berlin Bremen Hannover L\u00fcbeck"},"image":{"@id":"https:\/\/www.kanzlei-steinwachs.de\/tr\/#\/schema\/logo\/image\/"},"sameAs":["https:\/\/www.facebook.com\/STEINWACHSRechtsanwaltskanzlei\/","https:\/\/x.com\/rasteinwachs","https:\/\/www.instagram.com\/steinwachs_rechtsanwaelte\/","https:\/\/www.linkedin.com\/in\/stephan-steinwachs-7a270197\/","https:\/\/www.youtube.com\/channel\/UCffmodDlQx81remXm395RWA"],"telephone":[]}]}},"jetpack_sharing_enabled":true,"_links":{"self":[{"href":"https:\/\/www.kanzlei-steinwachs.de\/tr\/wp-json\/wp\/v2\/pages\/15016","targetHints":{"allow":["GET"]}}],"collection":[{"href":"https:\/\/www.kanzlei-steinwachs.de\/tr\/wp-json\/wp\/v2\/pages"}],"about":[{"href":"https:\/\/www.kanzlei-steinwachs.de\/tr\/wp-json\/wp\/v2\/types\/page"}],"author":[{"embeddable":true,"href":"https:\/\/www.kanzlei-steinwachs.de\/tr\/wp-json\/wp\/v2\/users\/1"}],"replies":[{"embeddable":true,"href":"https:\/\/www.kanzlei-steinwachs.de\/tr\/wp-json\/wp\/v2\/comments?post=15016"}],"version-history":[{"count":0,"href":"https:\/\/www.kanzlei-steinwachs.de\/tr\/wp-json\/wp\/v2\/pages\/15016\/revisions"}],"wp:attachment":[{"href":"https:\/\/www.kanzlei-steinwachs.de\/tr\/wp-json\/wp\/v2\/media?parent=15016"}],"curies":[{"name":"wp","href":"https:\/\/api.w.org\/{rel}","templated":true}]}}