{"id":13998,"date":"2023-11-15T09:29:58","date_gmt":"2023-11-15T08:29:58","guid":{"rendered":"https:\/\/www.kanzlei-steinwachs.de\/is-hukuku-kararlari\/bag-kararlari-2006\/sonlandirma-2\/"},"modified":"2023-12-01T11:41:06","modified_gmt":"2023-12-01T10:41:06","slug":"sonlandirma-2","status":"publish","type":"page","link":"https:\/\/www.kanzlei-steinwachs.de\/tr\/is-hukuku-kararlari\/bag-kararlari-2006\/sonlandirma-2\/","title":{"rendered":"sonland\u0131rma"},"content":{"rendered":"<div class=\"wpb-content-wrapper\"><p>[vc_row content_width=&#8221;grid&#8221; content_aligment=&#8221;center&#8221; triangle_shape=&#8221;no&#8221; css=&#8221;.vc_custom_1696926719838{padding-bottom: 10px !important;background-position: center !important;background-repeat: no-repeat !important;background-size: cover !important;}&#8221;][vc_column]<div class=\"mkd-separator-holder clearfix  mkd-separator-center mkd-separator-with-icon mkd-animate\" style=\"margin-top: 20px; margin-bottom: 30px\">\n\t<div class=\"mkd-separator\" style=\"border-color: #c18f59;border-style: solid;width: 97.5px\"><\/div>\n\t\t<div class=\"mkd-separator-icon\">\n\t\t\t                    \t\t\t\t\t\t<\/div>\n\t<div class=\"mkd-separator\" style=\"border-color: #c18f59;border-style: solid;width: 97.5px\"><\/div>\n<\/div>\n[\/vc_column][\/vc_row][vc_row triangle_shape=&#8221;no&#8221; css=&#8221;.vc_custom_1700299636284{padding-bottom: 20px !important;}&#8221;][vc_column][vc_column_text css=&#8221;.vc_custom_1700299597541{padding-top: 10px !important;}&#8221;]<\/p>\n<h6>A\u015fa\u011f\u0131daki ifadeler \u00f6ncelikle kira s\u00f6zle\u015fmelerinin feshi i\u00e7in ge\u00e7erlidir. \u0130\u015f hukukunda fesih hakk\u0131nda bilgiye buradan <a title=\"\u0130\u015f hukuku fesih avukat\u0131\" href=\"https:\/\/www.kanzlei-steinwachs.de\/gekuendigt-was-tun\/\">ula\u015fabilirsiniz.<\/a><\/h6>\n<div id=\"gtx-trans\" style=\"position: absolute; left: 77px; top: -4.73438px;\">\n<div class=\"gtx-trans-icon\"><\/div>\n<\/div>\n<p>[\/vc_column_text][vc_column_text css=&#8221;.vc_custom_1700299025173{padding-top: 10px !important;}&#8221;]Fesih, kira s\u00f6zle\u015fmesinin tek tarafl\u0131 olarak feshedilmesi anlam\u0131na gelir; yani fesih, ev sahibinden veya kirac\u0131dan gelebilir. Kira s\u00f6zle\u015fmesinin ev sahibi taraf\u0131ndan feshedilmesi durumunda, \u00f6zellikle \u00f6zel kirac\u0131 \u00e7o\u011fu zaman varolu\u015fsal bir tehditle kar\u015f\u0131 kar\u015f\u0131ya kal\u0131r.[\/vc_column_text][vc_column_text css=&#8221;.vc_custom_1700299036092{padding-top: 10px !important;}&#8221;]Bu nedenle, fesih mektubunun al\u0131nmas\u0131yla ba\u015flayan yasal s\u00fcreler nedeniyle, mevcut hak ve y\u00fck\u00fcml\u00fcl\u00fckler hakk\u0131nda derhal bilgi edinmek \u00f6nemlidir. Burada yard\u0131mc\u0131 olabilecek tek \u015fey, kira hukuku alan\u0131nda \u00e7al\u0131\u015fan bir avukat\u0131n tavsiyesidir.[\/vc_column_text][\/vc_column][\/vc_row][vc_row triangle_shape=&#8221;no&#8221; css=&#8221;.vc_custom_1700299642891{padding-bottom: 20px !important;}&#8221;][vc_column][vc_column_text css=&#8221;.vc_custom_1700299067005{padding-top: 10px !important;}&#8221;]Size hukuki durum hakk\u0131nda genel bir bak\u0131\u015f sunmay\u0131 ama\u00e7layan a\u015fa\u011f\u0131daki bilgiler, profesyonel tavsiyenin yerini alamaz!<\/p>\n<div id=\"gtx-trans\" style=\"position: absolute; left: 204px; top: 94.2656px;\">\n<div class=\"gtx-trans-icon\"><\/div>\n<\/div>\n<p>[\/vc_column_text]\n<h2 class=\"mkd-custom-font-holder\" style=\"font-size: 20px;line-height: 20px;font-weight: 700\" data-font-size= 20 data-line-height= 20>\n\t1. K\u00fcndigungsarten<\/h2>[vc_column_text css=&#8221;.vc_custom_1700299088045{padding-top: 10px !important;}&#8221;]Kira s\u00f6zle\u015fmelerini feshederken, ola\u011fan fesih, ihbars\u0131z ola\u011fan\u00fcst\u00fc fesih ve ihbars\u0131z ola\u011fan\u00fcst\u00fc fesih aras\u0131nda temel bir ayr\u0131m yap\u0131lmas\u0131 gerekir.[\/vc_column_text][vc_column_text css=&#8221;.vc_custom_1700299095599{padding-top: 10px !important;}&#8221;]&gt;Prensip olarak yaln\u0131zca kal\u0131c\u0131 kira s\u00f6zle\u015fmeleri uygun \u015fekilde feshedilebilir. \u0130hbar s\u00fcresi, kirac\u0131l\u0131\u011f\u0131n t\u00fcr\u00fcne (konut veya ticari) ve konut kirac\u0131l\u0131\u011f\u0131 s\u00f6z konusu oldu\u011funda s\u00fcresine ba\u011fl\u0131d\u0131r. B\u00f6l\u00fcm 573 Paragraf\u0131na g\u00f6re. 3 BGB, ya\u015fam alan\u0131 ev sahibinin fesih gerek\u00e7elerini belirtmesi gerekir. Prensip olarak, s\u00f6zle\u015fmeye sad\u0131k olan bir kirac\u0131ya ancak kirac\u0131l\u0131\u011f\u0131n sona erdirilmesinde me\u015fru menfaati varsa bildirimde bulunabilir. Fesihte ileri s\u00fcr\u00fclen sebepler belirtilmelidir. \u00a7 573 Abs. 2 BGB, ev sahibinin fesih konusundaki me\u015fru menfaatinin nedenlerine ili\u015fkin \u00f6rnekler vermektedir. Buradaki ana davalar, ki\u015fisel kullan\u0131m ve ticari istismar nedeniyle fesihtir.[\/vc_column_text][vc_column_text css=&#8221;.vc_custom_1700299103277{padding-top: 10px !important;}&#8221;]Yasal s\u00fcre, s\u00f6zle\u015fmeden kendi lehine bir sapma olmad\u0131\u011f\u0131 s\u00fcrece kirac\u0131 i\u00e7in her zaman ge\u00e7erlidir. Kirac\u0131n\u0131n ge\u00e7ici bir kira s\u00f6zle\u015fmesinden erken \u00e7\u0131kabilmesi i\u00e7in ev sahibine yaln\u0131zca \u00fc\u00e7 yeni kirac\u0131 sa\u011flamas\u0131 gerekti\u011fi y\u00f6n\u00fcndeki yayg\u0131n g\u00f6r\u00fc\u015f yanl\u0131\u015ft\u0131r.[\/vc_column_text][vc_column_text css=&#8221;.vc_custom_1700299116237{padding-top: 10px !important;}&#8221;]&gt; Haber vermeden fesih, Alman Medeni Kanunu&#8217;nun (BGB) 543 ve 569. Maddelerine dayanmaktad\u0131r. En \u00f6nemli durum kirac\u0131n\u0131n \u00f6demeyi ge\u00e7 yapmas\u0131d\u0131r. Kirac\u0131n\u0131n \u00fcst \u00fcste iki tarihte bir ayl\u0131k kira bedelini a\u015fan borcu varsa veya toplamda iki ayl\u0131k kira bedelini a\u015fan borcu varsa, ev sahibi s\u00f6zle\u015fmeyi ihbars\u0131z feshedebilir.[\/vc_column_text][\/vc_column][\/vc_row][vc_row triangle_shape=&#8221;no&#8221; css=&#8221;.vc_custom_1700299648276{padding-bottom: 20px !important;}&#8221;][vc_column]\n<h2 class=\"mkd-custom-font-holder\" style=\"font-size: 20px;line-height: 20px;font-weight: 700\" data-font-size= 20 data-line-height= 20>\n\t2. Formelle Voraussetzungen<\/h2>[vc_column_text css=&#8221;.vc_custom_1700299156525{padding-top: 10px !important;}&#8221;]Bireysel fesih t\u00fcrleri i\u00e7in ge\u00e7erli olan \u00f6zel gerekliliklere ek olarak, konut kiralama s\u00f6zle\u015fmelerinin her feshi yaz\u0131l\u0131 olarak yap\u0131lmal\u0131d\u0131r. Ayr\u0131ca s\u00f6zle\u015fmeyi fesheden ki\u015fi (veya onun temsilcisi &#8211; daha sonra ilgili notla birlikte) taraf\u0131ndan elle imzalanmal\u0131 ve feshedilen s\u00f6zle\u015fme orta\u011f\u0131na g\u00f6nderilmelidir. Bu gereklilikleri kar\u015f\u0131lamayan fesihlerin hi\u00e7bir etkisi yoktur![\/vc_column_text][\/vc_column][\/vc_row][vc_row triangle_shape=&#8221;no&#8221; css=&#8221;.vc_custom_1700299660148{padding-bottom: 20px !important;}&#8221;][vc_column]\n<h2 class=\"mkd-custom-font-holder\" style=\"font-size: 20px;line-height: 20px;font-weight: 700\" data-font-size= 20 data-line-height= 20>\n\t3. Ihre M\u00f6glichkeiten<\/h2>[vc_column_text css=&#8221;.vc_custom_1700299195589{padding-top: 10px !important;}&#8221;]Prensip olarak, her kirac\u0131, ev sahibiyle m\u00fczakerelere girerek mahkeme d\u0131\u015f\u0131nda veya tespit karar\u0131 i\u00e7in dava a\u00e7arak mahkemede fesih kar\u015f\u0131s\u0131nda kendisini savunabilir. Di\u011fer bir se\u00e7enek de, bir avukatla mutabakata var\u0131ld\u0131\u011f\u0131 gibi, ev sahibinin tahliye davas\u0131 a\u00e7mas\u0131n\u0131 beklemektir. Ge\u00e7 \u00f6deme nedeniyle fesih durumunda, vadesi ge\u00e7mi\u015f bor\u00e7lar\u0131n \u00f6demesiz s\u00fcre i\u00e7inde \u00f6denmesi de fesih i\u015fleminin ge\u00e7erlili\u011fini ortadan kald\u0131rman\u0131n bir yoludur.[\/vc_column_text][vc_column_text css=&#8221;.vc_custom_1700299202028{padding-top: 10px !important;}&#8221;]Prensip olarak her kirac\u0131, fesih bildiriminin ge\u00e7ersizli\u011fini belirlemek i\u00e7in ev sahibiyle m\u00fczakerelere girerek mahkeme d\u0131\u015f\u0131nda veya mahkemede bir dava a\u00e7arak fesih bildirimine kar\u015f\u0131 kendisini savunabilir.[\/vc_column_text][vc_column_text css=&#8221;.vc_custom_1700299213157{padding-top: 10px !important;}&#8221;]Dava olas\u0131l\u0131\u011f\u0131n\u0131 g\u00fcvence alt\u0131na almak i\u00e7in, fesih i\u015fleminin maddi ve resmi olarak do\u011fru oldu\u011fundan emin olmak amac\u0131yla deneyimli bir avukat taraf\u0131ndan kontrol edilmesi gerekir.[\/vc_column_text][\/vc_column][\/vc_row][vc_row triangle_shape=&#8221;no&#8221; css=&#8221;.vc_custom_1700299665419{padding-bottom: 20px !important;}&#8221;][vc_column]\n<h2 class=\"mkd-custom-font-holder\" style=\"font-size: 20px;line-height: 20px;font-weight: 700\" data-font-size= 20 data-line-height= 20>\n\t4. Gemeinsam mit der Kanzlei STEINWACHS<\/h2>[vc_column_text css=&#8221;.vc_custom_1700299258085{padding-top: 10px !important;}&#8221;]Hukuki konunun karma\u015f\u0131kl\u0131\u011f\u0131ndan dolay\u0131 profesyonel deste\u011fe ihtiyac\u0131n\u0131z var. STEINWACHS, yaln\u0131zca geni\u015f bir kira hukuku alan\u0131nda deneyimli de\u011fil, ayn\u0131 zamanda ba\u015far\u0131l\u0131 fesih ve tahliye anla\u015fmazl\u0131klar\u0131 konusunda e\u011fitim alm\u0131\u015f ve test edilmi\u015f bir avukat taraf\u0131ndan tavsiye ve temsil sunmaktad\u0131r.[\/vc_column_text][vc_column_text css=&#8221;.vc_custom_1700299264252{padding-top: 10px !important;}&#8221;]\u0130lk dan\u0131\u015fma i\u00e7in d\u00fczenli olarak a\u015fa\u011f\u0131dakilere ihtiyac\u0131m\u0131z vard\u0131r:[\/vc_column_text][vc_column_text css=&#8221;.vc_custom_1700299213157{padding-top: 10px !important;}&#8221;]Dava olas\u0131l\u0131\u011f\u0131n\u0131 g\u00fcvence alt\u0131na almak i\u00e7in, fesih i\u015fleminin maddi ve resmi olarak do\u011fru oldu\u011fundan emin olmak amac\u0131yla deneyimli bir avukat taraf\u0131ndan kontrol edilmesi gerekir.[\/vc_column_text]<div class=\"mkd-unordered-list \" ><ul>\n<li>den aktuellen Mietvertrag<\/li>\n<li>gegebenenfalls das K\u00fcndigungsschreiben<\/li>\n<li>Zahlungsnachweise<\/li>\n<li>Schilderung und Dokumentation der M\u00e4ngel an der Mietsache<\/li>\n<li>Kopien vielleicht erteilter Abmahnungen<\/li>\n<\/ul>\n<\/div>[\/vc_column][\/vc_row]<\/p>\n<\/div>","protected":false},"excerpt":{"rendered":"<p>[vc_row content_width=&#8221;grid&#8221; content_aligment=&#8221;center&#8221; triangle_shape=&#8221;no&#8221; css=&#8221;.vc_custom_1696926719838{padding-bottom: 10px !important;background-position: center !important;background-repeat: no-repeat !important;background-size: cover !important;}&#8221;][vc_column][\/vc_column][\/vc_row][vc_row triangle_shape=&#8221;no&#8221; css=&#8221;.vc_custom_1700299636284{padding-bottom: 20px !important;}&#8221;][vc_column][vc_column_text css=&#8221;.vc_custom_1700299597541{padding-top: 10px !important;}&#8221;] A\u015fa\u011f\u0131daki ifadeler \u00f6ncelikle kira s\u00f6zle\u015fmelerinin feshi i\u00e7in ge\u00e7erlidir. \u0130\u015f hukukunda fesih hakk\u0131nda bilgiye buradan ula\u015fabilirsiniz. [\/vc_column_text][vc_column_text css=&#8221;.vc_custom_1700299025173{padding-top: 10px !important;}&#8221;]Fesih, kira s\u00f6zle\u015fmesinin tek tarafl\u0131 olarak feshedilmesi anlam\u0131na gelir; yani fesih, ev sahibinden veya kirac\u0131dan gelebilir. Kira s\u00f6zle\u015fmesinin ev sahibi taraf\u0131ndan feshedilmesi durumunda, \u00f6zellikle \u00f6zel kirac\u0131 \u00e7o\u011fu zaman varolu\u015fsal bir tehditle kar\u015f\u0131 kar\u015f\u0131ya kal\u0131r.[\/vc_column_text][vc_column_text css=&#8221;.vc_custom_1700299036092{padding-top: 10px !important;}&#8221;]Bu nedenle, fesih mektubunun al\u0131nmas\u0131yla ba\u015flayan yasal s\u00fcreler nedeniyle, mevcut hak ve y\u00fck\u00fcml\u00fcl\u00fckler hakk\u0131nda derhal bilgi edinmek \u00f6nemlidir. Burada yard\u0131mc\u0131 olabilecek tek \u015fey, kira hukuku alan\u0131nda&#8230;<\/p>\n","protected":false},"author":1,"featured_media":0,"parent":13703,"menu_order":0,"comment_status":"closed","ping_status":"closed","template":"","meta":{"footnotes":""},"class_list":["post-13998","page","type-page","status-publish","hentry"],"yoast_head":"<!-- This site is optimized with the Yoast SEO Premium plugin v27.2 (Yoast SEO v27.5) - https:\/\/yoast.com\/product\/yoast-seo-premium-wordpress\/ -->\n<title>Rechtsanwaltskanzlei in Hamburg Berlin Bremen Hannover L\u00fcbeck<\/title>\n<meta name=\"description\" content=\"Rechtsanwaltskanzlei f\u00fcr Arbeitsrecht, Arzthaftung, Mietrecht, Gewerbemietrecht ,Gastronomierecht, Immobilienrecht, Schadensersatz Yachtrecht\" \/>\n<meta name=\"robots\" content=\"index, follow, max-snippet:-1, max-image-preview:large, max-video-preview:-1\" \/>\n<link rel=\"canonical\" href=\"https:\/\/www.kanzlei-steinwachs.de\/tr\/is-hukuku-kararlari\/bag-kararlari-2006\/sonlandirma-2\/\" \/>\n<meta property=\"og:locale\" content=\"tr_TR\" \/>\n<meta property=\"og:type\" content=\"article\" \/>\n<meta property=\"og:title\" content=\"Rechtsanwaltskanzlei in Hamburg Berlin Bremen Hannover L\u00fcbeck\" \/>\n<meta property=\"og:description\" content=\"Rechtsanwaltskanzlei f\u00fcr Arbeitsrecht, Arzthaftung, Mietrecht, Gewerbemietrecht ,Gastronomierecht, Immobilienrecht, Schadensersatz Yachtrecht\" \/>\n<meta property=\"og:url\" content=\"https:\/\/www.kanzlei-steinwachs.de\/tr\/is-hukuku-kararlari\/bag-kararlari-2006\/sonlandirma-2\/\" \/>\n<meta property=\"og:site_name\" content=\"Rechtsanwaltskanzlei Anwalt Hamburg Berlin Bremen Hannover L\u00fcbeck\" \/>\n<meta property=\"article:publisher\" content=\"https:\/\/www.facebook.com\/STEINWACHSRechtsanwaltskanzlei\/\" \/>\n<meta property=\"article:modified_time\" content=\"2023-12-01T10:41:06+00:00\" \/>\n<meta name=\"twitter:card\" content=\"summary_large_image\" \/>\n<meta name=\"twitter:site\" content=\"@rasteinwachs\" \/>\n<meta name=\"twitter:label1\" content=\"Tahmini okuma s\u00fcresi\" \/>\n\t<meta name=\"twitter:data1\" content=\"6 dakika\" \/>\n<script type=\"application\/ld+json\" class=\"yoast-schema-graph\">{\"@context\":\"https:\\\/\\\/schema.org\",\"@graph\":[{\"@type\":\"WebPage\",\"@id\":\"https:\\\/\\\/www.kanzlei-steinwachs.de\\\/tr\\\/is-hukuku-kararlari\\\/bag-kararlari-2006\\\/sonlandirma-2\\\/\",\"url\":\"https:\\\/\\\/www.kanzlei-steinwachs.de\\\/tr\\\/is-hukuku-kararlari\\\/bag-kararlari-2006\\\/sonlandirma-2\\\/\",\"name\":\"Rechtsanwaltskanzlei in Hamburg Berlin Bremen Hannover L\u00fcbeck\",\"isPartOf\":{\"@id\":\"https:\\\/\\\/www.kanzlei-steinwachs.de\\\/tr\\\/#website\"},\"datePublished\":\"2023-11-15T08:29:58+00:00\",\"dateModified\":\"2023-12-01T10:41:06+00:00\",\"description\":\"Rechtsanwaltskanzlei f\u00fcr Arbeitsrecht, Arzthaftung, Mietrecht, Gewerbemietrecht ,Gastronomierecht, Immobilienrecht, Schadensersatz Yachtrecht\",\"breadcrumb\":{\"@id\":\"https:\\\/\\\/www.kanzlei-steinwachs.de\\\/tr\\\/is-hukuku-kararlari\\\/bag-kararlari-2006\\\/sonlandirma-2\\\/#breadcrumb\"},\"inLanguage\":\"tr\",\"potentialAction\":[{\"@type\":\"ReadAction\",\"target\":[\"https:\\\/\\\/www.kanzlei-steinwachs.de\\\/tr\\\/is-hukuku-kararlari\\\/bag-kararlari-2006\\\/sonlandirma-2\\\/\"]}]},{\"@type\":\"BreadcrumbList\",\"@id\":\"https:\\\/\\\/www.kanzlei-steinwachs.de\\\/tr\\\/is-hukuku-kararlari\\\/bag-kararlari-2006\\\/sonlandirma-2\\\/#breadcrumb\",\"itemListElement\":[{\"@type\":\"ListItem\",\"position\":1,\"name\":\"\u0130\u015f hukuku kararlar\u0131\",\"item\":\"https:\\\/\\\/www.kanzlei-steinwachs.de\\\/tr\\\/is-hukuku-kararlari\\\/\"},{\"@type\":\"ListItem\",\"position\":2,\"name\":\"BAG kararlar\u0131 2006\",\"item\":\"https:\\\/\\\/www.kanzlei-steinwachs.de\\\/tr\\\/is-hukuku-kararlari\\\/bag-kararlari-2006\\\/\"},{\"@type\":\"ListItem\",\"position\":3,\"name\":\"sonland\u0131rma\"}]},{\"@type\":\"WebSite\",\"@id\":\"https:\\\/\\\/www.kanzlei-steinwachs.de\\\/tr\\\/#website\",\"url\":\"https:\\\/\\\/www.kanzlei-steinwachs.de\\\/tr\\\/\",\"name\":\"Rechtsanwaltskanzlei Anwalt Hamburg Berlin Bremen Hannover L\u00fcbeck\",\"description\":\"Wir leisten mehr als Recht bietet\",\"publisher\":{\"@id\":\"https:\\\/\\\/www.kanzlei-steinwachs.de\\\/tr\\\/#organization\"},\"potentialAction\":[{\"@type\":\"SearchAction\",\"target\":{\"@type\":\"EntryPoint\",\"urlTemplate\":\"https:\\\/\\\/www.kanzlei-steinwachs.de\\\/tr\\\/?s={search_term_string}\"},\"query-input\":{\"@type\":\"PropertyValueSpecification\",\"valueRequired\":true,\"valueName\":\"search_term_string\"}}],\"inLanguage\":\"tr\"},{\"@type\":[\"Organization\",\"Place\"],\"@id\":\"https:\\\/\\\/www.kanzlei-steinwachs.de\\\/tr\\\/#organization\",\"name\":\"Rechtsanwaltskanzlei Anwalt Hamburg Berlin Bremen Hannover L\u00fcbeck\",\"url\":\"https:\\\/\\\/www.kanzlei-steinwachs.de\\\/\",\"logo\":{\"@type\":\"ImageObject\",\"inLanguage\":\"tr\",\"@id\":\"https:\\\/\\\/www.kanzlei-steinwachs.de\\\/tr\\\/#\\\/schema\\\/logo\\\/image\\\/\",\"url\":\"https:\\\/\\\/i0.wp.com\\\/www.kanzlei-steinwachs.de\\\/wp-content\\\/uploads\\\/2023\\\/12\\\/logo.webp?fit=174%2C76&quality=80&ssl=1\",\"contentUrl\":\"https:\\\/\\\/i0.wp.com\\\/www.kanzlei-steinwachs.de\\\/wp-content\\\/uploads\\\/2023\\\/12\\\/logo.webp?fit=174%2C76&quality=80&ssl=1\",\"width\":174,\"height\":76,\"caption\":\"Rechtsanwaltskanzlei Anwalt Hamburg Berlin Bremen Hannover L\u00fcbeck\"},\"image\":{\"@id\":\"https:\\\/\\\/www.kanzlei-steinwachs.de\\\/tr\\\/#\\\/schema\\\/logo\\\/image\\\/\"},\"sameAs\":[\"https:\\\/\\\/www.facebook.com\\\/STEINWACHSRechtsanwaltskanzlei\\\/\",\"https:\\\/\\\/x.com\\\/rasteinwachs\",\"https:\\\/\\\/www.instagram.com\\\/steinwachs_rechtsanwaelte\\\/\",\"https:\\\/\\\/www.linkedin.com\\\/in\\\/stephan-steinwachs-7a270197\\\/\",\"https:\\\/\\\/www.youtube.com\\\/channel\\\/UCffmodDlQx81remXm395RWA\"],\"telephone\":[]}]}<\/script>\n<!-- \/ Yoast SEO Premium plugin. -->","yoast_head_json":{"title":"Rechtsanwaltskanzlei in Hamburg Berlin Bremen Hannover L\u00fcbeck","description":"Rechtsanwaltskanzlei f\u00fcr Arbeitsrecht, Arzthaftung, Mietrecht, Gewerbemietrecht ,Gastronomierecht, Immobilienrecht, Schadensersatz Yachtrecht","robots":{"index":"index","follow":"follow","max-snippet":"max-snippet:-1","max-image-preview":"max-image-preview:large","max-video-preview":"max-video-preview:-1"},"canonical":"https:\/\/www.kanzlei-steinwachs.de\/tr\/is-hukuku-kararlari\/bag-kararlari-2006\/sonlandirma-2\/","og_locale":"tr_TR","og_type":"article","og_title":"Rechtsanwaltskanzlei in Hamburg Berlin Bremen Hannover L\u00fcbeck","og_description":"Rechtsanwaltskanzlei f\u00fcr Arbeitsrecht, Arzthaftung, Mietrecht, Gewerbemietrecht ,Gastronomierecht, Immobilienrecht, Schadensersatz Yachtrecht","og_url":"https:\/\/www.kanzlei-steinwachs.de\/tr\/is-hukuku-kararlari\/bag-kararlari-2006\/sonlandirma-2\/","og_site_name":"Rechtsanwaltskanzlei Anwalt Hamburg Berlin Bremen Hannover L\u00fcbeck","article_publisher":"https:\/\/www.facebook.com\/STEINWACHSRechtsanwaltskanzlei\/","article_modified_time":"2023-12-01T10:41:06+00:00","twitter_card":"summary_large_image","twitter_site":"@rasteinwachs","twitter_misc":{"Tahmini okuma s\u00fcresi":"6 dakika"},"schema":{"@context":"https:\/\/schema.org","@graph":[{"@type":"WebPage","@id":"https:\/\/www.kanzlei-steinwachs.de\/tr\/is-hukuku-kararlari\/bag-kararlari-2006\/sonlandirma-2\/","url":"https:\/\/www.kanzlei-steinwachs.de\/tr\/is-hukuku-kararlari\/bag-kararlari-2006\/sonlandirma-2\/","name":"Rechtsanwaltskanzlei in Hamburg Berlin Bremen Hannover L\u00fcbeck","isPartOf":{"@id":"https:\/\/www.kanzlei-steinwachs.de\/tr\/#website"},"datePublished":"2023-11-15T08:29:58+00:00","dateModified":"2023-12-01T10:41:06+00:00","description":"Rechtsanwaltskanzlei f\u00fcr Arbeitsrecht, Arzthaftung, Mietrecht, Gewerbemietrecht ,Gastronomierecht, Immobilienrecht, Schadensersatz Yachtrecht","breadcrumb":{"@id":"https:\/\/www.kanzlei-steinwachs.de\/tr\/is-hukuku-kararlari\/bag-kararlari-2006\/sonlandirma-2\/#breadcrumb"},"inLanguage":"tr","potentialAction":[{"@type":"ReadAction","target":["https:\/\/www.kanzlei-steinwachs.de\/tr\/is-hukuku-kararlari\/bag-kararlari-2006\/sonlandirma-2\/"]}]},{"@type":"BreadcrumbList","@id":"https:\/\/www.kanzlei-steinwachs.de\/tr\/is-hukuku-kararlari\/bag-kararlari-2006\/sonlandirma-2\/#breadcrumb","itemListElement":[{"@type":"ListItem","position":1,"name":"\u0130\u015f hukuku kararlar\u0131","item":"https:\/\/www.kanzlei-steinwachs.de\/tr\/is-hukuku-kararlari\/"},{"@type":"ListItem","position":2,"name":"BAG kararlar\u0131 2006","item":"https:\/\/www.kanzlei-steinwachs.de\/tr\/is-hukuku-kararlari\/bag-kararlari-2006\/"},{"@type":"ListItem","position":3,"name":"sonland\u0131rma"}]},{"@type":"WebSite","@id":"https:\/\/www.kanzlei-steinwachs.de\/tr\/#website","url":"https:\/\/www.kanzlei-steinwachs.de\/tr\/","name":"Rechtsanwaltskanzlei Anwalt Hamburg Berlin Bremen Hannover L\u00fcbeck","description":"Wir leisten mehr als Recht bietet","publisher":{"@id":"https:\/\/www.kanzlei-steinwachs.de\/tr\/#organization"},"potentialAction":[{"@type":"SearchAction","target":{"@type":"EntryPoint","urlTemplate":"https:\/\/www.kanzlei-steinwachs.de\/tr\/?s={search_term_string}"},"query-input":{"@type":"PropertyValueSpecification","valueRequired":true,"valueName":"search_term_string"}}],"inLanguage":"tr"},{"@type":["Organization","Place"],"@id":"https:\/\/www.kanzlei-steinwachs.de\/tr\/#organization","name":"Rechtsanwaltskanzlei Anwalt Hamburg Berlin Bremen Hannover L\u00fcbeck","url":"https:\/\/www.kanzlei-steinwachs.de\/","logo":{"@type":"ImageObject","inLanguage":"tr","@id":"https:\/\/www.kanzlei-steinwachs.de\/tr\/#\/schema\/logo\/image\/","url":"https:\/\/i0.wp.com\/www.kanzlei-steinwachs.de\/wp-content\/uploads\/2023\/12\/logo.webp?fit=174%2C76&quality=80&ssl=1","contentUrl":"https:\/\/i0.wp.com\/www.kanzlei-steinwachs.de\/wp-content\/uploads\/2023\/12\/logo.webp?fit=174%2C76&quality=80&ssl=1","width":174,"height":76,"caption":"Rechtsanwaltskanzlei Anwalt Hamburg Berlin Bremen Hannover L\u00fcbeck"},"image":{"@id":"https:\/\/www.kanzlei-steinwachs.de\/tr\/#\/schema\/logo\/image\/"},"sameAs":["https:\/\/www.facebook.com\/STEINWACHSRechtsanwaltskanzlei\/","https:\/\/x.com\/rasteinwachs","https:\/\/www.instagram.com\/steinwachs_rechtsanwaelte\/","https:\/\/www.linkedin.com\/in\/stephan-steinwachs-7a270197\/","https:\/\/www.youtube.com\/channel\/UCffmodDlQx81remXm395RWA"],"telephone":[]}]}},"jetpack_sharing_enabled":true,"_links":{"self":[{"href":"https:\/\/www.kanzlei-steinwachs.de\/tr\/wp-json\/wp\/v2\/pages\/13998","targetHints":{"allow":["GET"]}}],"collection":[{"href":"https:\/\/www.kanzlei-steinwachs.de\/tr\/wp-json\/wp\/v2\/pages"}],"about":[{"href":"https:\/\/www.kanzlei-steinwachs.de\/tr\/wp-json\/wp\/v2\/types\/page"}],"author":[{"embeddable":true,"href":"https:\/\/www.kanzlei-steinwachs.de\/tr\/wp-json\/wp\/v2\/users\/1"}],"replies":[{"embeddable":true,"href":"https:\/\/www.kanzlei-steinwachs.de\/tr\/wp-json\/wp\/v2\/comments?post=13998"}],"version-history":[{"count":0,"href":"https:\/\/www.kanzlei-steinwachs.de\/tr\/wp-json\/wp\/v2\/pages\/13998\/revisions"}],"up":[{"embeddable":true,"href":"https:\/\/www.kanzlei-steinwachs.de\/tr\/wp-json\/wp\/v2\/pages\/13703"}],"wp:attachment":[{"href":"https:\/\/www.kanzlei-steinwachs.de\/tr\/wp-json\/wp\/v2\/media?parent=13998"}],"curies":[{"name":"wp","href":"https:\/\/api.w.org\/{rel}","templated":true}]}}