{"id":13048,"date":"2023-11-20T12:42:51","date_gmt":"2023-11-20T11:42:51","guid":{"rendered":"https:\/\/www.kanzlei-steinwachs.de\/referans-maddeleri\/"},"modified":"2023-11-27T13:30:26","modified_gmt":"2023-11-27T12:30:26","slug":"referans-maddeleri","status":"publish","type":"page","link":"https:\/\/www.kanzlei-steinwachs.de\/tr\/is-hukuku-kararlari\/bag-kararlari-2008\/referans-maddeleri\/","title":{"rendered":"Referans maddeleri"},"content":{"rendered":"<div class=\"wpb-content-wrapper\"><p>[vc_row triangle_shape=&#8221;no&#8221; css=&#8221;.vc_custom_1700480618794{padding-bottom: 50px !important;}&#8221;][vc_column][vc_column_text]<\/p>\n<h1 class=\"art-PostHeaderIcon-wrapper\"><\/h1>\n<div class=\"art-PostContent\">\n<p>\u0130\u015fveren taraf\u0131ndan kullan\u0131lan bir i\u015f s\u00f6zle\u015fmesi bi\u00e7imindeki toplu s\u00f6zle\u015fmeye at\u0131f yap\u0131lan madde, Alman Hukuk Kanunu&#8217;nun 305 ve devam\u0131 B\u00f6l\u00fcmleri uyar\u0131nca genel \u015fartlar ve ko\u015fullar (GTC) olarak genel \u015fartlar ve ko\u015fullar\u0131n yarg\u0131sal incelemesine tabidir. Kod (BGB). Toplu s\u00f6zle\u015fmenin dahil edilmesinin etkinli\u011fine ili\u015fkin endi\u015feler, \u00e7al\u0131\u015fan\u0131n toplu s\u00f6zle\u015fmenin i\u00e7eri\u011finden haberdar olma f\u0131rsat\u0131n\u0131n muhtemelen yetersiz olmas\u0131ndan kaynaklanmamaktad\u0131r. B\u00f6l\u00fcm 310 F\u0131kra 4 F\u0131kra 2 C\u00fcmle BGB&#8217;ye g\u00f6re, B\u00f6l\u00fcm 305 F\u0131kra 2 BGB&#8217;nin h\u00fckm\u00fc, i\u015f hukukunda \u00f6nceden form\u00fcle edilmi\u015f s\u00f6zle\u015fme ko\u015fullar\u0131n\u0131n kontrol\u00fc i\u00e7in ge\u00e7erli de\u011fildir. A\u00e7\u0131k mevzuat karar\u0131 g\u00f6z \u00f6n\u00fcne al\u0131nd\u0131\u011f\u0131nda, BGB&#8217;nin 305. maddesinin 2. paragraf\u0131n\u0131n benzer bir uygulamas\u0131 da reddedilmi\u015ftir. Dokuzuncu Senato&#8217;nun 18 Eyl\u00fcl 2007 tarihli karar\u0131na (9 AZR 822\/06) g\u00f6re, belirli bir toplu s\u00f6zle\u015fmeye s\u0131n\u0131rlama olmaks\u0131z\u0131n at\u0131fta bulunan bir madde, anlam\u0131nda a\u00e7\u0131k veya anla\u015f\u0131lmaz de\u011fildir. \u00a7 307 Paragraf 1 C\u00fcmle 2 BGB. \u00d6te yandan, at\u0131fta bulunulan toplu s\u00f6zle\u015fmenin farkl\u0131 bir d\u00fczenleme dizisine at\u0131fta bulunmas\u0131 durumunda, toplu s\u00f6zle\u015fmenin bir par\u00e7as\u0131 olarak bu madde, B\u00f6l\u00fcm 310 Paragraf 4 C\u00fcmle 1 uyar\u0131nca genel \u015fart ve ko\u015fullar\u0131n yarg\u0131sal denetiminden muaft\u0131r. BGB. Bu, hem TVG B\u00f6l\u00fcm 4 Paragraf 1 uyar\u0131nca normatif olarak uygulanan toplu s\u00f6zle\u015fmeler hem de s\u00f6zle\u015fmede at\u0131fta bulunulan toplu s\u00f6zle\u015fmeler i\u00e7in ge\u00e7erlidir. Alt\u0131nc\u0131 Senato, genel \u015fart ve ko\u015fullar\u0131n referans h\u00fck\u00fcmlerinin kontrol\u00fcne ili\u015fkin 24 Eyl\u00fcl 2008 tarihli karar\u0131nda (6 AZR 76\/07), ilgili toplu s\u00f6zle\u015fmelere yap\u0131lan dinamik at\u0131flar\u0131n \u00e7al\u0131\u015fma hayat\u0131nda bir tasar\u0131m arac\u0131 olarak o kadar yayg\u0131n oldu\u011funu belirtti ki bunlar\u0131n standart s\u00f6zle\u015fmelere dahil edilmesi B\u00f6l\u00fcm 305c Paragraf 1 BGB anlam\u0131nda \u015fa\u015f\u0131rt\u0131c\u0131 de\u011fildir. Ancak, ba\u015fl\u0131 ba\u015f\u0131na \u015fa\u015f\u0131rt\u0131c\u0131 olmayan referans\u0131n, s\u00f6zle\u015fme imzaland\u0131\u011f\u0131nda s\u00f6zle\u015fme ortaklar\u0131 i\u00e7in \u00f6ng\u00f6r\u00fclemeyen tarife h\u00fck\u00fcmlerini de i\u00e7erip i\u00e7ermedi\u011fi konusunu a\u00e7\u0131k\u00e7a a\u00e7\u0131k b\u0131rakt\u0131. Toplu s\u00f6zle\u015fmede at\u0131fta bulunulan de\u011fi\u015fiklik yaln\u0131zca yeniden yap\u0131land\u0131rma ve rasyonalizasyon koruma toplu s\u00f6zle\u015fmelerinde ortak olan h\u00fck\u00fcmleri i\u00e7eriyorsa, dinamik bir referans olmas\u0131 durumunda \u00e7al\u0131\u015fan\u0131n bunlar\u0131 dikkate almas\u0131 gerekir. Genel \u015fart ve ko\u015fullar, makul ve d\u00fcr\u00fcst s\u00f6zle\u015fme ortaklar\u0131 taraf\u0131ndan anla\u015f\u0131ld\u0131\u011f\u0131 \u015fekliyle, normal olarak ilgili kamunun \u00e7\u0131karlar\u0131 dikkate al\u0131narak, nesnel i\u00e7eriklerine ve tipik anlamlar\u0131na g\u00f6re ayn\u0131 \u015fekilde yorumlanmal\u0131d\u0131r. Kullan\u0131c\u0131n\u0131n ortalama s\u00f6zle\u015fme orta\u011f\u0131n\u0131n anlay\u0131\u015f\u0131 dikkate al\u0131nmal\u0131d\u0131r. Taraflar\u0131n bir h\u00fckm\u00fcn i\u00e7eri\u011fine ili\u015fkin tutarl\u0131 bir anlay\u0131\u015fa sahip olduklar\u0131n\u0131 tespit etmek m\u00fcmk\u00fcnse bu, bireysel bir s\u00f6zle\u015fmede oldu\u011fu gibi, objektif bir yorumun farkl\u0131 sonu\u00e7lar\u0131na g\u00f6re \u00f6nceliklidir. Yorumlama sonucu a\u00e7\u0131ksa, B\u00f6l\u00fcm 305c Paragraf 2 BGB&#8217;nin belirsizlik kural\u0131n\u0131n uygulanmas\u0131na yer yoktur. Alt\u0131nc\u0131 Senato karar\u0131na g\u00f6re, toplu s\u00f6zle\u015fmeye at\u0131fta bulunan i\u015f s\u00f6zle\u015fmesi maddelerinde, i\u015f\u00e7inin lehine olup olmad\u0131\u011f\u0131 sorusu net bir \u015fekilde cevaplanamad\u0131\u011f\u0131 i\u00e7in belirsizlik kural\u0131 genel olarak uygulanam\u0131yor. Uyu\u015fmazl\u0131\u011fa konu olan talebin t\u00fcr\u00fcne ve ileri s\u00fcr\u00fcld\u00fc\u011f\u00fc zamana ba\u011fl\u0131 olarak, toplu s\u00f6zle\u015fmenin at\u0131f kapsam\u0131 ve uygulanabilirli\u011fi, bir toplu s\u00f6zle\u015fme konusu haline getirilerek, s\u00f6z konusu toplu s\u00f6zle\u015fmenin uygulanmas\u0131 engellenmektedir. (ge\u00e7ici) tespit davas\u0131 ve bunun ard\u0131ndan ilgili tespitin yap\u0131lmas\u0131, yasal olarak ba\u011flay\u0131c\u0131 hale gelebilir. Toplu olarak anla\u015fmaya var\u0131lan bir i\u015fveren taraf\u0131ndan 1 Ocak 2002 tarihinden \u00f6nce akdedilen bir i\u015f s\u00f6zle\u015fmesindeki, \u015firketle ilgili toplu s\u00f6zle\u015fmelere at\u0131fta bulunan bir madde, genellikle bir f\u0131rsat e\u015fitli\u011fi s\u00f6zle\u015fmesi olarak yorumlanmal\u0131d\u0131r.      <\/p>\n<p>     D\u00f6rd\u00fcnc\u00fc Senato&#8217;nun 23 Ocak 2008 tarihli karar\u0131na g\u00f6re (4 AZR 602\/06), belirli bir sekt\u00f6re ait toplu s\u00f6zle\u015fmelere yap\u0131lan at\u0131f ayn\u0131 zamanda d\u00fczenli olarak kurum i\u00e7i toplu s\u00f6zle\u015fmeleri de kapsamaktad\u0131r (burada: toplu s\u00f6zle\u015fmenin yeniden yap\u0131land\u0131r\u0131lmas\u0131). \u0130\u015fveren, ilgili sekt\u00f6r\u00fcn toplu s\u00f6zle\u015fmelerine at\u0131fta bulunarak d\u00fczenli olarak bu sekt\u00f6rdeki maddi ve operasyonel a\u00e7\u0131dan ge\u00e7erli toplu s\u00f6zle\u015fmelere at\u0131fta bulunmak ve \u00e7al\u0131\u015fan\u0131n bu toplu s\u00f6zle\u015fmelere ili\u015fkin eksik normatif taahh\u00fctlerini de\u011fi\u015ftirmek istemektedir. E\u011fer birden fazla rakip toplu s\u00f6zle\u015fme bu \u015fekilde i\u015f s\u00f6zle\u015fmesi referans\u0131 kapsam\u0131nda yer al\u0131yorsa, \u00e7at\u0131\u015fma daha spesifik bir toplu s\u00f6zle\u015fme, burada \u015firket toplu s\u00f6zle\u015fmesi lehine \u00e7\u00f6z\u00fclmelidir. Bu, sevk h\u00fckm\u00fcn\u00fcn e\u015fitlik amac\u0131ndan kaynaklanmaktad\u0131r. \u00c7at\u0131\u015fmalar\u0131n \u00e7\u00f6z\u00fcmlenmesine y\u00f6nelik kural\u0131n ayn\u0131s\u0131, yasal olarak ba\u011fl\u0131 olan sendika \u00fcyeleri i\u00e7in oldu\u011fu gibi organize olmayan \u00e7al\u0131\u015fanlar i\u00e7in de ge\u00e7erli olmal\u0131d\u0131r. \u0130\u015fletmenin bir k\u0131sm\u0131n\u0131n devredilmesi durumunda, Madde 613a Paragraf 1 C\u00fcmle 1 BGB uyar\u0131nca yap\u0131lan f\u0131rsat e\u015fitli\u011fi s\u00f6zle\u015fmesi, al\u0131c\u0131 ile i\u015f ili\u015fkisine devredilir. Buna g\u00f6re \u00e7al\u0131\u015fan, sorumlu sendikan\u0131n bir \u00fcyesi olarak an\u0131lan sekt\u00f6rel toplu s\u00f6zle\u015fmelere ba\u011fl\u0131ym\u0131\u015f gibi muamele g\u00f6rmektedir. Sat\u0131c\u0131 taraf\u0131ndan akdedilen (tadilat) toplu s\u00f6zle\u015fme de i\u015fyerinin devrinden sonra sendika \u00fcyesi i\u00e7in art\u0131k ge\u00e7erli olmayacakt\u0131r. Alman Medeni Kanunu&#8217;nun (BGB) 613a Madde 1 F\u0131kra 1 C\u00fcmle 2 uyar\u0131nca i\u015f ili\u015fkisinin bir par\u00e7as\u0131 haline gelen toplu s\u00f6zle\u015fmelerin, yeni sahibiyle y\u00fcr\u00fcrl\u00fckte olan toplu s\u00f6zle\u015fmelerle de\u011fi\u015ftirilmesi veya de\u011fi\u015ftirilmesi, \u00e7al\u0131\u015fan\u0131n ayn\u0131 zamanda normatif olarak ba\u011fl\u0131 oldu\u011funu varsayar. bu toplu s\u00f6zle\u015fmelerden ve ayn\u0131 d\u00fczenleyici konular\u0131n etkilendi\u011finden. Bu tasar\u0131mla belirlenebilir. \u00c7al\u0131\u015fan a\u00e7\u0131s\u0131ndan hangi d\u00fczenlemenin daha avantajl\u0131 oldu\u011funa bak\u0131lmaks\u0131z\u0131n, ayn\u0131 konuya ili\u015fkin olarak al\u0131c\u0131ya uygulanan d\u00fczenlemelerin \u00f6nceli\u011fi ge\u00e7erlidir. 14 D\u00f6rd\u00fcnc\u00fc Senato, 22 Ekim 2008 (4 AZR 793\/07) tarihli karar\u0131nda, 1 Ocak 2002&#8217;den sonra akdedilen \u201cyeni s\u00f6zle\u015fmeler\u201d i\u00e7in, e\u011fer i\u015fveren tarifelere ba\u011fl\u0131d\u0131r. B\u00f6yle yeni bir s\u00f6zle\u015fmenin mevcut haliyle ilgili toplu s\u00f6zle\u015fmelere at\u0131fta bulunmas\u0131 halinde, i\u015fveren, toplu i\u015f s\u00f6zle\u015fmesi birli\u011finden ayr\u0131ld\u0131ktan sonra bile mevcut toplu s\u00f6zle\u015fmeleri uygulamakla y\u00fck\u00fcml\u00fcd\u00fcr. Bu, s\u00f6zle\u015fmenin metni ve s\u00f6zle\u015fmenin akdedilme ko\u015fullar\u0131, taraflar\u0131n yaln\u0131zca \u00f6rg\u00fctl\u00fc olmayan ve \u00f6rg\u00fctl\u00fc \u00e7al\u0131\u015fanlara e\u015fit davran\u0131lmas\u0131 gerekti\u011fi ve \u00fczerinde mutabakata var\u0131lan dinami\u011fin hi\u00e7bir \u015fekilde e\u015fit muamele g\u00f6rmemesi gerekti\u011fi y\u00f6n\u00fcndeki niyetlerine dair herhangi bir g\u00f6sterge sunmad\u0131\u011f\u0131 her durumda ge\u00e7erlidir. i\u015fveren toplu i\u015f s\u00f6zle\u015fmesine ba\u011fl\u0131 kalmay\u0131 b\u0131rak\u0131rsa art\u0131k ge\u00e7erli olacakt\u0131r.<\/p>\n<\/div>\n<p>[\/vc_column_text][\/vc_column][\/vc_row]<\/p>\n<\/div>","protected":false},"excerpt":{"rendered":"<p>[vc_row triangle_shape=&#8221;no&#8221; css=&#8221;.vc_custom_1700480618794{padding-bottom: 50px !important;}&#8221;][vc_column][vc_column_text] \u0130\u015fveren taraf\u0131ndan kullan\u0131lan bir i\u015f s\u00f6zle\u015fmesi bi\u00e7imindeki toplu s\u00f6zle\u015fmeye at\u0131f yap\u0131lan madde, Alman Hukuk Kanunu&#8217;nun 305 ve devam\u0131 B\u00f6l\u00fcmleri uyar\u0131nca genel \u015fartlar ve ko\u015fullar (GTC) olarak genel \u015fartlar ve ko\u015fullar\u0131n yarg\u0131sal incelemesine tabidir. Kod (BGB). Toplu s\u00f6zle\u015fmenin dahil edilmesinin etkinli\u011fine ili\u015fkin endi\u015feler, \u00e7al\u0131\u015fan\u0131n toplu s\u00f6zle\u015fmenin i\u00e7eri\u011finden haberdar olma f\u0131rsat\u0131n\u0131n muhtemelen yetersiz olmas\u0131ndan kaynaklanmamaktad\u0131r. B\u00f6l\u00fcm 310 F\u0131kra 4 F\u0131kra 2 C\u00fcmle BGB&#8217;ye g\u00f6re, B\u00f6l\u00fcm 305 F\u0131kra 2 BGB&#8217;nin h\u00fckm\u00fc, i\u015f hukukunda \u00f6nceden form\u00fcle edilmi\u015f s\u00f6zle\u015fme ko\u015fullar\u0131n\u0131n kontrol\u00fc i\u00e7in ge\u00e7erli de\u011fildir. A\u00e7\u0131k mevzuat karar\u0131 g\u00f6z \u00f6n\u00fcne al\u0131nd\u0131\u011f\u0131nda, BGB&#8217;nin 305. maddesinin 2. paragraf\u0131n\u0131n benzer bir uygulamas\u0131 da reddedilmi\u015ftir&#8230;.<\/p>\n","protected":false},"author":1,"featured_media":0,"parent":13293,"menu_order":0,"comment_status":"closed","ping_status":"closed","template":"","meta":{"footnotes":""},"class_list":["post-13048","page","type-page","status-publish","hentry"],"yoast_head":"<!-- This site is optimized with the Yoast SEO Premium plugin v27.2 (Yoast SEO v27.5) - https:\/\/yoast.com\/product\/yoast-seo-premium-wordpress\/ -->\n<title>Rechtsanwaltskanzlei in Hamburg Berlin Bremen Hannover L\u00fcbeck<\/title>\n<meta name=\"description\" content=\"Rechtsanwaltskanzlei f\u00fcr Arbeitsrecht, Arzthaftung, Mietrecht, Gewerbemietrecht ,Gastronomierecht, Immobilienrecht, Schadensersatz Yachtrecht\" \/>\n<meta name=\"robots\" content=\"index, follow, max-snippet:-1, max-image-preview:large, max-video-preview:-1\" \/>\n<link rel=\"canonical\" href=\"https:\/\/www.kanzlei-steinwachs.de\/tr\/is-hukuku-kararlari\/bag-kararlari-2008\/referans-maddeleri\/\" \/>\n<meta property=\"og:locale\" content=\"tr_TR\" \/>\n<meta property=\"og:type\" content=\"article\" \/>\n<meta property=\"og:title\" content=\"Rechtsanwaltskanzlei in Hamburg Berlin Bremen Hannover L\u00fcbeck\" \/>\n<meta property=\"og:description\" content=\"Rechtsanwaltskanzlei f\u00fcr Arbeitsrecht, Arzthaftung, Mietrecht, Gewerbemietrecht ,Gastronomierecht, Immobilienrecht, Schadensersatz Yachtrecht\" \/>\n<meta property=\"og:url\" content=\"https:\/\/www.kanzlei-steinwachs.de\/tr\/is-hukuku-kararlari\/bag-kararlari-2008\/referans-maddeleri\/\" \/>\n<meta property=\"og:site_name\" content=\"Rechtsanwaltskanzlei Anwalt Hamburg Berlin Bremen Hannover L\u00fcbeck\" \/>\n<meta property=\"article:publisher\" content=\"https:\/\/www.facebook.com\/STEINWACHSRechtsanwaltskanzlei\/\" \/>\n<meta property=\"article:modified_time\" content=\"2023-11-27T12:30:26+00:00\" \/>\n<meta name=\"twitter:card\" content=\"summary_large_image\" \/>\n<meta name=\"twitter:site\" content=\"@rasteinwachs\" \/>\n<meta name=\"twitter:label1\" content=\"Tahmini okuma s\u00fcresi\" \/>\n\t<meta name=\"twitter:data1\" content=\"6 dakika\" \/>\n<script type=\"application\/ld+json\" class=\"yoast-schema-graph\">{\"@context\":\"https:\\\/\\\/schema.org\",\"@graph\":[{\"@type\":\"WebPage\",\"@id\":\"https:\\\/\\\/www.kanzlei-steinwachs.de\\\/tr\\\/is-hukuku-kararlari\\\/bag-kararlari-2008\\\/referans-maddeleri\\\/\",\"url\":\"https:\\\/\\\/www.kanzlei-steinwachs.de\\\/tr\\\/is-hukuku-kararlari\\\/bag-kararlari-2008\\\/referans-maddeleri\\\/\",\"name\":\"Rechtsanwaltskanzlei in Hamburg Berlin Bremen Hannover L\u00fcbeck\",\"isPartOf\":{\"@id\":\"https:\\\/\\\/www.kanzlei-steinwachs.de\\\/tr\\\/#website\"},\"datePublished\":\"2023-11-20T11:42:51+00:00\",\"dateModified\":\"2023-11-27T12:30:26+00:00\",\"description\":\"Rechtsanwaltskanzlei f\u00fcr Arbeitsrecht, Arzthaftung, Mietrecht, Gewerbemietrecht ,Gastronomierecht, Immobilienrecht, Schadensersatz Yachtrecht\",\"breadcrumb\":{\"@id\":\"https:\\\/\\\/www.kanzlei-steinwachs.de\\\/tr\\\/is-hukuku-kararlari\\\/bag-kararlari-2008\\\/referans-maddeleri\\\/#breadcrumb\"},\"inLanguage\":\"tr\",\"potentialAction\":[{\"@type\":\"ReadAction\",\"target\":[\"https:\\\/\\\/www.kanzlei-steinwachs.de\\\/tr\\\/is-hukuku-kararlari\\\/bag-kararlari-2008\\\/referans-maddeleri\\\/\"]}]},{\"@type\":\"BreadcrumbList\",\"@id\":\"https:\\\/\\\/www.kanzlei-steinwachs.de\\\/tr\\\/is-hukuku-kararlari\\\/bag-kararlari-2008\\\/referans-maddeleri\\\/#breadcrumb\",\"itemListElement\":[{\"@type\":\"ListItem\",\"position\":1,\"name\":\"\u0130\u015f hukuku kararlar\u0131\",\"item\":\"https:\\\/\\\/www.kanzlei-steinwachs.de\\\/tr\\\/is-hukuku-kararlari\\\/\"},{\"@type\":\"ListItem\",\"position\":2,\"name\":\"BAG kararlar\u0131 2008\",\"item\":\"https:\\\/\\\/www.kanzlei-steinwachs.de\\\/tr\\\/is-hukuku-kararlari\\\/bag-kararlari-2008\\\/\"},{\"@type\":\"ListItem\",\"position\":3,\"name\":\"Referans maddeleri\"}]},{\"@type\":\"WebSite\",\"@id\":\"https:\\\/\\\/www.kanzlei-steinwachs.de\\\/tr\\\/#website\",\"url\":\"https:\\\/\\\/www.kanzlei-steinwachs.de\\\/tr\\\/\",\"name\":\"Rechtsanwaltskanzlei Anwalt Hamburg Berlin Bremen Hannover L\u00fcbeck\",\"description\":\"Wir leisten mehr als Recht bietet\",\"publisher\":{\"@id\":\"https:\\\/\\\/www.kanzlei-steinwachs.de\\\/tr\\\/#organization\"},\"potentialAction\":[{\"@type\":\"SearchAction\",\"target\":{\"@type\":\"EntryPoint\",\"urlTemplate\":\"https:\\\/\\\/www.kanzlei-steinwachs.de\\\/tr\\\/?s={search_term_string}\"},\"query-input\":{\"@type\":\"PropertyValueSpecification\",\"valueRequired\":true,\"valueName\":\"search_term_string\"}}],\"inLanguage\":\"tr\"},{\"@type\":[\"Organization\",\"Place\"],\"@id\":\"https:\\\/\\\/www.kanzlei-steinwachs.de\\\/tr\\\/#organization\",\"name\":\"Rechtsanwaltskanzlei Anwalt Hamburg Berlin Bremen Hannover L\u00fcbeck\",\"url\":\"https:\\\/\\\/www.kanzlei-steinwachs.de\\\/\",\"logo\":{\"@type\":\"ImageObject\",\"inLanguage\":\"tr\",\"@id\":\"https:\\\/\\\/www.kanzlei-steinwachs.de\\\/tr\\\/#\\\/schema\\\/logo\\\/image\\\/\",\"url\":\"https:\\\/\\\/i0.wp.com\\\/www.kanzlei-steinwachs.de\\\/wp-content\\\/uploads\\\/2023\\\/12\\\/logo.webp?fit=174%2C76&quality=80&ssl=1\",\"contentUrl\":\"https:\\\/\\\/i0.wp.com\\\/www.kanzlei-steinwachs.de\\\/wp-content\\\/uploads\\\/2023\\\/12\\\/logo.webp?fit=174%2C76&quality=80&ssl=1\",\"width\":174,\"height\":76,\"caption\":\"Rechtsanwaltskanzlei Anwalt Hamburg Berlin Bremen Hannover L\u00fcbeck\"},\"image\":{\"@id\":\"https:\\\/\\\/www.kanzlei-steinwachs.de\\\/tr\\\/#\\\/schema\\\/logo\\\/image\\\/\"},\"sameAs\":[\"https:\\\/\\\/www.facebook.com\\\/STEINWACHSRechtsanwaltskanzlei\\\/\",\"https:\\\/\\\/x.com\\\/rasteinwachs\",\"https:\\\/\\\/www.instagram.com\\\/steinwachs_rechtsanwaelte\\\/\",\"https:\\\/\\\/www.linkedin.com\\\/in\\\/stephan-steinwachs-7a270197\\\/\",\"https:\\\/\\\/www.youtube.com\\\/channel\\\/UCffmodDlQx81remXm395RWA\"],\"telephone\":[]}]}<\/script>\n<!-- \/ Yoast SEO Premium plugin. -->","yoast_head_json":{"title":"Rechtsanwaltskanzlei in Hamburg Berlin Bremen Hannover L\u00fcbeck","description":"Rechtsanwaltskanzlei f\u00fcr Arbeitsrecht, Arzthaftung, Mietrecht, Gewerbemietrecht ,Gastronomierecht, Immobilienrecht, Schadensersatz Yachtrecht","robots":{"index":"index","follow":"follow","max-snippet":"max-snippet:-1","max-image-preview":"max-image-preview:large","max-video-preview":"max-video-preview:-1"},"canonical":"https:\/\/www.kanzlei-steinwachs.de\/tr\/is-hukuku-kararlari\/bag-kararlari-2008\/referans-maddeleri\/","og_locale":"tr_TR","og_type":"article","og_title":"Rechtsanwaltskanzlei in Hamburg Berlin Bremen Hannover L\u00fcbeck","og_description":"Rechtsanwaltskanzlei f\u00fcr Arbeitsrecht, Arzthaftung, Mietrecht, Gewerbemietrecht ,Gastronomierecht, Immobilienrecht, Schadensersatz Yachtrecht","og_url":"https:\/\/www.kanzlei-steinwachs.de\/tr\/is-hukuku-kararlari\/bag-kararlari-2008\/referans-maddeleri\/","og_site_name":"Rechtsanwaltskanzlei Anwalt Hamburg Berlin Bremen Hannover L\u00fcbeck","article_publisher":"https:\/\/www.facebook.com\/STEINWACHSRechtsanwaltskanzlei\/","article_modified_time":"2023-11-27T12:30:26+00:00","twitter_card":"summary_large_image","twitter_site":"@rasteinwachs","twitter_misc":{"Tahmini okuma s\u00fcresi":"6 dakika"},"schema":{"@context":"https:\/\/schema.org","@graph":[{"@type":"WebPage","@id":"https:\/\/www.kanzlei-steinwachs.de\/tr\/is-hukuku-kararlari\/bag-kararlari-2008\/referans-maddeleri\/","url":"https:\/\/www.kanzlei-steinwachs.de\/tr\/is-hukuku-kararlari\/bag-kararlari-2008\/referans-maddeleri\/","name":"Rechtsanwaltskanzlei in Hamburg Berlin Bremen Hannover L\u00fcbeck","isPartOf":{"@id":"https:\/\/www.kanzlei-steinwachs.de\/tr\/#website"},"datePublished":"2023-11-20T11:42:51+00:00","dateModified":"2023-11-27T12:30:26+00:00","description":"Rechtsanwaltskanzlei f\u00fcr Arbeitsrecht, Arzthaftung, Mietrecht, Gewerbemietrecht ,Gastronomierecht, Immobilienrecht, Schadensersatz Yachtrecht","breadcrumb":{"@id":"https:\/\/www.kanzlei-steinwachs.de\/tr\/is-hukuku-kararlari\/bag-kararlari-2008\/referans-maddeleri\/#breadcrumb"},"inLanguage":"tr","potentialAction":[{"@type":"ReadAction","target":["https:\/\/www.kanzlei-steinwachs.de\/tr\/is-hukuku-kararlari\/bag-kararlari-2008\/referans-maddeleri\/"]}]},{"@type":"BreadcrumbList","@id":"https:\/\/www.kanzlei-steinwachs.de\/tr\/is-hukuku-kararlari\/bag-kararlari-2008\/referans-maddeleri\/#breadcrumb","itemListElement":[{"@type":"ListItem","position":1,"name":"\u0130\u015f hukuku kararlar\u0131","item":"https:\/\/www.kanzlei-steinwachs.de\/tr\/is-hukuku-kararlari\/"},{"@type":"ListItem","position":2,"name":"BAG kararlar\u0131 2008","item":"https:\/\/www.kanzlei-steinwachs.de\/tr\/is-hukuku-kararlari\/bag-kararlari-2008\/"},{"@type":"ListItem","position":3,"name":"Referans maddeleri"}]},{"@type":"WebSite","@id":"https:\/\/www.kanzlei-steinwachs.de\/tr\/#website","url":"https:\/\/www.kanzlei-steinwachs.de\/tr\/","name":"Rechtsanwaltskanzlei Anwalt Hamburg Berlin Bremen Hannover L\u00fcbeck","description":"Wir leisten mehr als Recht bietet","publisher":{"@id":"https:\/\/www.kanzlei-steinwachs.de\/tr\/#organization"},"potentialAction":[{"@type":"SearchAction","target":{"@type":"EntryPoint","urlTemplate":"https:\/\/www.kanzlei-steinwachs.de\/tr\/?s={search_term_string}"},"query-input":{"@type":"PropertyValueSpecification","valueRequired":true,"valueName":"search_term_string"}}],"inLanguage":"tr"},{"@type":["Organization","Place"],"@id":"https:\/\/www.kanzlei-steinwachs.de\/tr\/#organization","name":"Rechtsanwaltskanzlei Anwalt Hamburg Berlin Bremen Hannover L\u00fcbeck","url":"https:\/\/www.kanzlei-steinwachs.de\/","logo":{"@type":"ImageObject","inLanguage":"tr","@id":"https:\/\/www.kanzlei-steinwachs.de\/tr\/#\/schema\/logo\/image\/","url":"https:\/\/i0.wp.com\/www.kanzlei-steinwachs.de\/wp-content\/uploads\/2023\/12\/logo.webp?fit=174%2C76&quality=80&ssl=1","contentUrl":"https:\/\/i0.wp.com\/www.kanzlei-steinwachs.de\/wp-content\/uploads\/2023\/12\/logo.webp?fit=174%2C76&quality=80&ssl=1","width":174,"height":76,"caption":"Rechtsanwaltskanzlei Anwalt Hamburg Berlin Bremen Hannover L\u00fcbeck"},"image":{"@id":"https:\/\/www.kanzlei-steinwachs.de\/tr\/#\/schema\/logo\/image\/"},"sameAs":["https:\/\/www.facebook.com\/STEINWACHSRechtsanwaltskanzlei\/","https:\/\/x.com\/rasteinwachs","https:\/\/www.instagram.com\/steinwachs_rechtsanwaelte\/","https:\/\/www.linkedin.com\/in\/stephan-steinwachs-7a270197\/","https:\/\/www.youtube.com\/channel\/UCffmodDlQx81remXm395RWA"],"telephone":[]}]}},"jetpack_sharing_enabled":true,"_links":{"self":[{"href":"https:\/\/www.kanzlei-steinwachs.de\/tr\/wp-json\/wp\/v2\/pages\/13048","targetHints":{"allow":["GET"]}}],"collection":[{"href":"https:\/\/www.kanzlei-steinwachs.de\/tr\/wp-json\/wp\/v2\/pages"}],"about":[{"href":"https:\/\/www.kanzlei-steinwachs.de\/tr\/wp-json\/wp\/v2\/types\/page"}],"author":[{"embeddable":true,"href":"https:\/\/www.kanzlei-steinwachs.de\/tr\/wp-json\/wp\/v2\/users\/1"}],"replies":[{"embeddable":true,"href":"https:\/\/www.kanzlei-steinwachs.de\/tr\/wp-json\/wp\/v2\/comments?post=13048"}],"version-history":[{"count":0,"href":"https:\/\/www.kanzlei-steinwachs.de\/tr\/wp-json\/wp\/v2\/pages\/13048\/revisions"}],"up":[{"embeddable":true,"href":"https:\/\/www.kanzlei-steinwachs.de\/tr\/wp-json\/wp\/v2\/pages\/13293"}],"wp:attachment":[{"href":"https:\/\/www.kanzlei-steinwachs.de\/tr\/wp-json\/wp\/v2\/media?parent=13048"}],"curies":[{"name":"wp","href":"https:\/\/api.w.org\/{rel}","templated":true}]}}