{"id":14810,"date":"2023-11-20T15:15:25","date_gmt":"2023-11-20T14:15:25","guid":{"rendered":"https:\/\/www.kanzlei-steinwachs.de\/prawo-najmu-komercyjnego\/prawnik-ds-najmu-obiektow-komercyjnych-w-lubece\/"},"modified":"2023-12-04T14:36:22","modified_gmt":"2023-12-04T13:36:22","slug":"prawnik-ds-najmu-obiektow-komercyjnych-w-lubece","status":"publish","type":"page","link":"https:\/\/www.kanzlei-steinwachs.de\/pl\/prawo-najmu-komercyjnego\/prawnik-ds-najmu-obiektow-komercyjnych-w-lubece\/","title":{"rendered":"Prawnik ds. najmu obiekt\u00f3w komercyjnych w Lubece"},"content":{"rendered":"<div class=\"wpb-content-wrapper\"><p>[vc_row content_width=&#8221;grid&#8221; content_aligment=&#8221;center&#8221; triangle_shape=&#8221;no&#8221; css=&#8221;.vc_custom_1696926719838{padding-bottom: 10px !important;background-position: center !important;background-repeat: no-repeat !important;background-size: cover !important;}&#8221;][vc_column]<div class=\"mkd-separator-holder clearfix  mkd-separator-center mkd-separator-with-icon mkd-animate\" style=\"margin-top: 20px; margin-bottom: 30px\">\n\t<div class=\"mkd-separator\" style=\"border-color: #c18f59;border-style: solid;width: 97.5px\"><\/div>\n\t\t<div class=\"mkd-separator-icon\">\n\t\t\t                    \t\t\t\t\t\t<\/div>\n\t<div class=\"mkd-separator\" style=\"border-color: #c18f59;border-style: solid;width: 97.5px\"><\/div>\n<\/div>\n[\/vc_column][\/vc_row][vc_row triangle_shape=&#8221;no&#8221; css=&#8221;.vc_custom_1700489315791{padding-bottom: 20px !important;}&#8221;][vc_column][vc_column_text css=&#8221;.vc_custom_1700489303234{margin-bottom: 0px !important;padding-top: 20px !important;padding-bottom: 1px !important;}&#8221;]Nasi <strong>prawnicy<\/strong> <strong>zajmuj\u0105cy<\/strong> si\u0119 prawem najmu komercyjnego w <strong>Bremie<\/strong> odpowiedz\u0105 na Twoje pytania dotycz\u0105ce prawa najmu komercyjnego i udziel\u0105 kompleksowych porad w zakresie prawa najmu komercyjnego. Zapewniamy odpowiednie dla Ciebie rozwi\u0105zania w zakresie prawa najmu komercyjnego i prawa leasingu, dla Twojej umowy najmu komercyjnego i umowy najmu. <\/p>\n<div id=\"gtx-trans\" style=\"position: absolute; left: 253px; top: 110px;\">\n<div class=\"gtx-trans-icon\"><\/div>\n<\/div>\n<p>[\/vc_column_text][vc_column_text css=&#8221;.vc_custom_1700489308721{padding-top: 10px !important;}&#8221;]Ch\u0119tnie przygotujemy umow\u0119 najmu komercyjnego lub umow\u0119 najmu dostosowan\u0105 do Twoich konkretnych wymaga\u0144. Oczywi\u015bcie sprawdzimy r\u00f3wnie\u017c Twoj\u0105 umow\u0119 najmu komercyjnego jako ca\u0142o\u015b\u0107 lub tylko konkretne pytania, kt\u00f3re zada\u0142e\u015b na temat umowy najmu komercyjnego i przepis\u00f3w dotycz\u0105cych wynajmu komercyjnego. <\/p>\n<div id=\"gtx-trans\" style=\"position: absolute; left: 146px; top: 110px;\">\n<div class=\"gtx-trans-icon\"><\/div>\n<\/div>\n<p>[\/vc_column_text][\/vc_column][\/vc_row][vc_row triangle_shape=&#8221;no&#8221; css=&#8221;.vc_custom_1700489315791{padding-bottom: 20px !important;}&#8221;][vc_column]\n<h2 class=\"mkd-custom-font-holder\" style=\"font-size: 20px;line-height: 30px;font-weight: 700\" data-font-size= 20 data-line-height= 30>\n\tIn diesem Bereich bieten unsere Anw\u00e4lte f\u00fcr Gewerbemietrecht in Bremen Ihnen insbesondere folgende, in der Praxis h\u00e4ufig vorkommende, Leistungen an:<\/h2><div class=\"mkd-unordered-list \" ><ul>\n<li>Badanie umowy najmu komercyjnego<\/li>\n<li>Rozwi\u0105zanie umowy najmu komercyjnego<\/li>\n<li>Wcze\u015bniejsze rozwi\u0105zanie umowy najmu powierzchni komercyjnej<\/li>\n<li>Unklarheiten bzgl. der VertragslaufzeitRozwi\u0105zanie umowy najmu powierzchni komercyjnej<\/li>\n<li>Zawarcie umowy najmu komercyjnego<\/li>\n<li>Umowy poboczne<\/li>\n<li>Klauzule pe\u0142nomocnictwa<\/li>\n<li>Koszty operacyjne w prawie najmu komercyjnego<\/li>\n<li>Cel wynajmu<\/li>\n<li>Wymogi formalne przy zawieraniu umowy najmu komercyjnego<\/li>\n<li>zwyk\u0142e prawo do wypowiedzenia<\/li>\n<li>Elementy wewn\u0119trzne<\/li>\n<li>przydatno\u015b\u0107 konstrukcji do zamierzonego celu oraz oficjalne wymagania\/pozwolenia<\/li>\n<li>Limity wynajmu<\/li>\n<li>Termin sp\u0142aty czynszu<\/li>\n<li>Zabezpieczenie wynajmu (kaucja)<\/li>\n<li>Ochrona klauzul o konkurencji\/zakazie konkurencji<\/li>\n<li>Wi\u0119kszo\u015b\u0107 w\u0142a\u015bcicieli<\/li>\n<li>P\u00f3\u017aniejsza odpowiedzialno\u015b\u0107 akcjonariuszy<\/li>\n<li>Podnajem w umowach najmu komercyjnego<\/li>\n<li>Podnajem komercyjny<\/li>\n<li>Podwy\u017cka czynszu\/utrzymanie warto\u015bci<\/li>\n<li>Zakaz kompensowania<\/li>\n<li>Wy\u0142\u0105czenie lub ograniczenie obni\u017cki czynszu<\/li>\n<li>Cesja wierzytelno\u015bci z tytu\u0142u najmu<\/li>\n<li>Reklamacja w post\u0119powaniu dokumentacyjnym<\/li>\n<li>Prawo najemcy do zatrzymania wynajmowanej nieruchomo\u015bci<\/li>\n<li>Prawo w\u0142a\u015bciciela do poddania si\u0119<\/li>\n<li>Zakazana moc osobista<\/li>\n<li>tymczasowe zbycie<\/li>\n<li>Wy\u0142\u0105czenie pr\u0105du i innych us\u0142ug<\/li>\n<\/ul>\n<\/div>[\/vc_column][\/vc_row][vc_row triangle_shape=&#8221;no&#8221; css=&#8221;.vc_custom_1700489315791{padding-bottom: 20px !important;}&#8221;][vc_column][vc_column_text css=&#8221;.vc_custom_1700489376920{padding-top: 10px !important;}&#8221;]Prosz\u0119 dzwoni\u0107 do nas bez zobowi\u0105za\u0144. Nasi prawnicy zajmuj\u0105cy si\u0119 prawem najmu komercyjnego w Bremie ch\u0119tnie Ci pomog\u0105.<\/p>\n<p>Prawnik Stephan Steinwachs jest odpowiedzialny za stron\u0119 Prawnik Prawo <strong>najmu komercyjnego w Bremie.<\/strong>[\/vc_column_text][\/vc_column][\/vc_row]<\/p>\n<\/div>","protected":false},"excerpt":{"rendered":"<p>[vc_row content_width=&#8221;grid&#8221; content_aligment=&#8221;center&#8221; triangle_shape=&#8221;no&#8221; css=&#8221;.vc_custom_1696926719838{padding-bottom: 10px !important;background-position: center !important;background-repeat: no-repeat !important;background-size: cover !important;}&#8221;][vc_column][\/vc_column][\/vc_row][vc_row triangle_shape=&#8221;no&#8221; css=&#8221;.vc_custom_1700489315791{padding-bottom: 20px !important;}&#8221;][vc_column][vc_column_text css=&#8221;.vc_custom_1700489303234{margin-bottom: 0px !important;padding-top: 20px !important;padding-bottom: 1px !important;}&#8221;]Nasi prawnicy zajmuj\u0105cy si\u0119 prawem najmu komercyjnego w Bremie odpowiedz\u0105 na Twoje pytania dotycz\u0105ce prawa najmu komercyjnego i udziel\u0105 kompleksowych porad w zakresie prawa najmu komercyjnego. Zapewniamy odpowiednie dla Ciebie rozwi\u0105zania w zakresie prawa najmu komercyjnego i prawa leasingu, dla Twojej umowy najmu komercyjnego i umowy najmu. [\/vc_column_text][vc_column_text css=&#8221;.vc_custom_1700489308721{padding-top: 10px !important;}&#8221;]Ch\u0119tnie przygotujemy umow\u0119 najmu komercyjnego lub umow\u0119 najmu dostosowan\u0105 do Twoich konkretnych wymaga\u0144. Oczywi\u015bcie sprawdzimy r\u00f3wnie\u017c Twoj\u0105 umow\u0119 najmu komercyjnego jako ca\u0142o\u015b\u0107 lub tylko konkretne pytania, kt\u00f3re&#8230;<\/p>\n","protected":false},"author":1,"featured_media":0,"parent":8635,"menu_order":0,"comment_status":"closed","ping_status":"closed","template":"","meta":{"footnotes":""},"class_list":["post-14810","page","type-page","status-publish","hentry"],"yoast_head":"<!-- This site is optimized with the Yoast SEO Premium plugin v27.2 (Yoast SEO v27.5) - https:\/\/yoast.com\/product\/yoast-seo-premium-wordpress\/ -->\n<title>Rechtsanwaltskanzlei in Hamburg Berlin Bremen Hannover L\u00fcbeck<\/title>\n<meta name=\"description\" content=\"Rechtsanwaltskanzlei f\u00fcr Arbeitsrecht, Arzthaftung, Mietrecht, Gewerbemietrecht ,Gastronomierecht, Immobilienrecht, Schadensersatz Yachtrecht\" \/>\n<meta name=\"robots\" content=\"index, follow, max-snippet:-1, max-image-preview:large, max-video-preview:-1\" \/>\n<link rel=\"canonical\" href=\"https:\/\/www.kanzlei-steinwachs.de\/pl\/prawo-najmu-komercyjnego\/prawnik-ds-najmu-obiektow-komercyjnych-w-lubece\/\" \/>\n<meta property=\"og:locale\" content=\"pl_PL\" \/>\n<meta property=\"og:type\" content=\"article\" \/>\n<meta property=\"og:title\" content=\"Rechtsanwaltskanzlei in Hamburg Berlin Bremen Hannover L\u00fcbeck\" \/>\n<meta property=\"og:description\" content=\"Rechtsanwaltskanzlei f\u00fcr Arbeitsrecht, Arzthaftung, Mietrecht, Gewerbemietrecht ,Gastronomierecht, Immobilienrecht, Schadensersatz Yachtrecht\" \/>\n<meta property=\"og:url\" content=\"https:\/\/www.kanzlei-steinwachs.de\/pl\/prawo-najmu-komercyjnego\/prawnik-ds-najmu-obiektow-komercyjnych-w-lubece\/\" \/>\n<meta property=\"og:site_name\" content=\"Rechtsanwaltskanzlei Anwalt Hamburg Berlin Bremen Hannover L\u00fcbeck\" \/>\n<meta property=\"article:publisher\" content=\"https:\/\/www.facebook.com\/STEINWACHSRechtsanwaltskanzlei\/\" \/>\n<meta property=\"article:modified_time\" content=\"2023-12-04T13:36:22+00:00\" \/>\n<meta name=\"twitter:card\" content=\"summary_large_image\" \/>\n<meta name=\"twitter:site\" content=\"@rasteinwachs\" \/>\n<meta name=\"twitter:label1\" content=\"Szacowany czas czytania\" \/>\n\t<meta name=\"twitter:data1\" content=\"2 minuty\" \/>\n<script type=\"application\/ld+json\" class=\"yoast-schema-graph\">{\"@context\":\"https:\\\/\\\/schema.org\",\"@graph\":[{\"@type\":\"WebPage\",\"@id\":\"https:\\\/\\\/www.kanzlei-steinwachs.de\\\/pl\\\/prawo-najmu-komercyjnego\\\/prawnik-ds-najmu-obiektow-komercyjnych-w-lubece\\\/\",\"url\":\"https:\\\/\\\/www.kanzlei-steinwachs.de\\\/pl\\\/prawo-najmu-komercyjnego\\\/prawnik-ds-najmu-obiektow-komercyjnych-w-lubece\\\/\",\"name\":\"Rechtsanwaltskanzlei in Hamburg Berlin Bremen Hannover L\u00fcbeck\",\"isPartOf\":{\"@id\":\"https:\\\/\\\/www.kanzlei-steinwachs.de\\\/pl\\\/#website\"},\"datePublished\":\"2023-11-20T14:15:25+00:00\",\"dateModified\":\"2023-12-04T13:36:22+00:00\",\"description\":\"Rechtsanwaltskanzlei f\u00fcr Arbeitsrecht, Arzthaftung, Mietrecht, Gewerbemietrecht ,Gastronomierecht, Immobilienrecht, Schadensersatz Yachtrecht\",\"breadcrumb\":{\"@id\":\"https:\\\/\\\/www.kanzlei-steinwachs.de\\\/pl\\\/prawo-najmu-komercyjnego\\\/prawnik-ds-najmu-obiektow-komercyjnych-w-lubece\\\/#breadcrumb\"},\"inLanguage\":\"pl-PL\",\"potentialAction\":[{\"@type\":\"ReadAction\",\"target\":[\"https:\\\/\\\/www.kanzlei-steinwachs.de\\\/pl\\\/prawo-najmu-komercyjnego\\\/prawnik-ds-najmu-obiektow-komercyjnych-w-lubece\\\/\"]}]},{\"@type\":\"BreadcrumbList\",\"@id\":\"https:\\\/\\\/www.kanzlei-steinwachs.de\\\/pl\\\/prawo-najmu-komercyjnego\\\/prawnik-ds-najmu-obiektow-komercyjnych-w-lubece\\\/#breadcrumb\",\"itemListElement\":[{\"@type\":\"ListItem\",\"position\":1,\"name\":\"Prawo najmu komercyjnego\",\"item\":\"https:\\\/\\\/www.kanzlei-steinwachs.de\\\/pl\\\/prawo-najmu-komercyjnego\\\/\"},{\"@type\":\"ListItem\",\"position\":2,\"name\":\"Prawnik ds. najmu obiekt\u00f3w komercyjnych w Lubece\"}]},{\"@type\":\"WebSite\",\"@id\":\"https:\\\/\\\/www.kanzlei-steinwachs.de\\\/pl\\\/#website\",\"url\":\"https:\\\/\\\/www.kanzlei-steinwachs.de\\\/pl\\\/\",\"name\":\"Rechtsanwaltskanzlei Anwalt Hamburg Berlin Bremen Hannover L\u00fcbeck\",\"description\":\"Wir leisten mehr als Recht bietet\",\"publisher\":{\"@id\":\"https:\\\/\\\/www.kanzlei-steinwachs.de\\\/pl\\\/#organization\"},\"potentialAction\":[{\"@type\":\"SearchAction\",\"target\":{\"@type\":\"EntryPoint\",\"urlTemplate\":\"https:\\\/\\\/www.kanzlei-steinwachs.de\\\/pl\\\/?s={search_term_string}\"},\"query-input\":{\"@type\":\"PropertyValueSpecification\",\"valueRequired\":true,\"valueName\":\"search_term_string\"}}],\"inLanguage\":\"pl-PL\"},{\"@type\":[\"Organization\",\"Place\"],\"@id\":\"https:\\\/\\\/www.kanzlei-steinwachs.de\\\/pl\\\/#organization\",\"name\":\"Rechtsanwaltskanzlei Anwalt Hamburg Berlin Bremen Hannover L\u00fcbeck\",\"url\":\"https:\\\/\\\/www.kanzlei-steinwachs.de\\\/\",\"logo\":{\"@type\":\"ImageObject\",\"inLanguage\":\"pl-PL\",\"@id\":\"https:\\\/\\\/www.kanzlei-steinwachs.de\\\/pl\\\/#\\\/schema\\\/logo\\\/image\\\/\",\"url\":\"https:\\\/\\\/i0.wp.com\\\/www.kanzlei-steinwachs.de\\\/wp-content\\\/uploads\\\/2023\\\/12\\\/logo.webp?fit=174%2C76&quality=80&ssl=1\",\"contentUrl\":\"https:\\\/\\\/i0.wp.com\\\/www.kanzlei-steinwachs.de\\\/wp-content\\\/uploads\\\/2023\\\/12\\\/logo.webp?fit=174%2C76&quality=80&ssl=1\",\"width\":174,\"height\":76,\"caption\":\"Rechtsanwaltskanzlei Anwalt Hamburg Berlin Bremen Hannover L\u00fcbeck\"},\"image\":{\"@id\":\"https:\\\/\\\/www.kanzlei-steinwachs.de\\\/pl\\\/#\\\/schema\\\/logo\\\/image\\\/\"},\"sameAs\":[\"https:\\\/\\\/www.facebook.com\\\/STEINWACHSRechtsanwaltskanzlei\\\/\",\"https:\\\/\\\/x.com\\\/rasteinwachs\",\"https:\\\/\\\/www.instagram.com\\\/steinwachs_rechtsanwaelte\\\/\",\"https:\\\/\\\/www.linkedin.com\\\/in\\\/stephan-steinwachs-7a270197\\\/\",\"https:\\\/\\\/www.youtube.com\\\/channel\\\/UCffmodDlQx81remXm395RWA\"],\"telephone\":[]}]}<\/script>\n<!-- \/ Yoast SEO Premium plugin. -->","yoast_head_json":{"title":"Rechtsanwaltskanzlei in Hamburg Berlin Bremen Hannover L\u00fcbeck","description":"Rechtsanwaltskanzlei f\u00fcr Arbeitsrecht, Arzthaftung, Mietrecht, Gewerbemietrecht ,Gastronomierecht, Immobilienrecht, Schadensersatz Yachtrecht","robots":{"index":"index","follow":"follow","max-snippet":"max-snippet:-1","max-image-preview":"max-image-preview:large","max-video-preview":"max-video-preview:-1"},"canonical":"https:\/\/www.kanzlei-steinwachs.de\/pl\/prawo-najmu-komercyjnego\/prawnik-ds-najmu-obiektow-komercyjnych-w-lubece\/","og_locale":"pl_PL","og_type":"article","og_title":"Rechtsanwaltskanzlei in Hamburg Berlin Bremen Hannover L\u00fcbeck","og_description":"Rechtsanwaltskanzlei f\u00fcr Arbeitsrecht, Arzthaftung, Mietrecht, Gewerbemietrecht ,Gastronomierecht, Immobilienrecht, Schadensersatz Yachtrecht","og_url":"https:\/\/www.kanzlei-steinwachs.de\/pl\/prawo-najmu-komercyjnego\/prawnik-ds-najmu-obiektow-komercyjnych-w-lubece\/","og_site_name":"Rechtsanwaltskanzlei Anwalt Hamburg Berlin Bremen Hannover L\u00fcbeck","article_publisher":"https:\/\/www.facebook.com\/STEINWACHSRechtsanwaltskanzlei\/","article_modified_time":"2023-12-04T13:36:22+00:00","twitter_card":"summary_large_image","twitter_site":"@rasteinwachs","twitter_misc":{"Szacowany czas czytania":"2 minuty"},"schema":{"@context":"https:\/\/schema.org","@graph":[{"@type":"WebPage","@id":"https:\/\/www.kanzlei-steinwachs.de\/pl\/prawo-najmu-komercyjnego\/prawnik-ds-najmu-obiektow-komercyjnych-w-lubece\/","url":"https:\/\/www.kanzlei-steinwachs.de\/pl\/prawo-najmu-komercyjnego\/prawnik-ds-najmu-obiektow-komercyjnych-w-lubece\/","name":"Rechtsanwaltskanzlei in Hamburg Berlin Bremen Hannover L\u00fcbeck","isPartOf":{"@id":"https:\/\/www.kanzlei-steinwachs.de\/pl\/#website"},"datePublished":"2023-11-20T14:15:25+00:00","dateModified":"2023-12-04T13:36:22+00:00","description":"Rechtsanwaltskanzlei f\u00fcr Arbeitsrecht, Arzthaftung, Mietrecht, Gewerbemietrecht ,Gastronomierecht, Immobilienrecht, Schadensersatz Yachtrecht","breadcrumb":{"@id":"https:\/\/www.kanzlei-steinwachs.de\/pl\/prawo-najmu-komercyjnego\/prawnik-ds-najmu-obiektow-komercyjnych-w-lubece\/#breadcrumb"},"inLanguage":"pl-PL","potentialAction":[{"@type":"ReadAction","target":["https:\/\/www.kanzlei-steinwachs.de\/pl\/prawo-najmu-komercyjnego\/prawnik-ds-najmu-obiektow-komercyjnych-w-lubece\/"]}]},{"@type":"BreadcrumbList","@id":"https:\/\/www.kanzlei-steinwachs.de\/pl\/prawo-najmu-komercyjnego\/prawnik-ds-najmu-obiektow-komercyjnych-w-lubece\/#breadcrumb","itemListElement":[{"@type":"ListItem","position":1,"name":"Prawo najmu komercyjnego","item":"https:\/\/www.kanzlei-steinwachs.de\/pl\/prawo-najmu-komercyjnego\/"},{"@type":"ListItem","position":2,"name":"Prawnik ds. najmu obiekt\u00f3w komercyjnych w Lubece"}]},{"@type":"WebSite","@id":"https:\/\/www.kanzlei-steinwachs.de\/pl\/#website","url":"https:\/\/www.kanzlei-steinwachs.de\/pl\/","name":"Rechtsanwaltskanzlei Anwalt Hamburg Berlin Bremen Hannover L\u00fcbeck","description":"Wir leisten mehr als Recht bietet","publisher":{"@id":"https:\/\/www.kanzlei-steinwachs.de\/pl\/#organization"},"potentialAction":[{"@type":"SearchAction","target":{"@type":"EntryPoint","urlTemplate":"https:\/\/www.kanzlei-steinwachs.de\/pl\/?s={search_term_string}"},"query-input":{"@type":"PropertyValueSpecification","valueRequired":true,"valueName":"search_term_string"}}],"inLanguage":"pl-PL"},{"@type":["Organization","Place"],"@id":"https:\/\/www.kanzlei-steinwachs.de\/pl\/#organization","name":"Rechtsanwaltskanzlei Anwalt Hamburg Berlin Bremen Hannover L\u00fcbeck","url":"https:\/\/www.kanzlei-steinwachs.de\/","logo":{"@type":"ImageObject","inLanguage":"pl-PL","@id":"https:\/\/www.kanzlei-steinwachs.de\/pl\/#\/schema\/logo\/image\/","url":"https:\/\/i0.wp.com\/www.kanzlei-steinwachs.de\/wp-content\/uploads\/2023\/12\/logo.webp?fit=174%2C76&quality=80&ssl=1","contentUrl":"https:\/\/i0.wp.com\/www.kanzlei-steinwachs.de\/wp-content\/uploads\/2023\/12\/logo.webp?fit=174%2C76&quality=80&ssl=1","width":174,"height":76,"caption":"Rechtsanwaltskanzlei Anwalt Hamburg Berlin Bremen Hannover L\u00fcbeck"},"image":{"@id":"https:\/\/www.kanzlei-steinwachs.de\/pl\/#\/schema\/logo\/image\/"},"sameAs":["https:\/\/www.facebook.com\/STEINWACHSRechtsanwaltskanzlei\/","https:\/\/x.com\/rasteinwachs","https:\/\/www.instagram.com\/steinwachs_rechtsanwaelte\/","https:\/\/www.linkedin.com\/in\/stephan-steinwachs-7a270197\/","https:\/\/www.youtube.com\/channel\/UCffmodDlQx81remXm395RWA"],"telephone":[]}]}},"jetpack_sharing_enabled":true,"_links":{"self":[{"href":"https:\/\/www.kanzlei-steinwachs.de\/pl\/wp-json\/wp\/v2\/pages\/14810","targetHints":{"allow":["GET"]}}],"collection":[{"href":"https:\/\/www.kanzlei-steinwachs.de\/pl\/wp-json\/wp\/v2\/pages"}],"about":[{"href":"https:\/\/www.kanzlei-steinwachs.de\/pl\/wp-json\/wp\/v2\/types\/page"}],"author":[{"embeddable":true,"href":"https:\/\/www.kanzlei-steinwachs.de\/pl\/wp-json\/wp\/v2\/users\/1"}],"replies":[{"embeddable":true,"href":"https:\/\/www.kanzlei-steinwachs.de\/pl\/wp-json\/wp\/v2\/comments?post=14810"}],"version-history":[{"count":0,"href":"https:\/\/www.kanzlei-steinwachs.de\/pl\/wp-json\/wp\/v2\/pages\/14810\/revisions"}],"up":[{"embeddable":true,"href":"https:\/\/www.kanzlei-steinwachs.de\/pl\/wp-json\/wp\/v2\/pages\/8635"}],"wp:attachment":[{"href":"https:\/\/www.kanzlei-steinwachs.de\/pl\/wp-json\/wp\/v2\/media?parent=14810"}],"curies":[{"name":"wp","href":"https:\/\/api.w.org\/{rel}","templated":true}]}}