{"id":14577,"date":"2023-11-20T12:01:17","date_gmt":"2023-11-20T11:01:17","guid":{"rendered":"https:\/\/www.kanzlei-steinwachs.de\/orzeczenia-z-zakresu-prawa-pracy\/wyroki-bag-z-2009-r\/prawo-do-pracy-w-niepelnym-wymiarze-godzin\/"},"modified":"2023-12-04T10:54:06","modified_gmt":"2023-12-04T09:54:06","slug":"prawo-do-pracy-w-niepelnym-wymiarze-godzin","status":"publish","type":"page","link":"https:\/\/www.kanzlei-steinwachs.de\/pl\/orzeczenia-z-zakresu-prawa-pracy\/wyroki-bag-z-2009-r\/prawo-do-pracy-w-niepelnym-wymiarze-godzin\/","title":{"rendered":"Prawo do pracy w niepe\u0142nym wymiarze godzin"},"content":{"rendered":"<div class=\"wpb-content-wrapper\"><p>[vc_row triangle_shape=&#8221;no&#8221;][vc_column][vc_column_text]Pracownik mo\u017ce po\u0142\u0105czy\u0107 sw\u00f3j wniosek o skr\u00f3cenie czasu pracy na podstawie \u00a7 8 TzBfG z konkretnym \u017cyczeniem podzia\u0142u w ten spos\u00f3b, \u017ce uzale\u017cni swoj\u0105 ofert\u0119 zmiany od po\u017c\u0105danego rozk\u0142adu czasu pracy.<\/p>\n<p>Nie stoi mu jednak na przeszkodzie, aby kwesti\u0119 rozk\u0142adu czasu pracy od\u0142o\u017cy\u0107 do czasu porozumienia w sprawie obni\u017cki, a nast\u0119pnie samodzielnie do niej d\u0105\u017cy\u0107. Warunkiem odr\u0119bnego pozwu o przesuni\u0119cie czasu pracy jest bezpo\u015bredni zwi\u0105zek pomi\u0119dzy tym pozwem a wcze\u015bniejszym wnioskiem o obni\u017cenie wymiaru czasu pracy zgodnie z \u00a7 8 TzBfG.<\/p>\n<p>Dziewi\u0105ty Senat zdecydowa\u0142 o tym w wyroku z dnia 16 grudnia 2008 r. ( 9 AZR 893\/07 ). Der Wortlaut des \u00a7 8 Abs. 1 TzBfG, kt\u00f3ry ustanawia prawo do obni\u017cenia \u201eumownego wymiaru czasu pracy\u201d, nie okre\u015bla \u017cadnego ograniczenia modelu rozk\u0142adu czasu pracy ustalonego w umowie o prac\u0119. Wniosek pracownika o zmian\u0119 rozk\u0142adu czasu pracy mo\u017ce zosta\u0107 uwzgl\u0119dniony zgodnie z \u00a7 8 ust. 2 do 5 TzBfG s\u0105 sprzeczne z umow\u0105 zak\u0142adow\u0105 lub umow\u0105 regulaminow\u0105, je\u017celi ustalenie rozk\u0142adu czasu pracy ma odniesienie zbiorowe.<\/p>\n<p>Interesy og\u00f3lne s\u0105 naruszone, je\u015bli zamierzony rozk\u0142ad czasu pracy ma wp\u0142yw na ca\u0142e przedsi\u0119biorstwo, a nie tylko na wydanie pracownika, kt\u00f3ry powoduje zastosowanie lub redystrybucj\u0119 czasu pracy. Korzystaj\u0105c z prawa do wsp\u00f3\u0142decydowania na podstawie \u00a7 87 ust. 1 nr 2 BetrVG, rada zak\u0142adowa musi to zrobi\u0107 zgodnie z \u00a7 80 ust. 1 nr 2 litera b BetrVG w celu zapewnienia promowania godzenia rodziny i zatrudnienia.<\/p>\n<p>Jednak\u017ce ten obowi\u0105zek wsparcia niekoniecznie prowadzi do priorytetowego traktowania interes\u00f3w konkretnego pracownika, kt\u00f3ry ma do wype\u0142nienia obowi\u0105zki rodzinne. Partie operacyjne maj\u0105 swobod\u0119 przy wa\u017ceniu interes\u00f3w indywidualnych i zbiorowych.[\/vc_column_text][\/vc_column][\/vc_row]<\/p>\n<\/div>","protected":false},"excerpt":{"rendered":"<p>[vc_row triangle_shape=&#8221;no&#8221;][vc_column][vc_column_text]Pracownik mo\u017ce po\u0142\u0105czy\u0107 sw\u00f3j wniosek o skr\u00f3cenie czasu pracy na podstawie \u00a7 8 TzBfG z konkretnym \u017cyczeniem podzia\u0142u w ten spos\u00f3b, \u017ce uzale\u017cni swoj\u0105 ofert\u0119 zmiany od po\u017c\u0105danego rozk\u0142adu czasu pracy. Nie stoi mu jednak na przeszkodzie, aby kwesti\u0119 rozk\u0142adu czasu pracy od\u0142o\u017cy\u0107 do czasu porozumienia w sprawie obni\u017cki, a nast\u0119pnie samodzielnie do niej d\u0105\u017cy\u0107. Warunkiem odr\u0119bnego pozwu o przesuni\u0119cie czasu pracy jest bezpo\u015bredni zwi\u0105zek pomi\u0119dzy tym pozwem a wcze\u015bniejszym wnioskiem o obni\u017cenie wymiaru czasu pracy zgodnie z \u00a7 8 TzBfG. Dziewi\u0105ty Senat zdecydowa\u0142 o tym w wyroku z dnia 16 grudnia 2008 r. ( 9 AZR 893\/07 )&#8230;.<\/p>\n","protected":false},"author":1,"featured_media":0,"parent":14574,"menu_order":0,"comment_status":"closed","ping_status":"closed","template":"","meta":{"footnotes":""},"class_list":["post-14577","page","type-page","status-publish","hentry"],"yoast_head":"<!-- This site is optimized with the Yoast SEO Premium plugin v27.2 (Yoast SEO v27.4) - https:\/\/yoast.com\/product\/yoast-seo-premium-wordpress\/ -->\n<title>Rechtsanwaltskanzlei in Hamburg Berlin Bremen Hannover L\u00fcbeck<\/title>\n<meta name=\"description\" content=\"Rechtsanwaltskanzlei f\u00fcr Arbeitsrecht, Arzthaftung, Mietrecht, Gewerbemietrecht ,Gastronomierecht, Immobilienrecht, Schadensersatz Yachtrecht\" \/>\n<meta name=\"robots\" content=\"index, follow, max-snippet:-1, max-image-preview:large, max-video-preview:-1\" \/>\n<link rel=\"canonical\" href=\"https:\/\/www.kanzlei-steinwachs.de\/pl\/orzeczenia-z-zakresu-prawa-pracy\/wyroki-bag-z-2009-r\/prawo-do-pracy-w-niepelnym-wymiarze-godzin\/\" \/>\n<meta property=\"og:locale\" content=\"pl_PL\" \/>\n<meta property=\"og:type\" content=\"article\" \/>\n<meta property=\"og:title\" content=\"Rechtsanwaltskanzlei in Hamburg Berlin Bremen Hannover L\u00fcbeck\" \/>\n<meta property=\"og:description\" content=\"Rechtsanwaltskanzlei f\u00fcr Arbeitsrecht, Arzthaftung, Mietrecht, Gewerbemietrecht ,Gastronomierecht, Immobilienrecht, Schadensersatz Yachtrecht\" \/>\n<meta property=\"og:url\" content=\"https:\/\/www.kanzlei-steinwachs.de\/pl\/orzeczenia-z-zakresu-prawa-pracy\/wyroki-bag-z-2009-r\/prawo-do-pracy-w-niepelnym-wymiarze-godzin\/\" \/>\n<meta property=\"og:site_name\" content=\"Rechtsanwaltskanzlei Anwalt Hamburg Berlin Bremen Hannover L\u00fcbeck\" \/>\n<meta property=\"article:publisher\" content=\"https:\/\/www.facebook.com\/STEINWACHSRechtsanwaltskanzlei\/\" \/>\n<meta property=\"article:modified_time\" content=\"2023-12-04T09:54:06+00:00\" \/>\n<meta name=\"twitter:card\" content=\"summary_large_image\" \/>\n<meta name=\"twitter:site\" content=\"@rasteinwachs\" \/>\n<meta name=\"twitter:label1\" content=\"Szacowany czas czytania\" \/>\n\t<meta name=\"twitter:data1\" content=\"2 minuty\" \/>\n<script type=\"application\/ld+json\" class=\"yoast-schema-graph\">{\"@context\":\"https:\\\/\\\/schema.org\",\"@graph\":[{\"@type\":\"WebPage\",\"@id\":\"https:\\\/\\\/www.kanzlei-steinwachs.de\\\/pl\\\/orzeczenia-z-zakresu-prawa-pracy\\\/wyroki-bag-z-2009-r\\\/prawo-do-pracy-w-niepelnym-wymiarze-godzin\\\/\",\"url\":\"https:\\\/\\\/www.kanzlei-steinwachs.de\\\/pl\\\/orzeczenia-z-zakresu-prawa-pracy\\\/wyroki-bag-z-2009-r\\\/prawo-do-pracy-w-niepelnym-wymiarze-godzin\\\/\",\"name\":\"Rechtsanwaltskanzlei in Hamburg Berlin Bremen Hannover L\u00fcbeck\",\"isPartOf\":{\"@id\":\"https:\\\/\\\/www.kanzlei-steinwachs.de\\\/pl\\\/#website\"},\"datePublished\":\"2023-11-20T11:01:17+00:00\",\"dateModified\":\"2023-12-04T09:54:06+00:00\",\"description\":\"Rechtsanwaltskanzlei f\u00fcr Arbeitsrecht, Arzthaftung, Mietrecht, Gewerbemietrecht ,Gastronomierecht, Immobilienrecht, Schadensersatz Yachtrecht\",\"breadcrumb\":{\"@id\":\"https:\\\/\\\/www.kanzlei-steinwachs.de\\\/pl\\\/orzeczenia-z-zakresu-prawa-pracy\\\/wyroki-bag-z-2009-r\\\/prawo-do-pracy-w-niepelnym-wymiarze-godzin\\\/#breadcrumb\"},\"inLanguage\":\"pl-PL\",\"potentialAction\":[{\"@type\":\"ReadAction\",\"target\":[\"https:\\\/\\\/www.kanzlei-steinwachs.de\\\/pl\\\/orzeczenia-z-zakresu-prawa-pracy\\\/wyroki-bag-z-2009-r\\\/prawo-do-pracy-w-niepelnym-wymiarze-godzin\\\/\"]}]},{\"@type\":\"BreadcrumbList\",\"@id\":\"https:\\\/\\\/www.kanzlei-steinwachs.de\\\/pl\\\/orzeczenia-z-zakresu-prawa-pracy\\\/wyroki-bag-z-2009-r\\\/prawo-do-pracy-w-niepelnym-wymiarze-godzin\\\/#breadcrumb\",\"itemListElement\":[{\"@type\":\"ListItem\",\"position\":1,\"name\":\"Orzeczenia z zakresu prawa pracy\",\"item\":\"https:\\\/\\\/www.kanzlei-steinwachs.de\\\/pl\\\/orzeczenia-z-zakresu-prawa-pracy\\\/\"},{\"@type\":\"ListItem\",\"position\":2,\"name\":\"Wyroki BAG z 2009 r\",\"item\":\"https:\\\/\\\/www.kanzlei-steinwachs.de\\\/pl\\\/orzeczenia-z-zakresu-prawa-pracy\\\/wyroki-bag-z-2009-r\\\/\"},{\"@type\":\"ListItem\",\"position\":3,\"name\":\"Prawo do pracy w niepe\u0142nym wymiarze godzin\"}]},{\"@type\":\"WebSite\",\"@id\":\"https:\\\/\\\/www.kanzlei-steinwachs.de\\\/pl\\\/#website\",\"url\":\"https:\\\/\\\/www.kanzlei-steinwachs.de\\\/pl\\\/\",\"name\":\"Rechtsanwaltskanzlei Anwalt Hamburg Berlin Bremen Hannover L\u00fcbeck\",\"description\":\"Wir leisten mehr als Recht bietet\",\"publisher\":{\"@id\":\"https:\\\/\\\/www.kanzlei-steinwachs.de\\\/pl\\\/#organization\"},\"potentialAction\":[{\"@type\":\"SearchAction\",\"target\":{\"@type\":\"EntryPoint\",\"urlTemplate\":\"https:\\\/\\\/www.kanzlei-steinwachs.de\\\/pl\\\/?s={search_term_string}\"},\"query-input\":{\"@type\":\"PropertyValueSpecification\",\"valueRequired\":true,\"valueName\":\"search_term_string\"}}],\"inLanguage\":\"pl-PL\"},{\"@type\":[\"Organization\",\"Place\"],\"@id\":\"https:\\\/\\\/www.kanzlei-steinwachs.de\\\/pl\\\/#organization\",\"name\":\"Rechtsanwaltskanzlei Anwalt Hamburg Berlin Bremen Hannover L\u00fcbeck\",\"url\":\"https:\\\/\\\/www.kanzlei-steinwachs.de\\\/\",\"logo\":{\"@type\":\"ImageObject\",\"inLanguage\":\"pl-PL\",\"@id\":\"https:\\\/\\\/www.kanzlei-steinwachs.de\\\/pl\\\/#\\\/schema\\\/logo\\\/image\\\/\",\"url\":\"https:\\\/\\\/i0.wp.com\\\/www.kanzlei-steinwachs.de\\\/wp-content\\\/uploads\\\/2023\\\/12\\\/logo.webp?fit=174%2C76&quality=80&ssl=1\",\"contentUrl\":\"https:\\\/\\\/i0.wp.com\\\/www.kanzlei-steinwachs.de\\\/wp-content\\\/uploads\\\/2023\\\/12\\\/logo.webp?fit=174%2C76&quality=80&ssl=1\",\"width\":174,\"height\":76,\"caption\":\"Rechtsanwaltskanzlei Anwalt Hamburg Berlin Bremen Hannover L\u00fcbeck\"},\"image\":{\"@id\":\"https:\\\/\\\/www.kanzlei-steinwachs.de\\\/pl\\\/#\\\/schema\\\/logo\\\/image\\\/\"},\"sameAs\":[\"https:\\\/\\\/www.facebook.com\\\/STEINWACHSRechtsanwaltskanzlei\\\/\",\"https:\\\/\\\/x.com\\\/rasteinwachs\",\"https:\\\/\\\/www.instagram.com\\\/steinwachs_rechtsanwaelte\\\/\",\"https:\\\/\\\/www.linkedin.com\\\/in\\\/stephan-steinwachs-7a270197\\\/\",\"https:\\\/\\\/www.youtube.com\\\/channel\\\/UCffmodDlQx81remXm395RWA\"],\"telephone\":[]}]}<\/script>\n<!-- \/ Yoast SEO Premium plugin. -->","yoast_head_json":{"title":"Rechtsanwaltskanzlei in Hamburg Berlin Bremen Hannover L\u00fcbeck","description":"Rechtsanwaltskanzlei f\u00fcr Arbeitsrecht, Arzthaftung, Mietrecht, Gewerbemietrecht ,Gastronomierecht, Immobilienrecht, Schadensersatz Yachtrecht","robots":{"index":"index","follow":"follow","max-snippet":"max-snippet:-1","max-image-preview":"max-image-preview:large","max-video-preview":"max-video-preview:-1"},"canonical":"https:\/\/www.kanzlei-steinwachs.de\/pl\/orzeczenia-z-zakresu-prawa-pracy\/wyroki-bag-z-2009-r\/prawo-do-pracy-w-niepelnym-wymiarze-godzin\/","og_locale":"pl_PL","og_type":"article","og_title":"Rechtsanwaltskanzlei in Hamburg Berlin Bremen Hannover L\u00fcbeck","og_description":"Rechtsanwaltskanzlei f\u00fcr Arbeitsrecht, Arzthaftung, Mietrecht, Gewerbemietrecht ,Gastronomierecht, Immobilienrecht, Schadensersatz Yachtrecht","og_url":"https:\/\/www.kanzlei-steinwachs.de\/pl\/orzeczenia-z-zakresu-prawa-pracy\/wyroki-bag-z-2009-r\/prawo-do-pracy-w-niepelnym-wymiarze-godzin\/","og_site_name":"Rechtsanwaltskanzlei Anwalt Hamburg Berlin Bremen Hannover L\u00fcbeck","article_publisher":"https:\/\/www.facebook.com\/STEINWACHSRechtsanwaltskanzlei\/","article_modified_time":"2023-12-04T09:54:06+00:00","twitter_card":"summary_large_image","twitter_site":"@rasteinwachs","twitter_misc":{"Szacowany czas czytania":"2 minuty"},"schema":{"@context":"https:\/\/schema.org","@graph":[{"@type":"WebPage","@id":"https:\/\/www.kanzlei-steinwachs.de\/pl\/orzeczenia-z-zakresu-prawa-pracy\/wyroki-bag-z-2009-r\/prawo-do-pracy-w-niepelnym-wymiarze-godzin\/","url":"https:\/\/www.kanzlei-steinwachs.de\/pl\/orzeczenia-z-zakresu-prawa-pracy\/wyroki-bag-z-2009-r\/prawo-do-pracy-w-niepelnym-wymiarze-godzin\/","name":"Rechtsanwaltskanzlei in Hamburg Berlin Bremen Hannover L\u00fcbeck","isPartOf":{"@id":"https:\/\/www.kanzlei-steinwachs.de\/pl\/#website"},"datePublished":"2023-11-20T11:01:17+00:00","dateModified":"2023-12-04T09:54:06+00:00","description":"Rechtsanwaltskanzlei f\u00fcr Arbeitsrecht, Arzthaftung, Mietrecht, Gewerbemietrecht ,Gastronomierecht, Immobilienrecht, Schadensersatz Yachtrecht","breadcrumb":{"@id":"https:\/\/www.kanzlei-steinwachs.de\/pl\/orzeczenia-z-zakresu-prawa-pracy\/wyroki-bag-z-2009-r\/prawo-do-pracy-w-niepelnym-wymiarze-godzin\/#breadcrumb"},"inLanguage":"pl-PL","potentialAction":[{"@type":"ReadAction","target":["https:\/\/www.kanzlei-steinwachs.de\/pl\/orzeczenia-z-zakresu-prawa-pracy\/wyroki-bag-z-2009-r\/prawo-do-pracy-w-niepelnym-wymiarze-godzin\/"]}]},{"@type":"BreadcrumbList","@id":"https:\/\/www.kanzlei-steinwachs.de\/pl\/orzeczenia-z-zakresu-prawa-pracy\/wyroki-bag-z-2009-r\/prawo-do-pracy-w-niepelnym-wymiarze-godzin\/#breadcrumb","itemListElement":[{"@type":"ListItem","position":1,"name":"Orzeczenia z zakresu prawa pracy","item":"https:\/\/www.kanzlei-steinwachs.de\/pl\/orzeczenia-z-zakresu-prawa-pracy\/"},{"@type":"ListItem","position":2,"name":"Wyroki BAG z 2009 r","item":"https:\/\/www.kanzlei-steinwachs.de\/pl\/orzeczenia-z-zakresu-prawa-pracy\/wyroki-bag-z-2009-r\/"},{"@type":"ListItem","position":3,"name":"Prawo do pracy w niepe\u0142nym wymiarze godzin"}]},{"@type":"WebSite","@id":"https:\/\/www.kanzlei-steinwachs.de\/pl\/#website","url":"https:\/\/www.kanzlei-steinwachs.de\/pl\/","name":"Rechtsanwaltskanzlei Anwalt Hamburg Berlin Bremen Hannover L\u00fcbeck","description":"Wir leisten mehr als Recht bietet","publisher":{"@id":"https:\/\/www.kanzlei-steinwachs.de\/pl\/#organization"},"potentialAction":[{"@type":"SearchAction","target":{"@type":"EntryPoint","urlTemplate":"https:\/\/www.kanzlei-steinwachs.de\/pl\/?s={search_term_string}"},"query-input":{"@type":"PropertyValueSpecification","valueRequired":true,"valueName":"search_term_string"}}],"inLanguage":"pl-PL"},{"@type":["Organization","Place"],"@id":"https:\/\/www.kanzlei-steinwachs.de\/pl\/#organization","name":"Rechtsanwaltskanzlei Anwalt Hamburg Berlin Bremen Hannover L\u00fcbeck","url":"https:\/\/www.kanzlei-steinwachs.de\/","logo":{"@type":"ImageObject","inLanguage":"pl-PL","@id":"https:\/\/www.kanzlei-steinwachs.de\/pl\/#\/schema\/logo\/image\/","url":"https:\/\/i0.wp.com\/www.kanzlei-steinwachs.de\/wp-content\/uploads\/2023\/12\/logo.webp?fit=174%2C76&quality=80&ssl=1","contentUrl":"https:\/\/i0.wp.com\/www.kanzlei-steinwachs.de\/wp-content\/uploads\/2023\/12\/logo.webp?fit=174%2C76&quality=80&ssl=1","width":174,"height":76,"caption":"Rechtsanwaltskanzlei Anwalt Hamburg Berlin Bremen Hannover L\u00fcbeck"},"image":{"@id":"https:\/\/www.kanzlei-steinwachs.de\/pl\/#\/schema\/logo\/image\/"},"sameAs":["https:\/\/www.facebook.com\/STEINWACHSRechtsanwaltskanzlei\/","https:\/\/x.com\/rasteinwachs","https:\/\/www.instagram.com\/steinwachs_rechtsanwaelte\/","https:\/\/www.linkedin.com\/in\/stephan-steinwachs-7a270197\/","https:\/\/www.youtube.com\/channel\/UCffmodDlQx81remXm395RWA"],"telephone":[]}]}},"jetpack_sharing_enabled":true,"_links":{"self":[{"href":"https:\/\/www.kanzlei-steinwachs.de\/pl\/wp-json\/wp\/v2\/pages\/14577","targetHints":{"allow":["GET"]}}],"collection":[{"href":"https:\/\/www.kanzlei-steinwachs.de\/pl\/wp-json\/wp\/v2\/pages"}],"about":[{"href":"https:\/\/www.kanzlei-steinwachs.de\/pl\/wp-json\/wp\/v2\/types\/page"}],"author":[{"embeddable":true,"href":"https:\/\/www.kanzlei-steinwachs.de\/pl\/wp-json\/wp\/v2\/users\/1"}],"replies":[{"embeddable":true,"href":"https:\/\/www.kanzlei-steinwachs.de\/pl\/wp-json\/wp\/v2\/comments?post=14577"}],"version-history":[{"count":0,"href":"https:\/\/www.kanzlei-steinwachs.de\/pl\/wp-json\/wp\/v2\/pages\/14577\/revisions"}],"up":[{"embeddable":true,"href":"https:\/\/www.kanzlei-steinwachs.de\/pl\/wp-json\/wp\/v2\/pages\/14574"}],"wp:attachment":[{"href":"https:\/\/www.kanzlei-steinwachs.de\/pl\/wp-json\/wp\/v2\/media?parent=14577"}],"curies":[{"name":"wp","href":"https:\/\/api.w.org\/{rel}","templated":true}]}}