{"id":13323,"date":"2023-11-20T13:20:25","date_gmt":"2023-11-20T12:20:25","guid":{"rendered":"https:\/\/www.kanzlei-steinwachs.de\/orzeczenia-z-zakresu-prawa-pracy\/wyroki-bag-z-2008-r\/ciezka-niepelnosprawnosc\/"},"modified":"2023-11-28T08:31:47","modified_gmt":"2023-11-28T07:31:47","slug":"ciezka-niepelnosprawnosc","status":"publish","type":"page","link":"https:\/\/www.kanzlei-steinwachs.de\/pl\/orzeczenia-z-zakresu-prawa-pracy\/wyroki-bag-z-2008-r\/ciezka-niepelnosprawnosc\/","title":{"rendered":"Ci\u0119\u017cka niepe\u0142nosprawno\u015b\u0107"},"content":{"rendered":"<div class=\"wpb-content-wrapper\"><p>[vc_row triangle_shape=&#8221;no&#8221; css=&#8221;.vc_custom_1700482882266{padding-bottom: 40px !important;}&#8221;][vc_column][vc_column_text]Zgodnie z przepisem przej\u015bciowym zawartym w art. 33 ust. 1 AGG, AGG nie powinna regulowa\u0107 z moc\u0105 wsteczn\u0105 spraw, kt\u00f3re zosta\u0142y ju\u017c rozstrzygni\u0119te w momencie wej\u015bcia w \u017cycie 18 sierpnia 2006 r. Nowe prawo ma zastosowanie wy\u0142\u0105cznie w przypadku, gdy po 17 sierpnia 2006 r. pojawi\u0105 si\u0119 fakty istotne dla zakaz\u00f3w dyskryminacji w AGG. Przepisy przej\u015bciowe zawarte w art. 33 ust. 1 AGG odnosz\u0105 si\u0119 zatem do wszelkiej nieuprawnionej dyskryminacji, kt\u00f3ra mia\u0142a miejsce przed wej\u015bciem w \u017cycie AGG, w tym dyskryminacji ze wzgl\u0119du na niepe\u0142nosprawno\u015b\u0107. Do takich niedogodno\u015bci odnosi si\u0119 stary stan prawny, w tym \u00a7 81 ust. 2 SGB IX. Momentem jest moment, w kt\u00f3rym mia\u0142 miejsce akt dyskryminacji. W sprawie rozstrzygni\u0119tej przez IX Senat z dnia 16 wrze\u015bnia 2008 roku ( 9 AZR 791\/07 ) ustaw\u0105 by\u0142a decyzja o niezatrudnianiu powoda skar\u017c\u0105cego przed dniem 18 sierpnia 2006 roku. Trzymiesi\u0119czny termin na wniesienie pozwu na podstawie art. 61b ust. 1 nowej wersji ArbGG nie ma jeszcze zastosowania do roszcze\u0144 o odszkodowanie z tytu\u0142u dyskryminacji ze wzgl\u0119du na niepe\u0142nosprawno\u015b\u0107, kt\u00f3re zosta\u0142y zako\u0144czone do 17 sierpnia. Termin do wniesienia pozwu na podstawie art. 61b ArbGG (stara wersja) ogranicza\u0142 si\u0119 do roszcze\u0144 o odszkodowanie z tytu\u0142u dyskryminacji ze wzgl\u0119du na p\u0142e\u0107. Je\u017celi wnioskodawca ujawni w pi\u015bmie aplikacyjnym sw\u00f3j znaczny stopie\u0144 niepe\u0142nosprawno\u015bci, pracodawca ma obowi\u0105zek zapozna\u0107 si\u0119 z tre\u015bci\u0105 listu motywacyjnego po jego otrzymaniu. W starych przypadkach obowi\u0105zek ten opiera si\u0119 na \u00a7 81 SGB IX, stara wersja. Je\u017celi osoby dzia\u0142aj\u0105ce w imieniu pracodawcy przeocz\u0105 wzmiank\u0119 o statusie osoby o znacznym stopniu niepe\u0142nosprawno\u015bci i w zwi\u0105zku z tym pracodawca naruszy swoje obowi\u0105zki wynikaj\u0105ce z \u00a7 81 SGB IX w starej wersji, domniemywa si\u0119 dyskryminacj\u0119 ze wzgl\u0119du na niepe\u0142nosprawno\u015b\u0107. Zachowanie os\u00f3b rozmieszczonych w jego strefie wp\u0142yw\u00f3w przypisuje si\u0119 pracodawcy jako obiektywne naruszenie obowi\u0105zk\u00f3w. Nie ma znaczenia, czy zaanga\u017cowane osoby ponosz\u0105 win\u0119. Pracodawca publiczny ma obowi\u0105zek zaprosi\u0107 osob\u0119 o znacznym stopniu niepe\u0142nosprawno\u015bci ubiegaj\u0105c\u0105 si\u0119 o rozmow\u0119 kwalifikacyjn\u0105 zgodnie z \u00a7 82 zdanie 2 SGB IX. Obowi\u0105zek ten nie ma zastosowania jedynie w przypadku, gdy osoba z znacznym stopniem niepe\u0142nosprawno\u015bci w spos\u00f3b oczywisty nie posiada kwalifikacji zawodowych. Wykluczenie z dalszego procesu aplikacyjnego jest wad\u0105 maj\u0105c\u0105 zwi\u0105zek przyczynowy z niepe\u0142nosprawno\u015bci\u0105.[\/vc_column_text][\/vc_column][\/vc_row]<\/p>\n<\/div>","protected":false},"excerpt":{"rendered":"<p>[vc_row triangle_shape=&#8221;no&#8221; css=&#8221;.vc_custom_1700482882266{padding-bottom: 40px !important;}&#8221;][vc_column][vc_column_text]Zgodnie z przepisem przej\u015bciowym zawartym w art. 33 ust. 1 AGG, AGG nie powinna regulowa\u0107 z moc\u0105 wsteczn\u0105 spraw, kt\u00f3re zosta\u0142y ju\u017c rozstrzygni\u0119te w momencie wej\u015bcia w \u017cycie 18 sierpnia 2006 r. Nowe prawo ma zastosowanie wy\u0142\u0105cznie w przypadku, gdy po 17 sierpnia 2006 r. pojawi\u0105 si\u0119 fakty istotne dla zakaz\u00f3w dyskryminacji w AGG. Przepisy przej\u015bciowe zawarte w art. 33 ust. 1 AGG odnosz\u0105 si\u0119 zatem do wszelkiej nieuprawnionej dyskryminacji, kt\u00f3ra mia\u0142a miejsce przed wej\u015bciem w \u017cycie AGG, w tym dyskryminacji ze wzgl\u0119du na niepe\u0142nosprawno\u015b\u0107. Do takich niedogodno\u015bci odnosi si\u0119 stary stan prawny, w tym \u00a7&#8230;<\/p>\n","protected":false},"author":1,"featured_media":0,"parent":13266,"menu_order":0,"comment_status":"closed","ping_status":"closed","template":"","meta":{"footnotes":""},"class_list":["post-13323","page","type-page","status-publish","hentry"],"yoast_head":"<!-- This site is optimized with the Yoast SEO Premium plugin v27.2 (Yoast SEO v27.5) - https:\/\/yoast.com\/product\/yoast-seo-premium-wordpress\/ -->\n<title>Rechtsanwaltskanzlei in Hamburg Berlin Bremen Hannover L\u00fcbeck<\/title>\n<meta name=\"description\" content=\"Rechtsanwaltskanzlei f\u00fcr Arbeitsrecht, Arzthaftung, Mietrecht, Gewerbemietrecht ,Gastronomierecht, Immobilienrecht, Schadensersatz Yachtrecht\" \/>\n<meta name=\"robots\" content=\"index, follow, max-snippet:-1, max-image-preview:large, max-video-preview:-1\" \/>\n<link rel=\"canonical\" href=\"https:\/\/www.kanzlei-steinwachs.de\/pl\/orzeczenia-z-zakresu-prawa-pracy\/wyroki-bag-z-2008-r\/ciezka-niepelnosprawnosc\/\" \/>\n<meta property=\"og:locale\" content=\"pl_PL\" \/>\n<meta property=\"og:type\" content=\"article\" \/>\n<meta property=\"og:title\" content=\"Rechtsanwaltskanzlei in Hamburg Berlin Bremen Hannover L\u00fcbeck\" \/>\n<meta property=\"og:description\" content=\"Rechtsanwaltskanzlei f\u00fcr Arbeitsrecht, Arzthaftung, Mietrecht, Gewerbemietrecht ,Gastronomierecht, Immobilienrecht, Schadensersatz Yachtrecht\" \/>\n<meta property=\"og:url\" content=\"https:\/\/www.kanzlei-steinwachs.de\/pl\/orzeczenia-z-zakresu-prawa-pracy\/wyroki-bag-z-2008-r\/ciezka-niepelnosprawnosc\/\" \/>\n<meta property=\"og:site_name\" content=\"Rechtsanwaltskanzlei Anwalt Hamburg Berlin Bremen Hannover L\u00fcbeck\" \/>\n<meta property=\"article:publisher\" content=\"https:\/\/www.facebook.com\/STEINWACHSRechtsanwaltskanzlei\/\" \/>\n<meta property=\"article:modified_time\" content=\"2023-11-28T07:31:47+00:00\" \/>\n<meta name=\"twitter:card\" content=\"summary_large_image\" \/>\n<meta name=\"twitter:site\" content=\"@rasteinwachs\" \/>\n<meta name=\"twitter:label1\" content=\"Szacowany czas czytania\" \/>\n\t<meta name=\"twitter:data1\" content=\"2 minuty\" \/>\n<script type=\"application\/ld+json\" class=\"yoast-schema-graph\">{\"@context\":\"https:\\\/\\\/schema.org\",\"@graph\":[{\"@type\":\"WebPage\",\"@id\":\"https:\\\/\\\/www.kanzlei-steinwachs.de\\\/pl\\\/orzeczenia-z-zakresu-prawa-pracy\\\/wyroki-bag-z-2008-r\\\/ciezka-niepelnosprawnosc\\\/\",\"url\":\"https:\\\/\\\/www.kanzlei-steinwachs.de\\\/pl\\\/orzeczenia-z-zakresu-prawa-pracy\\\/wyroki-bag-z-2008-r\\\/ciezka-niepelnosprawnosc\\\/\",\"name\":\"Rechtsanwaltskanzlei in Hamburg Berlin Bremen Hannover L\u00fcbeck\",\"isPartOf\":{\"@id\":\"https:\\\/\\\/www.kanzlei-steinwachs.de\\\/pl\\\/#website\"},\"datePublished\":\"2023-11-20T12:20:25+00:00\",\"dateModified\":\"2023-11-28T07:31:47+00:00\",\"description\":\"Rechtsanwaltskanzlei f\u00fcr Arbeitsrecht, Arzthaftung, Mietrecht, Gewerbemietrecht ,Gastronomierecht, Immobilienrecht, Schadensersatz Yachtrecht\",\"breadcrumb\":{\"@id\":\"https:\\\/\\\/www.kanzlei-steinwachs.de\\\/pl\\\/orzeczenia-z-zakresu-prawa-pracy\\\/wyroki-bag-z-2008-r\\\/ciezka-niepelnosprawnosc\\\/#breadcrumb\"},\"inLanguage\":\"pl-PL\",\"potentialAction\":[{\"@type\":\"ReadAction\",\"target\":[\"https:\\\/\\\/www.kanzlei-steinwachs.de\\\/pl\\\/orzeczenia-z-zakresu-prawa-pracy\\\/wyroki-bag-z-2008-r\\\/ciezka-niepelnosprawnosc\\\/\"]}]},{\"@type\":\"BreadcrumbList\",\"@id\":\"https:\\\/\\\/www.kanzlei-steinwachs.de\\\/pl\\\/orzeczenia-z-zakresu-prawa-pracy\\\/wyroki-bag-z-2008-r\\\/ciezka-niepelnosprawnosc\\\/#breadcrumb\",\"itemListElement\":[{\"@type\":\"ListItem\",\"position\":1,\"name\":\"Orzeczenia z zakresu prawa pracy\",\"item\":\"https:\\\/\\\/www.kanzlei-steinwachs.de\\\/pl\\\/orzeczenia-z-zakresu-prawa-pracy\\\/\"},{\"@type\":\"ListItem\",\"position\":2,\"name\":\"Wyroki BAG z 2008 r\",\"item\":\"https:\\\/\\\/www.kanzlei-steinwachs.de\\\/pl\\\/orzeczenia-z-zakresu-prawa-pracy\\\/wyroki-bag-z-2008-r\\\/\"},{\"@type\":\"ListItem\",\"position\":3,\"name\":\"Ci\u0119\u017cka niepe\u0142nosprawno\u015b\u0107\"}]},{\"@type\":\"WebSite\",\"@id\":\"https:\\\/\\\/www.kanzlei-steinwachs.de\\\/pl\\\/#website\",\"url\":\"https:\\\/\\\/www.kanzlei-steinwachs.de\\\/pl\\\/\",\"name\":\"Rechtsanwaltskanzlei Anwalt Hamburg Berlin Bremen Hannover L\u00fcbeck\",\"description\":\"Wir leisten mehr als Recht bietet\",\"publisher\":{\"@id\":\"https:\\\/\\\/www.kanzlei-steinwachs.de\\\/pl\\\/#organization\"},\"potentialAction\":[{\"@type\":\"SearchAction\",\"target\":{\"@type\":\"EntryPoint\",\"urlTemplate\":\"https:\\\/\\\/www.kanzlei-steinwachs.de\\\/pl\\\/?s={search_term_string}\"},\"query-input\":{\"@type\":\"PropertyValueSpecification\",\"valueRequired\":true,\"valueName\":\"search_term_string\"}}],\"inLanguage\":\"pl-PL\"},{\"@type\":[\"Organization\",\"Place\"],\"@id\":\"https:\\\/\\\/www.kanzlei-steinwachs.de\\\/pl\\\/#organization\",\"name\":\"Rechtsanwaltskanzlei Anwalt Hamburg Berlin Bremen Hannover L\u00fcbeck\",\"url\":\"https:\\\/\\\/www.kanzlei-steinwachs.de\\\/\",\"logo\":{\"@type\":\"ImageObject\",\"inLanguage\":\"pl-PL\",\"@id\":\"https:\\\/\\\/www.kanzlei-steinwachs.de\\\/pl\\\/#\\\/schema\\\/logo\\\/image\\\/\",\"url\":\"https:\\\/\\\/i0.wp.com\\\/www.kanzlei-steinwachs.de\\\/wp-content\\\/uploads\\\/2023\\\/12\\\/logo.webp?fit=174%2C76&quality=80&ssl=1\",\"contentUrl\":\"https:\\\/\\\/i0.wp.com\\\/www.kanzlei-steinwachs.de\\\/wp-content\\\/uploads\\\/2023\\\/12\\\/logo.webp?fit=174%2C76&quality=80&ssl=1\",\"width\":174,\"height\":76,\"caption\":\"Rechtsanwaltskanzlei Anwalt Hamburg Berlin Bremen Hannover L\u00fcbeck\"},\"image\":{\"@id\":\"https:\\\/\\\/www.kanzlei-steinwachs.de\\\/pl\\\/#\\\/schema\\\/logo\\\/image\\\/\"},\"sameAs\":[\"https:\\\/\\\/www.facebook.com\\\/STEINWACHSRechtsanwaltskanzlei\\\/\",\"https:\\\/\\\/x.com\\\/rasteinwachs\",\"https:\\\/\\\/www.instagram.com\\\/steinwachs_rechtsanwaelte\\\/\",\"https:\\\/\\\/www.linkedin.com\\\/in\\\/stephan-steinwachs-7a270197\\\/\",\"https:\\\/\\\/www.youtube.com\\\/channel\\\/UCffmodDlQx81remXm395RWA\"],\"telephone\":[]}]}<\/script>\n<!-- \/ Yoast SEO Premium plugin. -->","yoast_head_json":{"title":"Rechtsanwaltskanzlei in Hamburg Berlin Bremen Hannover L\u00fcbeck","description":"Rechtsanwaltskanzlei f\u00fcr Arbeitsrecht, Arzthaftung, Mietrecht, Gewerbemietrecht ,Gastronomierecht, Immobilienrecht, Schadensersatz Yachtrecht","robots":{"index":"index","follow":"follow","max-snippet":"max-snippet:-1","max-image-preview":"max-image-preview:large","max-video-preview":"max-video-preview:-1"},"canonical":"https:\/\/www.kanzlei-steinwachs.de\/pl\/orzeczenia-z-zakresu-prawa-pracy\/wyroki-bag-z-2008-r\/ciezka-niepelnosprawnosc\/","og_locale":"pl_PL","og_type":"article","og_title":"Rechtsanwaltskanzlei in Hamburg Berlin Bremen Hannover L\u00fcbeck","og_description":"Rechtsanwaltskanzlei f\u00fcr Arbeitsrecht, Arzthaftung, Mietrecht, Gewerbemietrecht ,Gastronomierecht, Immobilienrecht, Schadensersatz Yachtrecht","og_url":"https:\/\/www.kanzlei-steinwachs.de\/pl\/orzeczenia-z-zakresu-prawa-pracy\/wyroki-bag-z-2008-r\/ciezka-niepelnosprawnosc\/","og_site_name":"Rechtsanwaltskanzlei Anwalt Hamburg Berlin Bremen Hannover L\u00fcbeck","article_publisher":"https:\/\/www.facebook.com\/STEINWACHSRechtsanwaltskanzlei\/","article_modified_time":"2023-11-28T07:31:47+00:00","twitter_card":"summary_large_image","twitter_site":"@rasteinwachs","twitter_misc":{"Szacowany czas czytania":"2 minuty"},"schema":{"@context":"https:\/\/schema.org","@graph":[{"@type":"WebPage","@id":"https:\/\/www.kanzlei-steinwachs.de\/pl\/orzeczenia-z-zakresu-prawa-pracy\/wyroki-bag-z-2008-r\/ciezka-niepelnosprawnosc\/","url":"https:\/\/www.kanzlei-steinwachs.de\/pl\/orzeczenia-z-zakresu-prawa-pracy\/wyroki-bag-z-2008-r\/ciezka-niepelnosprawnosc\/","name":"Rechtsanwaltskanzlei in Hamburg Berlin Bremen Hannover L\u00fcbeck","isPartOf":{"@id":"https:\/\/www.kanzlei-steinwachs.de\/pl\/#website"},"datePublished":"2023-11-20T12:20:25+00:00","dateModified":"2023-11-28T07:31:47+00:00","description":"Rechtsanwaltskanzlei f\u00fcr Arbeitsrecht, Arzthaftung, Mietrecht, Gewerbemietrecht ,Gastronomierecht, Immobilienrecht, Schadensersatz Yachtrecht","breadcrumb":{"@id":"https:\/\/www.kanzlei-steinwachs.de\/pl\/orzeczenia-z-zakresu-prawa-pracy\/wyroki-bag-z-2008-r\/ciezka-niepelnosprawnosc\/#breadcrumb"},"inLanguage":"pl-PL","potentialAction":[{"@type":"ReadAction","target":["https:\/\/www.kanzlei-steinwachs.de\/pl\/orzeczenia-z-zakresu-prawa-pracy\/wyroki-bag-z-2008-r\/ciezka-niepelnosprawnosc\/"]}]},{"@type":"BreadcrumbList","@id":"https:\/\/www.kanzlei-steinwachs.de\/pl\/orzeczenia-z-zakresu-prawa-pracy\/wyroki-bag-z-2008-r\/ciezka-niepelnosprawnosc\/#breadcrumb","itemListElement":[{"@type":"ListItem","position":1,"name":"Orzeczenia z zakresu prawa pracy","item":"https:\/\/www.kanzlei-steinwachs.de\/pl\/orzeczenia-z-zakresu-prawa-pracy\/"},{"@type":"ListItem","position":2,"name":"Wyroki BAG z 2008 r","item":"https:\/\/www.kanzlei-steinwachs.de\/pl\/orzeczenia-z-zakresu-prawa-pracy\/wyroki-bag-z-2008-r\/"},{"@type":"ListItem","position":3,"name":"Ci\u0119\u017cka niepe\u0142nosprawno\u015b\u0107"}]},{"@type":"WebSite","@id":"https:\/\/www.kanzlei-steinwachs.de\/pl\/#website","url":"https:\/\/www.kanzlei-steinwachs.de\/pl\/","name":"Rechtsanwaltskanzlei Anwalt Hamburg Berlin Bremen Hannover L\u00fcbeck","description":"Wir leisten mehr als Recht bietet","publisher":{"@id":"https:\/\/www.kanzlei-steinwachs.de\/pl\/#organization"},"potentialAction":[{"@type":"SearchAction","target":{"@type":"EntryPoint","urlTemplate":"https:\/\/www.kanzlei-steinwachs.de\/pl\/?s={search_term_string}"},"query-input":{"@type":"PropertyValueSpecification","valueRequired":true,"valueName":"search_term_string"}}],"inLanguage":"pl-PL"},{"@type":["Organization","Place"],"@id":"https:\/\/www.kanzlei-steinwachs.de\/pl\/#organization","name":"Rechtsanwaltskanzlei Anwalt Hamburg Berlin Bremen Hannover L\u00fcbeck","url":"https:\/\/www.kanzlei-steinwachs.de\/","logo":{"@type":"ImageObject","inLanguage":"pl-PL","@id":"https:\/\/www.kanzlei-steinwachs.de\/pl\/#\/schema\/logo\/image\/","url":"https:\/\/i0.wp.com\/www.kanzlei-steinwachs.de\/wp-content\/uploads\/2023\/12\/logo.webp?fit=174%2C76&quality=80&ssl=1","contentUrl":"https:\/\/i0.wp.com\/www.kanzlei-steinwachs.de\/wp-content\/uploads\/2023\/12\/logo.webp?fit=174%2C76&quality=80&ssl=1","width":174,"height":76,"caption":"Rechtsanwaltskanzlei Anwalt Hamburg Berlin Bremen Hannover L\u00fcbeck"},"image":{"@id":"https:\/\/www.kanzlei-steinwachs.de\/pl\/#\/schema\/logo\/image\/"},"sameAs":["https:\/\/www.facebook.com\/STEINWACHSRechtsanwaltskanzlei\/","https:\/\/x.com\/rasteinwachs","https:\/\/www.instagram.com\/steinwachs_rechtsanwaelte\/","https:\/\/www.linkedin.com\/in\/stephan-steinwachs-7a270197\/","https:\/\/www.youtube.com\/channel\/UCffmodDlQx81remXm395RWA"],"telephone":[]}]}},"jetpack_sharing_enabled":true,"_links":{"self":[{"href":"https:\/\/www.kanzlei-steinwachs.de\/pl\/wp-json\/wp\/v2\/pages\/13323","targetHints":{"allow":["GET"]}}],"collection":[{"href":"https:\/\/www.kanzlei-steinwachs.de\/pl\/wp-json\/wp\/v2\/pages"}],"about":[{"href":"https:\/\/www.kanzlei-steinwachs.de\/pl\/wp-json\/wp\/v2\/types\/page"}],"author":[{"embeddable":true,"href":"https:\/\/www.kanzlei-steinwachs.de\/pl\/wp-json\/wp\/v2\/users\/1"}],"replies":[{"embeddable":true,"href":"https:\/\/www.kanzlei-steinwachs.de\/pl\/wp-json\/wp\/v2\/comments?post=13323"}],"version-history":[{"count":0,"href":"https:\/\/www.kanzlei-steinwachs.de\/pl\/wp-json\/wp\/v2\/pages\/13323\/revisions"}],"up":[{"embeddable":true,"href":"https:\/\/www.kanzlei-steinwachs.de\/pl\/wp-json\/wp\/v2\/pages\/13266"}],"wp:attachment":[{"href":"https:\/\/www.kanzlei-steinwachs.de\/pl\/wp-json\/wp\/v2\/media?parent=13323"}],"curies":[{"name":"wp","href":"https:\/\/api.w.org\/{rel}","templated":true}]}}