{"id":8482,"date":"2023-10-14T07:05:21","date_gmt":"2023-10-14T05:05:21","guid":{"rendered":"https:\/\/www.kanzlei-steinwachs.de\/loi-administrative\/"},"modified":"2023-10-21T12:23:11","modified_gmt":"2023-10-21T10:23:11","slug":"loi-administrative","status":"publish","type":"page","link":"https:\/\/www.kanzlei-steinwachs.de\/fr\/loi-administrative\/","title":{"rendered":"Loi administrative"},"content":{"rendered":"<div class=\"wpb-content-wrapper\"><p>[vc_row content_width=\u00a0\u00bbgrid\u00a0\u00bb content_aligment=\u00a0\u00bbcenter\u00a0\u00bb triangle_shape=\u00a0\u00bbno\u00a0\u00bb css=\u00a0\u00bb.vc_custom_1696926719838{padding-bottom: 10px !important;background-position: center !important;background-repeat: no-repeat !important;background-size: cover !important;}\u00a0\u00bb][vc_column]<div class=\"mkd-separator-holder clearfix  mkd-separator-center mkd-separator-with-icon mkd-animate\" style=\"margin-top: 20px; margin-bottom: 30px\">\n\t<div class=\"mkd-separator\" style=\"border-color: #c18f59;border-style: solid;width: 97.5px\"><\/div>\n\t\t<div class=\"mkd-separator-icon\">\n\t\t\t                    \t\t\t\t\t\t<\/div>\n\t<div class=\"mkd-separator\" style=\"border-color: #c18f59;border-style: solid;width: 97.5px\"><\/div>\n<\/div>\n[\/vc_column][\/vc_row][vc_row triangle_shape=\u00a0\u00bbno\u00a0\u00bb][vc_column][vc_column_text css=\u00a0\u00bb.vc_custom_1697260056734{padding-top: 20px !important;}\u00a0\u00bb]Faisant partie du droit public, le droit administratif comprend l&rsquo;ensemble du droit de l&rsquo;administration publique (ex\u00e9cutive) de l&rsquo;\u00c9tat, en particulier les collectivit\u00e9s et les personnes morales de droit public.[\/vc_column_text][vc_column_text css=\u00a0\u00bb.vc_custom_1697260069682{padding-top: 20px !important;}\u00a0\u00bb]Le droit administratif est divis\u00e9 en droit administratif g\u00e9n\u00e9ral et droit sp\u00e9cial.[\/vc_column_text][vc_column_text css=\u00a0\u00bb.vc_custom_1697260083611{padding-top: 20px !important;}\u00a0\u00bb]Le droit administratif g\u00e9n\u00e9ral est r\u00e9glement\u00e9 en particulier par la loi f\u00e9d\u00e9rale sur la proc\u00e9dure administrative (VwVfG) ou par les lois respectives sur la proc\u00e9dure administrative des L\u00e4nder (par exemple BayVwVfG, HmbVwVfG) pour les autorit\u00e9s de l&rsquo;\u00c9tat. Le droit administratif g\u00e9n\u00e9ral traite des principes g\u00e9n\u00e9raux de l&rsquo;administration tels que la proc\u00e9dure administrative, les formes de l&rsquo;action administrative (acte administratif, r\u00e9glementation l\u00e9gale, statuts, contrat de droit public, etc.) ou encore l&rsquo;organisation de l&rsquo;administration. Les dispositions g\u00e9n\u00e9rales d&rsquo;ex\u00e9cution administrative font \u00e9galement partie du droit administratif g\u00e9n\u00e9ral.[\/vc_column_text][vc_column_text css=\u00a0\u00bb.vc_custom_1697260101555{padding-top: 20px !important;}\u00a0\u00bb]Une loi administrative sp\u00e9ciale r\u00e9glemente des domaines sp\u00e9cifiques de l&rsquo;administration publique. Les r\u00e8glements du droit administratif sp\u00e9cial compl\u00e8tent ou modifient les r\u00e8glements du droit administratif g\u00e9n\u00e9ral afin de r\u00e9pondre aux diff\u00e9rentes exigences factuelles et sp\u00e9cifiques au domaine administratif concern\u00e9.[\/vc_column_text][\/vc_column][\/vc_row][vc_row triangle_shape=\u00a0\u00bbno\u00a0\u00bb css=\u00a0\u00bb.vc_custom_1695985900053{padding-top: 30px !important;}\u00a0\u00bb][vc_column][vc_row_inner css=\u00a0\u00bb.vc_custom_1695965286321{padding-top: 40px !important;padding-bottom: 10px !important;}\u00a0\u00bb][vc_column_inner width=\u00a0\u00bb1\/2&Prime;]\n<h2 class=\"mkd-custom-font-holder\" style=\"font-size: 20px;line-height: 20px;font-weight: 700\" data-font-size= 20 data-line-height= 20>\n\tZum besonderen Verwaltungsrecht geh\u00f6ren unter anderem<\/h2>[vc_empty_space]<div class=\"mkd-unordered-list \" ><ul>\n<li>Loi polici\u00e8re<\/li>\n<li>Droit de la construction<\/li>\n<li>Loi environnementale<\/li>\n<li>Droit administratif commercial<\/li>\n<li>Droit de la fonction publique<\/li>\n<li>Droit social<\/li>\n<li>Droit fiscal<\/li>\n<li>Code de la route<\/li>\n<\/ul>\n<\/div>[\/vc_column_inner][vc_column_inner width=\u00a0\u00bb1\/2&Prime;][vc_single_image image=\u00a0\u00bb1425&Prime; img_size=\u00a0\u00bbfull\u00a0\u00bb css=\u00a0\u00bb.vc_custom_1696927314802{margin-top: 10px !important;padding-top: 10px !important;}\u00a0\u00bb][\/vc_column_inner][\/vc_row_inner][\/vc_column][\/vc_row][vc_row triangle_shape=\u00a0\u00bbno\u00a0\u00bb css=\u00a0\u00bb.vc_custom_1697257938110{padding-top: 30px !important;padding-bottom: 50px !important;}\u00a0\u00bb][vc_column]\n<h2 class=\"mkd-custom-font-holder\" style=\"font-size: 20px;line-height: 20px;font-weight: 700\" data-font-size= 20 data-line-height= 20>\n\tAbschluss<\/h2>[vc_column_text css=\u00a0\u00bb.vc_custom_1697260168490{padding-top: 20px !important;}\u00a0\u00bb]Le droit administratif sp\u00e9cial est r\u00e9gi par un grand nombre de lois individuelles diff\u00e9rentes &#8211; en fonction de la r\u00e9partition des comp\u00e9tences &#8211; au niveau f\u00e9d\u00e9ral ou des L\u00e4nder. Le droit administratif sp\u00e9cial &#8211; comme le droit administratif g\u00e9n\u00e9ral &#8211; se caract\u00e9rise \u00e9galement par un grand nombre de r\u00e9glementations de droit europ\u00e9en qui peuvent supplanter le droit national.[\/vc_column_text][vc_column_text css=\u00a0\u00bb.vc_custom_1697260181964{padding-top: 20px !important;}\u00a0\u00bb]Dans les pages suivantes, nous essaierons de vous fournir le plus d&rsquo;informations possible sur les principes de base du droit administratif.[\/vc_column_text][vc_column_text css=\u00a0\u00bb.vc_custom_1697260196126{padding-top: 20px !important;}\u00a0\u00bb]Nous vous recommandons \u00e9galement les pages suivantes au sujet du droit administratif :[\/vc_column_text][\/vc_column][\/vc_row]<\/p>\n<\/div>","protected":false},"excerpt":{"rendered":"<p>[vc_row content_width=\u00a0\u00bbgrid\u00a0\u00bb content_aligment=\u00a0\u00bbcenter\u00a0\u00bb triangle_shape=\u00a0\u00bbno\u00a0\u00bb css=\u00a0\u00bb.vc_custom_1696926719838{padding-bottom: 10px !important;background-position: center !important;background-repeat: no-repeat !important;background-size: cover !important;}\u00a0\u00bb][vc_column][\/vc_column][\/vc_row][vc_row triangle_shape=\u00a0\u00bbno\u00a0\u00bb][vc_column][vc_column_text css=\u00a0\u00bb.vc_custom_1697260056734{padding-top: 20px !important;}\u00a0\u00bb]Faisant partie du droit public, le droit administratif comprend l&rsquo;ensemble du droit de l&rsquo;administration publique (ex\u00e9cutive) de l&rsquo;\u00c9tat, en particulier les collectivit\u00e9s et les personnes morales de droit public.[\/vc_column_text][vc_column_text css=\u00a0\u00bb.vc_custom_1697260069682{padding-top: 20px !important;}\u00a0\u00bb]Le droit administratif est divis\u00e9 en droit administratif g\u00e9n\u00e9ral et droit sp\u00e9cial.[\/vc_column_text][vc_column_text css=\u00a0\u00bb.vc_custom_1697260083611{padding-top: 20px !important;}\u00a0\u00bb]Le droit administratif g\u00e9n\u00e9ral est r\u00e9glement\u00e9 en particulier par la loi f\u00e9d\u00e9rale sur la proc\u00e9dure administrative (VwVfG) ou par les lois respectives sur la proc\u00e9dure administrative des L\u00e4nder (par exemple BayVwVfG, HmbVwVfG) pour les autorit\u00e9s de l&rsquo;\u00c9tat. Le droit&#8230;<\/p>\n","protected":false},"author":1,"featured_media":16525,"parent":0,"menu_order":0,"comment_status":"closed","ping_status":"closed","template":"","meta":{"footnotes":""},"class_list":["post-8482","page","type-page","status-publish","has-post-thumbnail","hentry"],"yoast_head":"<!-- This site is optimized with the Yoast SEO Premium plugin v27.2 (Yoast SEO v27.5) - https:\/\/yoast.com\/product\/yoast-seo-premium-wordpress\/ -->\n<title>Rechtsanwaltskanzlei in Hamburg Berlin Bremen Hannover L\u00fcbeck<\/title>\n<meta name=\"description\" content=\"Rechtsanwaltskanzlei f\u00fcr Arbeitsrecht, Arzthaftung, Mietrecht, Gewerbemietrecht ,Gastronomierecht, Immobilienrecht, Schadensersatz Yachtrecht\" \/>\n<meta name=\"robots\" content=\"index, follow, max-snippet:-1, max-image-preview:large, max-video-preview:-1\" \/>\n<link rel=\"canonical\" href=\"https:\/\/www.kanzlei-steinwachs.de\/fr\/loi-administrative\/\" \/>\n<meta property=\"og:locale\" content=\"fr_FR\" \/>\n<meta property=\"og:type\" content=\"article\" \/>\n<meta property=\"og:title\" content=\"Rechtsanwaltskanzlei in Hamburg Berlin Bremen Hannover L\u00fcbeck\" \/>\n<meta property=\"og:description\" content=\"Rechtsanwaltskanzlei f\u00fcr Arbeitsrecht, Arzthaftung, Mietrecht, Gewerbemietrecht ,Gastronomierecht, Immobilienrecht, Schadensersatz Yachtrecht\" \/>\n<meta property=\"og:url\" content=\"https:\/\/www.kanzlei-steinwachs.de\/fr\/loi-administrative\/\" \/>\n<meta property=\"og:site_name\" content=\"Rechtsanwaltskanzlei Anwalt Hamburg Berlin Bremen Hannover L\u00fcbeck\" \/>\n<meta property=\"article:publisher\" content=\"https:\/\/www.facebook.com\/STEINWACHSRechtsanwaltskanzlei\/\" \/>\n<meta property=\"article:modified_time\" content=\"2023-10-21T10:23:11+00:00\" \/>\n<meta name=\"twitter:card\" content=\"summary_large_image\" \/>\n<meta name=\"twitter:site\" content=\"@rasteinwachs\" \/>\n<meta name=\"twitter:label1\" content=\"Dur\u00e9e de lecture estim\u00e9e\" \/>\n\t<meta name=\"twitter:data1\" content=\"3 minutes\" \/>\n<script type=\"application\/ld+json\" class=\"yoast-schema-graph\">{\"@context\":\"https:\\\/\\\/schema.org\",\"@graph\":[{\"@type\":\"WebPage\",\"@id\":\"https:\\\/\\\/www.kanzlei-steinwachs.de\\\/fr\\\/loi-administrative\\\/\",\"url\":\"https:\\\/\\\/www.kanzlei-steinwachs.de\\\/fr\\\/loi-administrative\\\/\",\"name\":\"Rechtsanwaltskanzlei in Hamburg Berlin Bremen Hannover L\u00fcbeck\",\"isPartOf\":{\"@id\":\"https:\\\/\\\/www.kanzlei-steinwachs.de\\\/fr\\\/#website\"},\"primaryImageOfPage\":{\"@id\":\"https:\\\/\\\/www.kanzlei-steinwachs.de\\\/fr\\\/loi-administrative\\\/#primaryimage\"},\"image\":{\"@id\":\"https:\\\/\\\/www.kanzlei-steinwachs.de\\\/fr\\\/loi-administrative\\\/#primaryimage\"},\"thumbnailUrl\":\"https:\\\/\\\/i0.wp.com\\\/www.kanzlei-steinwachs.de\\\/wp-content\\\/uploads\\\/2023\\\/10\\\/1687347968-6399.jpg?fit=800%2C600&quality=20&ssl=1\",\"datePublished\":\"2023-10-14T05:05:21+00:00\",\"dateModified\":\"2023-10-21T10:23:11+00:00\",\"description\":\"Rechtsanwaltskanzlei f\u00fcr Arbeitsrecht, Arzthaftung, Mietrecht, Gewerbemietrecht ,Gastronomierecht, Immobilienrecht, Schadensersatz Yachtrecht\",\"inLanguage\":\"fr-FR\",\"potentialAction\":[{\"@type\":\"ReadAction\",\"target\":[\"https:\\\/\\\/www.kanzlei-steinwachs.de\\\/fr\\\/loi-administrative\\\/\"]}]},{\"@type\":\"ImageObject\",\"inLanguage\":\"fr-FR\",\"@id\":\"https:\\\/\\\/www.kanzlei-steinwachs.de\\\/fr\\\/loi-administrative\\\/#primaryimage\",\"url\":\"https:\\\/\\\/i0.wp.com\\\/www.kanzlei-steinwachs.de\\\/wp-content\\\/uploads\\\/2023\\\/10\\\/1687347968-6399.jpg?fit=800%2C600&quality=20&ssl=1\",\"contentUrl\":\"https:\\\/\\\/i0.wp.com\\\/www.kanzlei-steinwachs.de\\\/wp-content\\\/uploads\\\/2023\\\/10\\\/1687347968-6399.jpg?fit=800%2C600&quality=20&ssl=1\",\"width\":800,\"height\":600},{\"@type\":\"WebSite\",\"@id\":\"https:\\\/\\\/www.kanzlei-steinwachs.de\\\/fr\\\/#website\",\"url\":\"https:\\\/\\\/www.kanzlei-steinwachs.de\\\/fr\\\/\",\"name\":\"Rechtsanwaltskanzlei Anwalt Hamburg Berlin Bremen Hannover L\u00fcbeck\",\"description\":\"Wir leisten mehr als Recht bietet\",\"publisher\":{\"@id\":\"https:\\\/\\\/www.kanzlei-steinwachs.de\\\/fr\\\/#organization\"},\"potentialAction\":[{\"@type\":\"SearchAction\",\"target\":{\"@type\":\"EntryPoint\",\"urlTemplate\":\"https:\\\/\\\/www.kanzlei-steinwachs.de\\\/fr\\\/?s={search_term_string}\"},\"query-input\":{\"@type\":\"PropertyValueSpecification\",\"valueRequired\":true,\"valueName\":\"search_term_string\"}}],\"inLanguage\":\"fr-FR\"},{\"@type\":[\"Organization\",\"Place\"],\"@id\":\"https:\\\/\\\/www.kanzlei-steinwachs.de\\\/fr\\\/#organization\",\"name\":\"Rechtsanwaltskanzlei Anwalt Hamburg Berlin Bremen Hannover L\u00fcbeck\",\"url\":\"https:\\\/\\\/www.kanzlei-steinwachs.de\\\/\",\"logo\":{\"@type\":\"ImageObject\",\"inLanguage\":\"fr-FR\",\"@id\":\"https:\\\/\\\/www.kanzlei-steinwachs.de\\\/fr\\\/#\\\/schema\\\/logo\\\/image\\\/\",\"url\":\"https:\\\/\\\/i0.wp.com\\\/www.kanzlei-steinwachs.de\\\/wp-content\\\/uploads\\\/2023\\\/12\\\/logo.webp?fit=174%2C76&quality=80&ssl=1\",\"contentUrl\":\"https:\\\/\\\/i0.wp.com\\\/www.kanzlei-steinwachs.de\\\/wp-content\\\/uploads\\\/2023\\\/12\\\/logo.webp?fit=174%2C76&quality=80&ssl=1\",\"width\":174,\"height\":76,\"caption\":\"Rechtsanwaltskanzlei Anwalt Hamburg Berlin Bremen Hannover L\u00fcbeck\"},\"image\":{\"@id\":\"https:\\\/\\\/www.kanzlei-steinwachs.de\\\/fr\\\/#\\\/schema\\\/logo\\\/image\\\/\"},\"sameAs\":[\"https:\\\/\\\/www.facebook.com\\\/STEINWACHSRechtsanwaltskanzlei\\\/\",\"https:\\\/\\\/x.com\\\/rasteinwachs\",\"https:\\\/\\\/www.instagram.com\\\/steinwachs_rechtsanwaelte\\\/\",\"https:\\\/\\\/www.linkedin.com\\\/in\\\/stephan-steinwachs-7a270197\\\/\",\"https:\\\/\\\/www.youtube.com\\\/channel\\\/UCffmodDlQx81remXm395RWA\"],\"telephone\":[]}]}<\/script>\n<!-- \/ Yoast SEO Premium plugin. -->","yoast_head_json":{"title":"Rechtsanwaltskanzlei in Hamburg Berlin Bremen Hannover L\u00fcbeck","description":"Rechtsanwaltskanzlei f\u00fcr Arbeitsrecht, Arzthaftung, Mietrecht, Gewerbemietrecht ,Gastronomierecht, Immobilienrecht, Schadensersatz Yachtrecht","robots":{"index":"index","follow":"follow","max-snippet":"max-snippet:-1","max-image-preview":"max-image-preview:large","max-video-preview":"max-video-preview:-1"},"canonical":"https:\/\/www.kanzlei-steinwachs.de\/fr\/loi-administrative\/","og_locale":"fr_FR","og_type":"article","og_title":"Rechtsanwaltskanzlei in Hamburg Berlin Bremen Hannover L\u00fcbeck","og_description":"Rechtsanwaltskanzlei f\u00fcr Arbeitsrecht, Arzthaftung, Mietrecht, Gewerbemietrecht ,Gastronomierecht, Immobilienrecht, Schadensersatz Yachtrecht","og_url":"https:\/\/www.kanzlei-steinwachs.de\/fr\/loi-administrative\/","og_site_name":"Rechtsanwaltskanzlei Anwalt Hamburg Berlin Bremen Hannover L\u00fcbeck","article_publisher":"https:\/\/www.facebook.com\/STEINWACHSRechtsanwaltskanzlei\/","article_modified_time":"2023-10-21T10:23:11+00:00","twitter_card":"summary_large_image","twitter_site":"@rasteinwachs","twitter_misc":{"Dur\u00e9e de lecture estim\u00e9e":"3 minutes"},"schema":{"@context":"https:\/\/schema.org","@graph":[{"@type":"WebPage","@id":"https:\/\/www.kanzlei-steinwachs.de\/fr\/loi-administrative\/","url":"https:\/\/www.kanzlei-steinwachs.de\/fr\/loi-administrative\/","name":"Rechtsanwaltskanzlei in Hamburg Berlin Bremen Hannover L\u00fcbeck","isPartOf":{"@id":"https:\/\/www.kanzlei-steinwachs.de\/fr\/#website"},"primaryImageOfPage":{"@id":"https:\/\/www.kanzlei-steinwachs.de\/fr\/loi-administrative\/#primaryimage"},"image":{"@id":"https:\/\/www.kanzlei-steinwachs.de\/fr\/loi-administrative\/#primaryimage"},"thumbnailUrl":"https:\/\/i0.wp.com\/www.kanzlei-steinwachs.de\/wp-content\/uploads\/2023\/10\/1687347968-6399.jpg?fit=800%2C600&quality=20&ssl=1","datePublished":"2023-10-14T05:05:21+00:00","dateModified":"2023-10-21T10:23:11+00:00","description":"Rechtsanwaltskanzlei f\u00fcr Arbeitsrecht, Arzthaftung, Mietrecht, Gewerbemietrecht ,Gastronomierecht, Immobilienrecht, Schadensersatz Yachtrecht","inLanguage":"fr-FR","potentialAction":[{"@type":"ReadAction","target":["https:\/\/www.kanzlei-steinwachs.de\/fr\/loi-administrative\/"]}]},{"@type":"ImageObject","inLanguage":"fr-FR","@id":"https:\/\/www.kanzlei-steinwachs.de\/fr\/loi-administrative\/#primaryimage","url":"https:\/\/i0.wp.com\/www.kanzlei-steinwachs.de\/wp-content\/uploads\/2023\/10\/1687347968-6399.jpg?fit=800%2C600&quality=20&ssl=1","contentUrl":"https:\/\/i0.wp.com\/www.kanzlei-steinwachs.de\/wp-content\/uploads\/2023\/10\/1687347968-6399.jpg?fit=800%2C600&quality=20&ssl=1","width":800,"height":600},{"@type":"WebSite","@id":"https:\/\/www.kanzlei-steinwachs.de\/fr\/#website","url":"https:\/\/www.kanzlei-steinwachs.de\/fr\/","name":"Rechtsanwaltskanzlei Anwalt Hamburg Berlin Bremen Hannover L\u00fcbeck","description":"Wir leisten mehr als Recht bietet","publisher":{"@id":"https:\/\/www.kanzlei-steinwachs.de\/fr\/#organization"},"potentialAction":[{"@type":"SearchAction","target":{"@type":"EntryPoint","urlTemplate":"https:\/\/www.kanzlei-steinwachs.de\/fr\/?s={search_term_string}"},"query-input":{"@type":"PropertyValueSpecification","valueRequired":true,"valueName":"search_term_string"}}],"inLanguage":"fr-FR"},{"@type":["Organization","Place"],"@id":"https:\/\/www.kanzlei-steinwachs.de\/fr\/#organization","name":"Rechtsanwaltskanzlei Anwalt Hamburg Berlin Bremen Hannover L\u00fcbeck","url":"https:\/\/www.kanzlei-steinwachs.de\/","logo":{"@type":"ImageObject","inLanguage":"fr-FR","@id":"https:\/\/www.kanzlei-steinwachs.de\/fr\/#\/schema\/logo\/image\/","url":"https:\/\/i0.wp.com\/www.kanzlei-steinwachs.de\/wp-content\/uploads\/2023\/12\/logo.webp?fit=174%2C76&quality=80&ssl=1","contentUrl":"https:\/\/i0.wp.com\/www.kanzlei-steinwachs.de\/wp-content\/uploads\/2023\/12\/logo.webp?fit=174%2C76&quality=80&ssl=1","width":174,"height":76,"caption":"Rechtsanwaltskanzlei Anwalt Hamburg Berlin Bremen Hannover L\u00fcbeck"},"image":{"@id":"https:\/\/www.kanzlei-steinwachs.de\/fr\/#\/schema\/logo\/image\/"},"sameAs":["https:\/\/www.facebook.com\/STEINWACHSRechtsanwaltskanzlei\/","https:\/\/x.com\/rasteinwachs","https:\/\/www.instagram.com\/steinwachs_rechtsanwaelte\/","https:\/\/www.linkedin.com\/in\/stephan-steinwachs-7a270197\/","https:\/\/www.youtube.com\/channel\/UCffmodDlQx81remXm395RWA"],"telephone":[]}]}},"jetpack_sharing_enabled":true,"_links":{"self":[{"href":"https:\/\/www.kanzlei-steinwachs.de\/fr\/wp-json\/wp\/v2\/pages\/8482","targetHints":{"allow":["GET"]}}],"collection":[{"href":"https:\/\/www.kanzlei-steinwachs.de\/fr\/wp-json\/wp\/v2\/pages"}],"about":[{"href":"https:\/\/www.kanzlei-steinwachs.de\/fr\/wp-json\/wp\/v2\/types\/page"}],"author":[{"embeddable":true,"href":"https:\/\/www.kanzlei-steinwachs.de\/fr\/wp-json\/wp\/v2\/users\/1"}],"replies":[{"embeddable":true,"href":"https:\/\/www.kanzlei-steinwachs.de\/fr\/wp-json\/wp\/v2\/comments?post=8482"}],"version-history":[{"count":0,"href":"https:\/\/www.kanzlei-steinwachs.de\/fr\/wp-json\/wp\/v2\/pages\/8482\/revisions"}],"wp:featuredmedia":[{"embeddable":true,"href":"https:\/\/www.kanzlei-steinwachs.de\/fr\/wp-json\/wp\/v2\/media\/16525"}],"wp:attachment":[{"href":"https:\/\/www.kanzlei-steinwachs.de\/fr\/wp-json\/wp\/v2\/media?parent=8482"}],"curies":[{"name":"wp","href":"https:\/\/api.w.org\/{rel}","templated":true}]}}