{"id":8244,"date":"2023-10-17T07:55:01","date_gmt":"2023-10-17T05:55:01","guid":{"rendered":"https:\/\/www.kanzlei-steinwachs.de\/droit-de-la-tutelle\/"},"modified":"2023-10-21T08:07:36","modified_gmt":"2023-10-21T06:07:36","slug":"droit-de-la-tutelle","status":"publish","type":"page","link":"https:\/\/www.kanzlei-steinwachs.de\/fr\/droit-de-la-tutelle\/","title":{"rendered":"Droit de la tutelle"},"content":{"rendered":"<div class=\"wpb-content-wrapper\"><p>[vc_row content_width=\u00a0\u00bbgrid\u00a0\u00bb content_aligment=\u00a0\u00bbcenter\u00a0\u00bb triangle_shape=\u00a0\u00bbno\u00a0\u00bb css=\u00a0\u00bb.vc_custom_1696926719838{padding-bottom: 10px !important;background-position: center !important;background-repeat: no-repeat !important;background-size: cover !important;}\u00a0\u00bb][vc_column]<div class=\"mkd-separator-holder clearfix  mkd-separator-center mkd-separator-with-icon mkd-animate\" style=\"margin-top: 20px; margin-bottom: 30px\">\n\t<div class=\"mkd-separator\" style=\"border-color: #c18f59;border-style: solid;width: 97.5px\"><\/div>\n\t\t<div class=\"mkd-separator-icon\">\n\t\t\t                    \t\t\t\t\t\t<\/div>\n\t<div class=\"mkd-separator\" style=\"border-color: #c18f59;border-style: solid;width: 97.5px\"><\/div>\n<\/div>\n[\/vc_column][\/vc_row][vc_row triangle_shape=\u00a0\u00bbno\u00a0\u00bb][vc_column][vc_column_text css=\u00a0\u00bb.vc_custom_1697522136166{margin-bottom: 0px !important;padding-top: 20px !important;padding-bottom: 1px !important;}\u00a0\u00bb]<\/p>\n<p style=\"text-align: left;\">Le droit de la tutelle r\u00e9glemente l&rsquo;assistance aux personnes majeures qui ne sont plus en mesure de g\u00e9rer leurs affaires juridiques de mani\u00e8re ind\u00e9pendante en raison d&rsquo;une maladie mentale ou d&rsquo;un handicap physique, mental ou \u00e9motionnel. (voir <a href=\"http:\/\/www.gesetze-im-internet.de\/bgb\/__1896.html\">\u00a7 1896 BGB)<\/a><\/p>\n<p>[\/vc_column_text][vc_column_text css=\u00a0\u00bb.vc_custom_1697522141805{padding-top: 10px !important;}\u00a0\u00bb]En Allemagne, de nombreux adultes, notamment les personnes \u00e2g\u00e9es, ont besoin d&rsquo;\u00eatre soutenus dans des domaines tr\u00e8s divers de la vie, tels que la gestion de patrimoine ou les questions de logement, car ils ne sont plus en mesure de faire face eux-m\u00eames \u00e0 la situation en raison de d\u00e9ficits psychologiques ou physiques. Pour ces personnes, un tuteur l\u00e9gal doit \u00eatre d\u00e9sign\u00e9 en vertu de la loi sur la tutelle, qui s&rsquo;occupe g\u00e9n\u00e9ralement des affaires juridiques de la personne concern\u00e9e en tant que repr\u00e9sentant l\u00e9gal.<\/p>\n<div id=\"gtx-trans\" style=\"position: absolute; left: 240px; top: 110px;\">\n<div class=\"gtx-trans-icon\"><\/div>\n<\/div>\n<p>[\/vc_column_text][\/vc_column][\/vc_row][vc_row triangle_shape=\u00a0\u00bbno\u00a0\u00bb css=\u00a0\u00bb.vc_custom_1697795794488{padding-top: 30px !important;}\u00a0\u00bb el_class=\u00a0\u00bball-least-pages\u00a0\u00bb][vc_column][vc_row_inner css=\u00a0\u00bb.vc_custom_1697455935676{padding-bottom: 10px !important;}\u00a0\u00bb][vc_column_inner width=\u00a0\u00bb1\/2&Prime;]\n<h2 class=\"mkd-custom-font-holder\" style=\"font-size: 20px;line-height: 30px;font-weight: 700\" data-font-size= 20 data-line-height= 30>\n\tBeispiele f\u00fcr die Aufgabenfelder eines Betreuers im Betreuungsrecht sind:<\/h2>[vc_empty_space]<div class=\"mkd-unordered-list \" ><ul>\n<li>D\u00e9termination de la r\u00e9sidence<\/li>\n<li>Repr\u00e9sentation devant les autorit\u00e9s, tribunaux et autres institutions publiques<\/li>\n<li>Pr\u00e9occupation de richesse<\/li>\n<li>Soins de sant\u00e9<\/li>\n<li>T\u00e9l\u00e9communications et trafic postal<\/li>\n<li>Le logement, \u00e7a compte<\/li>\n<\/ul>\n<div id=\"gtx-trans\" style=\"position: absolute; left: 45px; top: -10px;\">\n<div class=\"gtx-trans-icon\"><\/div>\n<\/div>\n<\/div>[\/vc_column_inner][vc_column_inner width=\u00a0\u00bb1\/2&Prime;][vc_single_image image=\u00a0\u00bb1425&Prime; img_size=\u00a0\u00bbfull\u00a0\u00bb][\/vc_column_inner][\/vc_row_inner][\/vc_column][\/vc_row][vc_row triangle_shape=\u00a0\u00bbno\u00a0\u00bb css=\u00a0\u00bb.vc_custom_1697795804247{padding-bottom: 50px !important;}\u00a0\u00bb el_class=\u00a0\u00bball-least-pages1&Prime;][vc_column]\n<h2 class=\"mkd-custom-font-holder\" style=\"font-size: 20px;line-height: 20px;font-weight: 700\" data-font-size= 20 data-line-height= 20>\n\tAbschluss<\/h2>[vc_column_text css=\u00a0\u00bb.vc_custom_1697523168548{padding-top: 20px !important;}\u00a0\u00bb]<\/p>\n<div class=\"art-content\">\n<div class=\"art-Post\">\n<div class=\"art-Post-body\">\n<div class=\"art-Post-inner art-article\">\n<div class=\"art-PostContent\">\n<p style=\"text-align: left;\">L&rsquo;\u00e9tendue des activit\u00e9s du tuteur est d\u00e9termin\u00e9e par le tribunal des tutelles comp\u00e9tent en vertu du droit des tutelles. Le bien-\u00eatre de la personne aid\u00e9e doit toujours \u00eatre au premier plan du droit de la tutelle ; elle doit donc d\u00e9cider et agir de mani\u00e8re aussi ind\u00e9pendante que possible. C&rsquo;est pour cette raison que la personne prise en charge par le droit de la tutelle reste g\u00e9n\u00e9ralement juridiquement comp\u00e9tente ; ce n&rsquo;est que dans des cas exceptionnels que le droit de la tutelle stipule, pour sa protection, qu&rsquo;elle a besoin du consentement du tuteur pour certains domaines de responsabilit\u00e9. (voir <a href=\"http:\/\/www.gesetze-im-internet.de\/bgb\/__1903.html\">\u00a7 1903 BGB).<\/a> En outre, en vertu du droit de la tutelle, un tuteur ne peut \u00eatre nomm\u00e9 contre le libre gr\u00e9 de la personne concern\u00e9e.<\/p>\n<\/div>\n<div class=\"cleared\"><\/div>\n<\/div>\n<\/div>\n<\/div>\n<\/div>\n<div class=\"art-sidebar2\">\n<div id=\"custom_html-12\" class=\"widget_text widget widget_custom_html\">\n<div class=\"art-Block\"><\/div>\n<\/div>\n<\/div>\n<p>[\/vc_column_text][vc_column_text css=\u00a0\u00bb.vc_custom_1697523176796{padding-top: 10px !important;}\u00a0\u00bb]<\/p>\n<div class=\"art-content\">\n<div class=\"art-Post\">\n<div class=\"art-Post-body\">\n<div class=\"art-Post-inner art-article\">\n<div class=\"art-PostContent\">\n<p>Syst\u00e9matiquement, le droit de la tutelle repr\u00e9sente une partie du droit de la famille. Le contenu est r\u00e9glement\u00e9 par les articles 1896 et suivants du BGB. La proc\u00e9dure en mati\u00e8re de droit de tutelle est r\u00e9gie pour l&rsquo;essentiel par les articles 271 et suivants du FamFG.<\/p>\n<\/div>\n<div class=\"cleared\"><\/div>\n<\/div>\n<\/div>\n<\/div>\n<\/div>\n<div class=\"art-sidebar2\">\n<div id=\"custom_html-12\" class=\"widget_text widget widget_custom_html\">\n<div class=\"art-Block\"><\/div>\n<\/div>\n<\/div>\n<p>[\/vc_column_text][vc_column_text css=\u00a0\u00bb.vc_custom_1697523183364{padding-top: 10px !important;}\u00a0\u00bb]<\/p>\n<div class=\"art-content\">\n<div class=\"art-Post\">\n<div class=\"art-Post-body\">\n<div class=\"art-Post-inner art-article\">\n<div class=\"art-PostContent\">\n<p>Dans les pages suivantes, nous essaierons de vous fournir le plus d&rsquo;informations possible sur le droit de la tutelle.<\/p>\n<\/div>\n<\/div>\n<\/div>\n<\/div>\n<\/div>\n<p>[\/vc_column_text][vc_column_text css=\u00a0\u00bb.vc_custom_1697523194523{padding-top: 10px !important;}\u00a0\u00bb]<\/p>\n<div class=\"art-content\">\n<div class=\"art-Post\">\n<div class=\"art-Post-body\">\n<div class=\"art-Post-inner art-article\">\n<div class=\"art-PostContent\">\n<div class=\"art-content\">\n<div class=\"art-Post\">\n<div class=\"art-Post-body\">\n<div class=\"art-Post-inner art-article\">\n<div class=\"art-PostContent\">\n<p>Nous vous recommandons \u00e9galement les pages suivantes au sujet du droit des tutelles :<\/p>\n<\/div>\n<\/div>\n<\/div>\n<\/div>\n<\/div>\n<\/div>\n<\/div>\n<\/div>\n<\/div>\n<\/div>\n<p>[\/vc_column_text][\/vc_column][\/vc_row]<\/p>\n<\/div>","protected":false},"excerpt":{"rendered":"<p>[vc_row content_width=\u00a0\u00bbgrid\u00a0\u00bb content_aligment=\u00a0\u00bbcenter\u00a0\u00bb triangle_shape=\u00a0\u00bbno\u00a0\u00bb css=\u00a0\u00bb.vc_custom_1696926719838{padding-bottom: 10px !important;background-position: center !important;background-repeat: no-repeat !important;background-size: cover !important;}\u00a0\u00bb][vc_column][\/vc_column][\/vc_row][vc_row triangle_shape=\u00a0\u00bbno\u00a0\u00bb][vc_column][vc_column_text css=\u00a0\u00bb.vc_custom_1697522136166{margin-bottom: 0px !important;padding-top: 20px !important;padding-bottom: 1px !important;}\u00a0\u00bb] Le droit de la tutelle r\u00e9glemente l&rsquo;assistance aux personnes majeures qui ne sont plus en mesure de g\u00e9rer leurs affaires juridiques de mani\u00e8re ind\u00e9pendante en raison d&rsquo;une maladie mentale ou d&rsquo;un handicap physique, mental ou \u00e9motionnel. (voir \u00a7 1896 BGB) [\/vc_column_text][vc_column_text css=\u00a0\u00bb.vc_custom_1697522141805{padding-top: 10px !important;}\u00a0\u00bb]En Allemagne, de nombreux adultes, notamment les personnes \u00e2g\u00e9es, ont besoin d&rsquo;\u00eatre soutenus dans des domaines tr\u00e8s divers de la vie, tels que la gestion de patrimoine ou les questions de logement, car ils ne sont&#8230;<\/p>\n","protected":false},"author":1,"featured_media":0,"parent":0,"menu_order":0,"comment_status":"closed","ping_status":"closed","template":"","meta":{"footnotes":""},"class_list":["post-8244","page","type-page","status-publish","hentry"],"yoast_head":"<!-- This site is optimized with the Yoast SEO Premium plugin v27.2 (Yoast SEO v27.5) - https:\/\/yoast.com\/product\/yoast-seo-premium-wordpress\/ -->\n<title>Rechtsanwaltskanzlei in Hamburg Berlin Bremen Hannover L\u00fcbeck<\/title>\n<meta name=\"description\" content=\"Rechtsanwaltskanzlei f\u00fcr Arbeitsrecht, Arzthaftung, Mietrecht, Gewerbemietrecht ,Gastronomierecht, Immobilienrecht, Schadensersatz Yachtrecht\" \/>\n<meta name=\"robots\" content=\"index, follow, max-snippet:-1, max-image-preview:large, max-video-preview:-1\" \/>\n<link rel=\"canonical\" href=\"https:\/\/www.kanzlei-steinwachs.de\/fr\/droit-de-la-tutelle\/\" \/>\n<meta property=\"og:locale\" content=\"fr_FR\" \/>\n<meta property=\"og:type\" content=\"article\" \/>\n<meta property=\"og:title\" content=\"Rechtsanwaltskanzlei in Hamburg Berlin Bremen Hannover L\u00fcbeck\" \/>\n<meta property=\"og:description\" content=\"Rechtsanwaltskanzlei f\u00fcr Arbeitsrecht, Arzthaftung, Mietrecht, Gewerbemietrecht ,Gastronomierecht, Immobilienrecht, Schadensersatz Yachtrecht\" \/>\n<meta property=\"og:url\" content=\"https:\/\/www.kanzlei-steinwachs.de\/fr\/droit-de-la-tutelle\/\" \/>\n<meta property=\"og:site_name\" content=\"Rechtsanwaltskanzlei Anwalt Hamburg Berlin Bremen Hannover L\u00fcbeck\" \/>\n<meta property=\"article:publisher\" content=\"https:\/\/www.facebook.com\/STEINWACHSRechtsanwaltskanzlei\/\" \/>\n<meta property=\"article:modified_time\" content=\"2023-10-21T06:07:36+00:00\" \/>\n<meta name=\"twitter:card\" content=\"summary_large_image\" \/>\n<meta name=\"twitter:site\" content=\"@rasteinwachs\" \/>\n<meta name=\"twitter:label1\" content=\"Dur\u00e9e de lecture estim\u00e9e\" \/>\n\t<meta name=\"twitter:data1\" content=\"3 minutes\" \/>\n<script type=\"application\/ld+json\" class=\"yoast-schema-graph\">{\"@context\":\"https:\\\/\\\/schema.org\",\"@graph\":[{\"@type\":\"WebPage\",\"@id\":\"https:\\\/\\\/www.kanzlei-steinwachs.de\\\/fr\\\/droit-de-la-tutelle\\\/\",\"url\":\"https:\\\/\\\/www.kanzlei-steinwachs.de\\\/fr\\\/droit-de-la-tutelle\\\/\",\"name\":\"Rechtsanwaltskanzlei in Hamburg Berlin Bremen Hannover L\u00fcbeck\",\"isPartOf\":{\"@id\":\"https:\\\/\\\/www.kanzlei-steinwachs.de\\\/fr\\\/#website\"},\"datePublished\":\"2023-10-17T05:55:01+00:00\",\"dateModified\":\"2023-10-21T06:07:36+00:00\",\"description\":\"Rechtsanwaltskanzlei f\u00fcr Arbeitsrecht, Arzthaftung, Mietrecht, Gewerbemietrecht ,Gastronomierecht, Immobilienrecht, Schadensersatz Yachtrecht\",\"inLanguage\":\"fr-FR\",\"potentialAction\":[{\"@type\":\"ReadAction\",\"target\":[\"https:\\\/\\\/www.kanzlei-steinwachs.de\\\/fr\\\/droit-de-la-tutelle\\\/\"]}]},{\"@type\":\"WebSite\",\"@id\":\"https:\\\/\\\/www.kanzlei-steinwachs.de\\\/fr\\\/#website\",\"url\":\"https:\\\/\\\/www.kanzlei-steinwachs.de\\\/fr\\\/\",\"name\":\"Rechtsanwaltskanzlei Anwalt Hamburg Berlin Bremen Hannover L\u00fcbeck\",\"description\":\"Wir leisten mehr als Recht bietet\",\"publisher\":{\"@id\":\"https:\\\/\\\/www.kanzlei-steinwachs.de\\\/fr\\\/#organization\"},\"potentialAction\":[{\"@type\":\"SearchAction\",\"target\":{\"@type\":\"EntryPoint\",\"urlTemplate\":\"https:\\\/\\\/www.kanzlei-steinwachs.de\\\/fr\\\/?s={search_term_string}\"},\"query-input\":{\"@type\":\"PropertyValueSpecification\",\"valueRequired\":true,\"valueName\":\"search_term_string\"}}],\"inLanguage\":\"fr-FR\"},{\"@type\":[\"Organization\",\"Place\"],\"@id\":\"https:\\\/\\\/www.kanzlei-steinwachs.de\\\/fr\\\/#organization\",\"name\":\"Rechtsanwaltskanzlei Anwalt Hamburg Berlin Bremen Hannover L\u00fcbeck\",\"url\":\"https:\\\/\\\/www.kanzlei-steinwachs.de\\\/\",\"logo\":{\"@type\":\"ImageObject\",\"inLanguage\":\"fr-FR\",\"@id\":\"https:\\\/\\\/www.kanzlei-steinwachs.de\\\/fr\\\/#\\\/schema\\\/logo\\\/image\\\/\",\"url\":\"https:\\\/\\\/i0.wp.com\\\/www.kanzlei-steinwachs.de\\\/wp-content\\\/uploads\\\/2023\\\/12\\\/logo.webp?fit=174%2C76&quality=80&ssl=1\",\"contentUrl\":\"https:\\\/\\\/i0.wp.com\\\/www.kanzlei-steinwachs.de\\\/wp-content\\\/uploads\\\/2023\\\/12\\\/logo.webp?fit=174%2C76&quality=80&ssl=1\",\"width\":174,\"height\":76,\"caption\":\"Rechtsanwaltskanzlei Anwalt Hamburg Berlin Bremen Hannover L\u00fcbeck\"},\"image\":{\"@id\":\"https:\\\/\\\/www.kanzlei-steinwachs.de\\\/fr\\\/#\\\/schema\\\/logo\\\/image\\\/\"},\"sameAs\":[\"https:\\\/\\\/www.facebook.com\\\/STEINWACHSRechtsanwaltskanzlei\\\/\",\"https:\\\/\\\/x.com\\\/rasteinwachs\",\"https:\\\/\\\/www.instagram.com\\\/steinwachs_rechtsanwaelte\\\/\",\"https:\\\/\\\/www.linkedin.com\\\/in\\\/stephan-steinwachs-7a270197\\\/\",\"https:\\\/\\\/www.youtube.com\\\/channel\\\/UCffmodDlQx81remXm395RWA\"],\"telephone\":[]}]}<\/script>\n<!-- \/ Yoast SEO Premium plugin. -->","yoast_head_json":{"title":"Rechtsanwaltskanzlei in Hamburg Berlin Bremen Hannover L\u00fcbeck","description":"Rechtsanwaltskanzlei f\u00fcr Arbeitsrecht, Arzthaftung, Mietrecht, Gewerbemietrecht ,Gastronomierecht, Immobilienrecht, Schadensersatz Yachtrecht","robots":{"index":"index","follow":"follow","max-snippet":"max-snippet:-1","max-image-preview":"max-image-preview:large","max-video-preview":"max-video-preview:-1"},"canonical":"https:\/\/www.kanzlei-steinwachs.de\/fr\/droit-de-la-tutelle\/","og_locale":"fr_FR","og_type":"article","og_title":"Rechtsanwaltskanzlei in Hamburg Berlin Bremen Hannover L\u00fcbeck","og_description":"Rechtsanwaltskanzlei f\u00fcr Arbeitsrecht, Arzthaftung, Mietrecht, Gewerbemietrecht ,Gastronomierecht, Immobilienrecht, Schadensersatz Yachtrecht","og_url":"https:\/\/www.kanzlei-steinwachs.de\/fr\/droit-de-la-tutelle\/","og_site_name":"Rechtsanwaltskanzlei Anwalt Hamburg Berlin Bremen Hannover L\u00fcbeck","article_publisher":"https:\/\/www.facebook.com\/STEINWACHSRechtsanwaltskanzlei\/","article_modified_time":"2023-10-21T06:07:36+00:00","twitter_card":"summary_large_image","twitter_site":"@rasteinwachs","twitter_misc":{"Dur\u00e9e de lecture estim\u00e9e":"3 minutes"},"schema":{"@context":"https:\/\/schema.org","@graph":[{"@type":"WebPage","@id":"https:\/\/www.kanzlei-steinwachs.de\/fr\/droit-de-la-tutelle\/","url":"https:\/\/www.kanzlei-steinwachs.de\/fr\/droit-de-la-tutelle\/","name":"Rechtsanwaltskanzlei in Hamburg Berlin Bremen Hannover L\u00fcbeck","isPartOf":{"@id":"https:\/\/www.kanzlei-steinwachs.de\/fr\/#website"},"datePublished":"2023-10-17T05:55:01+00:00","dateModified":"2023-10-21T06:07:36+00:00","description":"Rechtsanwaltskanzlei f\u00fcr Arbeitsrecht, Arzthaftung, Mietrecht, Gewerbemietrecht ,Gastronomierecht, Immobilienrecht, Schadensersatz Yachtrecht","inLanguage":"fr-FR","potentialAction":[{"@type":"ReadAction","target":["https:\/\/www.kanzlei-steinwachs.de\/fr\/droit-de-la-tutelle\/"]}]},{"@type":"WebSite","@id":"https:\/\/www.kanzlei-steinwachs.de\/fr\/#website","url":"https:\/\/www.kanzlei-steinwachs.de\/fr\/","name":"Rechtsanwaltskanzlei Anwalt Hamburg Berlin Bremen Hannover L\u00fcbeck","description":"Wir leisten mehr als Recht bietet","publisher":{"@id":"https:\/\/www.kanzlei-steinwachs.de\/fr\/#organization"},"potentialAction":[{"@type":"SearchAction","target":{"@type":"EntryPoint","urlTemplate":"https:\/\/www.kanzlei-steinwachs.de\/fr\/?s={search_term_string}"},"query-input":{"@type":"PropertyValueSpecification","valueRequired":true,"valueName":"search_term_string"}}],"inLanguage":"fr-FR"},{"@type":["Organization","Place"],"@id":"https:\/\/www.kanzlei-steinwachs.de\/fr\/#organization","name":"Rechtsanwaltskanzlei Anwalt Hamburg Berlin Bremen Hannover L\u00fcbeck","url":"https:\/\/www.kanzlei-steinwachs.de\/","logo":{"@type":"ImageObject","inLanguage":"fr-FR","@id":"https:\/\/www.kanzlei-steinwachs.de\/fr\/#\/schema\/logo\/image\/","url":"https:\/\/i0.wp.com\/www.kanzlei-steinwachs.de\/wp-content\/uploads\/2023\/12\/logo.webp?fit=174%2C76&quality=80&ssl=1","contentUrl":"https:\/\/i0.wp.com\/www.kanzlei-steinwachs.de\/wp-content\/uploads\/2023\/12\/logo.webp?fit=174%2C76&quality=80&ssl=1","width":174,"height":76,"caption":"Rechtsanwaltskanzlei Anwalt Hamburg Berlin Bremen Hannover L\u00fcbeck"},"image":{"@id":"https:\/\/www.kanzlei-steinwachs.de\/fr\/#\/schema\/logo\/image\/"},"sameAs":["https:\/\/www.facebook.com\/STEINWACHSRechtsanwaltskanzlei\/","https:\/\/x.com\/rasteinwachs","https:\/\/www.instagram.com\/steinwachs_rechtsanwaelte\/","https:\/\/www.linkedin.com\/in\/stephan-steinwachs-7a270197\/","https:\/\/www.youtube.com\/channel\/UCffmodDlQx81remXm395RWA"],"telephone":[]}]}},"jetpack_sharing_enabled":true,"_links":{"self":[{"href":"https:\/\/www.kanzlei-steinwachs.de\/fr\/wp-json\/wp\/v2\/pages\/8244","targetHints":{"allow":["GET"]}}],"collection":[{"href":"https:\/\/www.kanzlei-steinwachs.de\/fr\/wp-json\/wp\/v2\/pages"}],"about":[{"href":"https:\/\/www.kanzlei-steinwachs.de\/fr\/wp-json\/wp\/v2\/types\/page"}],"author":[{"embeddable":true,"href":"https:\/\/www.kanzlei-steinwachs.de\/fr\/wp-json\/wp\/v2\/users\/1"}],"replies":[{"embeddable":true,"href":"https:\/\/www.kanzlei-steinwachs.de\/fr\/wp-json\/wp\/v2\/comments?post=8244"}],"version-history":[{"count":0,"href":"https:\/\/www.kanzlei-steinwachs.de\/fr\/wp-json\/wp\/v2\/pages\/8244\/revisions"}],"wp:attachment":[{"href":"https:\/\/www.kanzlei-steinwachs.de\/fr\/wp-json\/wp\/v2\/media?parent=8244"}],"curies":[{"name":"wp","href":"https:\/\/api.w.org\/{rel}","templated":true}]}}