{"id":8185,"date":"2023-10-17T07:16:29","date_gmt":"2023-10-17T05:16:29","guid":{"rendered":"https:\/\/www.kanzlei-steinwachs.de\/droit-de-limmigration-et-droit-dasile\/"},"modified":"2023-10-21T06:59:29","modified_gmt":"2023-10-21T04:59:29","slug":"droit-de-limmigration-et-droit-dasile","status":"publish","type":"page","link":"https:\/\/www.kanzlei-steinwachs.de\/fr\/droit-de-limmigration-et-droit-dasile\/","title":{"rendered":"Droit de l&rsquo;immigration et droit d&rsquo;asile"},"content":{"rendered":"<div class=\"wpb-content-wrapper\"><p>[vc_row content_width=\u00a0\u00bbgrid\u00a0\u00bb content_aligment=\u00a0\u00bbcenter\u00a0\u00bb triangle_shape=\u00a0\u00bbno\u00a0\u00bb css=\u00a0\u00bb.vc_custom_1696926719838{padding-bottom: 10px !important;background-position: center !important;background-repeat: no-repeat !important;background-size: cover !important;}\u00a0\u00bb][vc_column]<div class=\"mkd-separator-holder clearfix  mkd-separator-center mkd-separator-with-icon mkd-animate\" style=\"margin-top: 20px; margin-bottom: 30px\">\n\t<div class=\"mkd-separator\" style=\"border-color: #c18f59;border-style: solid;width: 97.5px\"><\/div>\n\t\t<div class=\"mkd-separator-icon\">\n\t\t\t                    \t\t\t\t\t\t<\/div>\n\t<div class=\"mkd-separator\" style=\"border-color: #c18f59;border-style: solid;width: 97.5px\"><\/div>\n<\/div>\n[\/vc_column][\/vc_row][vc_row triangle_shape=\u00a0\u00bbno\u00a0\u00bb][vc_column][vc_column_text css=\u00a0\u00bb.vc_custom_1697519840217{margin-bottom: 0px !important;padding-top: 20px !important;padding-bottom: 1px !important;}\u00a0\u00bb]<\/p>\n<p style=\"text-align: left;\">Le droit des \u00e9trangers fait partie du droit administratif sp\u00e9cial et comprend toutes les dispositions l\u00e9gales qui concernent le s\u00e9jour des personnes qui n&rsquo;ont pas la nationalit\u00e9 allemande.<\/p>\n<div id=\"gtx-trans\" style=\"position: absolute; left: 258px; top: -10px;\">\n<div class=\"gtx-trans-icon\"><\/div>\n<\/div>\n<p>[\/vc_column_text][vc_column_text css=\u00a0\u00bb.vc_custom_1697519860809{padding-top: 10px !important;}\u00a0\u00bb]<\/p>\n<p style=\"text-align: left;\">Le point de d\u00e9part du droit de l&rsquo;immigration est le terme \u00e9tranger, qui est d\u00e9fini l\u00e9galement \u00e0 l&rsquo;article 2 I de la loi sur le s\u00e9jour : \u00ab Est \u00e9tranger toute personne qui n&rsquo;est pas allemande au sens de l&rsquo;article 116, paragraphe 1, de la Loi fondamentale. \u00bb Selon l&rsquo;article 116 I GG du droit de l&rsquo;immigration, toute personne poss\u00e9dant la nationalit\u00e9 allemande est un Allemand. Dans le droit de l&rsquo;immigration, le terme \u00ab Allemand \u00bb inclut \u00e9galement les Allemands dits inscrits qui n&rsquo;ont pas la nationalit\u00e9 allemande. (R\u00e9fugi\u00e9s\/personnes expuls\u00e9es d&rsquo;origine allemande, cf. 116 I GG)<\/p>\n<p>[\/vc_column_text][\/vc_column][\/vc_row][vc_row triangle_shape=\u00a0\u00bbno\u00a0\u00bb css=\u00a0\u00bb.vc_custom_1697795285762{padding-top: 30px !important;}\u00a0\u00bb el_class=\u00a0\u00bball-least-pages\u00a0\u00bb][vc_column][vc_row_inner css=\u00a0\u00bb.vc_custom_1697455935676{padding-bottom: 10px !important;}\u00a0\u00bb][vc_column_inner width=\u00a0\u00bb1\/2&Prime;]\n<h2 class=\"mkd-custom-font-holder\" style=\"font-size: 20px;line-height: 30px;font-weight: 700\" data-font-size= 20 data-line-height= 30>\n\tHauptregelungsinhalte im Ausl\u00e4nderrecht sind:<\/h2>[vc_empty_space]<div class=\"mkd-unordered-list \" ><ul>\n<li style=\"text-align: left;\">Entr\u00e9e et s\u00e9jour<\/li>\n<li style=\"text-align: left;\">bifurquer<\/li>\n<li style=\"text-align: left;\">emploi<\/li>\n<li style=\"text-align: left;\">L&rsquo;int\u00e9gration<\/li>\n<li style=\"text-align: left;\">S\u00e9curit\u00e9 sociale<\/li>\n<li style=\"text-align: left;\">Expulsion et d\u00e9portation<\/li>\n<li style=\"text-align: left;\">Droit d&rsquo;asile<\/li>\n<\/ul>\n<div id=\"gtx-trans\" style=\"position: absolute; left: 11px; top: -10px;\">\n<div class=\"gtx-trans-icon\"><\/div>\n<\/div>\n<\/div>[\/vc_column_inner][vc_column_inner width=\u00a0\u00bb1\/2&Prime;][vc_single_image image=\u00a0\u00bb1425&Prime; img_size=\u00a0\u00bbfull\u00a0\u00bb][\/vc_column_inner][\/vc_row_inner][\/vc_column][\/vc_row][vc_row triangle_shape=\u00a0\u00bbno\u00a0\u00bb css=\u00a0\u00bb.vc_custom_1697795295307{padding-bottom: 50px !important;}\u00a0\u00bb el_class=\u00a0\u00bball-least-pages1&Prime;][vc_column]\n<h2 class=\"mkd-custom-font-holder\" style=\"font-size: 20px;line-height: 20px;font-weight: 700\" data-font-size= 20 data-line-height= 20>\n\tAbschluss<\/h2>[vc_column_text css=\u00a0\u00bb.vc_custom_1697519939490{padding-top: 20px !important;}\u00a0\u00bb]<\/p>\n<div class=\"art-content\">\n<div class=\"art-Post\">\n<div class=\"art-Post-body\">\n<div class=\"art-Post-inner art-article\">\n<div class=\"art-PostContent\">\n<p>Le droit d&rsquo;asile est un droit fondamental en Allemagne, article 16a I GG. En droit de l&rsquo;immigration, la proc\u00e9dure administrative de reconnaissance des demandeurs d&rsquo;asile repose principalement sur la loi sur la proc\u00e9dure d&rsquo;asile. Les conditions d&rsquo;octroi et de reconnaissance de l&rsquo;asile d\u00e9coulent dans le droit de l&rsquo;immigration principalement de l&rsquo;article 16a GG et de l&rsquo;article 60 I de la loi sur le s\u00e9jour concernant la reconnaissance du statut de r\u00e9fugi\u00e9.<\/p>\n<\/div>\n<div class=\"cleared\"><\/div>\n<\/div>\n<\/div>\n<\/div>\n<\/div>\n<div class=\"art-sidebar2\">\n<div id=\"custom_html-12\" class=\"widget_text widget widget_custom_html\">\n<div class=\"art-Block\"><\/div>\n<\/div>\n<\/div>\n<p>[\/vc_column_text][vc_column_text css=\u00a0\u00bb.vc_custom_1697519949610{padding-top: 20px !important;}\u00a0\u00bb]<\/p>\n<div class=\"art-content\">\n<div class=\"art-Post\">\n<div class=\"art-Post-body\">\n<div class=\"art-Post-inner art-article\">\n<div class=\"art-PostContent\">\n<p>Il existe un certain nombre de r\u00e9glementations de l&rsquo;Union europ\u00e9enne r\u00e9gissant le droit de l&rsquo;immigration, telles que la loi Schengen, la directive sur la libre circulation (directive 2004\/38\/CE) et le r\u00e8glement Dublin II.<\/p>\n<\/div>\n<div class=\"cleared\"><\/div>\n<\/div>\n<\/div>\n<\/div>\n<\/div>\n<div class=\"art-sidebar2\">\n<div id=\"custom_html-12\" class=\"widget_text widget widget_custom_html\">\n<div class=\"art-Block\"><\/div>\n<\/div>\n<\/div>\n<p>[\/vc_column_text][vc_column_text css=\u00a0\u00bb.vc_custom_1697519957849{padding-top: 10px !important;}\u00a0\u00bb]<\/p>\n<div class=\"art-content\">\n<div class=\"art-Post\">\n<div class=\"art-Post-body\">\n<div class=\"art-Post-inner art-article\">\n<div class=\"art-PostContent\">\n<p>En Allemagne, le droit de l&rsquo;immigration trouve son expression juridique principalement dans la loi sur le s\u00e9jour (AufenthG) et, pour les \u00e9trangers de l&rsquo;UE, dans la loi sur la libert\u00e9 de circulation\/UE (Freiz\u00fcgG\/EU), nouvellement introduite par la loi sur l&rsquo;immigration entr\u00e9e en vigueur le 1er janvier. , 2005 et a remplac\u00e9 l&rsquo;ancienne loi sur les \u00e9trangers et l&rsquo;ancienne loi sur le s\u00e9jour\/CEE.<\/p>\n<\/div>\n<\/div>\n<\/div>\n<\/div>\n<\/div>\n<p>[\/vc_column_text][vc_column_text css=\u00a0\u00bb.vc_custom_1697519964361{padding-top: 10px !important;}\u00a0\u00bb]<\/p>\n<div class=\"art-content\">\n<div class=\"art-Post\">\n<div class=\"art-Post-body\">\n<div class=\"art-Post-inner art-article\">\n<div class=\"art-PostContent\">\n<p>Dans les pages suivantes, nous essaierons de vous fournir autant d&rsquo;informations que possible sur le droit de l&rsquo;immigration.<\/p>\n<\/div>\n<\/div>\n<\/div>\n<\/div>\n<\/div>\n<p>[\/vc_column_text][vc_column_text css=\u00a0\u00bb.vc_custom_1697519983873{padding-top: 10px !important;}\u00a0\u00bb]<\/p>\n<div class=\"art-content\">\n<div class=\"art-Post\">\n<div class=\"art-Post-body\">\n<div class=\"art-Post-inner art-article\">\n<div class=\"art-PostContent\">\n<div class=\"art-content\">\n<div class=\"art-Post\">\n<div class=\"art-Post-body\">\n<div class=\"art-Post-inner art-article\">\n<div class=\"art-PostContent\">\n<p>Nous vous recommandons \u00e9galement les pages suivantes au sujet du droit de l\u2019immigration :<\/p>\n<\/div>\n<\/div>\n<\/div>\n<\/div>\n<\/div>\n<\/div>\n<\/div>\n<\/div>\n<\/div>\n<\/div>\n<p>[\/vc_column_text][\/vc_column][\/vc_row]<\/p>\n<\/div>","protected":false},"excerpt":{"rendered":"<p>[vc_row content_width=\u00a0\u00bbgrid\u00a0\u00bb content_aligment=\u00a0\u00bbcenter\u00a0\u00bb triangle_shape=\u00a0\u00bbno\u00a0\u00bb css=\u00a0\u00bb.vc_custom_1696926719838{padding-bottom: 10px !important;background-position: center !important;background-repeat: no-repeat !important;background-size: cover !important;}\u00a0\u00bb][vc_column][\/vc_column][\/vc_row][vc_row triangle_shape=\u00a0\u00bbno\u00a0\u00bb][vc_column][vc_column_text css=\u00a0\u00bb.vc_custom_1697519840217{margin-bottom: 0px !important;padding-top: 20px !important;padding-bottom: 1px !important;}\u00a0\u00bb] Le droit des \u00e9trangers fait partie du droit administratif sp\u00e9cial et comprend toutes les dispositions l\u00e9gales qui concernent le s\u00e9jour des personnes qui n&rsquo;ont pas la nationalit\u00e9 allemande. [\/vc_column_text][vc_column_text css=\u00a0\u00bb.vc_custom_1697519860809{padding-top: 10px !important;}\u00a0\u00bb] Le point de d\u00e9part du droit de l&rsquo;immigration est le terme \u00e9tranger, qui est d\u00e9fini l\u00e9galement \u00e0 l&rsquo;article 2 I de la loi sur le s\u00e9jour : \u00ab Est \u00e9tranger toute personne qui n&rsquo;est pas allemande au sens de l&rsquo;article 116, paragraphe 1, de la Loi fondamentale&#8230;.<\/p>\n","protected":false},"author":1,"featured_media":0,"parent":0,"menu_order":0,"comment_status":"closed","ping_status":"closed","template":"","meta":{"footnotes":""},"class_list":["post-8185","page","type-page","status-publish","hentry"],"yoast_head":"<!-- This site is optimized with the Yoast SEO Premium plugin v27.2 (Yoast SEO v27.5) - https:\/\/yoast.com\/product\/yoast-seo-premium-wordpress\/ -->\n<title>Rechtsanwaltskanzlei in Hamburg Berlin Bremen Hannover L\u00fcbeck<\/title>\n<meta name=\"description\" content=\"Rechtsanwaltskanzlei f\u00fcr Arbeitsrecht, Arzthaftung, Mietrecht, Gewerbemietrecht ,Gastronomierecht, Immobilienrecht, Schadensersatz Yachtrecht\" \/>\n<meta name=\"robots\" content=\"index, follow, max-snippet:-1, max-image-preview:large, max-video-preview:-1\" \/>\n<link rel=\"canonical\" href=\"https:\/\/www.kanzlei-steinwachs.de\/fr\/droit-de-limmigration-et-droit-dasile\/\" \/>\n<meta property=\"og:locale\" content=\"fr_FR\" \/>\n<meta property=\"og:type\" content=\"article\" \/>\n<meta property=\"og:title\" content=\"Rechtsanwaltskanzlei in Hamburg Berlin Bremen Hannover L\u00fcbeck\" \/>\n<meta property=\"og:description\" content=\"Rechtsanwaltskanzlei f\u00fcr Arbeitsrecht, Arzthaftung, Mietrecht, Gewerbemietrecht ,Gastronomierecht, Immobilienrecht, Schadensersatz Yachtrecht\" \/>\n<meta property=\"og:url\" content=\"https:\/\/www.kanzlei-steinwachs.de\/fr\/droit-de-limmigration-et-droit-dasile\/\" \/>\n<meta property=\"og:site_name\" content=\"Rechtsanwaltskanzlei Anwalt Hamburg Berlin Bremen Hannover L\u00fcbeck\" \/>\n<meta property=\"article:publisher\" content=\"https:\/\/www.facebook.com\/STEINWACHSRechtsanwaltskanzlei\/\" \/>\n<meta property=\"article:modified_time\" content=\"2023-10-21T04:59:29+00:00\" \/>\n<meta name=\"twitter:card\" content=\"summary_large_image\" \/>\n<meta name=\"twitter:site\" content=\"@rasteinwachs\" \/>\n<meta name=\"twitter:label1\" content=\"Dur\u00e9e de lecture estim\u00e9e\" \/>\n\t<meta name=\"twitter:data1\" content=\"3 minutes\" \/>\n<script type=\"application\/ld+json\" class=\"yoast-schema-graph\">{\"@context\":\"https:\\\/\\\/schema.org\",\"@graph\":[{\"@type\":\"WebPage\",\"@id\":\"https:\\\/\\\/www.kanzlei-steinwachs.de\\\/fr\\\/droit-de-limmigration-et-droit-dasile\\\/\",\"url\":\"https:\\\/\\\/www.kanzlei-steinwachs.de\\\/fr\\\/droit-de-limmigration-et-droit-dasile\\\/\",\"name\":\"Rechtsanwaltskanzlei in Hamburg Berlin Bremen Hannover L\u00fcbeck\",\"isPartOf\":{\"@id\":\"https:\\\/\\\/www.kanzlei-steinwachs.de\\\/fr\\\/#website\"},\"datePublished\":\"2023-10-17T05:16:29+00:00\",\"dateModified\":\"2023-10-21T04:59:29+00:00\",\"description\":\"Rechtsanwaltskanzlei f\u00fcr Arbeitsrecht, Arzthaftung, Mietrecht, Gewerbemietrecht ,Gastronomierecht, Immobilienrecht, Schadensersatz Yachtrecht\",\"inLanguage\":\"fr-FR\",\"potentialAction\":[{\"@type\":\"ReadAction\",\"target\":[\"https:\\\/\\\/www.kanzlei-steinwachs.de\\\/fr\\\/droit-de-limmigration-et-droit-dasile\\\/\"]}]},{\"@type\":\"WebSite\",\"@id\":\"https:\\\/\\\/www.kanzlei-steinwachs.de\\\/fr\\\/#website\",\"url\":\"https:\\\/\\\/www.kanzlei-steinwachs.de\\\/fr\\\/\",\"name\":\"Rechtsanwaltskanzlei Anwalt Hamburg Berlin Bremen Hannover L\u00fcbeck\",\"description\":\"Wir leisten mehr als Recht bietet\",\"publisher\":{\"@id\":\"https:\\\/\\\/www.kanzlei-steinwachs.de\\\/fr\\\/#organization\"},\"potentialAction\":[{\"@type\":\"SearchAction\",\"target\":{\"@type\":\"EntryPoint\",\"urlTemplate\":\"https:\\\/\\\/www.kanzlei-steinwachs.de\\\/fr\\\/?s={search_term_string}\"},\"query-input\":{\"@type\":\"PropertyValueSpecification\",\"valueRequired\":true,\"valueName\":\"search_term_string\"}}],\"inLanguage\":\"fr-FR\"},{\"@type\":[\"Organization\",\"Place\"],\"@id\":\"https:\\\/\\\/www.kanzlei-steinwachs.de\\\/fr\\\/#organization\",\"name\":\"Rechtsanwaltskanzlei Anwalt Hamburg Berlin Bremen Hannover L\u00fcbeck\",\"url\":\"https:\\\/\\\/www.kanzlei-steinwachs.de\\\/\",\"logo\":{\"@type\":\"ImageObject\",\"inLanguage\":\"fr-FR\",\"@id\":\"https:\\\/\\\/www.kanzlei-steinwachs.de\\\/fr\\\/#\\\/schema\\\/logo\\\/image\\\/\",\"url\":\"https:\\\/\\\/i0.wp.com\\\/www.kanzlei-steinwachs.de\\\/wp-content\\\/uploads\\\/2023\\\/12\\\/logo.webp?fit=174%2C76&quality=80&ssl=1\",\"contentUrl\":\"https:\\\/\\\/i0.wp.com\\\/www.kanzlei-steinwachs.de\\\/wp-content\\\/uploads\\\/2023\\\/12\\\/logo.webp?fit=174%2C76&quality=80&ssl=1\",\"width\":174,\"height\":76,\"caption\":\"Rechtsanwaltskanzlei Anwalt Hamburg Berlin Bremen Hannover L\u00fcbeck\"},\"image\":{\"@id\":\"https:\\\/\\\/www.kanzlei-steinwachs.de\\\/fr\\\/#\\\/schema\\\/logo\\\/image\\\/\"},\"sameAs\":[\"https:\\\/\\\/www.facebook.com\\\/STEINWACHSRechtsanwaltskanzlei\\\/\",\"https:\\\/\\\/x.com\\\/rasteinwachs\",\"https:\\\/\\\/www.instagram.com\\\/steinwachs_rechtsanwaelte\\\/\",\"https:\\\/\\\/www.linkedin.com\\\/in\\\/stephan-steinwachs-7a270197\\\/\",\"https:\\\/\\\/www.youtube.com\\\/channel\\\/UCffmodDlQx81remXm395RWA\"],\"telephone\":[]}]}<\/script>\n<!-- \/ Yoast SEO Premium plugin. -->","yoast_head_json":{"title":"Rechtsanwaltskanzlei in Hamburg Berlin Bremen Hannover L\u00fcbeck","description":"Rechtsanwaltskanzlei f\u00fcr Arbeitsrecht, Arzthaftung, Mietrecht, Gewerbemietrecht ,Gastronomierecht, Immobilienrecht, Schadensersatz Yachtrecht","robots":{"index":"index","follow":"follow","max-snippet":"max-snippet:-1","max-image-preview":"max-image-preview:large","max-video-preview":"max-video-preview:-1"},"canonical":"https:\/\/www.kanzlei-steinwachs.de\/fr\/droit-de-limmigration-et-droit-dasile\/","og_locale":"fr_FR","og_type":"article","og_title":"Rechtsanwaltskanzlei in Hamburg Berlin Bremen Hannover L\u00fcbeck","og_description":"Rechtsanwaltskanzlei f\u00fcr Arbeitsrecht, Arzthaftung, Mietrecht, Gewerbemietrecht ,Gastronomierecht, Immobilienrecht, Schadensersatz Yachtrecht","og_url":"https:\/\/www.kanzlei-steinwachs.de\/fr\/droit-de-limmigration-et-droit-dasile\/","og_site_name":"Rechtsanwaltskanzlei Anwalt Hamburg Berlin Bremen Hannover L\u00fcbeck","article_publisher":"https:\/\/www.facebook.com\/STEINWACHSRechtsanwaltskanzlei\/","article_modified_time":"2023-10-21T04:59:29+00:00","twitter_card":"summary_large_image","twitter_site":"@rasteinwachs","twitter_misc":{"Dur\u00e9e de lecture estim\u00e9e":"3 minutes"},"schema":{"@context":"https:\/\/schema.org","@graph":[{"@type":"WebPage","@id":"https:\/\/www.kanzlei-steinwachs.de\/fr\/droit-de-limmigration-et-droit-dasile\/","url":"https:\/\/www.kanzlei-steinwachs.de\/fr\/droit-de-limmigration-et-droit-dasile\/","name":"Rechtsanwaltskanzlei in Hamburg Berlin Bremen Hannover L\u00fcbeck","isPartOf":{"@id":"https:\/\/www.kanzlei-steinwachs.de\/fr\/#website"},"datePublished":"2023-10-17T05:16:29+00:00","dateModified":"2023-10-21T04:59:29+00:00","description":"Rechtsanwaltskanzlei f\u00fcr Arbeitsrecht, Arzthaftung, Mietrecht, Gewerbemietrecht ,Gastronomierecht, Immobilienrecht, Schadensersatz Yachtrecht","inLanguage":"fr-FR","potentialAction":[{"@type":"ReadAction","target":["https:\/\/www.kanzlei-steinwachs.de\/fr\/droit-de-limmigration-et-droit-dasile\/"]}]},{"@type":"WebSite","@id":"https:\/\/www.kanzlei-steinwachs.de\/fr\/#website","url":"https:\/\/www.kanzlei-steinwachs.de\/fr\/","name":"Rechtsanwaltskanzlei Anwalt Hamburg Berlin Bremen Hannover L\u00fcbeck","description":"Wir leisten mehr als Recht bietet","publisher":{"@id":"https:\/\/www.kanzlei-steinwachs.de\/fr\/#organization"},"potentialAction":[{"@type":"SearchAction","target":{"@type":"EntryPoint","urlTemplate":"https:\/\/www.kanzlei-steinwachs.de\/fr\/?s={search_term_string}"},"query-input":{"@type":"PropertyValueSpecification","valueRequired":true,"valueName":"search_term_string"}}],"inLanguage":"fr-FR"},{"@type":["Organization","Place"],"@id":"https:\/\/www.kanzlei-steinwachs.de\/fr\/#organization","name":"Rechtsanwaltskanzlei Anwalt Hamburg Berlin Bremen Hannover L\u00fcbeck","url":"https:\/\/www.kanzlei-steinwachs.de\/","logo":{"@type":"ImageObject","inLanguage":"fr-FR","@id":"https:\/\/www.kanzlei-steinwachs.de\/fr\/#\/schema\/logo\/image\/","url":"https:\/\/i0.wp.com\/www.kanzlei-steinwachs.de\/wp-content\/uploads\/2023\/12\/logo.webp?fit=174%2C76&quality=80&ssl=1","contentUrl":"https:\/\/i0.wp.com\/www.kanzlei-steinwachs.de\/wp-content\/uploads\/2023\/12\/logo.webp?fit=174%2C76&quality=80&ssl=1","width":174,"height":76,"caption":"Rechtsanwaltskanzlei Anwalt Hamburg Berlin Bremen Hannover L\u00fcbeck"},"image":{"@id":"https:\/\/www.kanzlei-steinwachs.de\/fr\/#\/schema\/logo\/image\/"},"sameAs":["https:\/\/www.facebook.com\/STEINWACHSRechtsanwaltskanzlei\/","https:\/\/x.com\/rasteinwachs","https:\/\/www.instagram.com\/steinwachs_rechtsanwaelte\/","https:\/\/www.linkedin.com\/in\/stephan-steinwachs-7a270197\/","https:\/\/www.youtube.com\/channel\/UCffmodDlQx81remXm395RWA"],"telephone":[]}]}},"jetpack_sharing_enabled":true,"_links":{"self":[{"href":"https:\/\/www.kanzlei-steinwachs.de\/fr\/wp-json\/wp\/v2\/pages\/8185","targetHints":{"allow":["GET"]}}],"collection":[{"href":"https:\/\/www.kanzlei-steinwachs.de\/fr\/wp-json\/wp\/v2\/pages"}],"about":[{"href":"https:\/\/www.kanzlei-steinwachs.de\/fr\/wp-json\/wp\/v2\/types\/page"}],"author":[{"embeddable":true,"href":"https:\/\/www.kanzlei-steinwachs.de\/fr\/wp-json\/wp\/v2\/users\/1"}],"replies":[{"embeddable":true,"href":"https:\/\/www.kanzlei-steinwachs.de\/fr\/wp-json\/wp\/v2\/comments?post=8185"}],"version-history":[{"count":0,"href":"https:\/\/www.kanzlei-steinwachs.de\/fr\/wp-json\/wp\/v2\/pages\/8185\/revisions"}],"wp:attachment":[{"href":"https:\/\/www.kanzlei-steinwachs.de\/fr\/wp-json\/wp\/v2\/media?parent=8185"}],"curies":[{"name":"wp","href":"https:\/\/api.w.org\/{rel}","templated":true}]}}