{"id":15321,"date":"2023-11-21T05:44:08","date_gmt":"2023-11-21T04:44:08","guid":{"rendered":"https:\/\/www.kanzlei-steinwachs.de\/droit-du-bail-2\/tableau-de-reduction-de-loyer\/"},"modified":"2023-12-06T05:28:27","modified_gmt":"2023-12-06T04:28:27","slug":"tableau-de-reduction-de-loyer","status":"publish","type":"page","link":"https:\/\/www.kanzlei-steinwachs.de\/fr\/droit-du-bail-2\/tableau-de-reduction-de-loyer\/","title":{"rendered":"Tableau de r\u00e9duction de loyer"},"content":{"rendered":"<div class=\"wpb-content-wrapper\"><p>[vc_row triangle_shape=\u00a0\u00bbno\u00a0\u00bb css=\u00a0\u00bb.vc_custom_1700541996977{margin-bottom: 50px !important;}\u00a0\u00bb][vc_column][vc_column_text]<strong>Appartement inhabitable<\/strong><\/p>\n<table>\n<tbody>\n<tr>\n<td width=\"201\">Appartement inhabitable apr\u00e8s un incendie dans la cuisine<\/td>\n<td width=\"201\">100% de r\u00e9duction<\/td>\n<td width=\"201\">LG Francfort\/Main, Urt. v.12.90.1995, 2\/11 S 147\/95<\/p>\n<p><strong> <\/strong><\/p>\n<p>Si l&rsquo;appartement est inhabitable \u00e0 cause d&rsquo;un incendie et que le propri\u00e9taire ne peut pas prouver que la cause de l&rsquo;incendie \u00e9tait \u00e0 la charge du locataire, celui-ci peut r\u00e9duire le loyer de 100 %.<\/td>\n<\/tr>\n<tr>\n<td width=\"201\">Le propri\u00e9taire refuse au partenaire du locataire l&rsquo;acc\u00e8s \u00e0 l&rsquo;appartement<\/td>\n<td width=\"201\">100% de r\u00e9duction<\/td>\n<td width=\"201\">LG Giessen, arr\u00eat. c. 01.03.2000, 1 S 443\/99<\/p>\n<p><strong> <\/strong><\/p>\n<p>Les propri\u00e9taires du locataire \u00e9taient les parents de la femme et ont exig\u00e9 que la cl\u00e9 soit remise et v\u00e9rifi\u00e9e afin d&rsquo;interdire au nouveau partenaire tout contact avec elle. La locataire r\u00e9clame le remboursement du loyer de l&rsquo;appartement qu&rsquo;elle a d\u00e9j\u00e0 pay\u00e9.<\/td>\n<\/tr>\n<tr>\n<td width=\"201\">Appartement d\u00e9j\u00e0 occup\u00e9 par deux autres personnes<\/td>\n<td width=\"201\">100% de r\u00e9duction<\/td>\n<td width=\"201\">LG Berlin, Urt. c.20.10.1992, 65 S 79\/92<\/p>\n<p><strong> <\/strong><\/p>\n<p>Le raccordement au gaz d&rsquo;un locataire est tomb\u00e9 en panne et il ne pouvait plus se chauffer, cuisiner ou avoir de l&rsquo;eau chaude.<\/td>\n<\/tr>\n<tr>\n<td width=\"201\">Inhabitable \u00e0 cause des inondations<\/td>\n<td width=\"201\">100% de r\u00e9duction<\/td>\n<td width=\"201\">AG Friedberg, Urt. c.03.05.1995, C 1326\/94-11 <\/p>\n<p><strong> <\/strong><\/p>\n<p>En raison d&rsquo;une inondation au sous-sol, le locataire a \u00e9t\u00e9 contraint de s&rsquo;installer pour la premi\u00e8re fois dans un h\u00f4tel, puis de vivre chez des connaissances. Elle a \u00e9galement r\u00e9sili\u00e9 le contrat de location et a cherch\u00e9 un appartement avec l&rsquo;aide d&rsquo;un agent immobilier. Le propri\u00e9taire \u00e9tait conscient du risque d&rsquo;inondation, mais ne l&rsquo;a pas signal\u00e9 au locataire. Le locataire r\u00e9clame une indemnisation.   <\/td>\n<\/tr>\n<tr>\n<td width=\"201\">Violation de la vie priv\u00e9e<\/td>\n<td width=\"201\">100% de r\u00e9duction<\/td>\n<td width=\"201\">AG Munich, arr\u00eat. 19.10.2016, 473 C 18682\/06<\/p>\n<p>&nbsp;<\/p>\n<p>Il y avait un miroir v\u00e9nitien, un miroir transparent d&rsquo;un c\u00f4t\u00e9, dans le mur de la salle de bain commune. Cela signifiait que ce qui se passait dans la salle de bain pouvait \u00eatre observ\u00e9 \u00e0 travers un d\u00e9barras.<\/td>\n<\/tr>\n<\/tbody>\n<\/table>\n<p>[\/vc_column_text][\/vc_column][\/vc_row]<\/p>\n<\/div>","protected":false},"excerpt":{"rendered":"<p>[vc_row triangle_shape=\u00a0\u00bbno\u00a0\u00bb css=\u00a0\u00bb.vc_custom_1700541996977{margin-bottom: 50px !important;}\u00a0\u00bb][vc_column][vc_column_text]Appartement inhabitable Appartement inhabitable apr\u00e8s un incendie dans la cuisine 100% de r\u00e9duction LG Francfort\/Main, Urt. v.12.90.1995, 2\/11 S 147\/95 Si l&rsquo;appartement est inhabitable \u00e0 cause d&rsquo;un incendie et que le propri\u00e9taire ne peut pas prouver que la cause de l&rsquo;incendie \u00e9tait \u00e0 la charge du locataire, celui-ci peut r\u00e9duire le loyer de 100 %. Le propri\u00e9taire refuse au partenaire du locataire l&rsquo;acc\u00e8s \u00e0 l&rsquo;appartement 100% de r\u00e9duction LG Giessen, arr\u00eat. c. 01.03.2000, 1 S 443\/99 Les propri\u00e9taires du locataire \u00e9taient les parents de la femme et ont exig\u00e9 que la cl\u00e9 soit remise et v\u00e9rifi\u00e9e&#8230;<\/p>\n","protected":false},"author":1,"featured_media":8283,"parent":8296,"menu_order":0,"comment_status":"closed","ping_status":"closed","template":"","meta":{"footnotes":""},"class_list":["post-15321","page","type-page","status-publish","has-post-thumbnail","hentry"],"yoast_head":"<!-- This site is optimized with the Yoast SEO Premium plugin v27.2 (Yoast SEO v27.4) - https:\/\/yoast.com\/product\/yoast-seo-premium-wordpress\/ -->\n<title>Rechtsanwaltskanzlei in Hamburg Berlin Bremen Hannover L\u00fcbeck<\/title>\n<meta name=\"description\" content=\"Rechtsanwaltskanzlei f\u00fcr Arbeitsrecht, Arzthaftung, Mietrecht, Gewerbemietrecht ,Gastronomierecht, Immobilienrecht, Schadensersatz Yachtrecht\" \/>\n<meta name=\"robots\" content=\"index, follow, max-snippet:-1, max-image-preview:large, max-video-preview:-1\" \/>\n<link rel=\"canonical\" href=\"https:\/\/www.kanzlei-steinwachs.de\/fr\/droit-du-bail-2\/tableau-de-reduction-de-loyer\/\" \/>\n<meta property=\"og:locale\" content=\"fr_FR\" \/>\n<meta property=\"og:type\" content=\"article\" \/>\n<meta property=\"og:title\" content=\"Rechtsanwaltskanzlei in Hamburg Berlin Bremen Hannover L\u00fcbeck\" \/>\n<meta property=\"og:description\" content=\"Rechtsanwaltskanzlei f\u00fcr Arbeitsrecht, Arzthaftung, Mietrecht, Gewerbemietrecht ,Gastronomierecht, Immobilienrecht, Schadensersatz Yachtrecht\" \/>\n<meta property=\"og:url\" content=\"https:\/\/www.kanzlei-steinwachs.de\/fr\/droit-du-bail-2\/tableau-de-reduction-de-loyer\/\" \/>\n<meta property=\"og:site_name\" content=\"Rechtsanwaltskanzlei Anwalt Hamburg Berlin Bremen Hannover L\u00fcbeck\" \/>\n<meta property=\"article:publisher\" content=\"https:\/\/www.facebook.com\/STEINWACHSRechtsanwaltskanzlei\/\" \/>\n<meta property=\"article:modified_time\" content=\"2023-12-06T04:28:27+00:00\" \/>\n<meta name=\"twitter:card\" content=\"summary_large_image\" \/>\n<meta name=\"twitter:site\" content=\"@rasteinwachs\" \/>\n<meta name=\"twitter:label1\" content=\"Dur\u00e9e de lecture estim\u00e9e\" \/>\n\t<meta name=\"twitter:data1\" content=\"2 minutes\" \/>\n<script type=\"application\/ld+json\" class=\"yoast-schema-graph\">{\"@context\":\"https:\\\/\\\/schema.org\",\"@graph\":[{\"@type\":\"WebPage\",\"@id\":\"https:\\\/\\\/www.kanzlei-steinwachs.de\\\/fr\\\/droit-du-bail-2\\\/tableau-de-reduction-de-loyer\\\/\",\"url\":\"https:\\\/\\\/www.kanzlei-steinwachs.de\\\/fr\\\/droit-du-bail-2\\\/tableau-de-reduction-de-loyer\\\/\",\"name\":\"Rechtsanwaltskanzlei in Hamburg Berlin Bremen Hannover L\u00fcbeck\",\"isPartOf\":{\"@id\":\"https:\\\/\\\/www.kanzlei-steinwachs.de\\\/fr\\\/#website\"},\"primaryImageOfPage\":{\"@id\":\"https:\\\/\\\/www.kanzlei-steinwachs.de\\\/fr\\\/droit-du-bail-2\\\/tableau-de-reduction-de-loyer\\\/#primaryimage\"},\"image\":{\"@id\":\"https:\\\/\\\/www.kanzlei-steinwachs.de\\\/fr\\\/droit-du-bail-2\\\/tableau-de-reduction-de-loyer\\\/#primaryimage\"},\"thumbnailUrl\":\"https:\\\/\\\/i0.wp.com\\\/www.kanzlei-steinwachs.de\\\/wp-content\\\/uploads\\\/2023\\\/10\\\/Ordinary-jurisdiction.jpeg?fit=1200%2C800&quality=20&ssl=1\",\"datePublished\":\"2023-11-21T04:44:08+00:00\",\"dateModified\":\"2023-12-06T04:28:27+00:00\",\"description\":\"Rechtsanwaltskanzlei f\u00fcr Arbeitsrecht, Arzthaftung, Mietrecht, Gewerbemietrecht ,Gastronomierecht, Immobilienrecht, Schadensersatz Yachtrecht\",\"breadcrumb\":{\"@id\":\"https:\\\/\\\/www.kanzlei-steinwachs.de\\\/fr\\\/droit-du-bail-2\\\/tableau-de-reduction-de-loyer\\\/#breadcrumb\"},\"inLanguage\":\"fr-FR\",\"potentialAction\":[{\"@type\":\"ReadAction\",\"target\":[\"https:\\\/\\\/www.kanzlei-steinwachs.de\\\/fr\\\/droit-du-bail-2\\\/tableau-de-reduction-de-loyer\\\/\"]}]},{\"@type\":\"ImageObject\",\"inLanguage\":\"fr-FR\",\"@id\":\"https:\\\/\\\/www.kanzlei-steinwachs.de\\\/fr\\\/droit-du-bail-2\\\/tableau-de-reduction-de-loyer\\\/#primaryimage\",\"url\":\"https:\\\/\\\/i0.wp.com\\\/www.kanzlei-steinwachs.de\\\/wp-content\\\/uploads\\\/2023\\\/10\\\/Ordinary-jurisdiction.jpeg?fit=1200%2C800&quality=20&ssl=1\",\"contentUrl\":\"https:\\\/\\\/i0.wp.com\\\/www.kanzlei-steinwachs.de\\\/wp-content\\\/uploads\\\/2023\\\/10\\\/Ordinary-jurisdiction.jpeg?fit=1200%2C800&quality=20&ssl=1\",\"width\":1200,\"height\":800},{\"@type\":\"BreadcrumbList\",\"@id\":\"https:\\\/\\\/www.kanzlei-steinwachs.de\\\/fr\\\/droit-du-bail-2\\\/tableau-de-reduction-de-loyer\\\/#breadcrumb\",\"itemListElement\":[{\"@type\":\"ListItem\",\"position\":1,\"name\":\"Droit du bail\",\"item\":\"https:\\\/\\\/www.kanzlei-steinwachs.de\\\/fr\\\/droit-du-bail-2\\\/\"},{\"@type\":\"ListItem\",\"position\":2,\"name\":\"Tableau de r\u00e9duction de loyer\"}]},{\"@type\":\"WebSite\",\"@id\":\"https:\\\/\\\/www.kanzlei-steinwachs.de\\\/fr\\\/#website\",\"url\":\"https:\\\/\\\/www.kanzlei-steinwachs.de\\\/fr\\\/\",\"name\":\"Rechtsanwaltskanzlei Anwalt Hamburg Berlin Bremen Hannover L\u00fcbeck\",\"description\":\"Wir leisten mehr als Recht bietet\",\"publisher\":{\"@id\":\"https:\\\/\\\/www.kanzlei-steinwachs.de\\\/fr\\\/#organization\"},\"potentialAction\":[{\"@type\":\"SearchAction\",\"target\":{\"@type\":\"EntryPoint\",\"urlTemplate\":\"https:\\\/\\\/www.kanzlei-steinwachs.de\\\/fr\\\/?s={search_term_string}\"},\"query-input\":{\"@type\":\"PropertyValueSpecification\",\"valueRequired\":true,\"valueName\":\"search_term_string\"}}],\"inLanguage\":\"fr-FR\"},{\"@type\":[\"Organization\",\"Place\"],\"@id\":\"https:\\\/\\\/www.kanzlei-steinwachs.de\\\/fr\\\/#organization\",\"name\":\"Rechtsanwaltskanzlei Anwalt Hamburg Berlin Bremen Hannover L\u00fcbeck\",\"url\":\"https:\\\/\\\/www.kanzlei-steinwachs.de\\\/\",\"logo\":{\"@type\":\"ImageObject\",\"inLanguage\":\"fr-FR\",\"@id\":\"https:\\\/\\\/www.kanzlei-steinwachs.de\\\/fr\\\/#\\\/schema\\\/logo\\\/image\\\/\",\"url\":\"https:\\\/\\\/i0.wp.com\\\/www.kanzlei-steinwachs.de\\\/wp-content\\\/uploads\\\/2023\\\/12\\\/logo.webp?fit=174%2C76&quality=80&ssl=1\",\"contentUrl\":\"https:\\\/\\\/i0.wp.com\\\/www.kanzlei-steinwachs.de\\\/wp-content\\\/uploads\\\/2023\\\/12\\\/logo.webp?fit=174%2C76&quality=80&ssl=1\",\"width\":174,\"height\":76,\"caption\":\"Rechtsanwaltskanzlei Anwalt Hamburg Berlin Bremen Hannover L\u00fcbeck\"},\"image\":{\"@id\":\"https:\\\/\\\/www.kanzlei-steinwachs.de\\\/fr\\\/#\\\/schema\\\/logo\\\/image\\\/\"},\"sameAs\":[\"https:\\\/\\\/www.facebook.com\\\/STEINWACHSRechtsanwaltskanzlei\\\/\",\"https:\\\/\\\/x.com\\\/rasteinwachs\",\"https:\\\/\\\/www.instagram.com\\\/steinwachs_rechtsanwaelte\\\/\",\"https:\\\/\\\/www.linkedin.com\\\/in\\\/stephan-steinwachs-7a270197\\\/\",\"https:\\\/\\\/www.youtube.com\\\/channel\\\/UCffmodDlQx81remXm395RWA\"],\"telephone\":[]}]}<\/script>\n<!-- \/ Yoast SEO Premium plugin. -->","yoast_head_json":{"title":"Rechtsanwaltskanzlei in Hamburg Berlin Bremen Hannover L\u00fcbeck","description":"Rechtsanwaltskanzlei f\u00fcr Arbeitsrecht, Arzthaftung, Mietrecht, Gewerbemietrecht ,Gastronomierecht, Immobilienrecht, Schadensersatz Yachtrecht","robots":{"index":"index","follow":"follow","max-snippet":"max-snippet:-1","max-image-preview":"max-image-preview:large","max-video-preview":"max-video-preview:-1"},"canonical":"https:\/\/www.kanzlei-steinwachs.de\/fr\/droit-du-bail-2\/tableau-de-reduction-de-loyer\/","og_locale":"fr_FR","og_type":"article","og_title":"Rechtsanwaltskanzlei in Hamburg Berlin Bremen Hannover L\u00fcbeck","og_description":"Rechtsanwaltskanzlei f\u00fcr Arbeitsrecht, Arzthaftung, Mietrecht, Gewerbemietrecht ,Gastronomierecht, Immobilienrecht, Schadensersatz Yachtrecht","og_url":"https:\/\/www.kanzlei-steinwachs.de\/fr\/droit-du-bail-2\/tableau-de-reduction-de-loyer\/","og_site_name":"Rechtsanwaltskanzlei Anwalt Hamburg Berlin Bremen Hannover L\u00fcbeck","article_publisher":"https:\/\/www.facebook.com\/STEINWACHSRechtsanwaltskanzlei\/","article_modified_time":"2023-12-06T04:28:27+00:00","twitter_card":"summary_large_image","twitter_site":"@rasteinwachs","twitter_misc":{"Dur\u00e9e de lecture estim\u00e9e":"2 minutes"},"schema":{"@context":"https:\/\/schema.org","@graph":[{"@type":"WebPage","@id":"https:\/\/www.kanzlei-steinwachs.de\/fr\/droit-du-bail-2\/tableau-de-reduction-de-loyer\/","url":"https:\/\/www.kanzlei-steinwachs.de\/fr\/droit-du-bail-2\/tableau-de-reduction-de-loyer\/","name":"Rechtsanwaltskanzlei in Hamburg Berlin Bremen Hannover L\u00fcbeck","isPartOf":{"@id":"https:\/\/www.kanzlei-steinwachs.de\/fr\/#website"},"primaryImageOfPage":{"@id":"https:\/\/www.kanzlei-steinwachs.de\/fr\/droit-du-bail-2\/tableau-de-reduction-de-loyer\/#primaryimage"},"image":{"@id":"https:\/\/www.kanzlei-steinwachs.de\/fr\/droit-du-bail-2\/tableau-de-reduction-de-loyer\/#primaryimage"},"thumbnailUrl":"https:\/\/i0.wp.com\/www.kanzlei-steinwachs.de\/wp-content\/uploads\/2023\/10\/Ordinary-jurisdiction.jpeg?fit=1200%2C800&quality=20&ssl=1","datePublished":"2023-11-21T04:44:08+00:00","dateModified":"2023-12-06T04:28:27+00:00","description":"Rechtsanwaltskanzlei f\u00fcr Arbeitsrecht, Arzthaftung, Mietrecht, Gewerbemietrecht ,Gastronomierecht, Immobilienrecht, Schadensersatz Yachtrecht","breadcrumb":{"@id":"https:\/\/www.kanzlei-steinwachs.de\/fr\/droit-du-bail-2\/tableau-de-reduction-de-loyer\/#breadcrumb"},"inLanguage":"fr-FR","potentialAction":[{"@type":"ReadAction","target":["https:\/\/www.kanzlei-steinwachs.de\/fr\/droit-du-bail-2\/tableau-de-reduction-de-loyer\/"]}]},{"@type":"ImageObject","inLanguage":"fr-FR","@id":"https:\/\/www.kanzlei-steinwachs.de\/fr\/droit-du-bail-2\/tableau-de-reduction-de-loyer\/#primaryimage","url":"https:\/\/i0.wp.com\/www.kanzlei-steinwachs.de\/wp-content\/uploads\/2023\/10\/Ordinary-jurisdiction.jpeg?fit=1200%2C800&quality=20&ssl=1","contentUrl":"https:\/\/i0.wp.com\/www.kanzlei-steinwachs.de\/wp-content\/uploads\/2023\/10\/Ordinary-jurisdiction.jpeg?fit=1200%2C800&quality=20&ssl=1","width":1200,"height":800},{"@type":"BreadcrumbList","@id":"https:\/\/www.kanzlei-steinwachs.de\/fr\/droit-du-bail-2\/tableau-de-reduction-de-loyer\/#breadcrumb","itemListElement":[{"@type":"ListItem","position":1,"name":"Droit du bail","item":"https:\/\/www.kanzlei-steinwachs.de\/fr\/droit-du-bail-2\/"},{"@type":"ListItem","position":2,"name":"Tableau de r\u00e9duction de loyer"}]},{"@type":"WebSite","@id":"https:\/\/www.kanzlei-steinwachs.de\/fr\/#website","url":"https:\/\/www.kanzlei-steinwachs.de\/fr\/","name":"Rechtsanwaltskanzlei Anwalt Hamburg Berlin Bremen Hannover L\u00fcbeck","description":"Wir leisten mehr als Recht bietet","publisher":{"@id":"https:\/\/www.kanzlei-steinwachs.de\/fr\/#organization"},"potentialAction":[{"@type":"SearchAction","target":{"@type":"EntryPoint","urlTemplate":"https:\/\/www.kanzlei-steinwachs.de\/fr\/?s={search_term_string}"},"query-input":{"@type":"PropertyValueSpecification","valueRequired":true,"valueName":"search_term_string"}}],"inLanguage":"fr-FR"},{"@type":["Organization","Place"],"@id":"https:\/\/www.kanzlei-steinwachs.de\/fr\/#organization","name":"Rechtsanwaltskanzlei Anwalt Hamburg Berlin Bremen Hannover L\u00fcbeck","url":"https:\/\/www.kanzlei-steinwachs.de\/","logo":{"@type":"ImageObject","inLanguage":"fr-FR","@id":"https:\/\/www.kanzlei-steinwachs.de\/fr\/#\/schema\/logo\/image\/","url":"https:\/\/i0.wp.com\/www.kanzlei-steinwachs.de\/wp-content\/uploads\/2023\/12\/logo.webp?fit=174%2C76&quality=80&ssl=1","contentUrl":"https:\/\/i0.wp.com\/www.kanzlei-steinwachs.de\/wp-content\/uploads\/2023\/12\/logo.webp?fit=174%2C76&quality=80&ssl=1","width":174,"height":76,"caption":"Rechtsanwaltskanzlei Anwalt Hamburg Berlin Bremen Hannover L\u00fcbeck"},"image":{"@id":"https:\/\/www.kanzlei-steinwachs.de\/fr\/#\/schema\/logo\/image\/"},"sameAs":["https:\/\/www.facebook.com\/STEINWACHSRechtsanwaltskanzlei\/","https:\/\/x.com\/rasteinwachs","https:\/\/www.instagram.com\/steinwachs_rechtsanwaelte\/","https:\/\/www.linkedin.com\/in\/stephan-steinwachs-7a270197\/","https:\/\/www.youtube.com\/channel\/UCffmodDlQx81remXm395RWA"],"telephone":[]}]}},"jetpack_sharing_enabled":true,"_links":{"self":[{"href":"https:\/\/www.kanzlei-steinwachs.de\/fr\/wp-json\/wp\/v2\/pages\/15321","targetHints":{"allow":["GET"]}}],"collection":[{"href":"https:\/\/www.kanzlei-steinwachs.de\/fr\/wp-json\/wp\/v2\/pages"}],"about":[{"href":"https:\/\/www.kanzlei-steinwachs.de\/fr\/wp-json\/wp\/v2\/types\/page"}],"author":[{"embeddable":true,"href":"https:\/\/www.kanzlei-steinwachs.de\/fr\/wp-json\/wp\/v2\/users\/1"}],"replies":[{"embeddable":true,"href":"https:\/\/www.kanzlei-steinwachs.de\/fr\/wp-json\/wp\/v2\/comments?post=15321"}],"version-history":[{"count":0,"href":"https:\/\/www.kanzlei-steinwachs.de\/fr\/wp-json\/wp\/v2\/pages\/15321\/revisions"}],"up":[{"embeddable":true,"href":"https:\/\/www.kanzlei-steinwachs.de\/fr\/wp-json\/wp\/v2\/pages\/8296"}],"wp:featuredmedia":[{"embeddable":true,"href":"https:\/\/www.kanzlei-steinwachs.de\/fr\/wp-json\/wp\/v2\/media\/8283"}],"wp:attachment":[{"href":"https:\/\/www.kanzlei-steinwachs.de\/fr\/wp-json\/wp\/v2\/media?parent=15321"}],"curies":[{"name":"wp","href":"https:\/\/api.w.org\/{rel}","templated":true}]}}