{"id":12140,"date":"2023-11-18T07:55:22","date_gmt":"2023-11-18T06:55:22","guid":{"rendered":"https:\/\/www.kanzlei-steinwachs.de\/creances-issues-de-la-relation-de-travail\/"},"modified":"2023-11-22T10:31:22","modified_gmt":"2023-11-22T09:31:22","slug":"creances-issues-de-la-relation-de-travail","status":"publish","type":"page","link":"https:\/\/www.kanzlei-steinwachs.de\/fr\/creances-issues-de-la-relation-de-travail\/","title":{"rendered":"Cr\u00e9ances issues de la relation de travail"},"content":{"rendered":"<div class=\"wpb-content-wrapper\"><p>[vc_row content_width=\u00a0\u00bbgrid\u00a0\u00bb content_aligment=\u00a0\u00bbcenter\u00a0\u00bb triangle_shape=\u00a0\u00bbno\u00a0\u00bb css=\u00a0\u00bb.vc_custom_1696926719838{padding-bottom: 10px !important;background-position: center !important;background-repeat: no-repeat !important;background-size: cover !important;}\u00a0\u00bb][vc_column]\n<h2 class=\"mkd-custom-font-holder\" style=\"font-size: 20px;line-height: 30px;font-weight: 700\" data-font-size= 20 data-line-height= 30>\n\t1. Verg\u00fctung<\/h2><div class=\"mkd-separator-holder clearfix  mkd-separator-center mkd-separator-with-icon mkd-animate\" style=\"margin-top: 20px; margin-bottom: 30px\">\n\t<div class=\"mkd-separator\" style=\"border-color: #c18f59;border-style: solid;width: 97.5px\"><\/div>\n\t\t<div class=\"mkd-separator-icon\">\n\t\t\t                    \t\t\t\t\t\t<\/div>\n\t<div class=\"mkd-separator\" style=\"border-color: #c18f59;border-style: solid;width: 97.5px\"><\/div>\n<\/div>\n[\/vc_column][\/vc_row][vc_row triangle_shape=\u00a0\u00bbno\u00a0\u00bb css=\u00a0\u00bb.vc_custom_1697624231414{padding-bottom: 50px !important;}\u00a0\u00bb][vc_column]\n<h2 class=\"mkd-custom-font-holder\" style=\"font-size: 20px;line-height: 30px;font-weight: 700;text-transform: Capitalize;text-align: center\" data-font-size= 20 data-line-height= 30>\n\ta) Schwarzgeldabrede<\/h2>[vc_column_text css=\u00a0\u00bb.vc_custom_1700291044255{padding-top: 15px !important;}\u00a0\u00bb]Selon un arr\u00eat du Ve S\u00e9nat du 17 mars 2010 (- 5 AZR 301\/09 -), l&rsquo;accord de versement d&rsquo;une r\u00e9mun\u00e9ration sans tenir compte des imp\u00f4ts et des cotisations sociales (\u00ab noir \u00bb) ne constitue pas en soi un b\u00e9n\u00e9fice net. accord salarial. Avec un accord d&rsquo;argent noir, les parties au contrat de travail visent uniquement \u00e0 \u00e9chapper aux imp\u00f4ts et aux cotisations sociales, mais pas \u00e0 garantir que l&#8217;employeur les paie. \u00c9galement tir\u00e9 de l&rsquo;article 14, al. 2 SGB IV ne suit pas d&rsquo;accord sur le salaire net. Ainsi, pour un salari\u00e9 ill\u00e9galement employ\u00e9, un salaire net est r\u00e9put\u00e9 convenu lors du calcul du montant total des cotisations sociales \u00e0 r\u00e9clamer. Toutefois, cette fiction ne concerne que le droit de la s\u00e9curit\u00e9 sociale et ne s&rsquo;\u00e9tend pas aux relations juridiques de droit civil entre les parties au contrat de travail.<\/p>\n<p>[\/vc_column_text][\/vc_column][\/vc_row][vc_row triangle_shape=\u00a0\u00bbno\u00a0\u00bb css=\u00a0\u00bb.vc_custom_1697624231414{padding-bottom: 50px !important;}\u00a0\u00bb][vc_column]\n<h2 class=\"mkd-custom-font-holder\" style=\"font-size: 20px;line-height: 30px;font-weight: 700;text-transform: Capitalize;text-align: center\" data-font-size= 20 data-line-height= 30>\n\tb) Eingruppierung<\/h2>[vc_column_text css=\u00a0\u00bb.vc_custom_1700291942992{padding-top: 15px !important;}\u00a0\u00bb]Conform\u00e9ment au \u00a7 79 al. 1 La sc\u00e8ne contractuelle normale <em>(sc\u00e8ne NV)<\/em> comprend entre autres la r\u00e9mun\u00e9ration vers\u00e9e aux membres des ch\u0153urs d&rsquo;op\u00e9ra. les courtes performances solos de parole et\/ou de chant sont r\u00e9mun\u00e9r\u00e9es. Pour la reprise de lots plus petits, conform\u00e9ment \u00e0 l&rsquo;article 79 al. 2 lettre a NV stage, en revanche, doit verser une r\u00e9mun\u00e9ration sp\u00e9ciale appropri\u00e9e. Il en va de m\u00eame selon l&rsquo;article 79, paragraphe. 3 NV Sc\u00e8ne pour la participation \u00e0 des concerts, \u00e0 moins qu&rsquo;il ne s&rsquo;agisse de repr\u00e9sentations concert\u00e9es d&rsquo;une \u0153uvre musicale sc\u00e9nique. Selon une d\u00e9cision du Sixi\u00e8me S\u00e9nat du 16 d\u00e9cembre 2010 <em>(- 6 AZR 487\/09 -)<\/em>, une \u00ab part plus petite \u00bb est soumise \u00e0 une r\u00e9mun\u00e9ration sp\u00e9ciale si le membre du ch\u0153ur d&rsquo;op\u00e9ra quitte le collectif de ch\u0153ur d&rsquo;op\u00e9ra en tant que soliste. Cela suppose qu&rsquo;il fournisse un service ind\u00e9pendant de la production sp\u00e9cifique et de son ampleur. Dans ce contexte, les poursuites intent\u00e9es par sept plaignants au total qui ont particip\u00e9 \u00e0 des repr\u00e9sentations de l&rsquo;op\u00e9ra \u00ab Idomeneo \u00bb de Mozart et\/ou \u00e0 un concert de la suite lyrique \u00ab La vie \u00e0 notre \u00e9poque \u00bb d&rsquo;Edmund Nick ont \u200b\u200b\u00e9chou\u00e9. Les plaignants avaient \u2013 \u200b\u200bcomme le pr\u00e9voit l\u2019\u00e9tape 53 NV \u2013 initialement[\/vc_column_text][vc_column_text css=\u00a0\u00bb.vc_custom_1700291950000{padding-top: 15px !important;}\u00a0\u00bb]l&rsquo;\u00e9tape appel\u00e9e arbitrage. Comme devant le Tribunal du travail et le Tribunal du travail de l&rsquo;\u00c9tat, les actions en justice visant \u00e0 annuler la sentence arbitrale du tribunal d&rsquo;arbitrage sup\u00e9rieur n&rsquo;ont pas abouti devant le Tribunal f\u00e9d\u00e9ral du travail. Le tribunal d&rsquo;arbitrage sup\u00e9rieur a consid\u00e9r\u00e9 \u00e0 juste titre les performances chant\u00e9es des plaignants dans l&rsquo;op\u00e9ra \u00ab Idomeneo \u00bb comme de courtes performances solos qui ne n\u00e9cessitaient pas de r\u00e9mun\u00e9ration particuli\u00e8re. Le simple fait que dans toutes les performances chant\u00e9es en litige, les groupes vocaux n&rsquo;aient \u00e9t\u00e9 interpr\u00e9t\u00e9s qu&rsquo;individuellement <em>(\u00ab en solo \u00bb)<\/em> conform\u00e9ment \u00e0 la partition n&rsquo;entra\u00eene pas une obligation de payer une r\u00e9mun\u00e9ration sp\u00e9ciale. En l&rsquo;absence de tout aspect sc\u00e9nique diff\u00e9rent, le tribunal arbitral sup\u00e9rieur n&rsquo;a commis aucune erreur juridique sur la base de la partition, qui incarnait la volont\u00e9 musicale du compositeur, et a jug\u00e9 les performances en solo comme courtes. Cela s&rsquo;appliquait \u00e9galement au Quatuor masculin n\u00b05 de la Suite Lyrique. Puisqu&rsquo;il s&rsquo;agissait \u00e9galement de prestations de chant dans le cadre de l&rsquo;ex\u00e9cution en concert d&rsquo;une \u0153uvre musicale sur sc\u00e8ne, une r\u00e9clamation a \u00e9galement \u00e9t\u00e9 exclue sur la base de l&rsquo;article 79, paragraphe 7. 3 \u00e9tages NV \u00e9teints.[\/vc_column_text][\/vc_column][\/vc_row][vc_row triangle_shape=\u00a0\u00bbno\u00a0\u00bb css=\u00a0\u00bb.vc_custom_1697624231414{padding-bottom: 50px !important;}\u00a0\u00bb][vc_column]\n<h2 class=\"mkd-custom-font-holder\" style=\"font-size: 20px;line-height: 30px;font-weight: 700;text-transform: Capitalize;text-align: center\" data-font-size= 20 data-line-height= 30>\n\tc) Entgeltfortzahlung im Krankheitsfall<\/h2>[vc_column_text css=\u00a0\u00bb.vc_custom_1700291295599{padding-top: 15px !important;}\u00a0\u00bb]Selon l&rsquo;article 4 al. 1 EFZG de continuer \u00e0 lui verser le salaire auquel il a droit en fonction de ses horaires r\u00e9guliers de travail. Le maintien du salaire l\u00e9galement r\u00e9glement\u00e9 comprend \u00e9galement les \u00e9l\u00e9ments de salaire qui ne sont pas fix\u00e9s sous forme de montants mensuels, \u00e0 moins qu&rsquo;ils ne soient couverts par l&rsquo;article 4, paragraphe. 1a EFZG tomb\u00e9. D&rsquo;apr\u00e8s ce qui est indiqu\u00e9 \u00e0 l&rsquo;article 4 al. 1 EFZG, \u00a7 21 phrase 2 TV\u00f6D s&rsquo;\u00e9carte du principe de perte de salaire pour les \u00e9l\u00e9ments de salaire qui ne sont pas fix\u00e9s en montants mensuels. Celles-ci sont vers\u00e9es en moyenne sur la base des trois derniers mois civils complets pr\u00e9c\u00e9dant le d\u00e9but de l&rsquo;incapacit\u00e9 de travail. Si l&rsquo;\u00e9tendue de la dur\u00e9e de travail convenue a \u00e9t\u00e9 modifi\u00e9e moins de trois mois civils complets avant le d\u00e9but de l&rsquo;incapacit\u00e9 de travail, ce d\u00e9lai de calcul est r\u00e9duit \u00e0 deux mois civils complets ou \u00e0 un mois civil complet conform\u00e9ment \u00e0 la d\u00e9claration protocolaire n\u00b0 1 de l&rsquo;article 21 Phrase 2 TV\u00f6D. Dans le cas o\u00f9 il s&rsquo;\u00e9coule moins d&rsquo;un mois civil complet entre un changement d&rsquo;horaire de travail et le d\u00e9but de l&rsquo;incapacit\u00e9 de travail pour cause de maladie, la convention collective ne pr\u00e9voit pas la prise en compte d&rsquo;\u00e9l\u00e9ments de r\u00e9mun\u00e9ration qui ne sont pas fix\u00e9s mensuellement. les montants. Cela signifie que le principe l\u00e9gal du manque \u00e0 gagner demeure. C&rsquo;est ce qu&rsquo;a d\u00e9cid\u00e9 le Ve S\u00e9nat dans son arr\u00eat du 20 janvier 2010 <em>(- 5 AZR 53\/09 &#8211;<\/em>). Si une convention collective doit pr\u00e9voir l&rsquo;un des articles 4 al. 1 EFZG, si une base de calcul diff\u00e9rente pour le maintien des salaires est d\u00e9termin\u00e9e, cela n\u00e9cessite une r\u00e9glementation claire.[\/vc_column_text][\/vc_column][\/vc_row][vc_row triangle_shape=\u00a0\u00bbno\u00a0\u00bb css=\u00a0\u00bb.vc_custom_1697624231414{padding-bottom: 50px !important;}\u00a0\u00bb][vc_column]\n<h2 class=\"mkd-custom-font-holder\" style=\"font-size: 20px;line-height: 30px;font-weight: 700;text-transform: Capitalize;text-align: center\" data-font-size= 20 data-line-height= 30>\n\td) Annahmeverzug<\/h2>[vc_column_text css=\u00a0\u00bb.vc_custom_1700291354872{padding-top: 15px !important;}\u00a0\u00bb]1 EFZG abweichende Bemessungsgrundlage f\u00fcr das fortzuzahlende Arbeitsentgelt festgelegt werden, bedarf dies einer klaren Regelung. Si le travail \u00e0 effectuer par le salari\u00e9 est uniquement d\u00e9crit dans le contrat de travail, il incombe \u00e0 l&#8217;employeur, conform\u00e9ment \u00e0 l&rsquo;article 106, phrase 1 GewO, de d\u00e9terminer plus en d\u00e9tail le contenu du travail \u00e0 effectuer. L&#8217;employeur fait suite \u00e0 une d\u00e9cision du Cinqui\u00e8me S\u00e9nat du 19 mai 2010 <em>(- 5AZR 162\/09 -)<\/em> Il n&rsquo;y a donc pas de d\u00e9faut d&rsquo;acceptation si le salari\u00e9 qui, pour des raisons personnelles, n&rsquo;est plus en mesure d&rsquo;effectuer le travail pr\u00e9c\u00e9demment effectivement confi\u00e9 par l&#8217;employeur, propose un autre travail &#8211; adapt\u00e9 \u00e0 la souffrance &#8211; dans le cadre de son emploi. accord de contrat. Toutefois, dans ce cas, l&#8217;employeur peut, en raison de l&rsquo;obligation de consid\u00e9ration pr\u00e9vue \u00e0 l&rsquo;article 241, al. 2 BGB, son droit de direction contractuel est le suivant[\/vc_column_text][vc_column_text css=\u00a0\u00bb.vc_custom_1700291362896{padding-top: 15px !important;}\u00a0\u00bb]faire de nouveau de l&rsquo;exercice afin que l&#8217;employ\u00e9 soit \u00e0 nouveau en mesure de fournir des services. Si l&#8217;employeur viole coupablement cette obligation, une demande de dommages et int\u00e9r\u00eats est d\u00e9pos\u00e9e conform\u00e9ment \u00e0 l&rsquo;article 280, paragraphe. 1 BGB en raison de la perte de r\u00e9mun\u00e9ration. L&rsquo;obligation de l&#8217;employeur de red\u00e9finir le travail \u00e0 effectuer par le salari\u00e9 pr\u00e9suppose que le salari\u00e9 exige le transfert vers un emploi compatible avec la souffrance et ait inform\u00e9 l&#8217;employeur de la mani\u00e8re dont il envisage son futur emploi afin d&rsquo;\u00e9liminer les obstacles \u00e0 la performance qui ont surgi. En r\u00e8gle g\u00e9n\u00e9rale, l&#8217;employeur doit acc\u00e9der \u00e0 la demande s&rsquo;il lui est raisonnable et l\u00e9galement possible de c\u00e9der la nouvelle activit\u00e9. Le caract\u00e8re raisonnable peut \u00eatre pr\u00e9sum\u00e9 si ni des raisons op\u00e9rationnelles &#8211; qui peuvent \u00e9galement inclure des consid\u00e9rations \u00e9conomiques &#8211; ni des devoirs de consid\u00e9ration envers les autres salari\u00e9s ne s&rsquo;y opposent. S&rsquo;il n&rsquo;existe pas d&#8217;emploi disponible adapt\u00e9 \u00e0 la souffrance, un autre emploi peut \u00e9galement \u00eatre attribu\u00e9 gr\u00e2ce \u00e0 des \u00e9changes avec d&rsquo;autres salari\u00e9s. Cela n\u00e9cessite que l&#8217;employeur puisse attribuer au salari\u00e9 un autre emploi \u00e0 \u00e9changer en utilisant le droit de direction, que la mise en \u0153uvre corresponde \u00e0 sa discr\u00e9tion raisonnable et que le salari\u00e9 ait accept\u00e9 le changement d&#8217;emploi. L\u00e9galement, il est impossible d&rsquo;attribuer un autre emploi si le comit\u00e9 d&rsquo;entreprise a approuv\u00e9 les transferts li\u00e9s \u00e0 un \u00e9change de salari\u00e9s conform\u00e9ment \u00e0 l&rsquo;article 99 alin\u00e9a. 1 BetrVG a refus\u00e9. L&#8217;employeur n&rsquo;est pas tenu d&rsquo;effectuer une proc\u00e9dure de remplacement du consentement conform\u00e9ment \u00e0 l&rsquo;article 99, al. 4 BetrVG doit \u00eatre effectu\u00e9.[\/vc_column_text][\/vc_column][\/vc_row][vc_row triangle_shape=\u00a0\u00bbno\u00a0\u00bb css=\u00a0\u00bb.vc_custom_1697624231414{padding-bottom: 50px !important;}\u00a0\u00bb][vc_column]\n<h2 class=\"mkd-custom-font-holder\" style=\"font-size: 20px;line-height: 30px;font-weight: 700;text-transform: Capitalize;text-align: center\" data-font-size= 20 data-line-height= 30>\n\te) Tariflicher Feiertagszuschlag<\/h2>[vc_column_text css=\u00a0\u00bb.vc_custom_1700291651361{padding-top: 15px !important;}\u00a0\u00bb]Si une convention collective utilise un terme juridique dans un langage statutaire, ce terme doit \u00eatre interpr\u00e9t\u00e9 dans son sens juridique g\u00e9n\u00e9ral, \u00e0 moins que la convention collective n&rsquo;en dispose autrement. Dans ce contexte, le Ve S\u00e9nat, dans un arr\u00eat du 17 mars 2010 <em>(- 5AZR 317\/09 -)<\/em> Une convention collective qui pr\u00e9voit des majorations pour le travail les jours f\u00e9ri\u00e9s est interpr\u00e9t\u00e9e en ce sens que cette majoration pour le travail le dimanche de P\u00e2ques ne doit \u00eatre pay\u00e9e que si ce jour est un jour f\u00e9ri\u00e9 reconnu par l&rsquo;\u00c9tat en vertu de la loi de l&rsquo;\u00c9tat. Le facteur d\u00e9cisif est ici le droit du pays dans lequel se situe le lieu d&rsquo;ex\u00e9cution de la relation de travail. Dans le cas du litige, ces exigences n&rsquo;\u00e9taient pas remplies. Le S\u00e9nat a \u00e9galement rejet\u00e9 une demande de paiement de la surtaxe de vacances fond\u00e9e sur un exercice d&rsquo;entreprise. Si &#8211; comme dans ce cas &#8211; le travailleur suppose, en acceptant un service de l&#8217;employeur, que celui-ci met ainsi en \u0153uvre les dispositions d&rsquo;une convention collective, l&rsquo;octroi du service ne peut pas \u00eatre l\u00e9galement compris comme une offre tacite justifiant un exercice de l&rsquo;entreprise. avec le contenu d&rsquo;un service au-dessus de la convention collective.<\/p>\n<div id=\"gtx-trans\" style=\"position: absolute; left: 280px; top: 38px;\">\n<div class=\"gtx-trans-icon\"><\/div>\n<\/div>\n<p>[\/vc_column_text][\/vc_column][\/vc_row][vc_row triangle_shape=\u00a0\u00bbno\u00a0\u00bb css=\u00a0\u00bb.vc_custom_1697624231414{padding-bottom: 50px !important;}\u00a0\u00bb][vc_column]\n<h2 class=\"mkd-custom-font-holder\" style=\"font-size: 20px;line-height: 30px;font-weight: 700;text-transform: Capitalize;text-align: center\" data-font-size= 20 data-line-height= 30>\n\tf) Stufenzuordnung nach dem TV-L<\/h2>[vc_column_text css=\u00a0\u00bb.vc_custom_1700291683640{padding-top: 15px !important;}\u00a0\u00bb]Selon le r\u00e8glement de la TV-L, le montant de la r\u00e9mun\u00e9ration mensuelle des salari\u00e9s est d\u00e9termin\u00e9, entre autres. apr\u00e8s affectation \u00e0 un niveau de r\u00e9mun\u00e9ration. Selon le \u00a7 16 al. 2 Phrase 1 TV-L, les salari\u00e9s sont affect\u00e9s au niveau 1 lors de leur embauche sauf s&rsquo;ils disposent d&rsquo;une exp\u00e9rience professionnelle pertinente. En tenant compte des p\u00e9riodes d&rsquo;exp\u00e9rience professionnelle pertinente, l&rsquo;article 16 al. 2 Phrases 2 et 3 TV-L entre les salari\u00e9s qui \u00e9tablissent une nouvelle relation de travail avec le m\u00eame employeur apr\u00e8s une interruption qui dure g\u00e9n\u00e9ralement au maximum six mois, et ceux qui d\u00e9m\u00e9nagent d&rsquo;un autre employeur vers le pays. Selon un arr\u00eat du VIe S\u00e9nat du 23 septembre 2010 (<em>&#8211; 6 AZR 180\/09 -)<\/em>, cette diff\u00e9renciation est conforme au principe d&rsquo;\u00e9galit\u00e9 de l&rsquo;article 3, paragraphe. Compatible 1GG. Une violation de cette r\u00e8gle ne se produit que si quelque chose qui est essentiellement identique est trait\u00e9 diff\u00e9remment ou si quelque chose qui est essentiellement diff\u00e9rent est trait\u00e9 de la m\u00eame mani\u00e8re. En principe, il appartient au normalisateur de d\u00e9terminer les caract\u00e9ristiques selon lesquelles les circonstances doivent \u00eatre consid\u00e9r\u00e9es comme suffisamment similaires pour pouvoir les r\u00e9glementer de mani\u00e8re \u00e9gale. En ce qui concerne les dispositions de l&rsquo;article 16 al. Selon le concept poursuivi par les parties \u00e0 la n\u00e9gociation collective, les groupes de personnes couverts par les paragraphes 2 phrases 2 et 3 TV-L ne pr\u00e9sentent pas essentiellement les m\u00eames faits. Avec la phrase 2 de cette disposition, les parties \u00e0 la n\u00e9gociation collective ont voulu prot\u00e9ger les droits de ceux qui avaient auparavant travaill\u00e9 dans la fonction publique pour le m\u00eame employeur. Les salari\u00e9s qui viennent d&rsquo;un autre employeur &#8211; en particulier s&rsquo;il s&rsquo;agit d&rsquo;un employeur de droit priv\u00e9 &#8211; ne b\u00e9n\u00e9ficient pas de tels droits acquis, que les parties \u00e0 la convention collective consid\u00e8rent comme dignes de protection. De plus, les parties \u00e0 la convention collective ont pu supposer, d&rsquo;un point de vue typique, qu&rsquo;il existe des raisons justifiant une prise en compte diff\u00e9rente de l&rsquo;exp\u00e9rience professionnelle acquise. Ils \u00e9taient en droit de supposer que dans la grande majorit\u00e9 des cas, apr\u00e8s avoir \u00e9t\u00e9 r\u00e9embauch\u00e9s par l&rsquo;\u00c9tat, les salari\u00e9s pourront mettre pleinement \u00e0 profit l&rsquo;exp\u00e9rience professionnelle qu&rsquo;ils y ont acquise auparavant plus rapidement que les salari\u00e9s qui ont acquis leur exp\u00e9rience professionnelle dans des domaines souvent compl\u00e8tement diff\u00e9rents. les structures d\u2019autres employeurs l\u2019ont fait.[\/vc_column_text][\/vc_column][\/vc_row][vc_row triangle_shape=\u00a0\u00bbno\u00a0\u00bb css=\u00a0\u00bb.vc_custom_1697624231414{padding-bottom: 50px !important;}\u00a0\u00bb][vc_column]\n<h2 class=\"mkd-custom-font-holder\" style=\"font-size: 20px;line-height: 30px;font-weight: 700;text-transform: Capitalize;text-align: center\" data-font-size= 20 data-line-height= 30>\n\tg) Wechselschichtzulage nach TV\u00f6D<\/h2>[vc_column_text css=\u00a0\u00bb.vc_custom_1700291713559{padding-top: 15px !important;}\u00a0\u00bb]Selon le \u00a7 8 al. 5 Phrase 1 TV\u00f6D, les salari\u00e9s qui travaillent constamment en \u00e9quipes altern\u00e9es re\u00e7oivent une allocation mensuelle. <em>Selon une d\u00e9cision du Xe S\u00e9nat du 24 mars 2010 (- 10 AZR 58\/09 -), le droit au paiement de cette indemnit\u00e9 requiert essentiellement que le salari\u00e9 effectue le travail en \u00e9quipes altern\u00e9es.<\/em>[\/vc_column_text][vc_column_text css=\u00a0\u00bb.vc_custom_1700291724552{padding-top: 15px !important;}\u00a0\u00bb]Selon une d\u00e9cision du Xe S\u00e9nat du 24 mars 2010 (- 10 AZR 58\/09 -), le droit au paiement de cette indemnit\u00e9 requiert essentiellement que le salari\u00e9 effectue le travail en \u00e9quipes altern\u00e9es. Cependant, cela \u00e9quivaut \u00e0 l&rsquo;ex\u00e9cution effective du travail si l&rsquo;ex\u00e9cution d&rsquo;un certain type d&rsquo;\u00e9quipe ou d&rsquo;\u00e9quipes de nuit exig\u00e9es par la convention collective n&rsquo;est pas effectu\u00e9e simplement parce que l&#8217;employ\u00e9 est conforme \u00e0 l&rsquo;article 21, phrase 1 TV\u00f6D en raison de la maladie, les vacances, les cong\u00e9s suppl\u00e9mentaires, les arr\u00eats de travail ou les lib\u00e9rations les 24 et 31 d\u00e9cembre sont exempt\u00e9s d&rsquo;effectuer un travail avec maintien du salaire. Dans ces cas, il suffit que l&#8217;employ\u00e9 ait effectu\u00e9 les quarts de travail requis sans l&rsquo;exemption de travail. Il appara\u00eet clairement que les parties \u00e0 la convention collective s&rsquo;appuient sur le principe de perte de salaire de l&rsquo;article 4, paragraphe 1, en ce qui concerne l&rsquo;indemnit\u00e9 pour le travail post\u00e9 permanent en alternance. 1 EFZG et la r\u00e9glementation de l&rsquo;article 1 BUrlG au d\u00e9triment des salari\u00e9s ne figurent pas dans les normes de n\u00e9gociation collective.[\/vc_column_text][\/vc_column][\/vc_row][vc_row triangle_shape=\u00a0\u00bbno\u00a0\u00bb css=\u00a0\u00bb.vc_custom_1697624231414{padding-bottom: 50px !important;}\u00a0\u00bb][vc_column]\n<h2 class=\"mkd-custom-font-holder\" style=\"font-size: 20px;line-height: 30px;font-weight: 700;text-transform: Capitalize;text-align: center\" data-font-size= 20 data-line-height= 30>\n\th) Besitzstandszulage f\u00fcr kinderbezogenen Ortszuschlag<\/h2>[vc_column_text css=\u00a0\u00bb.vc_custom_1700291804088{padding-top: 15px !important;}\u00a0\u00bb]Conform\u00e9ment <em>\u00e0<\/em> l&rsquo;article 34 al. 1 La phrase 1 BAT-O doit \u00eatre raccourcie au prorata. Le r\u00e8glement a lieu conform\u00e9ment \u00e0 l&rsquo;article 29, section B, paragraphe. 6 Phrase 3 BAT-O sans application. Apr\u00e8s le transfert vers le TV\u00f6D, le conjoint salari\u00e9 \u00e0 temps plein aurait droit \u00e0 une allocation de libre passage conform\u00e9ment \u00e0 l&rsquo;article 11 des conventions collectives de transfert et donc \u00e0 une prestation correspondant \u00e0 l&rsquo;allocation locale li\u00e9e aux enfants. Le droit du conjoint ne d\u00e9pend pas de la perception effective des allocations familiales, mais plut\u00f4t de la question de savoir s&rsquo;il aurait eu droit \u00e0 l&rsquo;allocation patrimoniale s&rsquo;il avait \u00e9t\u00e9 d\u00e9sign\u00e9 comme b\u00e9n\u00e9ficiaire des allocations familiales. Avec jugement du 25 f\u00e9vrier 2010 <em>(- 6AZR 809\/08 -) <\/em>le VIe S\u00e9nat a confirm\u00e9 sa jurisprudence ant\u00e9rieure sur l&rsquo;allocation fonci\u00e8re <em>(vgl. BAG 13 ao\u00fbt 2009 \u2013 6 AZR 319\/08 -).<\/em> Apr\u00e8s que le salari\u00e9 \u00e0 temps partiel ait \u00e9t\u00e9 transf\u00e9r\u00e9 de BAT-O \u00e0 TV-L, il avait donc droit \u00e0 une indemnit\u00e9 d&rsquo;acquisition correspondante conform\u00e9ment \u00e0 l&rsquo;article 11, alin\u00e9a. 1 de la convention collective sur le transfert des salari\u00e9s des L\u00e4nder vers la TV-L et sur la r\u00e9glementation du droit transitoire <em>(L\u00e4nder TV\u00dc).<\/em>[\/vc_column_text][\/vc_column][\/vc_row][vc_row triangle_shape=\u00a0\u00bbno\u00a0\u00bb css=\u00a0\u00bb.vc_custom_1697624231414{padding-bottom: 50px !important;}\u00a0\u00bb][vc_column]\n<h2 class=\"mkd-custom-font-holder\" style=\"font-size: 20px;line-height: 30px;font-weight: 700;text-transform: Capitalize;text-align: center\" data-font-size= 20 data-line-height= 30>\n\ti) Strukturausgleich nach dem TV\u00dc-Bund<\/h2>[vc_column_text css=\u00a0\u00bb.vc_custom_1700291839256{padding-top: 15px !important;}\u00a0\u00bb]\u00a7 12 Abs. 1 Phrase 1 TV\u00dc-Bund pr\u00e9voit le paiement d&rsquo;une indemnit\u00e9 dite structurelle pour les employ\u00e9s f\u00e9d\u00e9raux transf\u00e9r\u00e9s au TV\u00f6D, \u00e0 condition que les conditions requises selon le tableau des indemnit\u00e9s structurelles <em>(annexe 3 du TV\u00dc-Bund)<\/em> soient remplies. Le Sixi\u00e8me S\u00e9nat a d\u00fb se prononcer dans une d\u00e9cision le 22 avril 2010[\/vc_column_text][vc_column_text css=\u00a0\u00bb.vc_custom_1700291852304{padding-top: 15px !important;}\u00a0\u00bb]<em>(- 6 AZR 962\/08 -)<\/em> traite de la question de savoir si les informations contenues dans ce tableau<em> <\/em>La caract\u00e9ristique \u00ab Promotion \u2013 sans \u00bb doit \u00eatre comprise comme signifiant que le groupe de r\u00e9mun\u00e9ration pertinent pour le transfert n&rsquo;a pas \u00e9t\u00e9 atteint gr\u00e2ce \u00e0 une promotion pr\u00e9c\u00e9dente, ou qu&rsquo;elle exige simplement qu&rsquo;aucune autre promotion n&rsquo;\u00e9tait possible \u00e0 partir du groupe de r\u00e9mun\u00e9ration pertinent \u00e0 la date du transfert. \u00c9tant donn\u00e9 que le libell\u00e9, le contexte g\u00e9n\u00e9ral de la convention collective, le sens et l&rsquo;objectif du r\u00e8glement ainsi que la faisabilit\u00e9 des deux interpr\u00e9tations possibles ne conduisent pas \u00e0 une interpr\u00e9tation claire, il est n\u00e9cessaire de remonter \u00e0 l&rsquo;histoire de l&rsquo;\u00e9mergence de la compensation structurelle. au sein du TV\u00dc-Bund et la volont\u00e9 des parties aux n\u00e9gociations collectives qui y sont exprim\u00e9es. Le S\u00e9nat a donc renvoy\u00e9 le litige devant le tribunal inf\u00e9rieur pour obtenir des \u00e9claircissements suppl\u00e9mentaires. Si les parties \u00e0 la convention collective ne s&rsquo;entendent pas sur la volont\u00e9 de r\u00e9glementer, l&rsquo;\u00e9l\u00e9ment controvers\u00e9 devrait \u00eatre interpr\u00e9t\u00e9 de telle mani\u00e8re qu&rsquo;il suffit qu&rsquo;aucune autre promotion ne soit possible \u00e0 la date limite du 1er octobre 2005. Dans ce cas, l\u2019aspect de clart\u00e9 de la norme exige que la pr\u00e9f\u00e9rence soit donn\u00e9e \u00e0 l\u2019interpr\u00e9tation qui semble la plus \u00e9vidente lors d\u2019une lecture impartiale du r\u00e8glement et qui est donc g\u00e9n\u00e9ralement per\u00e7ue comme faisant autorit\u00e9 par les destinataires de la norme.[\/vc_column_text][\/vc_column][\/vc_row][vc_row triangle_shape=\u00a0\u00bbno\u00a0\u00bb css=\u00a0\u00bb.vc_custom_1697624231414{padding-bottom: 50px !important;}\u00a0\u00bb][vc_column]\n<h2 class=\"mkd-custom-font-holder\" style=\"font-size: 20px;line-height: 30px;font-weight: 700;text-transform: Capitalize;text-align: center\" data-font-size= 20 data-line-height= 30>\n\tj) Undifferenziertes Leistungsentgelt<\/h2>[vc_column_text css=\u00a0\u00bb.vc_custom_1700291885256{padding-top: 15px !important;}\u00a0\u00bb]\u00a7 18 Abs. 2 TV\u00f6D <em>(VKA)<\/em> pr\u00e9voit l&rsquo;introduction d&rsquo;une commission de performance au 1er janvier 2007. Si aucune r\u00e9glementation d&rsquo;entreprise n&rsquo;a \u00e9t\u00e9 adopt\u00e9e \u00e0 ce sujet au 31 juillet 2007, les salari\u00e9s doivent, conform\u00e9ment \u00e0 la phrase 6 du protocole de d\u00e9claration relatif \u00e0 l&rsquo;article 18, alin\u00e9a. 4 TV\u00f6D <em>(VKA)<\/em> avec la commission de table du mois de d\u00e9cembre 2007, droit \u00e0 une commission de performance indiff\u00e9renci\u00e9e pour l&rsquo;ann\u00e9e 2007 d&rsquo;un montant de 12% de la commission de table due pour le mois de septembre 2007. Selon un arr\u00eat du VIe S\u00e9nat du 23 septembre 2010 <em>(- 6 AZR 338\/09 -)<\/em>, la cr\u00e9ance ne d\u00e9pend ni du paiement du salaire ni de l&rsquo;existence d&rsquo;une demande d&rsquo;indemnisation pour le mois de septembre 2007. Le sens et l&rsquo;objet du r\u00e8glement signifient que la r\u00e9mun\u00e9ration indiff\u00e9renci\u00e9e en fonction des performances n&rsquo;est pas un paiement unique assorti d&rsquo;un d\u00e9lai de prescription. Le paiement constitue un substitut au paiement conform\u00e9ment \u00e0 l&rsquo;article 18, al. 2 TV\u00f6D repr\u00e9sente la commission de performance diff\u00e9renci\u00e9e qui sera introduite pour toute l&rsquo;ann\u00e9e 2007. Les fonds n\u00e9cessaires ont \u00e9t\u00e9 g\u00e9n\u00e9r\u00e9s en 2006. Une r\u00e9glementation sur la date limite n&rsquo;aurait aucun lien avec cet objectif, de sorte qu&rsquo;avec une telle compr\u00e9hension de la norme, le principe g\u00e9n\u00e9ral d&rsquo;\u00e9galit\u00e9 \u00e9nonc\u00e9 \u00e0 l&rsquo;article 3 par. 1 GG serait viol\u00e9. En faisant r\u00e9f\u00e9rence au tableau des r\u00e9mun\u00e9rations \u00ab dues \u00bb en septembre 2007, la convention collective n&rsquo;\u00e9tablit qu&rsquo;une assiette de cotisation.[\/vc_column_text][\/vc_column][\/vc_row][vc_row triangle_shape=\u00a0\u00bbno\u00a0\u00bb css=\u00a0\u00bb.vc_custom_1697624231414{padding-bottom: 50px !important;}\u00a0\u00bb][vc_column]\n<h2 class=\"mkd-custom-font-holder\" style=\"font-size: 20px;line-height: 30px;font-weight: 700;text-transform: Capitalize;text-align: center\" data-font-size= 20 data-line-height= 30>\n\tk) ERA-Leistungszulage<\/h2>[vc_column_text css=\u00a0\u00bb.vc_custom_1700291911600{padding-top: 15px !important;}\u00a0\u00bb]Selon l&rsquo;article 10 n\u00b0 1 de l&rsquo;accord-cadre salarial de l&rsquo;industrie m\u00e9tallurgique et \u00e9lectrique de Rh\u00e9nanie du Nord-Westphalie <em>(ERA)<\/em>, les salari\u00e9s int\u00e9rimaires re\u00e7oivent, en plus du salaire mensuel de base r\u00e9sultant de l&rsquo;accord salarial, une prime de performance, qui est bas\u00e9 sur une \u00e9valuation annuelle. L&#8217;employeur peut, conform\u00e9ment \u00e0 l&rsquo;article 10 al. 6 LRP corrige le total op\u00e9rationnel de toutes les primes de performance \u00e0 11% si les \u00e9valuations annuelles des performances conduisent \u00e0 un d\u00e9passement de cette valeur. Toutefois, pour les salari\u00e9s dont les scores sont rest\u00e9s identiques ou ont augment\u00e9 apr\u00e8s la r\u00e9\u00e9valuation, cela ne peut pas conduire \u00e0 une r\u00e9duction du montant en euros de leur prime de performance. Selon une d\u00e9cision du Cinqui\u00e8me S\u00e9nat du 10 novembre 2010 <em>(- 5 AZR 603\/09 -)<\/em>, la clause de sauvegarde de la n\u00e9gociation collective s&rsquo;applique d\u00e9j\u00e0 lors de la premi\u00e8re \u00e9valuation apr\u00e8s l&rsquo;introduction de l&rsquo;accord-cadre salarial. La clause n\u2019exige pas que l\u2019\u00e9valuation \u2013 pr\u00e9c\u00e9dente \u2013 des performances ait \u00e9t\u00e9 r\u00e9alis\u00e9e conform\u00e9ment aux crit\u00e8res de l\u2019ERA. Une telle restriction peut correspondre au libell\u00e9 de l\u2019article 10 al. 6 ERA ne peut pas \u00eatre pris. La diff\u00e9rence dans les crit\u00e8res d\u2019\u00e9valuation avant et apr\u00e8s l\u2019introduction de l\u2019EER ne s\u2019y oppose pas. L&rsquo;objectif de la clause de s\u00e9curit\u00e9 est de prot\u00e9ger les salari\u00e9s contre une r\u00e9duction de salaire si le nombre de points de performance reste le m\u00eame ou augmente. La convention collective ne contient aucune distinction quant \u00e0 la mani\u00e8re dont ces points sont survenus.[\/vc_column_text][\/vc_column][\/vc_row][vc_row triangle_shape=\u00a0\u00bbno\u00a0\u00bb css=\u00a0\u00bb.vc_custom_1697624231414{padding-bottom: 50px !important;}\u00a0\u00bb][vc_column]\n<h2 class=\"mkd-custom-font-holder\" style=\"font-size: 20px;line-height: 30px;font-weight: 700;text-transform: Capitalize;text-align: center\" data-font-size= 20 data-line-height= 30>\n\tl) Sonderverg\u00fctung f\u00fcr Chormitglieder<\/h2>[vc_column_text css=\u00a0\u00bb.vc_custom_1700292085760{padding-top: 15px !important;}\u00a0\u00bb]Conform\u00e9ment au \u00a7 79 al. 1 La sc\u00e8ne contractuelle normale <em>(sc\u00e8ne NV)<\/em> comprend entre autres la r\u00e9mun\u00e9ration vers\u00e9e aux membres des ch\u0153urs d&rsquo;op\u00e9ra. les courtes performances solos de parole et\/ou de chant sont r\u00e9mun\u00e9r\u00e9es. Pour la reprise de lots plus petits, conform\u00e9ment \u00e0 l&rsquo;article 79 al. 2 lettre a NV stage, en revanche, doit verser une r\u00e9mun\u00e9ration sp\u00e9ciale appropri\u00e9e. Il en va de m\u00eame selon l&rsquo;article 79, paragraphe. 3 NV Sc\u00e8ne pour la participation \u00e0 des concerts, \u00e0 moins qu&rsquo;il ne s&rsquo;agisse de repr\u00e9sentations concert\u00e9es d&rsquo;une \u0153uvre musicale sc\u00e9nique. Selon une d\u00e9cision du Sixi\u00e8me S\u00e9nat du 16 d\u00e9cembre 2010 <em>(- 6 AZR 487\/09 -)<\/em>, une \u00ab part plus petite \u00bb est soumise \u00e0 une r\u00e9mun\u00e9ration sp\u00e9ciale si le membre du ch\u0153ur d&rsquo;op\u00e9ra quitte le collectif de ch\u0153ur d&rsquo;op\u00e9ra en tant que soliste. Cela suppose qu&rsquo;il fournisse un service ind\u00e9pendant de la production sp\u00e9cifique et de son ampleur. Dans ce contexte, les poursuites intent\u00e9es par sept plaignants au total qui ont particip\u00e9 \u00e0 des repr\u00e9sentations de l&rsquo;op\u00e9ra \u00ab Idomeneo \u00bb de Mozart et\/ou \u00e0 un concert de la suite lyrique \u00ab La vie \u00e0 notre \u00e9poque \u00bb d&rsquo;Edmund Nick ont \u200b\u200b\u00e9chou\u00e9. Les plaignants avaient \u2013 \u200b\u200bcomme le pr\u00e9voit l\u2019\u00e9tape 53 NV \u2013 initialement[\/vc_column_text][vc_column_text css=\u00a0\u00bb.vc_custom_1700292093385{padding-top: 15px !important;}\u00a0\u00bb]l&rsquo;\u00e9tape appel\u00e9e arbitrage. Comme devant le Tribunal du travail et le Tribunal du travail de l&rsquo;\u00c9tat, les actions en justice visant \u00e0 annuler la sentence arbitrale du tribunal d&rsquo;arbitrage sup\u00e9rieur n&rsquo;ont pas abouti devant le Tribunal f\u00e9d\u00e9ral du travail. Le tribunal d&rsquo;arbitrage sup\u00e9rieur a consid\u00e9r\u00e9 \u00e0 juste titre les performances chant\u00e9es des plaignants dans l&rsquo;op\u00e9ra \u00ab Idomeneo \u00bb comme de courtes performances solos qui ne n\u00e9cessitaient pas de r\u00e9mun\u00e9ration particuli\u00e8re. Le simple fait que dans toutes les performances chant\u00e9es en litige, les groupes vocaux n&rsquo;aient \u00e9t\u00e9 interpr\u00e9t\u00e9s qu&rsquo;individuellement <em>(\u00ab en solo \u00bb)<\/em> conform\u00e9ment \u00e0 la partition n&rsquo;entra\u00eene pas une obligation de payer une r\u00e9mun\u00e9ration sp\u00e9ciale. En l&rsquo;absence de tout aspect sc\u00e9nique diff\u00e9rent, le tribunal arbitral sup\u00e9rieur n&rsquo;a commis aucune erreur juridique sur la base de la partition, qui incarnait la volont\u00e9 musicale du compositeur, et a jug\u00e9 les performances en solo comme courtes. Cela s&rsquo;appliquait \u00e9galement au Quatuor masculin n\u00b05 de la Suite Lyrique. Puisqu&rsquo;il s&rsquo;agissait \u00e9galement de prestations de chant dans le cadre de l&rsquo;ex\u00e9cution en concert d&rsquo;une \u0153uvre musicale sur sc\u00e8ne, une r\u00e9clamation a \u00e9galement \u00e9t\u00e9 exclue sur la base de l&rsquo;article 79, paragraphe 7. 3 \u00e9tages NV \u00e9teints.[\/vc_column_text][\/vc_column][\/vc_row][vc_row content_width=\u00a0\u00bbgrid\u00a0\u00bb content_aligment=\u00a0\u00bbcenter\u00a0\u00bb triangle_shape=\u00a0\u00bbno\u00a0\u00bb css=\u00a0\u00bb.vc_custom_1696926719838{padding-bottom: 10px !important;background-position: center !important;background-repeat: no-repeat !important;background-size: cover !important;}\u00a0\u00bb][vc_column]\n<h2 class=\"mkd-custom-font-holder\" style=\"font-size: 20px;line-height: 30px;font-weight: 700\" data-font-size= 20 data-line-height= 30>\n\t2. Urlaub<\/h2><div class=\"mkd-separator-holder clearfix  mkd-separator-center mkd-separator-with-icon mkd-animate\" style=\"margin-top: 20px; margin-bottom: 30px\">\n\t<div class=\"mkd-separator\" style=\"border-color: #c18f59;border-style: solid;width: 97.5px\"><\/div>\n\t\t<div class=\"mkd-separator-icon\">\n\t\t\t                    \t\t\t\t\t\t<\/div>\n\t<div class=\"mkd-separator\" style=\"border-color: #c18f59;border-style: solid;width: 97.5px\"><\/div>\n<\/div>\n[\/vc_column][\/vc_row][vc_row triangle_shape=\u00a0\u00bbno\u00a0\u00bb css=\u00a0\u00bb.vc_custom_1697624231414{padding-bottom: 50px !important;}\u00a0\u00bb][vc_column][vc_column_text css=\u00a0\u00bb.vc_custom_1700292400004{padding-top: 15px !important;}\u00a0\u00bb]Les articles 5 et 6 du r\u00e8glement g\u00e9n\u00e9ral sur les cong\u00e9s pour les employ\u00e9s commerciaux du secteur de la construction en Bavi\u00e8re (<em>dans sa version modifi\u00e9e du 19 mai 2006<\/em>) pr\u00e9voient que les indemnit\u00e9s de vacances en cas de perte de travail due \u00e0 un ch\u00f4mage partiel saisonnier au cours de la p\u00e9riode allant de d\u00e9cembre \u00e0 Mars et pertes de travail temporaires r\u00e9duites gr\u00e2ce au ch\u00f4mage partiel. De plus, la convention collective fixe un taux forfaitaire d&rsquo;indemnit\u00e9 de vacances \u00e0 11,4 % du salaire brut auquel le salari\u00e9 a droit avant le d\u00e9but des vacances de l&rsquo;ann\u00e9e de vacances.[\/vc_column_text][vc_column_text css=\u00a0\u00bb.vc_custom_1700292405880{padding-top: 15px !important;}\u00a0\u00bb]chapeau. Cela signifie que la convention collective pour le calcul de l&rsquo;indemnit\u00e9 de vacances s&rsquo;\u00e9carte de l&rsquo;article 11 al. 1 phrase 3 BUrlG et de cela au \u00a7 11 par. 1 phrase 1 P\u00e9riode de r\u00e9f\u00e9rence BUrlG de trois \u00e0 dix semaines. Selon une d\u00e9cision du neuvi\u00e8me S\u00e9nat du 17 novembre 2009 <em>(- 9 AZR 844\/08 -)<\/em>, ces \u00e9carts sont dus \u00e0 la clause d&rsquo;ouverture de l&rsquo;article 13, paragraphe. 1 phrase 1 BUrlG couverte. Le S\u00e9nat a pu laisser la question de savoir si le montant forfaitaire de la taxe \u00e9tait \u00e9galement couvert par cette mesure. Quoi qu&rsquo;il en soit, dans le cas de l&rsquo;indemnit\u00e9 de ch\u00f4mage partiel saisonnier, cet \u00e9cart est influenc\u00e9, entre autres, par la clause d&rsquo;ouverture particuli\u00e8re. pour le secteur de la construction \u00e0 l&rsquo;article 13, al. 2 Phrase 1 BUrlG enregistr\u00e9e. Une demande de d\u00e9cision pr\u00e9judicielle au titre de l\u2019article 267 TFUE n\u2019\u00e9tait pas n\u00e9cessaire. Le S\u00e9nat n&rsquo;a pas non plus eu \u00e0 d\u00e9cider si les clauses d&rsquo;ouverture du BUrlG et le r\u00e8glement des n\u00e9gociations collectives r\u00e9pondaient \u00e0 l&rsquo;objectif de l&rsquo;article 7 par. 1 de la directive 2003\/88\/CE <em>(directive sur le temps de travail)<\/em>. Cela oblige les \u00c9tats membres \u00e0 prendre les mesures n\u00e9cessaires pour garantir que chaque travailleur b\u00e9n\u00e9ficie d&rsquo;un minimum de quatre semaines de cong\u00e9 annuel pay\u00e9. L&rsquo;interpr\u00e9tation de l&rsquo;article 7 de la directive sur le temps de travail n&rsquo;\u00e9tait pas pertinente pour le litige.[\/vc_column_text][vc_column_text css=\u00a0\u00bb.vc_custom_1700292413200{padding-top: 15px !important;}\u00a0\u00bb]liche. M\u00eame si l&rsquo;on supposait que la directive sur le temps de travail vise \u00e0 garantir le droit au maintien du salaire normal sans r\u00e9duction <em>(par exemple par des p\u00e9riodes de ch\u00f4mage partiel)<\/em> pendant les vacances annuelles minimales, les clauses d&rsquo;ouverture l\u00e9gales et les r\u00e8gles de n\u00e9gociation collective devraient ne restent pas inappliqu\u00e9s. L&rsquo;article 7 de la directive sur le temps de travail ne s&rsquo;applique pas directement aux transactions juridiques priv\u00e9es. Une interpr\u00e9tation des r\u00e8glements conform\u00e9ment aux directives ou une \u00e9volution ult\u00e9rieure de la loi n&rsquo;est pas non plus possible. Cela serait en contradiction avec le libell\u00e9, le syst\u00e8me, l\u2019objectif et l\u2019historique juridique de la r\u00e9glementation nationale.[\/vc_column_text][vc_column_text css=\u00a0\u00bb.vc_custom_1700292422873{padding-top: 15px !important;}\u00a0\u00bb]Selon une d\u00e9cision du Neuvi\u00e8me S\u00e9nat du 23 mars 2010 <em>(- 9 AZR 128\/09 -)<\/em>, les parties \u00e0 la n\u00e9gociation collective peuvent r\u00e9clamer des vacances et des indemnit\u00e9s de vacances qui correspondent aux dispositions de l&rsquo;article 7 al. 1 de la directive sur le temps de travail et les \u00a7\u00a7 1, 3 al. 1 BUrlG, la dur\u00e9e minimale du droit aux cong\u00e9s d\u00e9passant quatre semaines peut \u00eatre librement r\u00e9glement\u00e9e. Votre pouvoir de r\u00e9glementation n&rsquo;est pas limit\u00e9 par la formation requise pour les droits aux cong\u00e9s l\u00e9gaux conform\u00e9ment aux directives de l&rsquo;article 7, alin\u00e9a. 3 et 4 BURlG <em>(voir. SAC 24 mars<\/em> <em>2009 \u2013 9 AZR 983\/07 -) limit\u00e9.<\/em> Selon le droit directif clair et la jurisprudence constante de la Cour de justice de l&rsquo;Union europ\u00e9enne, aucune loi de l&rsquo;UE n&#8217;emp\u00eache une suppression collectivement convenue du droit aux jours f\u00e9ri\u00e9s et de son indemnisation. Le S\u00e9nat a ainsi transf\u00e9r\u00e9 sa jurisprudence ant\u00e9rieure sur les droits contractuels supra-l\u00e9gaux en mati\u00e8re de cong\u00e9s et d&rsquo;indemnit\u00e9s de vacances aux droits correspondants convenus collectivement. <em>(voir. SAC 24 mars 2009 \u2013<\/em> <em>9AZR 983\/07 -). <\/em>Dans le m\u00eame temps, le S\u00e9nat a continu\u00e9 \u00e0 s&rsquo;en tenir \u00e0 sa r\u00e8gle d&rsquo;interpr\u00e9tation selon laquelle il doit y avoir des preuves claires de l&rsquo;intention des parties \u00e0 la convention (collective) de r\u00e9glementer, ce qui distingue les droits aux vacances l\u00e9gaux et supral\u00e9gaux. Celles-ci se produisent g\u00e9n\u00e9ralement lorsque les parties contractuelles (collectives) s&rsquo;\u00e9cartent largement du r\u00e9gime des cong\u00e9s l\u00e9gaux par le biais de r\u00e9glementations ind\u00e9pendantes. En cas de litige, le S\u00e9nat a approuv\u00e9 ces exigences. Il a \u00e9galement d\u00e9cid\u00e9 que le droit au cong\u00e9 suppl\u00e9mentaire en vertu de la loi sur les handicaps graves d\u00e9coulait de l&rsquo;article 125 al. 1 phrase 1 SGB IX d\u00e9termin\u00e9 selon les r\u00e8gles des vacances minimales l\u00e9gales. En cons\u00e9quence, le cong\u00e9 suppl\u00e9mentaire doit \u00eatre compens\u00e9 apr\u00e8s la fin de la relation de travail, m\u00eame s&rsquo;il n&rsquo;a pas pu \u00eatre accord\u00e9 parce que le salari\u00e9 a d\u00e9pass\u00e9 la p\u00e9riode de transfert pr\u00e9vue \u00e0 l&rsquo;article 7, al. 3 Phrase 3 BUrlG \u00e9tait malade et incapable de travailler. Le principe de la protection de la confiance l\u00e9gitime ne s&rsquo;oppose pas \u00e0 cela. La jurisprudence de longue date du Tribunal f\u00e9d\u00e9ral du travail, qui repose depuis 1982 sur la perte des droits aux vacances (indemnit\u00e9s) en cas d&rsquo;incapacit\u00e9 de travail persistante jusqu&rsquo;\u00e0 la fin de la p\u00e9riode de transfert, \u00e9tait appropri\u00e9e pour justifier la confiance de l&#8217;employeur dans le maintien de l&rsquo;existence du droit du travail. c&rsquo;est l\u00e9gal[\/vc_column_text][vc_column_text css=\u00a0\u00bb.vc_custom_1700292434752{padding-top: 15px !important;}\u00a0\u00bb]pour justifier son discours. Cependant, cette confiance n&rsquo;\u00e9tait plus digne d&rsquo;\u00eatre prot\u00e9g\u00e9e depuis que le d\u00e9lai de mise en \u0153uvre de la premi\u00e8re directive sur le temps de travail 93\/104\/CE a expir\u00e9 le 23 novembre 1996.[\/vc_column_text][vc_column_text css=\u00a0\u00bb.vc_custom_1700292445272{padding-top: 15px !important;}\u00a0\u00bb]Selon l&rsquo;article 13, paragraphe, le travailleur int\u00e9rimaire a 3 Phrases 1 et 2 de l&rsquo;Association f\u00e9d\u00e9rale des services du personnel pour le travail temporaire. V. convention collective g\u00e9n\u00e9rale conclue <em>(MTV BZA)<\/em> a droit au salaire convenu collectivement ainsi qu&rsquo;aux majorations convenues collectivement pour les dimanches, les jours f\u00e9ri\u00e9s et le travail de nuit pendant les vacances. Selon un arr\u00eat du neuvi\u00e8me S\u00e9nat du 21 septembre 2010 <em>(- 9 AZR 510\/09 -)<\/em>, cette disposition ne contient aucun \u00e9l\u00e9ment de l&rsquo;article 11 al. 1 phrase 1 BUrlG r\u00e9glementation divergente. En cas de litige, les parties au contrat de travail avaient convenu, en plus du salaire convenu collectivement, d&rsquo;une indemnit\u00e9 pour le travail avec le client et d&rsquo;un forfait pour le travail post\u00e9 de nuit. Les deux \u00e9l\u00e9ments de r\u00e9mun\u00e9ration sont conformes \u00e0 l&rsquo;article 11, al. 1 Phrase 1 BUrlG doit \u00eatre utilis\u00e9e comme base pour le calcul des p\u00e9cules de vacances et des indemnit\u00e9s de vacances. Le libell\u00e9 de l&rsquo;article 13 al. 3 MTV BZA ne \u200b\u200bcontient aucune indication selon laquelle des \u00e9l\u00e9ments de r\u00e9mun\u00e9ration sup\u00e9rieurs \u00e0 la convention collective ne doivent pas \u00eatre pay\u00e9s pendant les vacances. Pour les cong\u00e9s minimum l\u00e9gaux, les parties \u00e0 la convention collective ne seraient pas autoris\u00e9es \u00e0 exclure du calcul, afin de r\u00e9duire le salaire, les \u00e9l\u00e9ments de salaire qui auraient \u00e9t\u00e9 encourus sans l&rsquo;exon\u00e9ration li\u00e9e aux vacances <em>(obligation d&rsquo;assurer le salaire habituel )<\/em>.13 par. 1 BUrlG a voulu \u00e9laborer des r\u00e9glementations qui ne seraient pas accept\u00e9es en cas de violation. En raison du manque d&rsquo;informations sur le montant moyen de l&rsquo;indemnit\u00e9 de travail de nuit par \u00e9quipes gagn\u00e9e au cours des p\u00e9riodes de r\u00e9f\u00e9rence respectives avant le d\u00e9but des vacances, le S\u00e9nat a renvoy\u00e9 le litige.[\/vc_column_text][\/vc_column][\/vc_row][vc_row content_width=\u00a0\u00bbgrid\u00a0\u00bb content_aligment=\u00a0\u00bbcenter\u00a0\u00bb triangle_shape=\u00a0\u00bbno\u00a0\u00bb css=\u00a0\u00bb.vc_custom_1696926719838{padding-bottom: 10px !important;background-position: center !important;background-repeat: no-repeat !important;background-size: cover !important;}\u00a0\u00bb][vc_column]\n<h2 class=\"mkd-custom-font-holder\" style=\"font-size: 20px;line-height: 30px;font-weight: 700\" data-font-size= 20 data-line-height= 30>\n\t3. Freizeitausgleich<\/h2><div class=\"mkd-separator-holder clearfix  mkd-separator-center mkd-separator-with-icon mkd-animate\" style=\"margin-top: 20px; margin-bottom: 30px\">\n\t<div class=\"mkd-separator\" style=\"border-color: #c18f59;border-style: solid;width: 97.5px\"><\/div>\n\t\t<div class=\"mkd-separator-icon\">\n\t\t\t                    \t\t\t\t\t\t<\/div>\n\t<div class=\"mkd-separator\" style=\"border-color: #c18f59;border-style: solid;width: 97.5px\"><\/div>\n<\/div>\n[\/vc_column][\/vc_row][vc_row triangle_shape=\u00a0\u00bbno\u00a0\u00bb css=\u00a0\u00bb.vc_custom_1697624231414{padding-bottom: 50px !important;}\u00a0\u00bb][vc_column][vc_column_text css=\u00a0\u00bb.vc_custom_1700292513704{padding-top: 15px !important;}\u00a0\u00bb]Selon l&rsquo;article 12 al. 4 de la convention collective des m\u00e9decins des h\u00f4pitaux communaux du domaine de l&rsquo;association des associations patronales communales <em>(TV M\u00e9decins\/VKA) <\/em>dans la version valable jusqu&rsquo;au 30 avril 2010<em> (depuis \u00a7 12 al. 5 TV-\u00c4rzt\/VKA) <\/em>L&#8217;employeur a le droit de choisir de r\u00e9mun\u00e9rer les heures de travail calcul\u00e9es pour les prestations de garde ou de les compenser par du temps libre. Le cong\u00e9 de compensation est accord\u00e9 lorsque l&#8217;employeur lib\u00e8re le m\u00e9decin de son obligation de travail et r\u00e9duit ainsi les horaires de travail pr\u00e9vus pour le m\u00e9decin. Si le m\u00e9decin est oblig\u00e9 d&rsquo;effectuer un travail apr\u00e8s avoir effectu\u00e9 une prestation de garde en raison des accords contractuels, il peut en fait \u00eatre factur\u00e9 en raison du respect des[\/vc_column_text][vc_column_text css=\u00a0\u00bb.vc_custom_1700292522720{padding-top: 15px !important;}\u00a0\u00bb]Si vous n&rsquo;\u00eates pas tenu de travailler pendant la p\u00e9riode de repos conform\u00e9ment \u00e0 l&rsquo;article 5 de l&rsquo;ArbZG, un temps libre de compensation peut \u00e9galement \u00eatre accord\u00e9 pendant cette p\u00e9riode. Selon un arr\u00eat du sixi\u00e8me S\u00e9nat du 22 juillet 2010 <em>(- 6 AZR 78\/09 -)<\/em>, ni l&rsquo;objectif du cong\u00e9 de compensation ni l&rsquo;article 5 de l&rsquo;ArbZG ne s&rsquo;y opposent. L&rsquo;octroi d&rsquo;un temps de repos n&rsquo;exige pas que le m\u00e9decin soit lib\u00e9r\u00e9 gratuitement de ses fonctions. Le seul facteur d\u00e9terminant est que le salari\u00e9 n&rsquo;est pas utilis\u00e9 pendant la p\u00e9riode l\u00e9gale dans une mesure justifiant une qualification de temps de travail. L&rsquo;article 5 de l&rsquo;ArbZG ne prescrit pas la structure contractuelle par laquelle l&#8217;employeur garantit que le salari\u00e9 n&rsquo;est pas tenu d&rsquo;effectuer un travail pendant la p\u00e9riode de repos. \u00c9galement \u00a7 12 al. 4 de la convention collective ne vise pas \u00e0 garantir \u00ab plus de temps libre \u00bb. Le m\u00e9decin n&rsquo;a donc pas droit \u00e0 un temps de repos non r\u00e9mun\u00e9r\u00e9, puis \u00e0 un cong\u00e9 de compensation apr\u00e8s avoir accompli sa garde.<\/p>\n<div id=\"gtx-trans\" style=\"position: absolute; left: 384px; top: 38px;\">\n<div class=\"gtx-trans-icon\"><\/div>\n<\/div>\n<p>[\/vc_column_text][\/vc_column][\/vc_row][vc_row content_width=\u00a0\u00bbgrid\u00a0\u00bb content_aligment=\u00a0\u00bbcenter\u00a0\u00bb triangle_shape=\u00a0\u00bbno\u00a0\u00bb css=\u00a0\u00bb.vc_custom_1696926719838{padding-bottom: 10px !important;background-position: center !important;background-repeat: no-repeat !important;background-size: cover !important;}\u00a0\u00bb][vc_column]\n<h2 class=\"mkd-custom-font-holder\" style=\"font-size: 20px;line-height: 30px;font-weight: 700\" data-font-size= 20 data-line-height= 30>\n\t4. Wettbewerbsverbot<\/h2><div class=\"mkd-separator-holder clearfix  mkd-separator-center mkd-separator-with-icon mkd-animate\" style=\"margin-top: 20px; margin-bottom: 30px\">\n\t<div class=\"mkd-separator\" style=\"border-color: #c18f59;border-style: solid;width: 97.5px\"><\/div>\n\t\t<div class=\"mkd-separator-icon\">\n\t\t\t                    \t\t\t\t\t\t<\/div>\n\t<div class=\"mkd-separator\" style=\"border-color: #c18f59;border-style: solid;width: 97.5px\"><\/div>\n<\/div>\n[\/vc_column][\/vc_row][vc_row triangle_shape=\u00a0\u00bbno\u00a0\u00bb css=\u00a0\u00bb.vc_custom_1697624231414{padding-bottom: 50px !important;}\u00a0\u00bb][vc_column][vc_column_text css=\u00a0\u00bb.vc_custom_1700292564241{padding-top: 15px !important;}\u00a0\u00bb]Pendant l&rsquo;existence juridique d&rsquo;une relation de travail, il est fondamentalement interdit au salari\u00e9 toute activit\u00e9 concurrentielle au d\u00e9triment de son employeur, m\u00eame sans r\u00e9glementation conventionnelle individuelle ou collective correspondante (voir uniquement BAG du 20 septembre 2006 &#8211; 10 AZR 439\/05 -). Dans une d\u00e9cision du 24 mars 2010 (- 10 AZR 66\/09 -), le dixi\u00e8me S\u00e9nat s&rsquo;est demand\u00e9 si cela s&rsquo;appliquait \u00e9galement aux activit\u00e9s (secondaires) simples, qui peuvent au mieux conduire \u00e0 un soutien \u00e9conomique subordonn\u00e9 \u00e0 l&rsquo;entreprise concurrente et autrement, ne portent pas atteinte aux int\u00e9r\u00eats dignes de protection de l\u2019employeur. Pour d\u00e9terminer la port\u00e9e de la clause de non-concurrence dans la relation de travail en cours, les dispositions de l&rsquo;article 12 al. 1 GG, la libert\u00e9 professionnelle prot\u00e9g\u00e9e du salari\u00e9 doit \u00eatre prise en compte. Cela sugg\u00e8re que, dans le cadre d&rsquo;une \u00e9valuation globale de toutes les circonstances d&rsquo;un cas individuel, il convient de d\u00e9terminer si l&rsquo;autre activit\u00e9 met en danger ou porte atteinte aux int\u00e9r\u00eats de l&#8217;employeur. En cas de d\u00e9cision, le S\u00e9nat pourrait laisser cette question en suspens. En raison des r\u00e8gles de n\u00e9gociation collective applicables au plaignant, la clause g\u00e9n\u00e9rale de non-concurrence a \u00e9t\u00e9 limit\u00e9e en faveur des salari\u00e9s pendant la dur\u00e9e de la relation de travail en cours. Un emploi secondaire dans une entreprise concurrente ne peut \u00eatre interdit que si des raisons de \u00ab concurrence directe \u00bb s\u2019y opposent. De telles raisons n&rsquo;existent que si la position du salari\u00e9 ou le type d&rsquo;activit\u00e9 menace de nuire directement aux int\u00e9r\u00eats dignes de protection de l&#8217;employeur. Le S\u00e9nat a rejet\u00e9 ces exigences en cas de litige. Un accord de non-concurrence conclu pour la p\u00e9riode suivant la fin de la relation de travail est conforme \u00e0 l&rsquo;article 74a, al. 1 Phrase 1 HGB n&rsquo;est pas contraignant pour le salari\u00e9 dans la mesure o\u00f9 il ne sert pas \u00e0 prot\u00e9ger un int\u00e9r\u00eat commercial l\u00e9gitime de l&#8217;employeur. Selon un arr\u00eat du Xe S\u00e9nat du 21 avril 2010 (- 10 AZR 288\/09 -), l&#8217;employeur n&rsquo;a pas cet int\u00e9r\u00eat s&rsquo;il interdit \u00e9galement \u00e0 l&rsquo;ancien salari\u00e9 d&rsquo;exercer des activit\u00e9s de vente \u00e0 un niveau commercial auquel l&#8217;employeur est non impliqu\u00e9 exploit\u00e9. Dans ce cas, pour que le salari\u00e9 ait droit au paiement d&rsquo;une indemnit\u00e9 d&rsquo;attente, il suffit qu&rsquo;il respecte l&rsquo;interdiction dans sa partie contraignante. Contrairement \u00e0 l&rsquo;article 74 al. 2 HGB, l&rsquo;indemnisation du cong\u00e9 de maternit\u00e9 ne d\u00e9pend pas de l&rsquo;exercice par la salari\u00e9e d&rsquo;un droit de choix en faveur du respect de l&rsquo;int\u00e9gralit\u00e9 de la clause de non-concurrence. Ceci est d\u00e9montr\u00e9 par la diff\u00e9renciation explicite dans l&rsquo;article 74a paragraphe. 1 HGB entre la partie contraignante et la partie non contraignante de l&rsquo;interdiction. En outre, il serait contraire \u00e0 l&rsquo;objectif protecteur de cette norme et \u00e0 la libert\u00e9 professionnelle prot\u00e9g\u00e9e par l&rsquo;article 12 de la Loi fondamentale que le droit au cong\u00e9 compensatoire d\u00e9pende du respect par le salari\u00e9 de l&rsquo;interdiction dans sa partie non contraignante. En raison de la libert\u00e9 contractuelle, selon une d\u00e9cision du Xe S\u00e9nat du 14 juillet 2010 (- 10 AZR 291\/09 -), les contrats pr\u00e9liminaires sont g\u00e9n\u00e9ralement autoris\u00e9s m\u00eame en cas de clauses de non-concurrence. Si le salari\u00e9 s&rsquo;engage dans l&rsquo;avant-contrat \u00e0 conclure une clause de non-concurrence post-contractuelle \u00e0 la demande de l&#8217;employeur, cet avant-contrat est conforme \u00e0 l&rsquo;article 74a al. 1 La phrase 1 du Code de commerce allemand n&rsquo;est pas contraignante si la possibilit\u00e9 accord\u00e9e \u00e0 l&#8217;employeur n&rsquo;est pas limit\u00e9e au temps jusqu&rsquo;au pr\u00e9avis de licenciement ou jusqu&rsquo;\u00e0 la conclusion d&rsquo;un accord de licenciement. Sans d\u00e9lai fixe pour l&rsquo;obligation, la situation et les int\u00e9r\u00eats du salari\u00e9 sont similaires \u00e0 ceux d&rsquo;une clause de non-concurrence conditionnelle et inadmissible (cf. BAG du 22 mai 1990 &#8211; 3 AZR 647\/88 -). L&rsquo;avant-contrat ayant dans ce cas l&rsquo;effet d&rsquo;une clause de non-concurrence non contraignante, le salari\u00e9 peut choisir entre la libert\u00e9 de concurrence sans indemnit\u00e9 et la non-concurrence dans les conditions de l&rsquo;avant-contrat. L&rsquo;avant-contrat ayant dans ce cas l&rsquo;effet d&rsquo;une clause de non-concurrence non contraignante, le salari\u00e9 peut choisir entre la libert\u00e9 de concurrence sans indemnit\u00e9 et la non-concurrence dans les conditions de l&rsquo;avant-contrat. Le litige a \u00e9t\u00e9 renvoy\u00e9 devant le tribunal inf\u00e9rieur. Les r\u00e9sultats obtenus jusqu&rsquo;\u00e0 pr\u00e9sent ne permettent pas de d\u00e9terminer clairement si l&rsquo;exigence de forme \u00e9crite, qui s&rsquo;applique \u00e9galement au contrat pr\u00e9liminaire, exig\u00e9e en vertu de l&rsquo;article 74, al. 1 HGB doit \u00eatre respect\u00e9 si les clauses de non-concurrence ont \u00e9t\u00e9 respect\u00e9es.[\/vc_column_text][\/vc_column][\/vc_row][vc_row content_width=\u00a0\u00bbgrid\u00a0\u00bb content_aligment=\u00a0\u00bbcenter\u00a0\u00bb triangle_shape=\u00a0\u00bbno\u00a0\u00bb css=\u00a0\u00bb.vc_custom_1696926719838{padding-bottom: 10px !important;background-position: center !important;background-repeat: no-repeat !important;background-size: cover !important;}\u00a0\u00bb][vc_column]\n<h2 class=\"mkd-custom-font-holder\" style=\"font-size: 20px;line-height: 30px;font-weight: 700\" data-font-size= 20 data-line-height= 30>\n\t5. Vertragsstrafe<\/h2><div class=\"mkd-separator-holder clearfix  mkd-separator-center mkd-separator-with-icon mkd-animate\" style=\"margin-top: 20px; margin-bottom: 30px\">\n\t<div class=\"mkd-separator\" style=\"border-color: #c18f59;border-style: solid;width: 97.5px\"><\/div>\n\t\t<div class=\"mkd-separator-icon\">\n\t\t\t                    \t\t\t\t\t\t<\/div>\n\t<div class=\"mkd-separator\" style=\"border-color: #c18f59;border-style: solid;width: 97.5px\"><\/div>\n<\/div>\n[\/vc_column][\/vc_row][vc_row triangle_shape=\u00a0\u00bbno\u00a0\u00bb css=\u00a0\u00bb.vc_custom_1697624231414{padding-bottom: 50px !important;}\u00a0\u00bb][vc_column][vc_column_text css=\u00a0\u00bb.vc_custom_1700292589400{padding-top: 15px !important;}\u00a0\u00bb]Une convention de p\u00e9nalit\u00e9 contractuelle dans un contrat de travail type place le salari\u00e9 dans une situation de d\u00e9savantage d\u00e9raisonnable et est donc conforme \u00e0 l&rsquo;article 307 al. 1 BGB est invalide s&rsquo;il pr\u00e9voit une p\u00e9nalit\u00e9 contractuelle \u00e0 hauteur d&rsquo;un salaire mensuel brut en cas de rupture pr\u00e9matur\u00e9e par le salari\u00e9 de sa relation de travail, qui peut \u00eatre r\u00e9sili\u00e9e avec un pr\u00e9avis de deux semaines pendant la p\u00e9riode d&rsquo;essai, en violation du contrat <em>(BAG 4 mars 2004 &#8211; 8 AZR 196\/03 -)<\/em>. Que le salari\u00e9 ne met effectivement fin \u00e0 la relation de travail qu&rsquo;apr\u00e8s<em> <\/em>Selon une d\u00e9cision du VIIIe S\u00e9nat du 23 septembre 2010 <em>(- 8 AZR 897\/08 -),<\/em> l&rsquo;expiration de la p\u00e9riode probatoire avec un d\u00e9lai de pr\u00e9avis de 12 semaines fin de mois en violation du contrat ne change pas la nullit\u00e9 de la clause. Le moment d\u00e9cisif pour \u00e9valuer l\u2019efficacit\u00e9 est la conclusion du contrat. Il n&rsquo;est pas possible de diviser la clause en une partie admissible avant et une partie inadmissible apr\u00e8s la fin de la p\u00e9riode probatoire. Une r\u00e9duction valable pour la p\u00e9riode pendant laquelle le d\u00e9lai de pr\u00e9avis de la p\u00e9riode d&rsquo;essai ne s&rsquo;applique plus n&rsquo;est pas non plus possible. Le maintien de la clause avec un contenu \u2013 limit\u00e9 \u2013 autoris\u00e9 ne serait pas compatible avec l&rsquo;objectif de protection des articles 305 et suivants du BGB. Une interpr\u00e9tation compl\u00e9mentaire du contrat n&rsquo;est pas non plus possible, car le risque li\u00e9 \u00e0 l&rsquo;utilisation de conditions contractuelles pr\u00e9formul\u00e9es n&rsquo;incomberait alors plus \u00e0 l&rsquo;utilisateur.[\/vc_column_text][\/vc_column][\/vc_row][vc_row content_width=\u00a0\u00bbgrid\u00a0\u00bb content_aligment=\u00a0\u00bbcenter\u00a0\u00bb triangle_shape=\u00a0\u00bbno\u00a0\u00bb css=\u00a0\u00bb.vc_custom_1696926719838{padding-bottom: 10px !important;background-position: center !important;background-repeat: no-repeat !important;background-size: cover !important;}\u00a0\u00bb][vc_column]\n<h2 class=\"mkd-custom-font-holder\" style=\"font-size: 20px;line-height: 30px;font-weight: 700\" data-font-size= 20 data-line-height= 30>\n\t6. Schadensersatz und Haftung<\/h2><div class=\"mkd-separator-holder clearfix  mkd-separator-center mkd-separator-with-icon mkd-animate\" style=\"margin-top: 20px; margin-bottom: 30px\">\n\t<div class=\"mkd-separator\" style=\"border-color: #c18f59;border-style: solid;width: 97.5px\"><\/div>\n\t\t<div class=\"mkd-separator-icon\">\n\t\t\t                    \t\t\t\t\t\t<\/div>\n\t<div class=\"mkd-separator\" style=\"border-color: #c18f59;border-style: solid;width: 97.5px\"><\/div>\n<\/div>\n[\/vc_column][\/vc_row][vc_row triangle_shape=\u00a0\u00bbno\u00a0\u00bb css=\u00a0\u00bb.vc_custom_1697624231414{padding-bottom: 50px !important;}\u00a0\u00bb][vc_column][vc_column_text css=\u00a0\u00bb.vc_custom_1700292630344{padding-top: 15px !important;}\u00a0\u00bb]Selon l&rsquo;article 13 al. 2 GmbHG, la responsabilit\u00e9 pour les dettes d&rsquo;une GmbH est limit\u00e9e au patrimoine de l&rsquo;entreprise. La responsabilit\u00e9 personnelle des dirigeants d&rsquo;une GmbH n&rsquo;est prise en compte que dans des cas exceptionnels s&rsquo;il existe un motif de responsabilit\u00e9 particulier (<em>cf. BAG 21 novembre 2006 \u2013 9 AZR 206\/06 -).<\/em> Poursuivant sa jurisprudence ant\u00e9rieure, le neuvi\u00e8me S\u00e9nat a statu\u00e9 le 23 f\u00e9vrier 2010. <em>(-9AZR 44\/09-) <\/em>a d\u00e9cid\u00e9 que le \u00a7 8a al. 1 AltTZG <em>(tel que modifi\u00e9 jusqu&rsquo;au 31 d\u00e9cembre 2008)<\/em> n&rsquo;\u00e9tablit aucune responsabilit\u00e9 directe pour les repr\u00e9sentants l\u00e9gaux des personnes morales. Selon cette norme, l&#8217;employeur est tenu, dans les conditions pr\u00e9vues par la loi, de compenser de mani\u00e8re appropri\u00e9e le solde cr\u00e9diteur du salari\u00e9, y compris la part patronale de la cotisation totale de s\u00e9curit\u00e9 sociale, avec le premier cr\u00e9dit lors de la conclusion d&rsquo;un contrat de retraite partielle.[\/vc_column_text][vc_column_text css=\u00a0\u00bb.vc_custom_1700292637169{padding-top: 15px !important;}\u00a0\u00bb]pour se pr\u00e9munir contre le risque d\u2019insolvabilit\u00e9. \u00a7 8a Abs. 1 AltTZG aF n&rsquo;est qu&rsquo;une loi protectrice \u00e0 l&rsquo;\u00e9gard de l&#8217;employeur. \u00a7 823 Abs. 2 BGB. Ses repr\u00e9sentants l\u00e9gaux ne sont pas les destinataires de la norme. Le r\u00e8glement vise uniquement \u00e0 renforcer la position du salari\u00e9 vis-\u00e0-vis de l&#8217;employeur. La version de l&rsquo;article 7e paragraphe entr\u00e9e en vigueur le 1er janvier 2009. 7 Phrase 2 SGB IV montre que le l\u00e9gislateur n&rsquo;a eu depuis lors la volont\u00e9 de r\u00e9glementer la responsabilit\u00e9 personnelle que dans le cadre de la protection g\u00e9n\u00e9rale contre l&rsquo;insolvabilit\u00e9 des biens de valeur. En cons\u00e9quence, la responsabilit\u00e9 du directeur g\u00e9n\u00e9ral peut \u00eatre engag\u00e9e en vertu de l&rsquo;article 823 al. 2 BGB iVm. \u00a7 8a Abs. 1 AltTZG aF ne peut pas \u00eatre d\u00e9riv\u00e9 d\u2019une position de garant. Les conditions pr\u00e9alables \u00e0 ce que l&rsquo;on appelle l&rsquo;abus de confiance <em>(article 266 al. 1 Alt. 2 StGB)<\/em> n&rsquo;\u00e9taient pas non plus remplies dans la d\u00e9cision. M\u00eame si l&rsquo;article 8a al. 1 AltTZG visait \u00e0 \u00e9tablir une obligation fiduciaire de diligence n\u00e9cessaire \u00e0 l&rsquo;abus de confiance, aucun fait n&rsquo;a \u00e9t\u00e9 identifi\u00e9 qui aurait sugg\u00e9r\u00e9 au moins une intention conditionnelle de la part des directeurs poursuivis.[\/vc_column_text][vc_column_text css=\u00a0\u00bb.vc_custom_1700292643512{padding-top: 15px !important;}\u00a0\u00bb]Si un salari\u00e9 a droit \u00e0 une part de salaire variable selon un accord d&rsquo;objectif conform\u00e9ment au contrat de travail, cela entra\u00eene l&rsquo;obligation de l&#8217;employeur de n\u00e9gocier avec l&#8217;employ\u00e9 la conclusion d&rsquo;un accord d&rsquo;objectif et de lui proposer des objectifs r\u00e9alistes pour la p\u00e9riode d&rsquo;objectif respective. Si un accord d&rsquo;objectif n&rsquo;est pas atteint, l&#8217;employeur est responsable apr\u00e8s la fin de la p\u00e9riode d&rsquo;objectif conform\u00e9ment \u00e0 l&rsquo;article 280 al. 1, Abdos. 3, \u00a7 283 phrase 1, \u00a7 252 BGB oblige \u00e0 verser au salari\u00e9 une indemnit\u00e9 pour perte de r\u00e9mun\u00e9ration s&rsquo;il est responsable de l&rsquo;\u00e9chec \u00e0 atteindre l&rsquo;accord objectif <em>(SAC<\/em> <em>10 d\u00e9cembre 2008 \u2013 10 AZR 889\/07 -). <\/em>Selon une d\u00e9cision du Xe S\u00e9nat du 12 mai 2010, l&rsquo;obligation de l&#8217;employeur de n\u00e9gocier avec le salari\u00e9 sur les objectifs \u00e0 atteindre au cours de la p\u00e9riode concern\u00e9e demeure <em>(-10AZR 390\/09 -) <\/em>(-10AZR 390\/09 -) L&rsquo;effet convenu entra\u00eene le maintien temporaire de la validit\u00e9 de l&rsquo;accord d&rsquo;objectif expir\u00e9. Toutefois, les obligations de n\u00e9gociation concernant un accord d\u2019objectif ult\u00e9rieur ne sont pas simplement r\u00e9solues. \u00c9tant donn\u00e9 que le S\u00e9nat n&rsquo;a pas \u00e9t\u00e9 en mesure de d\u00e9cider, sur la base des conclusions pr\u00e9c\u00e9dentes, si le d\u00e9fendeur avait viol\u00e9 de mani\u00e8re coupable ses obligations de n\u00e9gociation dans le cadre du conflit, le litige a \u00e9t\u00e9 renvoy\u00e9 devant le tribunal du travail de l&rsquo;\u00c9tat pour une nouvelle audience et une nouvelle d\u00e9cision.[\/vc_column_text][vc_column_text css=\u00a0\u00bb.vc_custom_1700292650840{padding-top: 15px !important;}\u00a0\u00bb]Si le salari\u00e9 fait une reconnaissance d\u00e9clarative de culpabilit\u00e9, alors, selon un arr\u00eat du VIIIe S\u00e9nat du 22 juillet 2010 <em>(- 8 AZR 144\/09 -)<\/em>, il est alors exclu avec les objections qu&rsquo;il connaissait au moment de la reconnaissance ou avec lequel il s&rsquo;attendait au moins. Si la reconnaissance de culpabilit\u00e9 sert \u00e0 soustraire le salari\u00e9 \u00e0 l&rsquo;obligation de verser une indemnit\u00e9 et son montant du litige entre les parties, le salari\u00e9 ne peut ult\u00e9rieurement objecter que l&#8217;employeur n&rsquo;a pas pu prouver un pr\u00e9judice de ce montant ou n&rsquo;a pu le prouver que par des moyens inadmissibles. Toutefois, la reconnaissance de la culpabilit\u00e9 pour immoralit\u00e9 peut \u00eatre faite conform\u00e9ment \u00e0 l&rsquo;article 138 al. 1 BGB peut \u00eatre nul en cas de disproportion notable entre la prestation et la contrepartie. Ce qui importe ici, ce n&rsquo;est pas la preuve du dommage r\u00e9gl\u00e9 entre les parties, mais plut\u00f4t la mani\u00e8re dont les parties sont parvenues au montant du dommage constat\u00e9 lors de la reconnaissance. En principe, il n&rsquo;est pas contraire aux bonnes m\u0153urs d&rsquo;entreprendre, sous sa propre responsabilit\u00e9, des services financiers qui ne peuvent \u00eatre fournis que dans des conditions particuli\u00e8rement favorables. Cela s&rsquo;applique en particulier aux obligations du salari\u00e9 d\u00e9coulant de ses propres actes ill\u00e9gaux, qui doivent \u00eatre r\u00e9gl\u00e9es au moyen d&rsquo;une reconnaissance. Si le salari\u00e9 a reconnu avoir d\u00e9tourn\u00e9 une somme importante et que l\u2019employeur menace alors de porter plainte au p\u00e9nal, cela ne constitue pas une situation immorale pour le salari\u00e9. C&rsquo;est \u00e9galement un d\u00e9fi d\u00fb aux menaces ill\u00e9gales au sens de. L&rsquo;article 123 BGB est exclu. Le comportement propos\u00e9 n\u2019est pas plus ill\u00e9gal que le but qu\u2019il poursuit et le lien entre les deux.[\/vc_column_text][\/vc_column][\/vc_row][vc_row content_width=\u00a0\u00bbgrid\u00a0\u00bb content_aligment=\u00a0\u00bbcenter\u00a0\u00bb triangle_shape=\u00a0\u00bbno\u00a0\u00bb css=\u00a0\u00bb.vc_custom_1696926719838{padding-bottom: 10px !important;background-position: center !important;background-repeat: no-repeat !important;background-size: cover !important;}\u00a0\u00bb][vc_column]\n<h2 class=\"mkd-custom-font-holder\" style=\"font-size: 20px;line-height: 30px;font-weight: 700\" data-font-size= 20 data-line-height= 30>\n\t7. Ausschlussfristen<\/h2><div class=\"mkd-separator-holder clearfix  mkd-separator-center mkd-separator-with-icon mkd-animate\" style=\"margin-top: 20px; margin-bottom: 30px\">\n\t<div class=\"mkd-separator\" style=\"border-color: #c18f59;border-style: solid;width: 97.5px\"><\/div>\n\t\t<div class=\"mkd-separator-icon\">\n\t\t\t                    \t\t\t\t\t\t<\/div>\n\t<div class=\"mkd-separator\" style=\"border-color: #c18f59;border-style: solid;width: 97.5px\"><\/div>\n<\/div>\n[\/vc_column][\/vc_row][vc_row triangle_shape=\u00a0\u00bbno\u00a0\u00bb css=\u00a0\u00bb.vc_custom_1697624231414{padding-bottom: 50px !important;}\u00a0\u00bb][vc_column][vc_column_text css=\u00a0\u00bb.vc_custom_1700292697336{padding-top: 15px !important;}\u00a0\u00bb]Selon l&rsquo;article 70, phrase 1 BAT, les cr\u00e9ances d\u00e9coulant de la relation de travail expirent si elles ne sont pas formul\u00e9es par \u00e9crit dans un d\u00e9lai de prescription de six mois apr\u00e8s la date d&rsquo;\u00e9ch\u00e9ance. Selon une d\u00e9cision du Quatri\u00e8me S\u00e9nat du 7 juillet 2010 <em>(- 4 AZR 549\/08 -),<\/em> il n&rsquo;est pas n\u00e9cessaire que la d\u00e9claration soit sign\u00e9e personnellement avec une signature nominative. Qu&rsquo;au \u00a7 126 al. L&rsquo;exigence de forme \u00e9crite pr\u00e9vue \u00e0 l&rsquo;article 1 du Code civil allemand (BGB) ne s&rsquo;applique pas. Faire valoir une cr\u00e9ance n&rsquo;est pas une transaction juridique, mais plut\u00f4t un acte similaire \u00e0 une transaction juridique. Faire valoir une cr\u00e9ance n&rsquo;est pas une transaction juridique, mais plut\u00f4t un acte similaire \u00e0 une transaction juridique. Il suffit plut\u00f4t de respecter la forme du texte conform\u00e9ment \u00e0 l&rsquo;article 126b du Code civil allemand (BGB). Par la suite, la d\u00e9claration doit \u00eatre faite dans un document ou de toute autre mani\u00e8re permettant une reproduction permanente par \u00e9crit par la personne[\/vc_column_text][vc_column_text css=\u00a0\u00bb.vc_custom_1700292707496{padding-top: 15px !important;}\u00a0\u00bb]du d\u00e9clarant et la conclusion de la d\u00e9claration peuvent \u00eatre rendues reconnaissables en reproduisant la signature nominative ou d&rsquo;une autre mani\u00e8re. Une affirmation dans le sens de \u00a7 70 phrase 1 BAT peut donc \u00e9galement \u00eatre effectu\u00e9 via un e-mail qui identifie l&rsquo;exposant et indique la fin du texte avec un message d&rsquo;accueil avec un nom.[\/vc_column_text][vc_column_text css=\u00a0\u00bb.vc_custom_1700292737169{padding-top: 15px !important;}\u00a0\u00bb]Selon un arr\u00eat du Ve S\u00e9nat du 28 juillet 2010 <em>(- 5 AZR 521\/09 -)<\/em>, la communication inconditionnelle par l&#8217;employeur au salari\u00e9 de l&rsquo;\u00e9tat du compte temps de travail tenu pour lui constitue son bilan de temps de travail tout aussi incontest\u00e9 que une notification de salaire ou de salaire qui y est indiqu\u00e9e demande d&rsquo;argent. Il n\u2019est donc plus n\u00e9cessaire d\u2019affirmer davantage pour maintenir une p\u00e9riode d\u2019exclusion. Ceci s&rsquo;applique \u00e9galement si &#8211; par exemple en raison de la fin d&rsquo;une p\u00e9riode d&rsquo;indemnisation ou de la cl\u00f4ture d&rsquo;un compte \u00e9pargne temps de travail &#8211; le droit au cong\u00e9 compensatoire se transforme en droit au paiement. La demande de paiement ne constitue pas une nouvelle cr\u00e9ance relative au cr\u00e9dit-temps au sens du d\u00e9lai d&rsquo;exclusion. Il le remplace simplement apr\u00e8s l&rsquo;expiration d&rsquo;une exemption.[\/vc_column_text][\/vc_column][\/vc_row][vc_row triangle_shape=\u00a0\u00bbno\u00a0\u00bb css=\u00a0\u00bb.vc_custom_1697624231414{padding-bottom: 50px !important;}\u00a0\u00bb][vc_column][vc_column_text css=\u00a0\u00bb.vc_custom_1700292803040{padding-top: 15px !important;}\u00a0\u00bb]Ceux-ci : www.bundesarbeitsgericht.de[\/vc_column_text][\/vc_column][\/vc_row]<\/p>\n<\/div>","protected":false},"excerpt":{"rendered":"<p>[vc_row content_width=\u00a0\u00bbgrid\u00a0\u00bb content_aligment=\u00a0\u00bbcenter\u00a0\u00bb triangle_shape=\u00a0\u00bbno\u00a0\u00bb css=\u00a0\u00bb.vc_custom_1696926719838{padding-bottom: 10px !important;background-position: center !important;background-repeat: no-repeat !important;background-size: cover !important;}\u00a0\u00bb][vc_column][\/vc_column][\/vc_row][vc_row triangle_shape=\u00a0\u00bbno\u00a0\u00bb css=\u00a0\u00bb.vc_custom_1697624231414{padding-bottom: 50px !important;}\u00a0\u00bb][vc_column][vc_column_text css=\u00a0\u00bb.vc_custom_1700291044255{padding-top: 15px !important;}\u00a0\u00bb]Selon un arr\u00eat du Ve S\u00e9nat du 17 mars 2010 (- 5 AZR 301\/09 -), l&rsquo;accord de versement d&rsquo;une r\u00e9mun\u00e9ration sans tenir compte des imp\u00f4ts et des cotisations sociales (\u00ab noir \u00bb) ne constitue pas en soi un b\u00e9n\u00e9fice net. accord salarial. Avec un accord d&rsquo;argent noir, les parties au contrat de travail visent uniquement \u00e0 \u00e9chapper aux imp\u00f4ts et aux cotisations sociales, mais pas \u00e0 garantir que l&#8217;employeur les paie. \u00c9galement tir\u00e9 de l&rsquo;article 14, al. 2 SGB IV ne&#8230;<\/p>\n","protected":false},"author":1,"featured_media":8283,"parent":0,"menu_order":0,"comment_status":"closed","ping_status":"closed","template":"","meta":{"footnotes":""},"class_list":["post-12140","page","type-page","status-publish","has-post-thumbnail","hentry"],"yoast_head":"<!-- This site is optimized with the Yoast SEO Premium plugin v27.2 (Yoast SEO v27.5) - https:\/\/yoast.com\/product\/yoast-seo-premium-wordpress\/ -->\n<title>Rechtsanwaltskanzlei in Hamburg Berlin Bremen Hannover L\u00fcbeck<\/title>\n<meta name=\"description\" content=\"Rechtsanwaltskanzlei f\u00fcr Arbeitsrecht, Arzthaftung, Mietrecht, Gewerbemietrecht ,Gastronomierecht, Immobilienrecht, Schadensersatz Yachtrecht\" \/>\n<meta name=\"robots\" content=\"index, follow, max-snippet:-1, max-image-preview:large, max-video-preview:-1\" \/>\n<link rel=\"canonical\" href=\"https:\/\/www.kanzlei-steinwachs.de\/fr\/creances-issues-de-la-relation-de-travail\/\" \/>\n<meta property=\"og:locale\" content=\"fr_FR\" \/>\n<meta property=\"og:type\" content=\"article\" \/>\n<meta property=\"og:title\" content=\"Rechtsanwaltskanzlei in Hamburg Berlin Bremen Hannover L\u00fcbeck\" \/>\n<meta property=\"og:description\" content=\"Rechtsanwaltskanzlei f\u00fcr Arbeitsrecht, Arzthaftung, Mietrecht, Gewerbemietrecht ,Gastronomierecht, Immobilienrecht, Schadensersatz Yachtrecht\" \/>\n<meta property=\"og:url\" content=\"https:\/\/www.kanzlei-steinwachs.de\/fr\/creances-issues-de-la-relation-de-travail\/\" \/>\n<meta property=\"og:site_name\" content=\"Rechtsanwaltskanzlei Anwalt Hamburg Berlin Bremen Hannover L\u00fcbeck\" \/>\n<meta property=\"article:publisher\" content=\"https:\/\/www.facebook.com\/STEINWACHSRechtsanwaltskanzlei\/\" \/>\n<meta property=\"article:modified_time\" content=\"2023-11-22T09:31:22+00:00\" \/>\n<meta name=\"twitter:card\" content=\"summary_large_image\" \/>\n<meta name=\"twitter:site\" content=\"@rasteinwachs\" \/>\n<meta name=\"twitter:label1\" content=\"Dur\u00e9e de lecture estim\u00e9e\" \/>\n\t<meta name=\"twitter:data1\" content=\"45 minutes\" \/>\n<script type=\"application\/ld+json\" class=\"yoast-schema-graph\">{\"@context\":\"https:\\\/\\\/schema.org\",\"@graph\":[{\"@type\":\"WebPage\",\"@id\":\"https:\\\/\\\/www.kanzlei-steinwachs.de\\\/fr\\\/creances-issues-de-la-relation-de-travail\\\/\",\"url\":\"https:\\\/\\\/www.kanzlei-steinwachs.de\\\/fr\\\/creances-issues-de-la-relation-de-travail\\\/\",\"name\":\"Rechtsanwaltskanzlei in Hamburg Berlin Bremen Hannover L\u00fcbeck\",\"isPartOf\":{\"@id\":\"https:\\\/\\\/www.kanzlei-steinwachs.de\\\/fr\\\/#website\"},\"primaryImageOfPage\":{\"@id\":\"https:\\\/\\\/www.kanzlei-steinwachs.de\\\/fr\\\/creances-issues-de-la-relation-de-travail\\\/#primaryimage\"},\"image\":{\"@id\":\"https:\\\/\\\/www.kanzlei-steinwachs.de\\\/fr\\\/creances-issues-de-la-relation-de-travail\\\/#primaryimage\"},\"thumbnailUrl\":\"https:\\\/\\\/i0.wp.com\\\/www.kanzlei-steinwachs.de\\\/wp-content\\\/uploads\\\/2023\\\/10\\\/Ordinary-jurisdiction.jpeg?fit=1200%2C800&quality=20&ssl=1\",\"datePublished\":\"2023-11-18T06:55:22+00:00\",\"dateModified\":\"2023-11-22T09:31:22+00:00\",\"description\":\"Rechtsanwaltskanzlei f\u00fcr Arbeitsrecht, Arzthaftung, Mietrecht, Gewerbemietrecht ,Gastronomierecht, Immobilienrecht, Schadensersatz Yachtrecht\",\"inLanguage\":\"fr-FR\",\"potentialAction\":[{\"@type\":\"ReadAction\",\"target\":[\"https:\\\/\\\/www.kanzlei-steinwachs.de\\\/fr\\\/creances-issues-de-la-relation-de-travail\\\/\"]}]},{\"@type\":\"ImageObject\",\"inLanguage\":\"fr-FR\",\"@id\":\"https:\\\/\\\/www.kanzlei-steinwachs.de\\\/fr\\\/creances-issues-de-la-relation-de-travail\\\/#primaryimage\",\"url\":\"https:\\\/\\\/i0.wp.com\\\/www.kanzlei-steinwachs.de\\\/wp-content\\\/uploads\\\/2023\\\/10\\\/Ordinary-jurisdiction.jpeg?fit=1200%2C800&quality=20&ssl=1\",\"contentUrl\":\"https:\\\/\\\/i0.wp.com\\\/www.kanzlei-steinwachs.de\\\/wp-content\\\/uploads\\\/2023\\\/10\\\/Ordinary-jurisdiction.jpeg?fit=1200%2C800&quality=20&ssl=1\",\"width\":1200,\"height\":800},{\"@type\":\"WebSite\",\"@id\":\"https:\\\/\\\/www.kanzlei-steinwachs.de\\\/fr\\\/#website\",\"url\":\"https:\\\/\\\/www.kanzlei-steinwachs.de\\\/fr\\\/\",\"name\":\"Rechtsanwaltskanzlei Anwalt Hamburg Berlin Bremen Hannover L\u00fcbeck\",\"description\":\"Wir leisten mehr als Recht bietet\",\"publisher\":{\"@id\":\"https:\\\/\\\/www.kanzlei-steinwachs.de\\\/fr\\\/#organization\"},\"potentialAction\":[{\"@type\":\"SearchAction\",\"target\":{\"@type\":\"EntryPoint\",\"urlTemplate\":\"https:\\\/\\\/www.kanzlei-steinwachs.de\\\/fr\\\/?s={search_term_string}\"},\"query-input\":{\"@type\":\"PropertyValueSpecification\",\"valueRequired\":true,\"valueName\":\"search_term_string\"}}],\"inLanguage\":\"fr-FR\"},{\"@type\":[\"Organization\",\"Place\"],\"@id\":\"https:\\\/\\\/www.kanzlei-steinwachs.de\\\/fr\\\/#organization\",\"name\":\"Rechtsanwaltskanzlei Anwalt Hamburg Berlin Bremen Hannover L\u00fcbeck\",\"url\":\"https:\\\/\\\/www.kanzlei-steinwachs.de\\\/\",\"logo\":{\"@type\":\"ImageObject\",\"inLanguage\":\"fr-FR\",\"@id\":\"https:\\\/\\\/www.kanzlei-steinwachs.de\\\/fr\\\/#\\\/schema\\\/logo\\\/image\\\/\",\"url\":\"https:\\\/\\\/i0.wp.com\\\/www.kanzlei-steinwachs.de\\\/wp-content\\\/uploads\\\/2023\\\/12\\\/logo.webp?fit=174%2C76&quality=80&ssl=1\",\"contentUrl\":\"https:\\\/\\\/i0.wp.com\\\/www.kanzlei-steinwachs.de\\\/wp-content\\\/uploads\\\/2023\\\/12\\\/logo.webp?fit=174%2C76&quality=80&ssl=1\",\"width\":174,\"height\":76,\"caption\":\"Rechtsanwaltskanzlei Anwalt Hamburg Berlin Bremen Hannover L\u00fcbeck\"},\"image\":{\"@id\":\"https:\\\/\\\/www.kanzlei-steinwachs.de\\\/fr\\\/#\\\/schema\\\/logo\\\/image\\\/\"},\"sameAs\":[\"https:\\\/\\\/www.facebook.com\\\/STEINWACHSRechtsanwaltskanzlei\\\/\",\"https:\\\/\\\/x.com\\\/rasteinwachs\",\"https:\\\/\\\/www.instagram.com\\\/steinwachs_rechtsanwaelte\\\/\",\"https:\\\/\\\/www.linkedin.com\\\/in\\\/stephan-steinwachs-7a270197\\\/\",\"https:\\\/\\\/www.youtube.com\\\/channel\\\/UCffmodDlQx81remXm395RWA\"],\"telephone\":[]}]}<\/script>\n<!-- \/ Yoast SEO Premium plugin. -->","yoast_head_json":{"title":"Rechtsanwaltskanzlei in Hamburg Berlin Bremen Hannover L\u00fcbeck","description":"Rechtsanwaltskanzlei f\u00fcr Arbeitsrecht, Arzthaftung, Mietrecht, Gewerbemietrecht ,Gastronomierecht, Immobilienrecht, Schadensersatz Yachtrecht","robots":{"index":"index","follow":"follow","max-snippet":"max-snippet:-1","max-image-preview":"max-image-preview:large","max-video-preview":"max-video-preview:-1"},"canonical":"https:\/\/www.kanzlei-steinwachs.de\/fr\/creances-issues-de-la-relation-de-travail\/","og_locale":"fr_FR","og_type":"article","og_title":"Rechtsanwaltskanzlei in Hamburg Berlin Bremen Hannover L\u00fcbeck","og_description":"Rechtsanwaltskanzlei f\u00fcr Arbeitsrecht, Arzthaftung, Mietrecht, Gewerbemietrecht ,Gastronomierecht, Immobilienrecht, Schadensersatz Yachtrecht","og_url":"https:\/\/www.kanzlei-steinwachs.de\/fr\/creances-issues-de-la-relation-de-travail\/","og_site_name":"Rechtsanwaltskanzlei Anwalt Hamburg Berlin Bremen Hannover L\u00fcbeck","article_publisher":"https:\/\/www.facebook.com\/STEINWACHSRechtsanwaltskanzlei\/","article_modified_time":"2023-11-22T09:31:22+00:00","twitter_card":"summary_large_image","twitter_site":"@rasteinwachs","twitter_misc":{"Dur\u00e9e de lecture estim\u00e9e":"45 minutes"},"schema":{"@context":"https:\/\/schema.org","@graph":[{"@type":"WebPage","@id":"https:\/\/www.kanzlei-steinwachs.de\/fr\/creances-issues-de-la-relation-de-travail\/","url":"https:\/\/www.kanzlei-steinwachs.de\/fr\/creances-issues-de-la-relation-de-travail\/","name":"Rechtsanwaltskanzlei in Hamburg Berlin Bremen Hannover L\u00fcbeck","isPartOf":{"@id":"https:\/\/www.kanzlei-steinwachs.de\/fr\/#website"},"primaryImageOfPage":{"@id":"https:\/\/www.kanzlei-steinwachs.de\/fr\/creances-issues-de-la-relation-de-travail\/#primaryimage"},"image":{"@id":"https:\/\/www.kanzlei-steinwachs.de\/fr\/creances-issues-de-la-relation-de-travail\/#primaryimage"},"thumbnailUrl":"https:\/\/i0.wp.com\/www.kanzlei-steinwachs.de\/wp-content\/uploads\/2023\/10\/Ordinary-jurisdiction.jpeg?fit=1200%2C800&quality=20&ssl=1","datePublished":"2023-11-18T06:55:22+00:00","dateModified":"2023-11-22T09:31:22+00:00","description":"Rechtsanwaltskanzlei f\u00fcr Arbeitsrecht, Arzthaftung, Mietrecht, Gewerbemietrecht ,Gastronomierecht, Immobilienrecht, Schadensersatz Yachtrecht","inLanguage":"fr-FR","potentialAction":[{"@type":"ReadAction","target":["https:\/\/www.kanzlei-steinwachs.de\/fr\/creances-issues-de-la-relation-de-travail\/"]}]},{"@type":"ImageObject","inLanguage":"fr-FR","@id":"https:\/\/www.kanzlei-steinwachs.de\/fr\/creances-issues-de-la-relation-de-travail\/#primaryimage","url":"https:\/\/i0.wp.com\/www.kanzlei-steinwachs.de\/wp-content\/uploads\/2023\/10\/Ordinary-jurisdiction.jpeg?fit=1200%2C800&quality=20&ssl=1","contentUrl":"https:\/\/i0.wp.com\/www.kanzlei-steinwachs.de\/wp-content\/uploads\/2023\/10\/Ordinary-jurisdiction.jpeg?fit=1200%2C800&quality=20&ssl=1","width":1200,"height":800},{"@type":"WebSite","@id":"https:\/\/www.kanzlei-steinwachs.de\/fr\/#website","url":"https:\/\/www.kanzlei-steinwachs.de\/fr\/","name":"Rechtsanwaltskanzlei Anwalt Hamburg Berlin Bremen Hannover L\u00fcbeck","description":"Wir leisten mehr als Recht bietet","publisher":{"@id":"https:\/\/www.kanzlei-steinwachs.de\/fr\/#organization"},"potentialAction":[{"@type":"SearchAction","target":{"@type":"EntryPoint","urlTemplate":"https:\/\/www.kanzlei-steinwachs.de\/fr\/?s={search_term_string}"},"query-input":{"@type":"PropertyValueSpecification","valueRequired":true,"valueName":"search_term_string"}}],"inLanguage":"fr-FR"},{"@type":["Organization","Place"],"@id":"https:\/\/www.kanzlei-steinwachs.de\/fr\/#organization","name":"Rechtsanwaltskanzlei Anwalt Hamburg Berlin Bremen Hannover L\u00fcbeck","url":"https:\/\/www.kanzlei-steinwachs.de\/","logo":{"@type":"ImageObject","inLanguage":"fr-FR","@id":"https:\/\/www.kanzlei-steinwachs.de\/fr\/#\/schema\/logo\/image\/","url":"https:\/\/i0.wp.com\/www.kanzlei-steinwachs.de\/wp-content\/uploads\/2023\/12\/logo.webp?fit=174%2C76&quality=80&ssl=1","contentUrl":"https:\/\/i0.wp.com\/www.kanzlei-steinwachs.de\/wp-content\/uploads\/2023\/12\/logo.webp?fit=174%2C76&quality=80&ssl=1","width":174,"height":76,"caption":"Rechtsanwaltskanzlei Anwalt Hamburg Berlin Bremen Hannover L\u00fcbeck"},"image":{"@id":"https:\/\/www.kanzlei-steinwachs.de\/fr\/#\/schema\/logo\/image\/"},"sameAs":["https:\/\/www.facebook.com\/STEINWACHSRechtsanwaltskanzlei\/","https:\/\/x.com\/rasteinwachs","https:\/\/www.instagram.com\/steinwachs_rechtsanwaelte\/","https:\/\/www.linkedin.com\/in\/stephan-steinwachs-7a270197\/","https:\/\/www.youtube.com\/channel\/UCffmodDlQx81remXm395RWA"],"telephone":[]}]}},"jetpack_sharing_enabled":true,"_links":{"self":[{"href":"https:\/\/www.kanzlei-steinwachs.de\/fr\/wp-json\/wp\/v2\/pages\/12140","targetHints":{"allow":["GET"]}}],"collection":[{"href":"https:\/\/www.kanzlei-steinwachs.de\/fr\/wp-json\/wp\/v2\/pages"}],"about":[{"href":"https:\/\/www.kanzlei-steinwachs.de\/fr\/wp-json\/wp\/v2\/types\/page"}],"author":[{"embeddable":true,"href":"https:\/\/www.kanzlei-steinwachs.de\/fr\/wp-json\/wp\/v2\/users\/1"}],"replies":[{"embeddable":true,"href":"https:\/\/www.kanzlei-steinwachs.de\/fr\/wp-json\/wp\/v2\/comments?post=12140"}],"version-history":[{"count":0,"href":"https:\/\/www.kanzlei-steinwachs.de\/fr\/wp-json\/wp\/v2\/pages\/12140\/revisions"}],"wp:featuredmedia":[{"embeddable":true,"href":"https:\/\/www.kanzlei-steinwachs.de\/fr\/wp-json\/wp\/v2\/media\/8283"}],"wp:attachment":[{"href":"https:\/\/www.kanzlei-steinwachs.de\/fr\/wp-json\/wp\/v2\/media?parent=12140"}],"curies":[{"name":"wp","href":"https:\/\/api.w.org\/{rel}","templated":true}]}}