{"id":12027,"date":"2023-11-20T10:41:41","date_gmt":"2023-11-20T09:41:41","guid":{"rendered":"https:\/\/www.kanzlei-steinwachs.de\/jugements-en-droit-du-travail\/jugements-de-sacs-2007\/boeluem-78a-betrvg-uyarinca-fesih\/"},"modified":"2023-11-22T06:29:03","modified_gmt":"2023-11-22T05:29:03","slug":"boeluem-78a-betrvg-uyarinca-fesih","status":"publish","type":"page","link":"https:\/\/www.kanzlei-steinwachs.de\/fr\/jugements-en-droit-du-travail\/jugements-de-sacs-2007\/boeluem-78a-betrvg-uyarinca-fesih\/","title":{"rendered":"B\u00f6l\u00fcm 78a BetrVG uyar\u0131nca Fesih"},"content":{"rendered":"<div class=\"wpb-content-wrapper\"><p>[vc_row triangle_shape=\u00a0\u00bbno\u00a0\u00bb][vc_column][vc_column_text css=\u00a0\u00bb.vc_custom_1700473404310{padding-top: 10px !important;padding-bottom: 20px !important;}\u00a0\u00bb]<\/p>\n<h4 style=\"text-align: center;\">B\u00f6l\u00fcm 78a BetrVG uyar\u0131nca Fesih<\/h4>\n<p>[\/vc_column_text][vc_column_text css=\u00a0\u00bb.vc_custom_1700473390022{padding-top: 10px !important;padding-bottom: 10px !important;}\u00a0\u00bb]\u00a7 78a paragraf\u0131na g\u00f6re. 2 C\u00fcmle 1 BetrVG, gen\u00e7lik ve stajyer temsilcili\u011fi, i\u015f konseyi veya burada ad\u0131 ge\u00e7en di\u011fer i\u015f t\u00fcz\u00fc\u011f\u00fc organlar\u0131ndan biri \u00fcyesi olan stajyer ile a\u015fa\u011f\u0131daki i\u015fveren aras\u0131nda belirsiz s\u00fcreli bir i\u015f ili\u015fkisi kurulmu\u015f say\u0131l\u0131r. Stajyerin mesleki e\u011fitim ili\u015fkisinin bitiminden \u00f6nceki son \u00fc\u00e7 ay i\u00e7erisinde olmas\u0131 halinde, i\u015fveren yaz\u0131l\u0131 olarak istihdam\u0131n devam\u0131n\u0131 talep eder.[\/vc_column_text][vc_column_text css=\u00a0\u00bb.vc_custom_1700473453488{padding-top: 10px !important;padding-bottom: 10px !important;}\u00a0\u00bb]Resmi ve zaman\u0131nda daha fazla istihdam talep edilmesiyle, e\u011fitim mesle\u011finde kal\u0131c\u0131, tam zamanl\u0131 bir istihdam ili\u015fkisi kanunla yarat\u0131l\u0131r. \u0130\u015fveren, bu h\u00fck\u00fcm uyar\u0131nca olu\u015fturulan i\u015f ili\u015fkisinin, t\u00fcm ko\u015fullar\u0131 dikkate alarak, dayand\u0131\u011f\u0131 ger\u00e7eklerin bulunmas\u0131 halinde, mesleki e\u011fitim ili\u015fkisinin sona ermesinden itibaren en ge\u00e7 iki hafta i\u00e7inde feshi i\u00e7in i\u015f mahkemesine ba\u015fvurabilir. \u00e7al\u0131\u015fmaya devam etmesi beklenemez.<\/p>\n<p>[\/vc_column_text][vc_column_text css=\u00a0\u00bb.vc_custom_1700473464919{padding-top: 10px !important;padding-bottom: 10px !important;}\u00a0\u00bb]Yedinci Senato, 15 Kas\u0131m 2006 (7 ABR 15\/06) tarihli karar\u0131yla, B\u00f6l\u00fcm 78a Para. 2 BetrVG, e\u011fitim \u015firketinde s\u00fcrekli olarak bo\u015f bir i\u015fin bulunmas\u0131n\u0131 gerektirir. Bu nedenle i\u015fverenin e\u011fitim do\u011frultusunda \u00e7al\u0131\u015fmaya devam etme olana\u011f\u0131na ili\u015fkin incelemesi e\u011fitim veren \u015firketle s\u0131n\u0131rl\u0131d\u0131r. Ancak i\u015fveren, stajyerleri 78a maddesinin birinci f\u0131kras\u0131nda belirtilenler d\u0131\u015f\u0131nda \u00e7al\u0131\u015ft\u0131rmaya devam etmek zorundad\u0131r. 2 BetrVG, stajyerin en az\u0131ndan alternatif olarak de\u011fi\u015fen \u00e7al\u0131\u015fma ko\u015fullar\u0131 alt\u0131nda \u00e7al\u0131\u015fmay\u0131 kabul etmesi durumunda \u00e7al\u0131\u015fma ko\u015fullar\u0131na uymakla y\u00fck\u00fcml\u00fcd\u00fcr.<\/p>\n<p>[\/vc_column_text][vc_column_text css=\u00a0\u00bb.vc_custom_1700473498038{padding-top: 10px !important;padding-bottom: 10px !important;}\u00a0\u00bb]Daha fazla istihdam i\u00e7in e\u011fitime uygun bir f\u0131rsat\u0131n bulunmamas\u0131 durumunda, B\u00f6l\u00fcm 78a Paragraf\u0131nda belirtilenler d\u0131\u015f\u0131nda ba\u015fka istihdam f\u0131rsatlar\u0131na da sahip olan bir stajyer. 2 BetrVG, e\u011fitim \u015firketindeki bir i\u015f ili\u015fkisinin BetrVG&rsquo;nin 2. Maddesi uyar\u0131nca kabul edilmemesinin ard\u0131ndan derhal i\u015fverene bildirimde bulunmal\u0131d\u0131r. \u00a7 78a Abs. 1 BetrVG&rsquo;nin de\u011fi\u015fen s\u00f6zle\u015fme ko\u015fullar\u0131 alt\u0131nda bir i\u015f ili\u015fkisine kabul edilme iste\u011fi. Mahkeme i\u015flemlerinde r\u0131za beyan\u0131 yeterli de\u011fildir. Stajyer, olas\u0131 t\u00fcm i\u015flere r\u0131zas\u0131n\u0131 beyan etmekle kendisini s\u0131n\u0131rlayamaz veya isteklilik beyan\u0131na \u00e7ekince koyamaz. Bunun yerine, ama\u00e7lanan istihdam f\u0131rsat\u0131n\u0131, i\u015fverenin, stajyerin gelecekteki i\u015fini nas\u0131l hayal etti\u011fini g\u00f6rebilmesi i\u00e7in a\u00e7\u0131k\u00e7a tan\u0131mlamas\u0131 gerekir. \u0130stek beyan\u0131ndan sonra bir i\u015f s\u00f6zle\u015fmesi imzalan\u0131rsa, s\u00f6zle\u015fmenin final s\u0131nav\u0131n\u0131 ge\u00e7tikten sonra yap\u0131lmas\u0131 halinde, Madde 78a BetrVG kapsam\u0131nda bir i\u015f ili\u015fkisinin kurulmas\u0131ndan feragat edilir veya de\u011fi\u015ftirilir.<\/p>\n<p>[\/vc_column_text][vc_column_text css=\u00a0\u00bb.vc_custom_1700473514135{padding-top: 10px !important;padding-bottom: 10px !important;}\u00a0\u00bb]Stajyerin kendisine i\u015fveren taraf\u0131ndan teklif edilen alternatif istihdam\u0131 reddetmesi halinde, 78. Maddenin 78. F\u0131kras\u0131 uyar\u0131nca daha sonraki prosed\u00fcrde ba\u015fvuruda bulunabilir. 4 BetrVG, istihdam\u0131n i\u015fveren i\u00e7in makul oldu\u011funu iddia etmez. E\u011fer stajyer e\u011fitim veren \u015firketin ba\u015fka bir yerinde \u00e7al\u0131\u015fmaya istekli oldu\u011funu beyan etmi\u015fse, i\u015fveren bunun kendisi i\u00e7in m\u00fcmk\u00fcn ve makul olup olmad\u0131\u011f\u0131n\u0131 kontrol etmelidir. \u0130ncelemeyi yapmamas\u0131 veya yanl\u0131\u015fl\u0131kla olas\u0131l\u0131k ve makull\u00fc\u011f\u00fc reddetmesi halinde, bu i\u015flem 78a maddesinin 1. f\u0131kras\u0131 uyar\u0131nca yap\u0131labilir. 2 BetrVG, B\u00f6l\u00fcm 78a Para. 4 BetrVG \u00e7\u00f6z\u00fclmelidir.<\/p>\n<p>[\/vc_column_text][\/vc_column][\/vc_row]<\/p>\n<\/div>","protected":false},"excerpt":{"rendered":"<p>[vc_row triangle_shape=\u00a0\u00bbno\u00a0\u00bb][vc_column][vc_column_text css=\u00a0\u00bb.vc_custom_1700473404310{padding-top: 10px !important;padding-bottom: 20px !important;}\u00a0\u00bb] B\u00f6l\u00fcm 78a BetrVG uyar\u0131nca Fesih [\/vc_column_text][vc_column_text css=\u00a0\u00bb.vc_custom_1700473390022{padding-top: 10px !important;padding-bottom: 10px !important;}\u00a0\u00bb]\u00a7 78a paragraf\u0131na g\u00f6re. 2 C\u00fcmle 1 BetrVG, gen\u00e7lik ve stajyer temsilcili\u011fi, i\u015f konseyi veya burada ad\u0131 ge\u00e7en di\u011fer i\u015f t\u00fcz\u00fc\u011f\u00fc organlar\u0131ndan biri \u00fcyesi olan stajyer ile a\u015fa\u011f\u0131daki i\u015fveren aras\u0131nda belirsiz s\u00fcreli bir i\u015f ili\u015fkisi kurulmu\u015f say\u0131l\u0131r. Stajyerin mesleki e\u011fitim ili\u015fkisinin bitiminden \u00f6nceki son \u00fc\u00e7 ay i\u00e7erisinde olmas\u0131 halinde, i\u015fveren yaz\u0131l\u0131 olarak istihdam\u0131n devam\u0131n\u0131 talep eder.[\/vc_column_text][vc_column_text css=\u00a0\u00bb.vc_custom_1700473453488{padding-top: 10px !important;padding-bottom: 10px !important;}\u00a0\u00bb]Resmi ve zaman\u0131nda daha fazla istihdam talep edilmesiyle, e\u011fitim mesle\u011finde kal\u0131c\u0131, tam zamanl\u0131 bir istihdam ili\u015fkisi kanunla yarat\u0131l\u0131r. \u0130\u015fveren, bu h\u00fck\u00fcm uyar\u0131nca olu\u015fturulan&#8230;<\/p>\n","protected":false},"author":1,"featured_media":0,"parent":11578,"menu_order":0,"comment_status":"closed","ping_status":"closed","template":"","meta":{"footnotes":""},"class_list":["post-12027","page","type-page","status-publish","hentry"],"yoast_head":"<!-- This site is optimized with the Yoast SEO Premium plugin v27.2 (Yoast SEO v27.5) - https:\/\/yoast.com\/product\/yoast-seo-premium-wordpress\/ -->\n<title>Rechtsanwaltskanzlei in Hamburg Berlin Bremen Hannover L\u00fcbeck<\/title>\n<meta name=\"description\" content=\"Rechtsanwaltskanzlei f\u00fcr Arbeitsrecht, Arzthaftung, Mietrecht, Gewerbemietrecht ,Gastronomierecht, Immobilienrecht, Schadensersatz Yachtrecht\" \/>\n<meta name=\"robots\" content=\"index, follow, max-snippet:-1, max-image-preview:large, max-video-preview:-1\" \/>\n<link rel=\"canonical\" href=\"https:\/\/www.kanzlei-steinwachs.de\/fr\/jugements-en-droit-du-travail\/jugements-de-sacs-2007\/boeluem-78a-betrvg-uyarinca-fesih\/\" \/>\n<meta property=\"og:locale\" content=\"fr_FR\" \/>\n<meta property=\"og:type\" content=\"article\" \/>\n<meta property=\"og:title\" content=\"Rechtsanwaltskanzlei in Hamburg Berlin Bremen Hannover L\u00fcbeck\" \/>\n<meta property=\"og:description\" content=\"Rechtsanwaltskanzlei f\u00fcr Arbeitsrecht, Arzthaftung, Mietrecht, Gewerbemietrecht ,Gastronomierecht, Immobilienrecht, Schadensersatz Yachtrecht\" \/>\n<meta property=\"og:url\" content=\"https:\/\/www.kanzlei-steinwachs.de\/fr\/jugements-en-droit-du-travail\/jugements-de-sacs-2007\/boeluem-78a-betrvg-uyarinca-fesih\/\" \/>\n<meta property=\"og:site_name\" content=\"Rechtsanwaltskanzlei Anwalt Hamburg Berlin Bremen Hannover L\u00fcbeck\" \/>\n<meta property=\"article:publisher\" content=\"https:\/\/www.facebook.com\/STEINWACHSRechtsanwaltskanzlei\/\" \/>\n<meta property=\"article:modified_time\" content=\"2023-11-22T05:29:03+00:00\" \/>\n<meta name=\"twitter:card\" content=\"summary_large_image\" \/>\n<meta name=\"twitter:site\" content=\"@rasteinwachs\" \/>\n<meta name=\"twitter:label1\" content=\"Dur\u00e9e de lecture estim\u00e9e\" \/>\n\t<meta name=\"twitter:data1\" content=\"3 minutes\" \/>\n<script type=\"application\/ld+json\" class=\"yoast-schema-graph\">{\"@context\":\"https:\\\/\\\/schema.org\",\"@graph\":[{\"@type\":\"WebPage\",\"@id\":\"https:\\\/\\\/www.kanzlei-steinwachs.de\\\/fr\\\/jugements-en-droit-du-travail\\\/jugements-de-sacs-2007\\\/boeluem-78a-betrvg-uyarinca-fesih\\\/\",\"url\":\"https:\\\/\\\/www.kanzlei-steinwachs.de\\\/fr\\\/jugements-en-droit-du-travail\\\/jugements-de-sacs-2007\\\/boeluem-78a-betrvg-uyarinca-fesih\\\/\",\"name\":\"Rechtsanwaltskanzlei in Hamburg Berlin Bremen Hannover L\u00fcbeck\",\"isPartOf\":{\"@id\":\"https:\\\/\\\/www.kanzlei-steinwachs.de\\\/fr\\\/#website\"},\"datePublished\":\"2023-11-20T09:41:41+00:00\",\"dateModified\":\"2023-11-22T05:29:03+00:00\",\"description\":\"Rechtsanwaltskanzlei f\u00fcr Arbeitsrecht, Arzthaftung, Mietrecht, Gewerbemietrecht ,Gastronomierecht, Immobilienrecht, Schadensersatz Yachtrecht\",\"breadcrumb\":{\"@id\":\"https:\\\/\\\/www.kanzlei-steinwachs.de\\\/fr\\\/jugements-en-droit-du-travail\\\/jugements-de-sacs-2007\\\/boeluem-78a-betrvg-uyarinca-fesih\\\/#breadcrumb\"},\"inLanguage\":\"fr-FR\",\"potentialAction\":[{\"@type\":\"ReadAction\",\"target\":[\"https:\\\/\\\/www.kanzlei-steinwachs.de\\\/fr\\\/jugements-en-droit-du-travail\\\/jugements-de-sacs-2007\\\/boeluem-78a-betrvg-uyarinca-fesih\\\/\"]}]},{\"@type\":\"BreadcrumbList\",\"@id\":\"https:\\\/\\\/www.kanzlei-steinwachs.de\\\/fr\\\/jugements-en-droit-du-travail\\\/jugements-de-sacs-2007\\\/boeluem-78a-betrvg-uyarinca-fesih\\\/#breadcrumb\",\"itemListElement\":[{\"@type\":\"ListItem\",\"position\":1,\"name\":\"Jugements en droit du travail\",\"item\":\"https:\\\/\\\/www.kanzlei-steinwachs.de\\\/fr\\\/jugements-en-droit-du-travail\\\/\"},{\"@type\":\"ListItem\",\"position\":2,\"name\":\"Jugements de sacs 2007\",\"item\":\"https:\\\/\\\/www.kanzlei-steinwachs.de\\\/fr\\\/arbeitsrecht-urteile\\\/bag-urteile-2007\\\/\"},{\"@type\":\"ListItem\",\"position\":3,\"name\":\"B\u00f6l\u00fcm 78a BetrVG uyar\u0131nca Fesih\"}]},{\"@type\":\"WebSite\",\"@id\":\"https:\\\/\\\/www.kanzlei-steinwachs.de\\\/fr\\\/#website\",\"url\":\"https:\\\/\\\/www.kanzlei-steinwachs.de\\\/fr\\\/\",\"name\":\"Rechtsanwaltskanzlei Anwalt Hamburg Berlin Bremen Hannover L\u00fcbeck\",\"description\":\"Wir leisten mehr als Recht bietet\",\"publisher\":{\"@id\":\"https:\\\/\\\/www.kanzlei-steinwachs.de\\\/fr\\\/#organization\"},\"potentialAction\":[{\"@type\":\"SearchAction\",\"target\":{\"@type\":\"EntryPoint\",\"urlTemplate\":\"https:\\\/\\\/www.kanzlei-steinwachs.de\\\/fr\\\/?s={search_term_string}\"},\"query-input\":{\"@type\":\"PropertyValueSpecification\",\"valueRequired\":true,\"valueName\":\"search_term_string\"}}],\"inLanguage\":\"fr-FR\"},{\"@type\":[\"Organization\",\"Place\"],\"@id\":\"https:\\\/\\\/www.kanzlei-steinwachs.de\\\/fr\\\/#organization\",\"name\":\"Rechtsanwaltskanzlei Anwalt Hamburg Berlin Bremen Hannover L\u00fcbeck\",\"url\":\"https:\\\/\\\/www.kanzlei-steinwachs.de\\\/\",\"logo\":{\"@type\":\"ImageObject\",\"inLanguage\":\"fr-FR\",\"@id\":\"https:\\\/\\\/www.kanzlei-steinwachs.de\\\/fr\\\/#\\\/schema\\\/logo\\\/image\\\/\",\"url\":\"https:\\\/\\\/i0.wp.com\\\/www.kanzlei-steinwachs.de\\\/wp-content\\\/uploads\\\/2023\\\/12\\\/logo.webp?fit=174%2C76&quality=80&ssl=1\",\"contentUrl\":\"https:\\\/\\\/i0.wp.com\\\/www.kanzlei-steinwachs.de\\\/wp-content\\\/uploads\\\/2023\\\/12\\\/logo.webp?fit=174%2C76&quality=80&ssl=1\",\"width\":174,\"height\":76,\"caption\":\"Rechtsanwaltskanzlei Anwalt Hamburg Berlin Bremen Hannover L\u00fcbeck\"},\"image\":{\"@id\":\"https:\\\/\\\/www.kanzlei-steinwachs.de\\\/fr\\\/#\\\/schema\\\/logo\\\/image\\\/\"},\"sameAs\":[\"https:\\\/\\\/www.facebook.com\\\/STEINWACHSRechtsanwaltskanzlei\\\/\",\"https:\\\/\\\/x.com\\\/rasteinwachs\",\"https:\\\/\\\/www.instagram.com\\\/steinwachs_rechtsanwaelte\\\/\",\"https:\\\/\\\/www.linkedin.com\\\/in\\\/stephan-steinwachs-7a270197\\\/\",\"https:\\\/\\\/www.youtube.com\\\/channel\\\/UCffmodDlQx81remXm395RWA\"],\"telephone\":[]}]}<\/script>\n<!-- \/ Yoast SEO Premium plugin. -->","yoast_head_json":{"title":"Rechtsanwaltskanzlei in Hamburg Berlin Bremen Hannover L\u00fcbeck","description":"Rechtsanwaltskanzlei f\u00fcr Arbeitsrecht, Arzthaftung, Mietrecht, Gewerbemietrecht ,Gastronomierecht, Immobilienrecht, Schadensersatz Yachtrecht","robots":{"index":"index","follow":"follow","max-snippet":"max-snippet:-1","max-image-preview":"max-image-preview:large","max-video-preview":"max-video-preview:-1"},"canonical":"https:\/\/www.kanzlei-steinwachs.de\/fr\/jugements-en-droit-du-travail\/jugements-de-sacs-2007\/boeluem-78a-betrvg-uyarinca-fesih\/","og_locale":"fr_FR","og_type":"article","og_title":"Rechtsanwaltskanzlei in Hamburg Berlin Bremen Hannover L\u00fcbeck","og_description":"Rechtsanwaltskanzlei f\u00fcr Arbeitsrecht, Arzthaftung, Mietrecht, Gewerbemietrecht ,Gastronomierecht, Immobilienrecht, Schadensersatz Yachtrecht","og_url":"https:\/\/www.kanzlei-steinwachs.de\/fr\/jugements-en-droit-du-travail\/jugements-de-sacs-2007\/boeluem-78a-betrvg-uyarinca-fesih\/","og_site_name":"Rechtsanwaltskanzlei Anwalt Hamburg Berlin Bremen Hannover L\u00fcbeck","article_publisher":"https:\/\/www.facebook.com\/STEINWACHSRechtsanwaltskanzlei\/","article_modified_time":"2023-11-22T05:29:03+00:00","twitter_card":"summary_large_image","twitter_site":"@rasteinwachs","twitter_misc":{"Dur\u00e9e de lecture estim\u00e9e":"3 minutes"},"schema":{"@context":"https:\/\/schema.org","@graph":[{"@type":"WebPage","@id":"https:\/\/www.kanzlei-steinwachs.de\/fr\/jugements-en-droit-du-travail\/jugements-de-sacs-2007\/boeluem-78a-betrvg-uyarinca-fesih\/","url":"https:\/\/www.kanzlei-steinwachs.de\/fr\/jugements-en-droit-du-travail\/jugements-de-sacs-2007\/boeluem-78a-betrvg-uyarinca-fesih\/","name":"Rechtsanwaltskanzlei in Hamburg Berlin Bremen Hannover L\u00fcbeck","isPartOf":{"@id":"https:\/\/www.kanzlei-steinwachs.de\/fr\/#website"},"datePublished":"2023-11-20T09:41:41+00:00","dateModified":"2023-11-22T05:29:03+00:00","description":"Rechtsanwaltskanzlei f\u00fcr Arbeitsrecht, Arzthaftung, Mietrecht, Gewerbemietrecht ,Gastronomierecht, Immobilienrecht, Schadensersatz Yachtrecht","breadcrumb":{"@id":"https:\/\/www.kanzlei-steinwachs.de\/fr\/jugements-en-droit-du-travail\/jugements-de-sacs-2007\/boeluem-78a-betrvg-uyarinca-fesih\/#breadcrumb"},"inLanguage":"fr-FR","potentialAction":[{"@type":"ReadAction","target":["https:\/\/www.kanzlei-steinwachs.de\/fr\/jugements-en-droit-du-travail\/jugements-de-sacs-2007\/boeluem-78a-betrvg-uyarinca-fesih\/"]}]},{"@type":"BreadcrumbList","@id":"https:\/\/www.kanzlei-steinwachs.de\/fr\/jugements-en-droit-du-travail\/jugements-de-sacs-2007\/boeluem-78a-betrvg-uyarinca-fesih\/#breadcrumb","itemListElement":[{"@type":"ListItem","position":1,"name":"Jugements en droit du travail","item":"https:\/\/www.kanzlei-steinwachs.de\/fr\/jugements-en-droit-du-travail\/"},{"@type":"ListItem","position":2,"name":"Jugements de sacs 2007","item":"https:\/\/www.kanzlei-steinwachs.de\/fr\/arbeitsrecht-urteile\/bag-urteile-2007\/"},{"@type":"ListItem","position":3,"name":"B\u00f6l\u00fcm 78a BetrVG uyar\u0131nca Fesih"}]},{"@type":"WebSite","@id":"https:\/\/www.kanzlei-steinwachs.de\/fr\/#website","url":"https:\/\/www.kanzlei-steinwachs.de\/fr\/","name":"Rechtsanwaltskanzlei Anwalt Hamburg Berlin Bremen Hannover L\u00fcbeck","description":"Wir leisten mehr als Recht bietet","publisher":{"@id":"https:\/\/www.kanzlei-steinwachs.de\/fr\/#organization"},"potentialAction":[{"@type":"SearchAction","target":{"@type":"EntryPoint","urlTemplate":"https:\/\/www.kanzlei-steinwachs.de\/fr\/?s={search_term_string}"},"query-input":{"@type":"PropertyValueSpecification","valueRequired":true,"valueName":"search_term_string"}}],"inLanguage":"fr-FR"},{"@type":["Organization","Place"],"@id":"https:\/\/www.kanzlei-steinwachs.de\/fr\/#organization","name":"Rechtsanwaltskanzlei Anwalt Hamburg Berlin Bremen Hannover L\u00fcbeck","url":"https:\/\/www.kanzlei-steinwachs.de\/","logo":{"@type":"ImageObject","inLanguage":"fr-FR","@id":"https:\/\/www.kanzlei-steinwachs.de\/fr\/#\/schema\/logo\/image\/","url":"https:\/\/i0.wp.com\/www.kanzlei-steinwachs.de\/wp-content\/uploads\/2023\/12\/logo.webp?fit=174%2C76&quality=80&ssl=1","contentUrl":"https:\/\/i0.wp.com\/www.kanzlei-steinwachs.de\/wp-content\/uploads\/2023\/12\/logo.webp?fit=174%2C76&quality=80&ssl=1","width":174,"height":76,"caption":"Rechtsanwaltskanzlei Anwalt Hamburg Berlin Bremen Hannover L\u00fcbeck"},"image":{"@id":"https:\/\/www.kanzlei-steinwachs.de\/fr\/#\/schema\/logo\/image\/"},"sameAs":["https:\/\/www.facebook.com\/STEINWACHSRechtsanwaltskanzlei\/","https:\/\/x.com\/rasteinwachs","https:\/\/www.instagram.com\/steinwachs_rechtsanwaelte\/","https:\/\/www.linkedin.com\/in\/stephan-steinwachs-7a270197\/","https:\/\/www.youtube.com\/channel\/UCffmodDlQx81remXm395RWA"],"telephone":[]}]}},"jetpack_sharing_enabled":true,"_links":{"self":[{"href":"https:\/\/www.kanzlei-steinwachs.de\/fr\/wp-json\/wp\/v2\/pages\/12027","targetHints":{"allow":["GET"]}}],"collection":[{"href":"https:\/\/www.kanzlei-steinwachs.de\/fr\/wp-json\/wp\/v2\/pages"}],"about":[{"href":"https:\/\/www.kanzlei-steinwachs.de\/fr\/wp-json\/wp\/v2\/types\/page"}],"author":[{"embeddable":true,"href":"https:\/\/www.kanzlei-steinwachs.de\/fr\/wp-json\/wp\/v2\/users\/1"}],"replies":[{"embeddable":true,"href":"https:\/\/www.kanzlei-steinwachs.de\/fr\/wp-json\/wp\/v2\/comments?post=12027"}],"version-history":[{"count":0,"href":"https:\/\/www.kanzlei-steinwachs.de\/fr\/wp-json\/wp\/v2\/pages\/12027\/revisions"}],"up":[{"embeddable":true,"href":"https:\/\/www.kanzlei-steinwachs.de\/fr\/wp-json\/wp\/v2\/pages\/11578"}],"wp:attachment":[{"href":"https:\/\/www.kanzlei-steinwachs.de\/fr\/wp-json\/wp\/v2\/media?parent=12027"}],"curies":[{"name":"wp","href":"https:\/\/api.w.org\/{rel}","templated":true}]}}