{"id":13992,"date":"2023-11-15T09:29:58","date_gmt":"2023-11-15T08:29:58","guid":{"rendered":"https:\/\/www.kanzlei-steinwachs.de\/sentencias-de-derecho-laboral\/sentencias-bag-2006\/terminacion-2\/"},"modified":"2023-12-01T10:52:14","modified_gmt":"2023-12-01T09:52:14","slug":"terminacion-2","status":"publish","type":"page","link":"https:\/\/www.kanzlei-steinwachs.de\/es\/sentencias-de-derecho-laboral\/sentencias-bag-2006\/terminacion-2\/","title":{"rendered":"terminaci\u00f3n"},"content":{"rendered":"<div class=\"wpb-content-wrapper\"><p>[vc_row content_width=\u00bbgrid\u00bb content_aligment=\u00bbcenter\u00bb triangle_shape=\u00bbno\u00bb css=\u00bb.vc_custom_1696926719838{padding-bottom: 10px !important;background-position: center !important;background-repeat: no-repeat !important;background-size: cover !important;}\u00bb][vc_column]<div class=\"mkd-separator-holder clearfix  mkd-separator-center mkd-separator-with-icon mkd-animate\" style=\"margin-top: 20px; margin-bottom: 30px\">\n\t<div class=\"mkd-separator\" style=\"border-color: #c18f59;border-style: solid;width: 97.5px\"><\/div>\n\t\t<div class=\"mkd-separator-icon\">\n\t\t\t                    \t\t\t\t\t\t<\/div>\n\t<div class=\"mkd-separator\" style=\"border-color: #c18f59;border-style: solid;width: 97.5px\"><\/div>\n<\/div>\n[\/vc_column][\/vc_row][vc_row triangle_shape=\u00bbno\u00bb css=\u00bb.vc_custom_1700299636284{padding-bottom: 20px !important;}\u00bb][vc_column][vc_column_text css=\u00bb.vc_custom_1700299597541{padding-top: 10px !important;}\u00bb]<\/p>\n<h6>Las siguientes declaraciones se aplican principalmente a la rescisi\u00f3n de contratos de alquiler. Puede encontrar informaci\u00f3n sobre el despido en el derecho laboral <a title=\"Abogado de despido laboral\" href=\"https:\/\/www.kanzlei-steinwachs.de\/gekuendigt-was-tun\/\">aqu\u00ed.<\/a><\/h6>\n<div id=\"gtx-trans\" style=\"position: absolute; left: 77px; top: -4.73438px;\">\n<div class=\"gtx-trans-icon\"><\/div>\n<\/div>\n<p>[\/vc_column_text][vc_column_text css=\u00bb.vc_custom_1700299025173{padding-top: 10px !important;}\u00bb]Una rescisi\u00f3n significa la rescisi\u00f3n unilateral del contrato de alquiler, es decir, puede proceder tanto del arrendador como del inquilino. Si el propietario rescinde el contrato de alquiler, el inquilino privado se enfrenta a menudo a una amenaza existencial.[\/vc_column_text][vc_column_text css=\u00bb.vc_custom_1700299036092{padding-top: 10px !important;}\u00bb]Es por tanto imprescindible, y debido a los plazos legales que comienzan a contar desde la recepci\u00f3n de la carta de rescisi\u00f3n, informarse inmediatamente de los derechos y obligaciones existentes. Lo \u00fanico que puede ayudar en este caso es el asesoramiento de un abogado que trabaje en el campo del derecho de arrendamiento.[\/vc_column_text][\/vc_column][\/vc_row][vc_row triangle_shape=\u00bbno\u00bb css=\u00bb.vc_custom_1700299642891{padding-bottom: 20px !important;}\u00bb][vc_column][vc_column_text css=\u00bb.vc_custom_1700299067005{padding-top: 10px !important;}\u00bb]La siguiente informaci\u00f3n, cuyo objetivo es ofrecerle una visi\u00f3n general de la situaci\u00f3n jur\u00eddica, no puede sustituir el asesoramiento profesional.<\/p>\n<div id=\"gtx-trans\" style=\"position: absolute; left: 204px; top: 94.2656px;\">\n<div class=\"gtx-trans-icon\"><\/div>\n<\/div>\n<p>[\/vc_column_text]\n<h2 class=\"mkd-custom-font-holder\" style=\"font-size: 20px;line-height: 20px;font-weight: 700\" data-font-size= 20 data-line-height= 20>\n\t1. K\u00fcndigungsarten<\/h2>[vc_column_text css=\u00bb.vc_custom_1700299088045{padding-top: 10px !important;}\u00bb]A la hora de rescindir los contratos de alquiler, debe hacerse una distinci\u00f3n b\u00e1sica entre rescisi\u00f3n ordinaria, rescisi\u00f3n extraordinaria sin previo aviso y rescisi\u00f3n extraordinaria sin previo aviso.[\/vc_column_text][vc_column_text css=\u00bb.vc_custom_1700299095599{padding-top: 10px !important;}\u00bb]&gt; En principio, s\u00f3lo se pueden rescindir adecuadamente los contratos de alquiler permanente. El plazo de preaviso depende del tipo (residencial o comercial) del arrendamiento y, en el caso de arrendamientos residenciales, tambi\u00e9n de su duraci\u00f3n. Seg\u00fan el art\u00edculo 573 p\u00e1rr. 3 BGB, el propietario de la vivienda debe indicar los motivos de la rescisi\u00f3n. En principio, s\u00f3lo puede dar aviso a un inquilino leal al contrato si tiene un inter\u00e9s leg\u00edtimo en poner fin al arrendamiento. La rescisi\u00f3n deber\u00e1 indicar los motivos alegados. \u00a7 573 Abs. 2 BGB ofrece ejemplos de motivos del inter\u00e9s leg\u00edtimo del arrendador en la rescisi\u00f3n. Los principales supuestos aqu\u00ed son la rescisi\u00f3n por uso personal y explotaci\u00f3n comercial.[\/vc_column_text][vc_column_text css=\u00bb.vc_custom_1700299103277{padding-top: 10px !important;}\u00bb]El plazo legal siempre se aplica al inquilino, a menos que exista una desviaci\u00f3n contractual a su favor. La opini\u00f3n generalizada de que el inquilino s\u00f3lo tiene que proporcionar al propietario tres nuevos inquilinos para poder rescindir anticipadamente un contrato de alquiler temporal es err\u00f3nea.[\/vc_column_text][vc_column_text css=\u00bb.vc_custom_1700299116237{padding-top: 10px !important;}\u00bb]&gt;La rescisi\u00f3n sin previo aviso se basa en los art\u00edculos 543 y 569 del C\u00f3digo Civil alem\u00e1n (BGB). El caso m\u00e1s importante es la morosidad del inquilino. Si el inquilino se encuentra en mora en dos fechas consecutivas por una cantidad superior a un mes de alquiler, o si en total se encuentra en mora por una cantidad que alcanza dos meses de alquiler, el arrendador puede rescindir el contrato sin previo aviso.[\/vc_column_text][\/vc_column][\/vc_row][vc_row triangle_shape=\u00bbno\u00bb css=\u00bb.vc_custom_1700299648276{padding-bottom: 20px !important;}\u00bb][vc_column]\n<h2 class=\"mkd-custom-font-holder\" style=\"font-size: 20px;line-height: 20px;font-weight: 700\" data-font-size= 20 data-line-height= 20>\n\t2. Formelle Voraussetzungen<\/h2>[vc_column_text css=\u00bb.vc_custom_1700299156525{padding-top: 10px !important;}\u00bb]Adem\u00e1s de los requisitos especiales que se aplican a los tipos individuales de rescisi\u00f3n, toda rescisi\u00f3n de contratos de alquiler residencial debe realizarse por escrito. Tambi\u00e9n debe ser firmado a mano por la persona que rescinde el contrato (o su representante, luego con la nota correspondiente) y enviado a la parte contratante rescindida. \u00a1Las rescisiones que no cumplan estos requisitos no tendr\u00e1n efecto![\/vc_column_text][\/vc_column][\/vc_row][vc_row triangle_shape=\u00bbno\u00bb css=\u00bb.vc_custom_1700299660148{padding-bottom: 20px !important;}\u00bb][vc_column]\n<h2 class=\"mkd-custom-font-holder\" style=\"font-size: 20px;line-height: 20px;font-weight: 700\" data-font-size= 20 data-line-height= 20>\n\t3. Ihre M\u00f6glichkeiten<\/h2>[vc_column_text css=\u00bb.vc_custom_1700299195589{padding-top: 10px !important;}\u00bb]En principio, todo inquilino puede defenderse contra la rescisi\u00f3n, ya sea extrajudicialmente entablando negociaciones con el arrendador o ante los tribunales interponiendo una acci\u00f3n de sentencia declarativa. Otra opci\u00f3n es esperar -seg\u00fan lo acordado con un abogado- a que el arrendador presente una acci\u00f3n de desalojo. En caso de resoluci\u00f3n por mora, el pago de los atrasos dentro del plazo de gracia es tambi\u00e9n una forma de privar a la resoluci\u00f3n de su eficacia.[\/vc_column_text][vc_column_text css=\u00bb.vc_custom_1700299202028{padding-top: 10px !important;}\u00bb]En principio, todo inquilino puede defenderse contra una rescisi\u00f3n, ya sea extrajudicialmente entablando negociaciones con el arrendador o ante los tribunales presentando una demanda para determinar la invalidez de la notificaci\u00f3n de rescisi\u00f3n.[\/vc_column_text][vc_column_text css=\u00bb.vc_custom_1700299213157{padding-top: 10px !important;}\u00bb]Para garantizar las perspectivas de procedimiento, la rescisi\u00f3n debe ser comprobada por un abogado experimentado para garantizar que sea material y formalmente correcta.[\/vc_column_text][\/vc_column][\/vc_row][vc_row triangle_shape=\u00bbno\u00bb css=\u00bb.vc_custom_1700299665419{padding-bottom: 20px !important;}\u00bb][vc_column]\n<h2 class=\"mkd-custom-font-holder\" style=\"font-size: 20px;line-height: 20px;font-weight: 700\" data-font-size= 20 data-line-height= 20>\n\t4. Gemeinsam mit der Kanzlei STEINWACHS<\/h2>[vc_column_text css=\u00bb.vc_custom_1700299258085{padding-top: 10px !important;}\u00bb]Debido a la complejidad del asunto legal, necesita apoyo profesional. STEINWACHS ofrece asesoramiento y representaci\u00f3n de un abogado que no s\u00f3lo tiene experiencia en el amplio campo del derecho de arrendamiento, sino que tambi\u00e9n ha sido capacitado y probado en disputas exitosas de despido y desalojo.[\/vc_column_text][vc_column_text css=\u00bb.vc_custom_1700299264252{padding-top: 10px !important;}\u00bb]Para una consulta inicial necesitamos regularmente:[\/vc_column_text][vc_column_text css=\u00bb.vc_custom_1700299213157{padding-top: 10px !important;}\u00bb]Para garantizar las perspectivas de procedimiento, la rescisi\u00f3n debe ser comprobada por un abogado experimentado para garantizar que sea material y formalmente correcta.[\/vc_column_text]<div class=\"mkd-unordered-list \" ><ul>\n<li>den aktuellen Mietvertrag<\/li>\n<li>gegebenenfalls das K\u00fcndigungsschreiben<\/li>\n<li>Zahlungsnachweise<\/li>\n<li>Schilderung und Dokumentation der M\u00e4ngel an der Mietsache<\/li>\n<li>Kopien vielleicht erteilter Abmahnungen<\/li>\n<\/ul>\n<\/div>[\/vc_column][\/vc_row]<\/p>\n<\/div>","protected":false},"excerpt":{"rendered":"<p>[vc_row content_width=\u00bbgrid\u00bb content_aligment=\u00bbcenter\u00bb triangle_shape=\u00bbno\u00bb css=\u00bb.vc_custom_1696926719838{padding-bottom: 10px !important;background-position: center !important;background-repeat: no-repeat !important;background-size: cover !important;}\u00bb][vc_column][\/vc_column][\/vc_row][vc_row triangle_shape=\u00bbno\u00bb css=\u00bb.vc_custom_1700299636284{padding-bottom: 20px !important;}\u00bb][vc_column][vc_column_text css=\u00bb.vc_custom_1700299597541{padding-top: 10px !important;}\u00bb] Las siguientes declaraciones se aplican principalmente a la rescisi\u00f3n de contratos de alquiler. Puede encontrar informaci\u00f3n sobre el despido en el derecho laboral aqu\u00ed. [\/vc_column_text][vc_column_text css=\u00bb.vc_custom_1700299025173{padding-top: 10px !important;}\u00bb]Una rescisi\u00f3n significa la rescisi\u00f3n unilateral del contrato de alquiler, es decir, puede proceder tanto del arrendador como del inquilino. Si el propietario rescinde el contrato de alquiler, el inquilino privado se enfrenta a menudo a una amenaza existencial.[\/vc_column_text][vc_column_text css=\u00bb.vc_custom_1700299036092{padding-top: 10px !important;}\u00bb]Es por tanto imprescindible, y debido a los plazos legales que comienzan&#8230;<\/p>\n","protected":false},"author":1,"featured_media":0,"parent":13700,"menu_order":0,"comment_status":"closed","ping_status":"closed","template":"","meta":{"footnotes":""},"class_list":["post-13992","page","type-page","status-publish","hentry"],"yoast_head":"<!-- This site is optimized with the Yoast SEO Premium plugin v27.2 (Yoast SEO v27.5) - https:\/\/yoast.com\/product\/yoast-seo-premium-wordpress\/ -->\n<title>Rechtsanwaltskanzlei in Hamburg Berlin Bremen Hannover L\u00fcbeck<\/title>\n<meta name=\"description\" content=\"Rechtsanwaltskanzlei f\u00fcr Arbeitsrecht, Arzthaftung, Mietrecht, Gewerbemietrecht ,Gastronomierecht, Immobilienrecht, Schadensersatz Yachtrecht\" \/>\n<meta name=\"robots\" content=\"index, follow, max-snippet:-1, max-image-preview:large, max-video-preview:-1\" \/>\n<link rel=\"canonical\" href=\"https:\/\/www.kanzlei-steinwachs.de\/es\/sentencias-de-derecho-laboral\/sentencias-bag-2006\/terminacion-2\/\" \/>\n<meta property=\"og:locale\" content=\"es_ES\" \/>\n<meta property=\"og:type\" content=\"article\" \/>\n<meta property=\"og:title\" content=\"Rechtsanwaltskanzlei in Hamburg Berlin Bremen Hannover L\u00fcbeck\" \/>\n<meta property=\"og:description\" content=\"Rechtsanwaltskanzlei f\u00fcr Arbeitsrecht, Arzthaftung, Mietrecht, Gewerbemietrecht ,Gastronomierecht, Immobilienrecht, Schadensersatz Yachtrecht\" \/>\n<meta property=\"og:url\" content=\"https:\/\/www.kanzlei-steinwachs.de\/es\/sentencias-de-derecho-laboral\/sentencias-bag-2006\/terminacion-2\/\" \/>\n<meta property=\"og:site_name\" content=\"Rechtsanwaltskanzlei Anwalt Hamburg Berlin Bremen Hannover L\u00fcbeck\" \/>\n<meta property=\"article:publisher\" content=\"https:\/\/www.facebook.com\/STEINWACHSRechtsanwaltskanzlei\/\" \/>\n<meta property=\"article:modified_time\" content=\"2023-12-01T09:52:14+00:00\" \/>\n<meta name=\"twitter:card\" content=\"summary_large_image\" \/>\n<meta name=\"twitter:site\" content=\"@rasteinwachs\" \/>\n<meta name=\"twitter:label1\" content=\"Tiempo de lectura\" \/>\n\t<meta name=\"twitter:data1\" content=\"6 minutos\" \/>\n<script type=\"application\/ld+json\" class=\"yoast-schema-graph\">{\"@context\":\"https:\\\/\\\/schema.org\",\"@graph\":[{\"@type\":\"WebPage\",\"@id\":\"https:\\\/\\\/www.kanzlei-steinwachs.de\\\/es\\\/sentencias-de-derecho-laboral\\\/sentencias-bag-2006\\\/terminacion-2\\\/\",\"url\":\"https:\\\/\\\/www.kanzlei-steinwachs.de\\\/es\\\/sentencias-de-derecho-laboral\\\/sentencias-bag-2006\\\/terminacion-2\\\/\",\"name\":\"Rechtsanwaltskanzlei in Hamburg Berlin Bremen Hannover L\u00fcbeck\",\"isPartOf\":{\"@id\":\"https:\\\/\\\/www.kanzlei-steinwachs.de\\\/es\\\/#website\"},\"datePublished\":\"2023-11-15T08:29:58+00:00\",\"dateModified\":\"2023-12-01T09:52:14+00:00\",\"description\":\"Rechtsanwaltskanzlei f\u00fcr Arbeitsrecht, Arzthaftung, Mietrecht, Gewerbemietrecht ,Gastronomierecht, Immobilienrecht, Schadensersatz Yachtrecht\",\"breadcrumb\":{\"@id\":\"https:\\\/\\\/www.kanzlei-steinwachs.de\\\/es\\\/sentencias-de-derecho-laboral\\\/sentencias-bag-2006\\\/terminacion-2\\\/#breadcrumb\"},\"inLanguage\":\"es\",\"potentialAction\":[{\"@type\":\"ReadAction\",\"target\":[\"https:\\\/\\\/www.kanzlei-steinwachs.de\\\/es\\\/sentencias-de-derecho-laboral\\\/sentencias-bag-2006\\\/terminacion-2\\\/\"]}]},{\"@type\":\"BreadcrumbList\",\"@id\":\"https:\\\/\\\/www.kanzlei-steinwachs.de\\\/es\\\/sentencias-de-derecho-laboral\\\/sentencias-bag-2006\\\/terminacion-2\\\/#breadcrumb\",\"itemListElement\":[{\"@type\":\"ListItem\",\"position\":1,\"name\":\"Sentencias de derecho laboral\",\"item\":\"https:\\\/\\\/www.kanzlei-steinwachs.de\\\/es\\\/sentencias-de-derecho-laboral\\\/\"},{\"@type\":\"ListItem\",\"position\":2,\"name\":\"Sentencias BAG 2006\",\"item\":\"https:\\\/\\\/www.kanzlei-steinwachs.de\\\/es\\\/arbeitsrecht-urteile\\\/bag-urteile-2006\\\/\"},{\"@type\":\"ListItem\",\"position\":3,\"name\":\"terminaci\u00f3n\"}]},{\"@type\":\"WebSite\",\"@id\":\"https:\\\/\\\/www.kanzlei-steinwachs.de\\\/es\\\/#website\",\"url\":\"https:\\\/\\\/www.kanzlei-steinwachs.de\\\/es\\\/\",\"name\":\"Rechtsanwaltskanzlei Anwalt Hamburg Berlin Bremen Hannover L\u00fcbeck\",\"description\":\"Wir leisten mehr als Recht bietet\",\"publisher\":{\"@id\":\"https:\\\/\\\/www.kanzlei-steinwachs.de\\\/es\\\/#organization\"},\"potentialAction\":[{\"@type\":\"SearchAction\",\"target\":{\"@type\":\"EntryPoint\",\"urlTemplate\":\"https:\\\/\\\/www.kanzlei-steinwachs.de\\\/es\\\/?s={search_term_string}\"},\"query-input\":{\"@type\":\"PropertyValueSpecification\",\"valueRequired\":true,\"valueName\":\"search_term_string\"}}],\"inLanguage\":\"es\"},{\"@type\":[\"Organization\",\"Place\"],\"@id\":\"https:\\\/\\\/www.kanzlei-steinwachs.de\\\/es\\\/#organization\",\"name\":\"Rechtsanwaltskanzlei Anwalt Hamburg Berlin Bremen Hannover L\u00fcbeck\",\"url\":\"https:\\\/\\\/www.kanzlei-steinwachs.de\\\/\",\"logo\":{\"@type\":\"ImageObject\",\"inLanguage\":\"es\",\"@id\":\"https:\\\/\\\/www.kanzlei-steinwachs.de\\\/es\\\/#\\\/schema\\\/logo\\\/image\\\/\",\"url\":\"https:\\\/\\\/i0.wp.com\\\/www.kanzlei-steinwachs.de\\\/wp-content\\\/uploads\\\/2023\\\/12\\\/logo.webp?fit=174%2C76&quality=80&ssl=1\",\"contentUrl\":\"https:\\\/\\\/i0.wp.com\\\/www.kanzlei-steinwachs.de\\\/wp-content\\\/uploads\\\/2023\\\/12\\\/logo.webp?fit=174%2C76&quality=80&ssl=1\",\"width\":174,\"height\":76,\"caption\":\"Rechtsanwaltskanzlei Anwalt Hamburg Berlin Bremen Hannover L\u00fcbeck\"},\"image\":{\"@id\":\"https:\\\/\\\/www.kanzlei-steinwachs.de\\\/es\\\/#\\\/schema\\\/logo\\\/image\\\/\"},\"sameAs\":[\"https:\\\/\\\/www.facebook.com\\\/STEINWACHSRechtsanwaltskanzlei\\\/\",\"https:\\\/\\\/x.com\\\/rasteinwachs\",\"https:\\\/\\\/www.instagram.com\\\/steinwachs_rechtsanwaelte\\\/\",\"https:\\\/\\\/www.linkedin.com\\\/in\\\/stephan-steinwachs-7a270197\\\/\",\"https:\\\/\\\/www.youtube.com\\\/channel\\\/UCffmodDlQx81remXm395RWA\"],\"telephone\":[]}]}<\/script>\n<!-- \/ Yoast SEO Premium plugin. -->","yoast_head_json":{"title":"Rechtsanwaltskanzlei in Hamburg Berlin Bremen Hannover L\u00fcbeck","description":"Rechtsanwaltskanzlei f\u00fcr Arbeitsrecht, Arzthaftung, Mietrecht, Gewerbemietrecht ,Gastronomierecht, Immobilienrecht, Schadensersatz Yachtrecht","robots":{"index":"index","follow":"follow","max-snippet":"max-snippet:-1","max-image-preview":"max-image-preview:large","max-video-preview":"max-video-preview:-1"},"canonical":"https:\/\/www.kanzlei-steinwachs.de\/es\/sentencias-de-derecho-laboral\/sentencias-bag-2006\/terminacion-2\/","og_locale":"es_ES","og_type":"article","og_title":"Rechtsanwaltskanzlei in Hamburg Berlin Bremen Hannover L\u00fcbeck","og_description":"Rechtsanwaltskanzlei f\u00fcr Arbeitsrecht, Arzthaftung, Mietrecht, Gewerbemietrecht ,Gastronomierecht, Immobilienrecht, Schadensersatz Yachtrecht","og_url":"https:\/\/www.kanzlei-steinwachs.de\/es\/sentencias-de-derecho-laboral\/sentencias-bag-2006\/terminacion-2\/","og_site_name":"Rechtsanwaltskanzlei Anwalt Hamburg Berlin Bremen Hannover L\u00fcbeck","article_publisher":"https:\/\/www.facebook.com\/STEINWACHSRechtsanwaltskanzlei\/","article_modified_time":"2023-12-01T09:52:14+00:00","twitter_card":"summary_large_image","twitter_site":"@rasteinwachs","twitter_misc":{"Tiempo de lectura":"6 minutos"},"schema":{"@context":"https:\/\/schema.org","@graph":[{"@type":"WebPage","@id":"https:\/\/www.kanzlei-steinwachs.de\/es\/sentencias-de-derecho-laboral\/sentencias-bag-2006\/terminacion-2\/","url":"https:\/\/www.kanzlei-steinwachs.de\/es\/sentencias-de-derecho-laboral\/sentencias-bag-2006\/terminacion-2\/","name":"Rechtsanwaltskanzlei in Hamburg Berlin Bremen Hannover L\u00fcbeck","isPartOf":{"@id":"https:\/\/www.kanzlei-steinwachs.de\/es\/#website"},"datePublished":"2023-11-15T08:29:58+00:00","dateModified":"2023-12-01T09:52:14+00:00","description":"Rechtsanwaltskanzlei f\u00fcr Arbeitsrecht, Arzthaftung, Mietrecht, Gewerbemietrecht ,Gastronomierecht, Immobilienrecht, Schadensersatz Yachtrecht","breadcrumb":{"@id":"https:\/\/www.kanzlei-steinwachs.de\/es\/sentencias-de-derecho-laboral\/sentencias-bag-2006\/terminacion-2\/#breadcrumb"},"inLanguage":"es","potentialAction":[{"@type":"ReadAction","target":["https:\/\/www.kanzlei-steinwachs.de\/es\/sentencias-de-derecho-laboral\/sentencias-bag-2006\/terminacion-2\/"]}]},{"@type":"BreadcrumbList","@id":"https:\/\/www.kanzlei-steinwachs.de\/es\/sentencias-de-derecho-laboral\/sentencias-bag-2006\/terminacion-2\/#breadcrumb","itemListElement":[{"@type":"ListItem","position":1,"name":"Sentencias de derecho laboral","item":"https:\/\/www.kanzlei-steinwachs.de\/es\/sentencias-de-derecho-laboral\/"},{"@type":"ListItem","position":2,"name":"Sentencias BAG 2006","item":"https:\/\/www.kanzlei-steinwachs.de\/es\/arbeitsrecht-urteile\/bag-urteile-2006\/"},{"@type":"ListItem","position":3,"name":"terminaci\u00f3n"}]},{"@type":"WebSite","@id":"https:\/\/www.kanzlei-steinwachs.de\/es\/#website","url":"https:\/\/www.kanzlei-steinwachs.de\/es\/","name":"Rechtsanwaltskanzlei Anwalt Hamburg Berlin Bremen Hannover L\u00fcbeck","description":"Wir leisten mehr als Recht bietet","publisher":{"@id":"https:\/\/www.kanzlei-steinwachs.de\/es\/#organization"},"potentialAction":[{"@type":"SearchAction","target":{"@type":"EntryPoint","urlTemplate":"https:\/\/www.kanzlei-steinwachs.de\/es\/?s={search_term_string}"},"query-input":{"@type":"PropertyValueSpecification","valueRequired":true,"valueName":"search_term_string"}}],"inLanguage":"es"},{"@type":["Organization","Place"],"@id":"https:\/\/www.kanzlei-steinwachs.de\/es\/#organization","name":"Rechtsanwaltskanzlei Anwalt Hamburg Berlin Bremen Hannover L\u00fcbeck","url":"https:\/\/www.kanzlei-steinwachs.de\/","logo":{"@type":"ImageObject","inLanguage":"es","@id":"https:\/\/www.kanzlei-steinwachs.de\/es\/#\/schema\/logo\/image\/","url":"https:\/\/i0.wp.com\/www.kanzlei-steinwachs.de\/wp-content\/uploads\/2023\/12\/logo.webp?fit=174%2C76&quality=80&ssl=1","contentUrl":"https:\/\/i0.wp.com\/www.kanzlei-steinwachs.de\/wp-content\/uploads\/2023\/12\/logo.webp?fit=174%2C76&quality=80&ssl=1","width":174,"height":76,"caption":"Rechtsanwaltskanzlei Anwalt Hamburg Berlin Bremen Hannover L\u00fcbeck"},"image":{"@id":"https:\/\/www.kanzlei-steinwachs.de\/es\/#\/schema\/logo\/image\/"},"sameAs":["https:\/\/www.facebook.com\/STEINWACHSRechtsanwaltskanzlei\/","https:\/\/x.com\/rasteinwachs","https:\/\/www.instagram.com\/steinwachs_rechtsanwaelte\/","https:\/\/www.linkedin.com\/in\/stephan-steinwachs-7a270197\/","https:\/\/www.youtube.com\/channel\/UCffmodDlQx81remXm395RWA"],"telephone":[]}]}},"jetpack_sharing_enabled":true,"_links":{"self":[{"href":"https:\/\/www.kanzlei-steinwachs.de\/es\/wp-json\/wp\/v2\/pages\/13992","targetHints":{"allow":["GET"]}}],"collection":[{"href":"https:\/\/www.kanzlei-steinwachs.de\/es\/wp-json\/wp\/v2\/pages"}],"about":[{"href":"https:\/\/www.kanzlei-steinwachs.de\/es\/wp-json\/wp\/v2\/types\/page"}],"author":[{"embeddable":true,"href":"https:\/\/www.kanzlei-steinwachs.de\/es\/wp-json\/wp\/v2\/users\/1"}],"replies":[{"embeddable":true,"href":"https:\/\/www.kanzlei-steinwachs.de\/es\/wp-json\/wp\/v2\/comments?post=13992"}],"version-history":[{"count":0,"href":"https:\/\/www.kanzlei-steinwachs.de\/es\/wp-json\/wp\/v2\/pages\/13992\/revisions"}],"up":[{"embeddable":true,"href":"https:\/\/www.kanzlei-steinwachs.de\/es\/wp-json\/wp\/v2\/pages\/13700"}],"wp:attachment":[{"href":"https:\/\/www.kanzlei-steinwachs.de\/es\/wp-json\/wp\/v2\/media?parent=13992"}],"curies":[{"name":"wp","href":"https:\/\/api.w.org\/{rel}","templated":true}]}}