{"id":13030,"date":"2023-11-20T13:24:22","date_gmt":"2023-11-20T12:24:22","guid":{"rendered":"https:\/\/www.kanzlei-steinwachs.de\/limite-de-tiempo\/"},"modified":"2023-11-27T12:51:07","modified_gmt":"2023-11-27T11:51:07","slug":"limite-de-tiempo","status":"publish","type":"page","link":"https:\/\/www.kanzlei-steinwachs.de\/es\/sentencias-de-derecho-laboral\/sentencias-bag-2008\/limite-de-tiempo\/","title":{"rendered":"L\u00edmite de tiempo"},"content":{"rendered":"<div class=\"wpb-content-wrapper\"><p>[vc_row triangle_shape=\u00bbno\u00bb css=\u00bb.vc_custom_1700483126170{padding-bottom: 40px !important;}\u00bb][vc_column][vc_column_text]Un contrato de duraci\u00f3n determinada que se haya acordado s\u00f3lo verbalmente es nulo seg\u00fan el art\u00edculo 14, apartado 4 del TzBfG, art\u00edculo 125 frase 1 del BGB, de modo que al inicio del contrato se crea una relaci\u00f3n laboral permanente seg\u00fan el art\u00edculo 16 frase 1 del TzBfG. La posterior anotaci\u00f3n del plazo, que inicialmente s\u00f3lo se hab\u00eda acordado verbalmente, no significa que el plazo inicialmente formalmente nulo adquiera efectos retroactivos. Si, en las negociaciones contractuales entre las partes, el empleador supedit\u00f3 expresamente la celebraci\u00f3n del contrato de trabajo de duraci\u00f3n determinada a la celebraci\u00f3n de un contrato escrito o anunci\u00f3 al empleado que el acuerdo acordado se registrar\u00eda por escrito, esta declaraci\u00f3n es v\u00e1lida sin la adici\u00f3n de circunstancias excepcionales seg\u00fan el horizonte del destinatario correspondiente (\u00a7\u00a7 133, 157 BGB), debe entenderse que el empleador desea cumplir con el requisito de forma escrita resultante del art\u00edculo 14, p\u00e1rrafo 4 de la TzBfG y su declaraci\u00f3n destinada a concluir el El contrato s\u00f3lo se acepta firmando el\/los documento(s) del contrato de acuerdo con el art\u00edculo 126, apartado 2 del BGB. Seg\u00fan sentencia del S\u00e9ptimo Senado del 16 de abril de 2008 (7 AZR 1048\/06), esto se aplica igualmente si el empleador env\u00eda al empleado un formulario de contrato que ya ha firmado sin acuerdo previo y le pide que lo firme. Tambi\u00e9n en estos casos el empresario deja suficientemente claro que el contrato s\u00f3lo debe celebrarse si se cumple el requisito de forma escrita del art\u00edculo 14, apartado 4, de la TzBfG. En estos y otros casos en los que la celebraci\u00f3n del contrato de trabajo de duraci\u00f3n determinada depende del cumplimiento del requisito de forma escrita seg\u00fan las circunstancias del contrato, el empleado no puede aceptar impl\u00edcitamente una oferta de contrato por escrito del empleador al comenzar a trabajar, pero s\u00f3lo firmando el documento del contrato. Las cl\u00e1usulas sorprendentes en las condiciones generales no forman parte del contrato seg\u00fan el art\u00edculo 305 c, apartado 1 del BGB. Una cl\u00e1usula sorprende si se desv\u00eda significativamente de las expectativas de la parte contractual del usuario y \u00e9ste no necesita esperarlo dadas las circunstancias, en particular debido a la configuraci\u00f3n del contrato y su apariencia externa. Seg\u00fan sentencia del S\u00e9ptimo Senado de 16 de abril de 2008 (7 AZR 132\/07), se trata de una disposici\u00f3n del contrato de trabajo que, adem\u00e1s de un l\u00edmite temporal por un per\u00edodo de un a\u00f1o, resaltada visualmente en negrita y ampliada, Se incluye en el siguiente texto, sin ning\u00fan \u00e9nfasis especial, se prev\u00e9 un plazo adicional al final del per\u00edodo de prueba de seis meses, una cl\u00e1usula sorpresa. Por tanto, el plazo al final del per\u00edodo de prueba no forma parte del contrato y no da lugar a la extinci\u00f3n de la relaci\u00f3n laboral. Una disposici\u00f3n contractual de este tipo viola tambi\u00e9n la exigencia de transparencia del art\u00edculo 307, apartado 1, del C\u00f3digo Civil alem\u00e1n (BGB), ya que no permite al trabajador medio ver con la suficiente claridad en qu\u00e9 momento debe finalizar la relaci\u00f3n laboral. En cuanto a la admisibilidad del recurso, el Senado se\u00f1al\u00f3 que la objeci\u00f3n de que no se hab\u00eda acordado un plazo se aplica a un recurso general de sentencia declarativa conforme al art\u00edculo 256, apartado 1 del ZPO, y no a un recurso de control de se debe cumplir el plazo previsto en el art\u00edculo 17 frase 1 del TzBfG. El elemento del delito de pr\u00f3rroga de un contrato de trabajo de duraci\u00f3n determinada seg\u00fan el art\u00edculo 14, apartado 2, TzBfG, en el art\u00edculo 14, apartado 2, frase 1, segunda mitad. TzBfG exige que el acuerdo de aplazamiento de la fecha de terminaci\u00f3n se acuerde por escrito antes de que finalice la vigencia del contrato anterior y que, por lo dem\u00e1s, el contenido del contrato permanezca inalterado. El S\u00e9ptimo Senado lo confirm\u00f3 detalladamente motivado en su sentencia de 16 de enero de 2008 (7 AZR 603\/06).  <\/p>\n<p>Sin embargo, con motivo de la pr\u00f3rroga, las partes pueden realizar ajustes en el texto del contrato para reflejar la situaci\u00f3n jur\u00eddica aplicable en el momento de la pr\u00f3rroga o acordar las condiciones laborales a las que tiene derecho el empleado de duraci\u00f3n determinada. Por lo tanto, no es inadmisible un nuevo acuerdo seg\u00fan el art\u00edculo 14, apartado 2, frase 2 de la TzBfG, si en un contrato posterior de duraci\u00f3n determinada se acuerda un aumento de la jornada laboral para tener en cuenta las pretensiones del trabajador en virtud del art\u00edculo 9 de la TzBfG. Para ello, antes o en el momento de acordarse la pr\u00f3rroga, el trabajador debe haber solicitado un aumento de conformidad con el art\u00edculo 9 del TzBfG, que el empresario tendr\u00e1 en cuenta en el contrato posterior con el cambio de jornada. Si el empleador no puede explicar y probar estos requisitos en el proceso, el contrato de duraci\u00f3n determinada posterior no ser\u00e1 v\u00e1lido. Mediante resoluci\u00f3n de 16 de octubre de 2008 ( 7 AZR 253\/07 (A) ), el S\u00e9ptimo Senado no consider\u00f3 objetivamente justificado en ese sentido el l\u00edmite de edad basado en alcanzar los 60 a\u00f1os en un convenio colectivo. Art\u00edculo 14, apartado 1, TzBfG reconocido. No hay pruebas de que la disminuci\u00f3n del rendimiento de los miembros de la tripulaci\u00f3n de cabina relacionada con la edad pueda poner en peligro la vida y la salud de los ocupantes de la aeronave o de las personas en las zonas sobrevoladas. El plazo controvertido s\u00f3lo podr\u00eda entonces justificarse conforme a las disposiciones legales del art\u00edculo 14, apartado 3, frase 1 del TzBfG. Esto presupone que la disposici\u00f3n no contradice ning\u00fan principio o norma del Derecho comunitario que haga inaplicable la norma nacional. Desde que el Tribunal de Justicia de las Comunidades Europeas (TJCE) resolvi\u00f3 el 22 de noviembre de 2005 en el asunto \u201cMangold\u201d (C 144\/04) que la posibilidad de fijar un plazo fijo de conformidad con el art\u00edculo 14, apartado 3, frase 4, TzBfG, antigua Esta versi\u00f3n constituye una discriminaci\u00f3n inadmisible seg\u00fan el derecho comunitario sobre la edad y la disposici\u00f3n no puede ser aplicada por los tribunales nacionales, es necesario que el Tribunal de Justicia revise si el art\u00edculo 14, apartado 3, frase 1, TzBfG, la versi\u00f3n anterior tambi\u00e9n era incompatible con el derecho comunitario y qu\u00e9 Se producir\u00edan consecuencias si la disposici\u00f3n fuera violada contra el derecho europeo. El Senado suspendi\u00f3 el litigio conforme al art\u00edculo 234 CE y plante\u00f3 al Tribunal de Justicia tres cuestiones prejudiciales sobre la interpretaci\u00f3n del Derecho comunitario.       <\/p>\n<p>   [\/vc_column_text][\/vc_column][\/vc_row]<\/p>\n<\/div>","protected":false},"excerpt":{"rendered":"<p>[vc_row triangle_shape=\u00bbno\u00bb css=\u00bb.vc_custom_1700483126170{padding-bottom: 40px !important;}\u00bb][vc_column][vc_column_text]Un contrato de duraci\u00f3n determinada que se haya acordado s\u00f3lo verbalmente es nulo seg\u00fan el art\u00edculo 14, apartado 4 del TzBfG, art\u00edculo 125 frase 1 del BGB, de modo que al inicio del contrato se crea una relaci\u00f3n laboral permanente seg\u00fan el art\u00edculo 16 frase 1 del TzBfG. La posterior anotaci\u00f3n del plazo, que inicialmente s\u00f3lo se hab\u00eda acordado verbalmente, no significa que el plazo inicialmente formalmente nulo adquiera efectos retroactivos. Si, en las negociaciones contractuales entre las partes, el empleador supedit\u00f3 expresamente la celebraci\u00f3n del contrato de trabajo de duraci\u00f3n determinada a la celebraci\u00f3n de&#8230;<\/p>\n","protected":false},"author":1,"featured_media":10711,"parent":13284,"menu_order":0,"comment_status":"closed","ping_status":"closed","template":"","meta":{"footnotes":""},"class_list":["post-13030","page","type-page","status-publish","has-post-thumbnail","hentry"],"yoast_head":"<!-- This site is optimized with the Yoast SEO Premium plugin v27.2 (Yoast SEO v27.5) - https:\/\/yoast.com\/product\/yoast-seo-premium-wordpress\/ -->\n<title>Rechtsanwaltskanzlei in Hamburg Berlin Bremen Hannover L\u00fcbeck<\/title>\n<meta name=\"description\" content=\"Rechtsanwaltskanzlei f\u00fcr Arbeitsrecht, Arzthaftung, Mietrecht, Gewerbemietrecht ,Gastronomierecht, Immobilienrecht, Schadensersatz Yachtrecht\" \/>\n<meta name=\"robots\" content=\"index, follow, max-snippet:-1, max-image-preview:large, max-video-preview:-1\" \/>\n<link rel=\"canonical\" href=\"https:\/\/www.kanzlei-steinwachs.de\/es\/sentencias-de-derecho-laboral\/sentencias-bag-2008\/limite-de-tiempo\/\" \/>\n<meta property=\"og:locale\" content=\"es_ES\" \/>\n<meta property=\"og:type\" content=\"article\" \/>\n<meta property=\"og:title\" content=\"Rechtsanwaltskanzlei in Hamburg Berlin Bremen Hannover L\u00fcbeck\" \/>\n<meta property=\"og:description\" content=\"Rechtsanwaltskanzlei f\u00fcr Arbeitsrecht, Arzthaftung, Mietrecht, Gewerbemietrecht ,Gastronomierecht, Immobilienrecht, Schadensersatz Yachtrecht\" \/>\n<meta property=\"og:url\" content=\"https:\/\/www.kanzlei-steinwachs.de\/es\/sentencias-de-derecho-laboral\/sentencias-bag-2008\/limite-de-tiempo\/\" \/>\n<meta property=\"og:site_name\" content=\"Rechtsanwaltskanzlei Anwalt Hamburg Berlin Bremen Hannover L\u00fcbeck\" \/>\n<meta property=\"article:publisher\" content=\"https:\/\/www.facebook.com\/STEINWACHSRechtsanwaltskanzlei\/\" \/>\n<meta property=\"article:modified_time\" content=\"2023-11-27T11:51:07+00:00\" \/>\n<meta name=\"twitter:card\" content=\"summary_large_image\" \/>\n<meta name=\"twitter:site\" content=\"@rasteinwachs\" \/>\n<meta name=\"twitter:label1\" content=\"Tiempo de lectura\" \/>\n\t<meta name=\"twitter:data1\" content=\"6 minutos\" \/>\n<script type=\"application\/ld+json\" class=\"yoast-schema-graph\">{\"@context\":\"https:\\\/\\\/schema.org\",\"@graph\":[{\"@type\":\"WebPage\",\"@id\":\"https:\\\/\\\/www.kanzlei-steinwachs.de\\\/es\\\/sentencias-de-derecho-laboral\\\/sentencias-bag-2008\\\/limite-de-tiempo\\\/\",\"url\":\"https:\\\/\\\/www.kanzlei-steinwachs.de\\\/es\\\/sentencias-de-derecho-laboral\\\/sentencias-bag-2008\\\/limite-de-tiempo\\\/\",\"name\":\"Rechtsanwaltskanzlei in Hamburg Berlin Bremen Hannover L\u00fcbeck\",\"isPartOf\":{\"@id\":\"https:\\\/\\\/www.kanzlei-steinwachs.de\\\/es\\\/#website\"},\"primaryImageOfPage\":{\"@id\":\"https:\\\/\\\/www.kanzlei-steinwachs.de\\\/es\\\/sentencias-de-derecho-laboral\\\/sentencias-bag-2008\\\/limite-de-tiempo\\\/#primaryimage\"},\"image\":{\"@id\":\"https:\\\/\\\/www.kanzlei-steinwachs.de\\\/es\\\/sentencias-de-derecho-laboral\\\/sentencias-bag-2008\\\/limite-de-tiempo\\\/#primaryimage\"},\"thumbnailUrl\":\"https:\\\/\\\/i0.wp.com\\\/www.kanzlei-steinwachs.de\\\/wp-content\\\/uploads\\\/2023\\\/11\\\/Bundesarbeitsgericht_Urteile_2008.webp?fit=200%2C100&quality=20&ssl=1\",\"datePublished\":\"2023-11-20T12:24:22+00:00\",\"dateModified\":\"2023-11-27T11:51:07+00:00\",\"description\":\"Rechtsanwaltskanzlei f\u00fcr Arbeitsrecht, Arzthaftung, Mietrecht, Gewerbemietrecht ,Gastronomierecht, Immobilienrecht, Schadensersatz Yachtrecht\",\"breadcrumb\":{\"@id\":\"https:\\\/\\\/www.kanzlei-steinwachs.de\\\/es\\\/sentencias-de-derecho-laboral\\\/sentencias-bag-2008\\\/limite-de-tiempo\\\/#breadcrumb\"},\"inLanguage\":\"es\",\"potentialAction\":[{\"@type\":\"ReadAction\",\"target\":[\"https:\\\/\\\/www.kanzlei-steinwachs.de\\\/es\\\/sentencias-de-derecho-laboral\\\/sentencias-bag-2008\\\/limite-de-tiempo\\\/\"]}]},{\"@type\":\"ImageObject\",\"inLanguage\":\"es\",\"@id\":\"https:\\\/\\\/www.kanzlei-steinwachs.de\\\/es\\\/sentencias-de-derecho-laboral\\\/sentencias-bag-2008\\\/limite-de-tiempo\\\/#primaryimage\",\"url\":\"https:\\\/\\\/i0.wp.com\\\/www.kanzlei-steinwachs.de\\\/wp-content\\\/uploads\\\/2023\\\/11\\\/Bundesarbeitsgericht_Urteile_2008.webp?fit=200%2C100&quality=20&ssl=1\",\"contentUrl\":\"https:\\\/\\\/i0.wp.com\\\/www.kanzlei-steinwachs.de\\\/wp-content\\\/uploads\\\/2023\\\/11\\\/Bundesarbeitsgericht_Urteile_2008.webp?fit=200%2C100&quality=20&ssl=1\",\"width\":200,\"height\":100},{\"@type\":\"BreadcrumbList\",\"@id\":\"https:\\\/\\\/www.kanzlei-steinwachs.de\\\/es\\\/sentencias-de-derecho-laboral\\\/sentencias-bag-2008\\\/limite-de-tiempo\\\/#breadcrumb\",\"itemListElement\":[{\"@type\":\"ListItem\",\"position\":1,\"name\":\"Sentencias de derecho laboral\",\"item\":\"https:\\\/\\\/www.kanzlei-steinwachs.de\\\/es\\\/sentencias-de-derecho-laboral\\\/\"},{\"@type\":\"ListItem\",\"position\":2,\"name\":\"Sentencias BAG 2008\",\"item\":\"https:\\\/\\\/www.kanzlei-steinwachs.de\\\/es\\\/sentencias-de-derecho-laboral\\\/sentencias-bag-2008\\\/\"},{\"@type\":\"ListItem\",\"position\":3,\"name\":\"L\u00edmite de tiempo\"}]},{\"@type\":\"WebSite\",\"@id\":\"https:\\\/\\\/www.kanzlei-steinwachs.de\\\/es\\\/#website\",\"url\":\"https:\\\/\\\/www.kanzlei-steinwachs.de\\\/es\\\/\",\"name\":\"Rechtsanwaltskanzlei Anwalt Hamburg Berlin Bremen Hannover L\u00fcbeck\",\"description\":\"Wir leisten mehr als Recht bietet\",\"publisher\":{\"@id\":\"https:\\\/\\\/www.kanzlei-steinwachs.de\\\/es\\\/#organization\"},\"potentialAction\":[{\"@type\":\"SearchAction\",\"target\":{\"@type\":\"EntryPoint\",\"urlTemplate\":\"https:\\\/\\\/www.kanzlei-steinwachs.de\\\/es\\\/?s={search_term_string}\"},\"query-input\":{\"@type\":\"PropertyValueSpecification\",\"valueRequired\":true,\"valueName\":\"search_term_string\"}}],\"inLanguage\":\"es\"},{\"@type\":[\"Organization\",\"Place\"],\"@id\":\"https:\\\/\\\/www.kanzlei-steinwachs.de\\\/es\\\/#organization\",\"name\":\"Rechtsanwaltskanzlei Anwalt Hamburg Berlin Bremen Hannover L\u00fcbeck\",\"url\":\"https:\\\/\\\/www.kanzlei-steinwachs.de\\\/\",\"logo\":{\"@type\":\"ImageObject\",\"inLanguage\":\"es\",\"@id\":\"https:\\\/\\\/www.kanzlei-steinwachs.de\\\/es\\\/#\\\/schema\\\/logo\\\/image\\\/\",\"url\":\"https:\\\/\\\/i0.wp.com\\\/www.kanzlei-steinwachs.de\\\/wp-content\\\/uploads\\\/2023\\\/12\\\/logo.webp?fit=174%2C76&quality=80&ssl=1\",\"contentUrl\":\"https:\\\/\\\/i0.wp.com\\\/www.kanzlei-steinwachs.de\\\/wp-content\\\/uploads\\\/2023\\\/12\\\/logo.webp?fit=174%2C76&quality=80&ssl=1\",\"width\":174,\"height\":76,\"caption\":\"Rechtsanwaltskanzlei Anwalt Hamburg Berlin Bremen Hannover L\u00fcbeck\"},\"image\":{\"@id\":\"https:\\\/\\\/www.kanzlei-steinwachs.de\\\/es\\\/#\\\/schema\\\/logo\\\/image\\\/\"},\"sameAs\":[\"https:\\\/\\\/www.facebook.com\\\/STEINWACHSRechtsanwaltskanzlei\\\/\",\"https:\\\/\\\/x.com\\\/rasteinwachs\",\"https:\\\/\\\/www.instagram.com\\\/steinwachs_rechtsanwaelte\\\/\",\"https:\\\/\\\/www.linkedin.com\\\/in\\\/stephan-steinwachs-7a270197\\\/\",\"https:\\\/\\\/www.youtube.com\\\/channel\\\/UCffmodDlQx81remXm395RWA\"],\"telephone\":[]}]}<\/script>\n<!-- \/ Yoast SEO Premium plugin. -->","yoast_head_json":{"title":"Rechtsanwaltskanzlei in Hamburg Berlin Bremen Hannover L\u00fcbeck","description":"Rechtsanwaltskanzlei f\u00fcr Arbeitsrecht, Arzthaftung, Mietrecht, Gewerbemietrecht ,Gastronomierecht, Immobilienrecht, Schadensersatz Yachtrecht","robots":{"index":"index","follow":"follow","max-snippet":"max-snippet:-1","max-image-preview":"max-image-preview:large","max-video-preview":"max-video-preview:-1"},"canonical":"https:\/\/www.kanzlei-steinwachs.de\/es\/sentencias-de-derecho-laboral\/sentencias-bag-2008\/limite-de-tiempo\/","og_locale":"es_ES","og_type":"article","og_title":"Rechtsanwaltskanzlei in Hamburg Berlin Bremen Hannover L\u00fcbeck","og_description":"Rechtsanwaltskanzlei f\u00fcr Arbeitsrecht, Arzthaftung, Mietrecht, Gewerbemietrecht ,Gastronomierecht, Immobilienrecht, Schadensersatz Yachtrecht","og_url":"https:\/\/www.kanzlei-steinwachs.de\/es\/sentencias-de-derecho-laboral\/sentencias-bag-2008\/limite-de-tiempo\/","og_site_name":"Rechtsanwaltskanzlei Anwalt Hamburg Berlin Bremen Hannover L\u00fcbeck","article_publisher":"https:\/\/www.facebook.com\/STEINWACHSRechtsanwaltskanzlei\/","article_modified_time":"2023-11-27T11:51:07+00:00","twitter_card":"summary_large_image","twitter_site":"@rasteinwachs","twitter_misc":{"Tiempo de lectura":"6 minutos"},"schema":{"@context":"https:\/\/schema.org","@graph":[{"@type":"WebPage","@id":"https:\/\/www.kanzlei-steinwachs.de\/es\/sentencias-de-derecho-laboral\/sentencias-bag-2008\/limite-de-tiempo\/","url":"https:\/\/www.kanzlei-steinwachs.de\/es\/sentencias-de-derecho-laboral\/sentencias-bag-2008\/limite-de-tiempo\/","name":"Rechtsanwaltskanzlei in Hamburg Berlin Bremen Hannover L\u00fcbeck","isPartOf":{"@id":"https:\/\/www.kanzlei-steinwachs.de\/es\/#website"},"primaryImageOfPage":{"@id":"https:\/\/www.kanzlei-steinwachs.de\/es\/sentencias-de-derecho-laboral\/sentencias-bag-2008\/limite-de-tiempo\/#primaryimage"},"image":{"@id":"https:\/\/www.kanzlei-steinwachs.de\/es\/sentencias-de-derecho-laboral\/sentencias-bag-2008\/limite-de-tiempo\/#primaryimage"},"thumbnailUrl":"https:\/\/i0.wp.com\/www.kanzlei-steinwachs.de\/wp-content\/uploads\/2023\/11\/Bundesarbeitsgericht_Urteile_2008.webp?fit=200%2C100&quality=20&ssl=1","datePublished":"2023-11-20T12:24:22+00:00","dateModified":"2023-11-27T11:51:07+00:00","description":"Rechtsanwaltskanzlei f\u00fcr Arbeitsrecht, Arzthaftung, Mietrecht, Gewerbemietrecht ,Gastronomierecht, Immobilienrecht, Schadensersatz Yachtrecht","breadcrumb":{"@id":"https:\/\/www.kanzlei-steinwachs.de\/es\/sentencias-de-derecho-laboral\/sentencias-bag-2008\/limite-de-tiempo\/#breadcrumb"},"inLanguage":"es","potentialAction":[{"@type":"ReadAction","target":["https:\/\/www.kanzlei-steinwachs.de\/es\/sentencias-de-derecho-laboral\/sentencias-bag-2008\/limite-de-tiempo\/"]}]},{"@type":"ImageObject","inLanguage":"es","@id":"https:\/\/www.kanzlei-steinwachs.de\/es\/sentencias-de-derecho-laboral\/sentencias-bag-2008\/limite-de-tiempo\/#primaryimage","url":"https:\/\/i0.wp.com\/www.kanzlei-steinwachs.de\/wp-content\/uploads\/2023\/11\/Bundesarbeitsgericht_Urteile_2008.webp?fit=200%2C100&quality=20&ssl=1","contentUrl":"https:\/\/i0.wp.com\/www.kanzlei-steinwachs.de\/wp-content\/uploads\/2023\/11\/Bundesarbeitsgericht_Urteile_2008.webp?fit=200%2C100&quality=20&ssl=1","width":200,"height":100},{"@type":"BreadcrumbList","@id":"https:\/\/www.kanzlei-steinwachs.de\/es\/sentencias-de-derecho-laboral\/sentencias-bag-2008\/limite-de-tiempo\/#breadcrumb","itemListElement":[{"@type":"ListItem","position":1,"name":"Sentencias de derecho laboral","item":"https:\/\/www.kanzlei-steinwachs.de\/es\/sentencias-de-derecho-laboral\/"},{"@type":"ListItem","position":2,"name":"Sentencias BAG 2008","item":"https:\/\/www.kanzlei-steinwachs.de\/es\/sentencias-de-derecho-laboral\/sentencias-bag-2008\/"},{"@type":"ListItem","position":3,"name":"L\u00edmite de tiempo"}]},{"@type":"WebSite","@id":"https:\/\/www.kanzlei-steinwachs.de\/es\/#website","url":"https:\/\/www.kanzlei-steinwachs.de\/es\/","name":"Rechtsanwaltskanzlei Anwalt Hamburg Berlin Bremen Hannover L\u00fcbeck","description":"Wir leisten mehr als Recht bietet","publisher":{"@id":"https:\/\/www.kanzlei-steinwachs.de\/es\/#organization"},"potentialAction":[{"@type":"SearchAction","target":{"@type":"EntryPoint","urlTemplate":"https:\/\/www.kanzlei-steinwachs.de\/es\/?s={search_term_string}"},"query-input":{"@type":"PropertyValueSpecification","valueRequired":true,"valueName":"search_term_string"}}],"inLanguage":"es"},{"@type":["Organization","Place"],"@id":"https:\/\/www.kanzlei-steinwachs.de\/es\/#organization","name":"Rechtsanwaltskanzlei Anwalt Hamburg Berlin Bremen Hannover L\u00fcbeck","url":"https:\/\/www.kanzlei-steinwachs.de\/","logo":{"@type":"ImageObject","inLanguage":"es","@id":"https:\/\/www.kanzlei-steinwachs.de\/es\/#\/schema\/logo\/image\/","url":"https:\/\/i0.wp.com\/www.kanzlei-steinwachs.de\/wp-content\/uploads\/2023\/12\/logo.webp?fit=174%2C76&quality=80&ssl=1","contentUrl":"https:\/\/i0.wp.com\/www.kanzlei-steinwachs.de\/wp-content\/uploads\/2023\/12\/logo.webp?fit=174%2C76&quality=80&ssl=1","width":174,"height":76,"caption":"Rechtsanwaltskanzlei Anwalt Hamburg Berlin Bremen Hannover L\u00fcbeck"},"image":{"@id":"https:\/\/www.kanzlei-steinwachs.de\/es\/#\/schema\/logo\/image\/"},"sameAs":["https:\/\/www.facebook.com\/STEINWACHSRechtsanwaltskanzlei\/","https:\/\/x.com\/rasteinwachs","https:\/\/www.instagram.com\/steinwachs_rechtsanwaelte\/","https:\/\/www.linkedin.com\/in\/stephan-steinwachs-7a270197\/","https:\/\/www.youtube.com\/channel\/UCffmodDlQx81remXm395RWA"],"telephone":[]}]}},"jetpack_sharing_enabled":true,"_links":{"self":[{"href":"https:\/\/www.kanzlei-steinwachs.de\/es\/wp-json\/wp\/v2\/pages\/13030","targetHints":{"allow":["GET"]}}],"collection":[{"href":"https:\/\/www.kanzlei-steinwachs.de\/es\/wp-json\/wp\/v2\/pages"}],"about":[{"href":"https:\/\/www.kanzlei-steinwachs.de\/es\/wp-json\/wp\/v2\/types\/page"}],"author":[{"embeddable":true,"href":"https:\/\/www.kanzlei-steinwachs.de\/es\/wp-json\/wp\/v2\/users\/1"}],"replies":[{"embeddable":true,"href":"https:\/\/www.kanzlei-steinwachs.de\/es\/wp-json\/wp\/v2\/comments?post=13030"}],"version-history":[{"count":0,"href":"https:\/\/www.kanzlei-steinwachs.de\/es\/wp-json\/wp\/v2\/pages\/13030\/revisions"}],"up":[{"embeddable":true,"href":"https:\/\/www.kanzlei-steinwachs.de\/es\/wp-json\/wp\/v2\/pages\/13284"}],"wp:featuredmedia":[{"embeddable":true,"href":"https:\/\/www.kanzlei-steinwachs.de\/es\/wp-json\/wp\/v2\/media\/10711"}],"wp:attachment":[{"href":"https:\/\/www.kanzlei-steinwachs.de\/es\/wp-json\/wp\/v2\/media?parent=13030"}],"curies":[{"name":"wp","href":"https:\/\/api.w.org\/{rel}","templated":true}]}}